{"id":12430,"date":"2023-12-04T10:28:24","date_gmt":"2023-12-04T13:28:24","guid":{"rendered":"https:\/\/www.est.ufmg.br\/portal\/?page_id=12430"},"modified":"2026-04-27T14:12:18","modified_gmt":"2026-04-27T17:12:18","slug":"mestrado-dissertacao-mestrado","status":"publish","type":"page","link":"https:\/\/www.est.ufmg.br\/portal\/mestrado-dissertacao-mestrado\/","title":{"rendered":"P\u00f3s Gradua\u00e7\u00e3o &#8211; Mestrado &#8211; Disserta\u00e7\u00f5es de Mestrado"},"content":{"rendered":"\t\t<div data-elementor-type=\"wp-page\" data-elementor-id=\"12430\" class=\"elementor elementor-12430\" data-elementor-post-type=\"page\">\n\t\t\t\t\t\t<section class=\"elementor-section elementor-top-section elementor-element elementor-element-5d27c17 elementor-section-full_width elementor-section-height-default elementor-section-height-default\" data-id=\"5d27c17\" data-element_type=\"section\" data-e-type=\"section\">\n\t\t\t\t\t\t<div class=\"elementor-container elementor-column-gap-no\">\n\t\t\t\t\t<div class=\"elementor-column elementor-col-100 elementor-top-column elementor-element elementor-element-491634b\" data-id=\"491634b\" data-element_type=\"column\" data-e-type=\"column\">\n\t\t\t<div class=\"elementor-widget-wrap elementor-element-populated\">\n\t\t\t\t\t\t<div class=\"elementor-element elementor-element-1caa08e elementor-widget elementor-widget-shortcode\" data-id=\"1caa08e\" data-element_type=\"widget\" data-e-type=\"widget\" data-widget_type=\"shortcode.default\">\n\t\t\t\t<div class=\"elementor-widget-container\">\n\t\t\t\t\t\t\t<div class=\"elementor-shortcode\">\t\t<div data-elementor-type=\"section\" data-elementor-id=\"5309\" class=\"elementor elementor-5309\" data-elementor-post-type=\"elementor_library\">\n\t\t\t\t\t<section class=\"elementor-section elementor-top-section elementor-element elementor-element-4196f936 elementor-section-full_width elementor-section-height-default elementor-section-height-default\" data-id=\"4196f936\" data-element_type=\"section\" data-e-type=\"section\" id=\"menu-atuariais\" data-settings=\"{&quot;background_background&quot;:&quot;classic&quot;}\">\n\t\t\t\t\t\t\t<div class=\"elementor-background-overlay\"><\/div>\n\t\t\t\t\t\t\t<div class=\"elementor-container elementor-column-gap-default\">\n\t\t\t\t\t<div class=\"elementor-column elementor-col-100 elementor-top-column elementor-element elementor-element-38946e94\" data-id=\"38946e94\" data-element_type=\"column\" data-e-type=\"column\">\n\t\t\t<div class=\"elementor-widget-wrap elementor-element-populated\">\n\t\t\t\t\t\t<div class=\"elementor-element elementor-element-1c9328fd elementor-widget elementor-widget-heading\" data-id=\"1c9328fd\" data-element_type=\"widget\" data-e-type=\"widget\" data-widget_type=\"heading.default\">\n\t\t\t\t<div class=\"elementor-widget-container\">\n\t\t\t\t\t<h2 class=\"elementor-heading-title elementor-size-default\">Mestrado<\/h2>\t\t\t\t<\/div>\n\t\t\t\t<\/div>\n\t\t\t\t\t<\/div>\n\t\t<\/div>\n\t\t\t\t\t<\/div>\n\t\t<\/section>\n\t\t\t\t<section class=\"elementor-section elementor-top-section elementor-element elementor-element-7c2abc6 elementor-section-boxed elementor-section-height-default elementor-section-height-default\" data-id=\"7c2abc6\" data-element_type=\"section\" data-e-type=\"section\" data-settings=\"{&quot;background_background&quot;:&quot;classic&quot;,&quot;sticky&quot;:&quot;top&quot;,&quot;sticky_on&quot;:[&quot;desktop&quot;,&quot;tablet&quot;,&quot;mobile&quot;],&quot;sticky_offset&quot;:0,&quot;sticky_effects_offset&quot;:0,&quot;sticky_anchor_link_offset&quot;:0}\">\n\t\t\t\t\t\t<div class=\"elementor-container elementor-column-gap-default\">\n\t\t\t\t\t<div class=\"elementor-column elementor-col-100 elementor-top-column elementor-element elementor-element-72d1d89\" data-id=\"72d1d89\" data-element_type=\"column\" data-e-type=\"column\">\n\t\t\t<div class=\"elementor-widget-wrap elementor-element-populated\">\n\t\t\t\t\t\t<div class=\"elementor-element elementor-element-dcc935b elementor-icon-list--layout-inline elementor-align-center elementor-list-item-link-full_width elementor-widget elementor-widget-icon-list\" data-id=\"dcc935b\" data-element_type=\"widget\" data-e-type=\"widget\" data-widget_type=\"icon-list.default\">\n\t\t\t\t<div class=\"elementor-widget-container\">\n\t\t\t\t\t\t\t<ul class=\"elementor-icon-list-items elementor-inline-items\">\n\t\t\t\t\t\t\t<li class=\"elementor-icon-list-item elementor-inline-item\">\n\t\t\t\t\t\t\t\t\t\t\t<a href=\"https:\/\/www.est.ufmg.br\/portal\/\">\n\n\t\t\t\t\t\t\t\t\t\t\t\t<span class=\"elementor-icon-list-icon\">\n\t\t\t\t\t\t\t<i aria-hidden=\"true\" class=\"fas fa-home\"><\/i>\t\t\t\t\t\t<\/span>\n\t\t\t\t\t\t\t\t\t\t<span class=\"elementor-icon-list-text\">Home DEST<\/span>\n\t\t\t\t\t\t\t\t\t\t\t<\/a>\n\t\t\t\t\t\t\t\t\t<\/li>\n\t\t\t\t\t\t\t\t<li class=\"elementor-icon-list-item elementor-inline-item\">\n\t\t\t\t\t\t\t\t\t\t\t<a href=\"https:\/\/www.est.ufmg.br\/portal\/pos-graduacao\/\">\n\n\t\t\t\t\t\t\t\t\t\t\t\t<span class=\"elementor-icon-list-icon\">\n\t\t\t\t\t\t\t<i aria-hidden=\"true\" class=\"fas fa-home\"><\/i>\t\t\t\t\t\t<\/span>\n\t\t\t\t\t\t\t\t\t\t<span class=\"elementor-icon-list-text\">Home P\u00f3s-gradua\u00e7\u00e3o<\/span>\n\t\t\t\t\t\t\t\t\t\t\t<\/a>\n\t\t\t\t\t\t\t\t\t<\/li>\n\t\t\t\t\t\t\t\t<li class=\"elementor-icon-list-item elementor-inline-item\">\n\t\t\t\t\t\t\t\t\t\t\t<a href=\"https:\/\/www.est.ufmg.br\/portal\/mestrado-est\/\">\n\n\t\t\t\t\t\t\t\t\t\t\t\t<span class=\"elementor-icon-list-icon\">\n\t\t\t\t\t\t\t<i aria-hidden=\"true\" class=\"fas fa-chart-area\"><\/i>\t\t\t\t\t\t<\/span>\n\t\t\t\t\t\t\t\t\t\t<span class=\"elementor-icon-list-text\">Mestrado<\/span>\n\t\t\t\t\t\t\t\t\t\t\t<\/a>\n\t\t\t\t\t\t\t\t\t<\/li>\n\t\t\t\t\t\t\t\t<li class=\"elementor-icon-list-item elementor-inline-item\">\n\t\t\t\t\t\t\t\t\t\t\t<a href=\"https:\/\/www.est.ufmg.br\/portal\/mestrado-est\/#informacoes-m\">\n\n\t\t\t\t\t\t\t\t\t\t\t\t<span class=\"elementor-icon-list-icon\">\n\t\t\t\t\t\t\t<i aria-hidden=\"true\" class=\"fas fa-home\"><\/i>\t\t\t\t\t\t<\/span>\n\t\t\t\t\t\t\t\t\t\t<span class=\"elementor-icon-list-text\">Informa\u00e7\u00f5es<\/span>\n\t\t\t\t\t\t\t\t\t\t\t<\/a>\n\t\t\t\t\t\t\t\t\t<\/li>\n\t\t\t\t\t\t\t\t<li class=\"elementor-icon-list-item elementor-inline-item\">\n\t\t\t\t\t\t\t\t\t\t\t<a href=\"https:\/\/www.est.ufmg.br\/portal\/mestrado-alunos-egressos\">\n\n\t\t\t\t\t\t\t\t\t\t\t\t<span class=\"elementor-icon-list-icon\">\n\t\t\t\t\t\t\t<i aria-hidden=\"true\" class=\"fas fa-check\"><\/i>\t\t\t\t\t\t<\/span>\n\t\t\t\t\t\t\t\t\t\t<span class=\"elementor-icon-list-text\">Alunos Egressos<\/span>\n\t\t\t\t\t\t\t\t\t\t\t<\/a>\n\t\t\t\t\t\t\t\t\t<\/li>\n\t\t\t\t\t\t\t\t<li class=\"elementor-icon-list-item elementor-inline-item\">\n\t\t\t\t\t\t\t\t\t\t\t<a href=\"https:\/\/www.est.ufmg.br\/portal\/mestrado-alunos-matriculados\/\">\n\n\t\t\t\t\t\t\t\t\t\t\t\t<span class=\"elementor-icon-list-icon\">\n\t\t\t\t\t\t\t<i aria-hidden=\"true\" class=\"fas fa-check\"><\/i>\t\t\t\t\t\t<\/span>\n\t\t\t\t\t\t\t\t\t\t<span class=\"elementor-icon-list-text\">Alunos Matriculados<\/span>\n\t\t\t\t\t\t\t\t\t\t\t<\/a>\n\t\t\t\t\t\t\t\t\t<\/li>\n\t\t\t\t\t\t\t\t<li class=\"elementor-icon-list-item elementor-inline-item\">\n\t\t\t\t\t\t\t\t\t\t\t<a href=\"https:\/\/www.est.ufmg.br\/portal\/pos-graduacao-processo-seletivo\">\n\n\t\t\t\t\t\t\t\t\t\t\t\t<span class=\"elementor-icon-list-icon\">\n\t\t\t\t\t\t\t<i aria-hidden=\"true\" class=\"far fa-check-circle\"><\/i>\t\t\t\t\t\t<\/span>\n\t\t\t\t\t\t\t\t\t\t<span class=\"elementor-icon-list-text\">Processo Seletivo<\/span>\n\t\t\t\t\t\t\t\t\t\t\t<\/a>\n\t\t\t\t\t\t\t\t\t<\/li>\n\t\t\t\t\t\t\t\t<li class=\"elementor-icon-list-item elementor-inline-item\">\n\t\t\t\t\t\t\t\t\t\t\t<a href=\"https:\/\/www.est.ufmg.br\/portal\/mestrado-estrutura-curricular\/#estrutura-curricular-mes\">\n\n\t\t\t\t\t\t\t\t\t\t\t\t<span class=\"elementor-icon-list-icon\">\n\t\t\t\t\t\t\t<i aria-hidden=\"true\" class=\"fas fa-check-circle\"><\/i>\t\t\t\t\t\t<\/span>\n\t\t\t\t\t\t\t\t\t\t<span class=\"elementor-icon-list-text\">Estrutura Curricular<\/span>\n\t\t\t\t\t\t\t\t\t\t\t<\/a>\n\t\t\t\t\t\t\t\t\t<\/li>\n\t\t\t\t\t\t\t\t<li class=\"elementor-icon-list-item elementor-inline-item\">\n\t\t\t\t\t\t\t\t\t\t\t<a href=\"https:\/\/www.est.ufmg.br\/portal\/mestrado-provas-gabaritos\/\">\n\n\t\t\t\t\t\t\t\t\t\t\t\t<span class=\"elementor-icon-list-icon\">\n\t\t\t\t\t\t\t<i aria-hidden=\"true\" class=\"far fa-check-circle\"><\/i>\t\t\t\t\t\t<\/span>\n\t\t\t\t\t\t\t\t\t\t<span class=\"elementor-icon-list-text\">Provas Anteriores e Gabaritos<\/span>\n\t\t\t\t\t\t\t\t\t\t\t<\/a>\n\t\t\t\t\t\t\t\t\t<\/li>\n\t\t\t\t\t\t\t\t<li class=\"elementor-icon-list-item elementor-inline-item\">\n\t\t\t\t\t\t\t\t\t\t\t<a href=\"https:\/\/www.est.ufmg.br\/portal\/mestrado-estrutura-curricular\/#ementas-mestrado\">\n\n\t\t\t\t\t\t\t\t\t\t\t\t<span class=\"elementor-icon-list-icon\">\n\t\t\t\t\t\t\t<i aria-hidden=\"true\" class=\"fas fa-check-circle\"><\/i>\t\t\t\t\t\t<\/span>\n\t\t\t\t\t\t\t\t\t\t<span class=\"elementor-icon-list-text\">Ementas<\/span>\n\t\t\t\t\t\t\t\t\t\t\t<\/a>\n\t\t\t\t\t\t\t\t\t<\/li>\n\t\t\t\t\t\t\t\t<li class=\"elementor-icon-list-item elementor-inline-item\">\n\t\t\t\t\t\t\t\t\t\t\t<a href=\"https:\/\/www.est.ufmg.br\/portal\/mestrado-dissertacao-mestrado\/\">\n\n\t\t\t\t\t\t\t\t\t\t\t\t<span class=\"elementor-icon-list-icon\">\n\t\t\t\t\t\t\t<i aria-hidden=\"true\" class=\"fas fa-clipboard\"><\/i>\t\t\t\t\t\t<\/span>\n\t\t\t\t\t\t\t\t\t\t<span class=\"elementor-icon-list-text\">Disserta\u00e7\u00f5es Defendidas<\/span>\n\t\t\t\t\t\t\t\t\t\t\t<\/a>\n\t\t\t\t\t\t\t\t\t<\/li>\n\t\t\t\t\t\t<\/ul>\n\t\t\t\t\t\t<\/div>\n\t\t\t\t<\/div>\n\t\t\t\t\t<\/div>\n\t\t<\/div>\n\t\t\t\t\t<\/div>\n\t\t<\/section>\n\t\t\t\t<\/div>\n\t\t<\/div>\n\t\t\t\t\t\t<\/div>\n\t\t\t\t<\/div>\n\t\t\t\t\t<\/div>\n\t\t<\/div>\n\t\t\t\t\t<\/div>\n\t\t<\/section>\n\t\t\t\t<section class=\"elementor-section elementor-top-section elementor-element elementor-element-39bfcde elementor-section-boxed elementor-section-height-default elementor-section-height-default\" data-id=\"39bfcde\" data-element_type=\"section\" data-e-type=\"section\">\n\t\t\t\t\t\t<div class=\"elementor-container elementor-column-gap-default\">\n\t\t\t\t\t<div class=\"elementor-column elementor-col-100 elementor-top-column elementor-element elementor-element-b2174ef\" data-id=\"b2174ef\" data-element_type=\"column\" data-e-type=\"column\">\n\t\t\t<div class=\"elementor-widget-wrap elementor-element-populated\">\n\t\t\t\t\t\t<div class=\"elementor-element elementor-element-39c6750 elementor-widget elementor-widget-heading\" data-id=\"39c6750\" data-element_type=\"widget\" data-e-type=\"widget\" data-widget_type=\"heading.default\">\n\t\t\t\t<div class=\"elementor-widget-container\">\n\t\t\t\t\t<h2 class=\"elementor-heading-title elementor-size-default\">Disserta\u00e7\u00f5es de Mestrado<\/h2>\t\t\t\t<\/div>\n\t\t\t\t<\/div>\n\t\t\t\t\t<\/div>\n\t\t<\/div>\n\t\t\t\t\t<\/div>\n\t\t<\/section>\n\t\t\t\t<section class=\"elementor-section elementor-top-section elementor-element elementor-element-470ac95 elementor-section-boxed elementor-section-height-default elementor-section-height-default\" data-id=\"470ac95\" data-element_type=\"section\" data-e-type=\"section\">\n\t\t\t\t\t\t<div class=\"elementor-container elementor-column-gap-default\">\n\t\t\t\t\t<div class=\"elementor-column elementor-col-100 elementor-top-column elementor-element elementor-element-3e16763\" data-id=\"3e16763\" data-element_type=\"column\" data-e-type=\"column\">\n\t\t\t<div class=\"elementor-widget-wrap elementor-element-populated\">\n\t\t\t\t\t\t<div class=\"elementor-element elementor-element-f32266f elementor-widget__width-initial elementor-widget elementor-widget-text-editor\" data-id=\"f32266f\" data-element_type=\"widget\" data-e-type=\"widget\" data-widget_type=\"text-editor.default\">\n\t\t\t\t<div class=\"elementor-widget-container\">\n\t\t\t\t\t\t\t\t\t<h2>\u00a0<\/h2><h2>2026<\/h2><p><strong>288<\/strong><br \/><strong>Nome:<\/strong> Maria Lu\u00edsa da Siva Amancio<br \/><strong>Data da Defesa:<\/strong> 27\/03\/2026<br \/><strong>T\u00edtulo:<\/strong> Compara\u00e7\u00e3o de modelos Estat\u00edsticos para dados de apenas-presen\u00e7a: Uma abordagem com dados reais e Simulados<br \/><strong>Orientadora:<\/strong> Profa. Rosangela Helena Loschi\u00a0<br \/><strong>Coorientador:<\/strong> Prof. Marcos Oliveira Prates<\/p><p><strong>287<\/strong><br \/><strong>Nome:<\/strong> Laura Moreira Pir\u00e2mides Soares<br \/><strong>Data da Defesa:<\/strong> 27\/02\/2026<br \/><strong>T\u00edtulo:<\/strong> A Bayesian class of mixed compounded Poisson models: A flexibe approach to account for underreported overdispersed data<br \/><strong>Orientadora:<\/strong> Profa. Rosangela Helena Loschi\u00a0<br \/><strong>Coorientadora:<\/strong> Profa. Jussiane Nader Goncalves<\/p><p><strong>286<\/strong><br \/><strong>Nome:<\/strong> Laura Cristina Melo Teixeira<br \/><strong>Data da Defesa:<\/strong> 26\/02\/2026<br \/><strong>T\u00edtulo:<\/strong> An Exact Bayesian Joint Model for Multiple Presence-Only Data<br \/><strong>Orientador:<\/strong> Prof. Dani Gamerman<br \/><strong>Coorientadora:<\/strong> Profa. Carolina Levis<\/p><p><strong>285<\/strong><br \/><strong>Nome:<\/strong> Daniel Stiven\u00a0Martinez Castillo<br \/><strong>Data da Defesa:<\/strong> 20\/02\/2026<br \/><strong>T\u00edtulo:<\/strong> Uma cota para o n\u00famero crom\u00e1tico ac\u00edclico de elos via uma vers\u00e3o\u00a0algor\u00edtmica do Lema Local de Lov\u00e1sz<br \/><strong>Orientador:<\/strong> Prof. Sokol Ndreca<\/p><h2>2025<\/h2><p><strong>284<\/strong><br \/><strong>Nome:<\/strong> Luiz Matheus Barbosa Santos<br \/><strong>Data da Defesa:<\/strong> 06\/06\/2025<br \/><strong>T\u00edtulo:<\/strong> Robust product partition modelo for multilevel categorical feature analysis<br \/><strong>Orientador:<\/strong> Profa. Rosangela Helena Loschi<\/p><p><strong>283<\/strong><br \/><strong>Nome:<\/strong> Pedro V\u00edtor Bernardes Brand\u00e3o<br \/><strong>Data da Defesa:<\/strong> 11\/04\/2025<br \/><strong>T\u00edtulo:<\/strong> <a href=\"http:\/\/hdl.handle.net\/1843\/83648\">Avalia\u00e7\u00e3o de diferentes m\u00e9todos de predi\u00e7\u00e3o din\u00e2mica em an\u00e1lise de sobreviv\u00eancia<\/a><br \/><strong>Orientador:<\/strong> Prof. Enrico Antonio Colosimo<\/p><p><strong>282<\/strong><br \/><strong>Nome:<\/strong> Arthur Mota Silva Dant\u00e9s Macedo<br \/><strong>Data da Defesa:<\/strong> 07\/03\/2025<br \/><strong>T\u00edtulo:<\/strong><a href=\"http:\/\/hdl.handle.net\/1843\/81230\"> M\u00e9todos de Krylov aplicados na An\u00e1lise de Regress\u00e3o Linear de Big Data<\/a><br \/><strong>Orientador:<\/strong> Prof. Thiago Rezende dos Santos<\/p><p><strong>281<\/strong><br \/><strong>Nome:<\/strong> Caio Mateus dos Santos Carvalho<br \/><strong>Data da Defesa:<\/strong> 06\/03\/2025<br \/><strong>T\u00edtulo:<\/strong> <a href=\"https:\/\/repositorio.ufmg.br\/server\/api\/core\/bitstreams\/f18d9128-223b-4e03-a4cf-7554cef9321d\/content\">Percola\u00e7\u00e3o de palavras na rede hiperc\u00fabica<\/a><br \/><strong>Orientador:<\/strong> Prof. Roger William C\u00e2mara Silva<\/p><p><strong>280<\/strong><br \/><strong>Nome:<\/strong> Javier Eduardo Beltran Bautista<br \/><strong>Data da Defesa:<\/strong> 26\/02\/2025<br \/><strong>T\u00edtulo:<\/strong> <a href=\"https:\/\/repositorio.ufmg.br\/server\/api\/core\/bitstreams\/2b0e1d28-40bc-4905-be98-db4e100462bd\/content\">Sobre um sistema de fila com chegadas programadas sujeitas a perturba\u00e7\u00f5es do tipo Pareto<\/a><br \/><strong>Orientador:<\/strong> Prof. Sokol Ndreca<\/p><h2>2024<\/h2><p><strong>279<\/strong><br \/><strong>Nome:<\/strong> Eriky Silva Gomes<br \/><strong>Data da Defesa:<\/strong> 06\/09\/2024<br \/><strong>T\u00edtulo:<\/strong> <a href=\"http:\/\/hdl.handle.net\/1843\/77709\">Determina\u00e7\u00e3o de Momentos do Estimador de M\u00e1xima Verossimilhan\u00e7a para Filas Markovianas e filas Erlang de Servidor \u00danico<\/a><br \/><strong>Orientador:<\/strong> Prof. Frederico Rodrigues Borges da Cruz<\/p><p><strong>278<\/strong><br \/><strong>Nome:<\/strong> Daniel Valadares Frota Morais <br \/><strong>Data da Defesa:<\/strong> 29\/08\/2024<br \/><strong>T\u00edtulo:<\/strong> <a href=\"http:\/\/hdl.handle.net\/1843\/77924\">Sequential Bayesian Analysis of the Non-Gaussian State-Space Models Family<\/a><br \/><strong>Orientador:<\/strong> Prof. Thiago Rezende dos Santos<\/p><p><strong>277<\/strong><br \/><strong>Nome:<\/strong> Rebeca Alves Dantas de Lima e Silva<br \/><strong>Data da Defesa:<\/strong> 22\/08\/2024<br \/><strong>T\u00edtulo:<\/strong> <a href=\"http:\/\/hdl.handle.net\/1843\/80743\">Simula\u00e7\u00e3o exata de processos de difus\u00e3o n\u00e3o-homog\u00eaneos<\/a><br \/><strong>Orientador:<\/strong> Prof. Fl\u00e1vio Bambirra Gon\u00e7alves<\/p><p><strong>276<\/strong><br \/><strong>Nome:<\/strong> Vinicius Ricardo Riffel<br \/><strong>Data da Defesa:<\/strong> 27\/06\/2024<br \/><strong>T\u00edtulo:<\/strong> <a href=\"http:\/\/hdl.handle.net\/1843\/75859\">A Stochastic Approach to Establish a Metric to Quantify the Modifiable Areal Unit Problem<\/a><br \/><strong>Orientador:<\/strong> Prof. Renato Martins Assun\u00e7\u00e3o<\/p><p><strong>275<\/strong><br \/><strong>Nome:<\/strong> Carlos Henrique Santos<br \/><strong>Data da Defesa:<\/strong> 04\/06\/2024<br \/><strong>T\u00edtulo:<\/strong> <a href=\"http:\/\/hdl.handle.net\/1843\/74891\">Um passeio aleat\u00f3rio com cat\u00e1strofes<\/a><br \/><strong>Orientador:<\/strong> Prof. Roger William Camara Silva<\/p><p><strong>274<\/strong><br \/><strong>Nome:<\/strong> Janete Furtado Ribeiro Aguirre<br \/><strong>Data da Defesa:<\/strong> 12\/04\/2024<br \/><strong>T\u00edtulo:<\/strong><a href=\"http:\/\/hdl.handle.net\/1843\/71980\"> A Modified Cellular Automata Model for Simulation of Pedestrian Dynamics in Complex Environments<\/a><br \/><strong>Orientador:<\/strong> Prof. Luis Henrique Duczmal<br \/><strong>Coorientador:<\/strong> Prof. Leandro Alves Pereira<\/p><h2>2023<\/h2><p><strong>273<\/strong><br \/><strong>Nome:<\/strong> Samuel de Souza Barbosa<br \/><strong>Data da Defesa:<\/strong> 16\/11\/2023<br \/><strong>T\u00edtulo:<\/strong> <a href=\"http:\/\/hdl.handle.net\/1843\/62442\">Modelo Bayesiano de Teoria da Resposta ao Item com estrutura hier\u00e1rquica e multin\u00edvel para os tra\u00e7os latentes aplicado aos dados do SAEB<\/a><br \/><strong>Orientador:<\/strong> Prof. Fl\u00e1vio Bambirra Gon\u00e7alves<br \/><strong>Coorientadora:<\/strong> Dra. Juliane Venturelli Silva Lima<\/p><p><strong>272<\/strong><br \/><strong>Nome:<\/strong> Ruy Azevedo Cota Vasconcelos<br \/><strong>Data da Defesa:<\/strong> 31\/10\/2023<br \/><strong>T\u00edtulo:<\/strong> <a href=\"http:\/\/hdl.handle.net\/1843\/63398\">Regress\u00e3o Bessel Bayesiana com Efeito Espa\u00e7o-Temporal para Dados Cont\u00ednuos Limitados<\/a><br \/><strong>Orientador:<\/strong> Prof. Vin\u00edcius Diniz Mayrink<\/p><p><strong>271<\/strong><br \/><strong>Nome:<\/strong> Fernanda Buzza Alves Barros<br \/><strong>Data da Defesa:<\/strong> 15\/08\/2023<br \/><strong>T\u00edtulo:<\/strong> <a href=\"http:\/\/hdl.handle.net\/1843\/60244\">Coordenadas Sint\u00e9ticas em Bancos de Dados Confidenciais: Uma Aplica\u00e7\u00e3o em Dados de Covid-19<\/a><br \/><strong>Orientadora:<\/strong> Profa. Thais Paiva Galletti<\/p><p><strong>270<\/strong><br \/><strong>Nome:<\/strong> Lucas Azevedo Birro Michelin<br \/><strong>Data da Defesa:<\/strong> 15\/08\/2023<br \/><strong>T\u00edtulo:<\/strong> <a href=\"https:\/\/repositorio.ufmg.br\/bitstream\/1843\/61122\/1\/Disserta%c3%a7%c3%a3o_Mestrado_2023_Lucas_Michelin_FinalVersion.pdf\">Fast Mixture Spatial Regression: A Mixture in the Geographical and Feature Space Applied to Predict Oil in the Post-salt<\/a><br \/><strong>Orientador:<\/strong> Prof. Marcos Oliveira Prates<\/p><p><strong>269<\/strong><br \/><strong>Nome:<\/strong> Caio Coelho Moreira<br \/><strong>Data da Defesa:<\/strong> 30\/06\/2023<br \/><strong>T\u00edtulo:<\/strong><a href=\"https:\/\/repositorio.ufmg.br\/bitstream\/1843\/58298\/1\/Estima%c3%a7%c3%a3o%20via%20simula%c3%a7%c3%b5es%20de%20Monte%20Carlo%20em%20uma%20classe%20de%20sistemas%20de%20filas%20GGC.pdf\"> Estima\u00e7\u00e3o via simula\u00e7\u00f5es de Monte Carlo em uma classe de sistemas de filas G\/G\/C<\/a><br \/><strong>Orientador:<\/strong> Prof. Sokol Ndreca<\/p><p><strong>268<\/strong><br \/><strong>Nome:<\/strong> Nat\u00e1lia Caroline Costa de Oliveira<br \/><strong>Data da Defesa:<\/strong> 28\/02\/2023<br \/><strong>T\u00edtulo:<\/strong> <a href=\"http:\/\/hdl.handle.net\/1843\/79700\">New extensions of the generalized mixed spatio-temporal modeling with random effect via factor analysis<\/a><br \/><strong>Orientador:<\/strong> Prof. Vin\u00edcius Diniz Mayrink<\/p><h2>2022<\/h2><p><strong>267<\/strong><br \/><strong>Nome:<\/strong> F\u00e1bio Roberto de Souza J\u00fanior<br \/><strong>Data da Defesa:<\/strong> 27\/05\/2022<br \/><strong>T\u00edtulo:<\/strong> More robust linear models for count data using the complex sampling plan<br \/><strong>Orientador:<\/strong> Prof. Thiago Rezende dos Santos<\/p><p><strong>266<\/strong><br \/><strong>Nome:<\/strong> Fernando Augusto Melo Duarte Malta<br \/><strong>Data da Defesa:<\/strong> 25\/05\/2022<br \/><strong>T\u00edtulo:<\/strong> <a href=\"https:\/\/repositorio.ufmg.br\/bitstream\/1843\/46008\/1\/Redes%20Neurais%20para%20Dados%20Tabulares%20Uma%20Compara%c3%a7%c3%a3o%20Emp%c3%adrica.pdf\">Redes neurais para dados tabulares: uma compara\u00e7\u00e3o emp\u00edrica<\/a><br \/><strong>Orientador:<\/strong> Prof. Luiz Henrique Duczmal<\/p><p><strong>265<\/strong><br \/><strong>Nome:<\/strong> Vitor Faria de Carvalho Oliveira<br \/><strong>Data da Defesa:<\/strong> 22\/03\/2022<br \/><strong>T\u00edtulo:<\/strong> <a href=\"http:\/\/hdl.handle.net\/1843\/77330\">Acessando Informa\u00e7\u00e3o de Esporte atrav\u00e9s do SofaScore<\/a><br \/><strong>Orientador:<\/strong> Prof. Marcos Oliveira Prates<\/p><p><strong>264<\/strong><br \/><strong>Nome:<\/strong> Ma\u00edra Soalheiro<br \/><strong>Data da Defesa:<\/strong> 25\/02\/2022<br \/><strong>T\u00edtulo:<\/strong> <a href=\"https:\/\/repositorio.ufmg.br\/bitstream\/1843\/46316\/1\/Modelagem%20Hier%c3%a1rquica%20Bayesiana%20de%20contatos%20uma%20aplica%c3%a7%c3%a3o%20em%20modelos%20epidemiol%c3%b3gicos%20compartimentais.pdf\">Modelagem Hier\u00e1rquica Bayesiana de contatos: uma aplica\u00e7\u00e3o em modelos epidemiol\u00f3gicos compartimentais<\/a><br \/><strong>Orientador:<\/strong> Prof. Adrian Pablo Hinojosa Luna<\/p><p><strong>263<\/strong><br \/><strong>Nome:<\/strong> Samuel Faria Candido<br \/><strong>Data da Defesa:<\/strong> 24\/02\/2022<br \/><strong>T\u00edtulo:<\/strong> Modelo espacial latente para Covid-19<br \/><strong>Orientador:<\/strong> Prof. Marcos Oliveira Prates<br \/><strong>Co-orientador:<\/strong> Prof. Dani Gamerman<\/p><h2>2021<\/h2><hr \/><p><strong>262<\/strong><br \/><strong>Nome:<\/strong> Felipe Amorim sousa<br \/><strong>Data da Defesa:<\/strong> 13\/09\/2021<br \/><strong>T\u00edtulo:<\/strong> INLAmod: Uma Interface Gr\u00e1fica Modular para o R-INLA<br \/><strong>Orientador:<\/strong> Prof. Marcos Oliveira Prates<\/p><p><strong>261<\/strong><br \/><strong>Nome:<\/strong> D\u00e9bora de Freitas Magalh\u00e3es<br \/><strong>Data da Defesa:<\/strong> 09\/07\/2021<br \/><strong>T\u00edtulo:<\/strong> <a href=\"https:\/\/repositorio.ufmg.br\/bitstream\/1843\/39153\/1\/Dissertacao_Debora_Freitas_Magalhaes.pdf\">Structure Learning and Parameter Estimation<\/a><br \/><strong>Orientadora:<\/strong> Profa. Denise Duarte<\/p><p><strong>260<\/strong><br \/><strong>Nome:<\/strong> Eduardo Fernandes e Silva<br \/><strong>Data da Defesa:<\/strong> 16\/06\/2021<br \/><strong>T\u00edtulo:<\/strong> <a href=\"https:\/\/repositorio.ufmg.br\/bitstream\/1843\/45613\/1\/Regress%c3%a3o%20log%c3%adstica%20bin%c3%a1ria%20com%20fator%20de%20cura%20para%20dados%20em%20conglomerados%20Uma%20aplica%c3%a7%c3%a3o%20em%20traumatismo%20dent%c3%a1rio.pdf\">Regress\u00e3o log\u00edstica bin\u00e1rio com fator de cura para dados em conglomerados: Uma aplica\u00e7\u00e3o em traumatismo dent\u00e1rio.<\/a><br \/><strong>Orientador:<\/strong> Prof. Enrico Ant\u00f4nio Colosimo<\/p><p><strong>259<\/strong><br \/><strong>Nome:<\/strong> Caio Gabriel Barreto Balieiro<br \/><strong>Data da Defesa:<\/strong> 13\/05\/2021<br \/><strong>T\u00edtulo:<\/strong> <a href=\"https:\/\/repositorio.ufmg.br\/bitstream\/1843\/39046\/1\/Disserta%c3%a7%c3%a3o_Caio_Balieiro.pdf\">KGsurv: na R package to fit the Kumaraswamy-G family of distributions for survival<\/a> data<br \/><strong>Orientador:<\/strong> Prof. F\u00e1bio Nogueira Demarqui<\/p><p><strong>258<\/strong><br \/><strong>Nome:<\/strong> C\u00e9sar Macieira<br \/><strong>Data da Defesa:<\/strong> 30\/04\/2021<br \/><strong>T\u00edtulo:<\/strong> <a href=\"https:\/\/repositorio.ufmg.br\/bitstream\/1843\/45979\/1\/Disserta%c3%a7%c3%a3o%20-%20C%c3%a9sar%20Macieira.pdf\">Estima\u00e7\u00e3o em modelos de redes de afinidade<\/a><br \/><strong>Orientadora:<\/strong> Profa. Denise Duarte<\/p><p><strong>257<\/strong><br \/><strong>Nome:<\/strong> Guilherme Lucas Moreira Dias Almeida<br \/><strong>Data da Defesa:<\/strong> 24\/05\/2021<br \/><strong>T\u00edtulo:<\/strong> Benef\u00edcios e Pr\u00eamios de Anuidade Vari\u00e1vel: seguros de vida com garantias de sobreviv\u00eancia e por morte<br \/><strong>Orientador:<\/strong> Prof. Fredy Walther Castellares C\u00e1ceres<\/p><p><strong>256<\/strong><br \/><strong>Nome:<\/strong> Ot\u00e1vio Augusto Silva Lima<br \/><strong>Data da Defesa:<\/strong> 02\/03\/2021<br \/><strong>T\u00edtulo:<\/strong> <a href=\"http:\/\/hdl.handle.net\/1843\/63202\">Estudo Sobre a Janela Critica de Percola\u00e7\u00e3o em Lages<\/a><br \/><strong>Orientador:<\/strong> Prof. Roger William C\u00e2mara Silva<\/p><h2>2020<\/h2><hr \/><p><strong>255<\/strong><\/p><p><strong>Nome:<\/strong> Carla Paula Moreira Soares<br \/><strong>Data da Defesa:<\/strong> 06\/11\/2020<br \/><strong>Titulo:<\/strong> <a href=\"https:\/\/www.est.ufmg.br\/portal\/wp-content\/uploads\/2023\/01\/255-Dissertacao_Carla_Paula.pdf\">&#8220;Uma Abordagem via Mistura Finita para Modelos de Regress\u00e3o Linear com Erros Nas Vari\u00e1veis&#8221; (PDF)<\/a><br \/><strong>Orientadora:<\/strong> Profa. Rosangela Helena Loschi<\/p><p><strong>254<\/strong><br \/><strong>Nome:<\/strong> Andr\u00e9 V\u00edctor Ribeiro Amaral<br \/><strong>Data da Defesa:<\/strong> 10\/08\/2020<br \/><strong>T\u00edtulo:<\/strong> <a href=\"https:\/\/www.est.ufmg.br\/portal\/wp-content\/uploads\/2023\/01\/254-Dissertacao_Andre_Victor.pdf\">\u201cTransi\u00e7\u00e3o de fase em modelos de percola\u00e7\u00e3o via fun\u00e7\u00f5es booleanas\u201d\u00a0(PDF)<\/a><br \/><strong>Orientador:<\/strong> Prof. Roger William C\u00e2mara Sila<\/p><p><strong>253<\/strong><br \/><strong>Nome:<\/strong> Thais Pacheco Menezes<br \/><strong>Data da Defesa:<\/strong> 28\/02\/2020<br \/><strong>T\u00edtulo:<\/strong> <a href=\"https:\/\/www.est.ufmg.br\/portal\/wp-content\/uploads\/2023\/01\/253-Dissertacao_Thais_Pacheco_Menezes.pdf\">Arqu\u00e9tipos latentes: os m\u00f3dulos dos padr\u00f5es espaciais complexos do c\u00e2ncer\u00a0(PDF)<\/a><br \/><strong>Orientador:<\/strong> Prof. Marcos Oliveira Prates<\/p><p><strong>252<\/strong><br \/><strong>Nome:<\/strong> Wesley Henrique Silva Pereira<br \/><strong>Data da Defesa:<\/strong> 28\/02\/2020<br \/><strong>T\u00edtulo:<\/strong> <a href=\"https:\/\/www.est.ufmg.br\/portal\/wp-content\/uploads\/2023\/01\/252-Dissertacao_Wesley_Pereira.pdf\">Modelo de rede de afinidades\u00a0(PDF)<\/a><br \/><strong>Orientadora:<\/strong> Profa. Denise Duarte<\/p><p><strong>251<\/strong><br \/><strong>Nome:<\/strong> Mariana Alves Amorim<br \/><strong>Data da Defesa:<\/strong> 27\/02\/2020<br \/><strong>T\u00edtulo:<\/strong> <a href=\"https:\/\/repositorio.ufmg.br\/bitstream\/1843\/50555\/1\/dissertac%cc%a7a%cc%83o_marina_alves_amorim_estatistica.pdf\">An\u00e1lise de sensibilidade de t\u00e9cnicas de amostragem em grafos aleat\u00f3rios<\/a><br \/><strong>Orientadora:<\/strong>\u00a0Profa. Denise Duarte<\/p><p><strong>250<\/strong><br \/><strong>Nome:<\/strong> Adriana dos Santos Lima<br \/><strong>Data da Defesa:<\/strong> 21\/02\/2020<br \/><strong>T\u00edtulo:<\/strong> A Hierarchical Bayesian Space-time Model\u00a0<br \/><strong>Orientador:<\/strong> Prof. Luiz Henrique Duczmal<\/p><p><strong>249<\/strong><br \/><strong>Nome:<\/strong> Ricardo Cunha Pedroso<br \/><strong>Data da Defesa:<\/strong> 14\/02\/2020<br \/><strong>T\u00edtulo:<\/strong> <a href=\"https:\/\/www.est.ufmg.br\/portal\/wp-content\/uploads\/2023\/01\/249-Dissertacao_Ricardo_Cunha_Pedroso.pdf\">A Bayesian multiple partition model for multiparametric change points detection (PDF)<\/a><br \/><strong>Orientadora:<\/strong> Profa. Rosangela Helena Loschi<\/p><p><strong>248<\/strong><br \/><strong>Nome:<\/strong> Gisele de Oliveira Maia<br \/><strong>Data da Defesa:<\/strong> 17\/02\/2020<br \/><strong>T\u00edtulo:<\/strong> <a href=\"https:\/\/www.est.ufmg.br\/portal\/wp-content\/uploads\/2023\/01\/248-Dissertacao_Gisele_Maia.pdf\">Modelos de S\u00e9ries Temporais Semiparam\u00e9tricos com Fator Latente\u00a0(PDF)<\/a><br \/><strong>Orientador:<\/strong> Prof. Wagner Barreto de Souza<\/p><p><strong>247<\/strong><br \/><strong>Nome:<\/strong> Silvio Cabral Patricio\u00a0<br \/><strong>Data da Defesa:<\/strong> 19\/02\/2020<br \/><strong>T\u00edtulo:<\/strong> <a href=\"https:\/\/www.est.ufmg.br\/portal\/wp-content\/uploads\/2023\/01\/247-Dissertacao_Silvio_Cabral_Patricio.pdf\">Modelagem de Mortalidade\u00a0(PDF)<\/a><br \/><strong>Orientador:<\/strong> Prof. Fredy Walther Castellares C\u00e1ceres<\/p><p><strong>246<\/strong><br \/><strong>Nome:<\/strong> Renato Valladares Panaro<br \/><strong>Data da Defesa:<\/strong> 17\/02\/2020<br \/><strong>T\u00edtulo:<\/strong> <a href=\"https:\/\/repositorio.ufmg.br\/bitstream\/1843\/35581\/3\/Renato-Panaro.pdf\">spsurv: an R package for semiparametric survival analysis<\/a><br \/><strong>Orientador:<\/strong> Prof. Vin\u00edcius Diniz Mayrink<br \/><strong>Co-orientador:<\/strong> Prof. F\u00e1bio Nogueira Demarqui<\/p><h2>2019<\/h2><hr \/><p><strong>245<\/strong><br \/><strong>Nome:<\/strong> Emilly Malveira de Lima\u00a0<br \/><strong>Data da Defesa:<\/strong> 08\/10\/2019<br \/><strong>T\u00edtulo:<\/strong> <a href=\"https:\/\/www.est.ufmg.br\/portal\/wp-content\/uploads\/2023\/01\/245-Dissertacao_Emilly_Malveira.pdf\">Predi\u00e7\u00e3o em an\u00e1lise de sobreviv\u00eancia: Aplica\u00e7\u00e3o em estudo envolvendo \u00f3bito de pacientes chag\u00e1sicos cardiopatas\u00a0(PDF)<\/a><br \/><strong>Orientador:<\/strong> Prof. Enrico Antonio Colosimo<\/p><p><strong>244<\/strong><br \/><strong>Nome:<\/strong> Ana Carolina Fernandes Dias<br \/><strong>Data da Defesa:<\/strong> 28\/06\/2019<br \/><strong>T\u00edtulo:<\/strong> <a href=\"https:\/\/www.est.ufmg.br\/portal\/wp-content\/uploads\/2023\/01\/244-dissertacao_Ana_Carolina.pdf\">Uma Solu\u00e7\u00e3o Bayesiana Para Se Considerar a Incerteza Associada \u00e0 Calibra\u00e7\u00e3o de Itens na Teoria de Resposta ao Item (PDF)<\/a><br \/><strong>Orientador: <\/strong>Prof. Marcos Oliveira Prates\u00a0<\/p><p><strong>243<\/strong><br \/><strong>Nome:<\/strong> Luiza Sette C\u00e2mara Piancastelli<br \/><strong>Data da Defesa:<\/strong> 01\/07\/2019<br \/><strong>T\u00edtulo:<\/strong><a href=\"https:\/\/www.est.ufmg.br\/portal\/wp-content\/uploads\/2023\/01\/243-dissertacao_Luiza_Piancastelli.pdf\"> Semiparametric Generalized Inverse-Gaussian Frailty Models (PDF)<\/a><br \/><strong>Orientador:<\/strong> Prof. Wagner Barreto de Souza<br \/><strong>Co-orientador:<\/strong> Prof. Vin\u00edcius Diniz Mayrink<\/p><p><strong>242<\/strong><br \/><strong>Nome:<\/strong> Gabriel Oliveira Assun\u00e7\u00e3o<br \/><strong>Data da Defesa:<\/strong> 17\/05\/2019<br \/><strong>T\u00edtulo:<\/strong> <a href=\"https:\/\/www.est.ufmg.br\/portal\/wp-content\/uploads\/2023\/01\/242-dissertacao_Gabriel_Oliveira_Assuncao.pdf\">Compara\u00e7\u00e3o entre Algoritmos MCMC para Infer\u00eancia Bayesiana em Modelos Dicot\u00f4micos da TRI (PDF)<\/a><br \/><strong>Orientador:<\/strong> Prof. Fl\u00e1vio Bambirra Gol\u00e7alves<\/p><p><strong>241<\/strong><br \/><strong>Nome:<\/strong> Lucas da Cunha Godoy<br \/><strong>Data da Defesa:<\/strong> 25\/04\/2019<br \/><strong>T\u00edtulo:<\/strong> <a href=\"https:\/\/www.est.ufmg.br\/portal\/wp-content\/uploads\/2023\/01\/241-dissertacao_Lucas_da_Cunha_Godoy.pdf\">Testes de Associa\u00e7\u00e3o Espacial Entre Dois Tipos de Pol\u00edgonos (PDF)<\/a><br \/><strong>Orientador:<\/strong> Prof. Renato Martins Assun\u00e7\u00e3o<\/p><p><strong>240<\/strong><br \/><strong>Nome:<\/strong> Matheus Henrique Sales<br \/><strong>Data da Defesa:<\/strong> 27\/02\/2019<br \/><strong>T\u00edtulo:<\/strong> <a href=\"https:\/\/www.est.ufmg.br\/portal\/wp-content\/uploads\/2023\/01\/240-dissertacao_Matheus_Henrique_Sales.pdf\">Limiares Cr\u00edticos e Distribui\u00e7\u00e3o Limite para o Modelo Bak-Seneppen\u00a0(PDF)<\/a><br \/><strong>Orientador:<\/strong> Prof. Roger William C\u00e2mara Silva<\/p><p><strong>239<\/strong><br \/><strong>Nome:<\/strong> Pedro Henrique Pereira Salgado<br \/><strong>Data da Defesa:<\/strong> 25\/02\/2019<br \/><strong>T\u00edtulo:<\/strong> <a href=\"https:\/\/www.est.ufmg.br\/portal\/wp-content\/uploads\/2023\/01\/239-dissertacao_Pedro_Henrique_Pereira_Salgado.pdf\">T\u00f3picos sobre o Modelo Bak-Sneppen\u00a0(PDF)<\/a><br \/><strong>Orientador:<\/strong> Prof. Roger William C\u00e2mara Silva<\/p><p><strong>238<\/strong><br \/><strong>Nome:<\/strong> Ana J\u00falia Alves Camara<br \/><strong>Data da Defesa:<\/strong> 19\/02\/2019<br \/><strong>T\u00edtulo:<\/strong> <a href=\"https:\/\/www.est.ufmg.br\/portal\/wp-content\/uploads\/2023\/01\/238-dissertacao_Ana_Julia_Alves_Camara.pdf\">Generalized Additive Model for Count Time Series: An Application to Study the Impact of Air pollutants on human health\u00a0(PDF)<\/a><br \/><strong>Orientadora:<\/strong> Profa. Glaura da Concei\u00e7\u00e3o Franco<\/p><p><strong>237<\/strong><br \/><strong>Nome:<\/strong> Larissa Natany Almeida Martins<br \/><strong>Data da Defesa:<\/strong> 12\/02\/2019<br \/><strong>T\u00edtulo:<\/strong> <a href=\"https:\/\/www.est.ufmg.br\/portal\/wp-content\/uploads\/2023\/01\/237-dissertacao_Larissa_Natany_Almeida_Martins.pdf\">Imputa\u00e7\u00e3o de Dados Sint\u00e9ticos Atrav\u00e9s de \u00c1rvores de Classifica\u00e7\u00e3o\u00a0(PDF)<\/a><br \/><strong>Orientadora:<\/strong> Profa. Thais Paiva Galletti<\/p><p><strong>236<\/strong><br \/><strong>Nome:<\/strong> Danilo Gilberto de Oliveira Valadares<br \/><strong>Data da Defesa:<\/strong> 04\/02\/2018<br \/><strong>T\u00edtulo:<\/strong> <a href=\"https:\/\/www.est.ufmg.br\/portal\/wp-content\/uploads\/2023\/01\/236-dissertacao_Danilo_Oliveira_Valadares.pdf\">A Necessidade de Classifica\u00e7\u00f5es Repetidas no Modelo de Regress\u00e3o Log\u00edstico com Erros na Vari\u00e1vel Resposta\u00a0(PDF)<\/a><br \/><strong>Orientador:<\/strong> Prof. Roberto da Costa Quinino<\/p><h2>2018<\/h2><hr \/><p><strong>235<\/strong><br \/><strong>Nome:<\/strong> Matheus de Vasconcellos Barroso<br \/><strong>Data da defesa:<\/strong> 11\/06\/2018<br \/><strong>T\u00edtulo:<\/strong> <a href=\"https:\/\/www.est.ufmg.br\/portal\/wp-content\/uploads\/2023\/01\/235-dissertaca_Matheus_de_Vasconcellos_Barroso.pdf\">Bootstrap Methods For Generalized Autoregressive Moving Average Models\u00a0(<\/a><a href=\"https:\/\/www.est.ufmg.br\/portal\/wp-content\/uploads\/2023\/01\/235-dissertaca_Matheus_de_Vasconcellos_Barroso.pdf\">PDF)<\/a><br \/><strong>Orientadora:<\/strong> Profa. Glaura da Concei\u00e7\u00e3o Franco<\/p><p><strong>234<\/strong><br \/><strong>Nome:<\/strong> Melissa Lorena Ara\u00fajo Pinto<br \/><strong>Data da defesa:<\/strong> 14\/05\/2018<br \/><strong>T\u00edtulo:<\/strong> <a href=\"https:\/\/repositorio.ufmg.br\/bitstream\/1843\/BIRC-BB3NZT\/1\/dissertacao_melissa.pdf\">Modelos Exponenciais para Grafos Aleat\u00f3rios Valorados\u00a0<\/a><br \/><strong>Orientadora:<\/strong> Profa. Lourdes Coral Contreras Montenegro<\/p><p><strong>233<\/strong><br \/><strong>Nome:<\/strong> Rodolfo Santos Nunes Rodrigues<br \/><strong>Data da defesa:<\/strong> 09\/03\/2018<br \/><strong>Titulo:<\/strong> <a href=\"https:\/\/www.est.ufmg.br\/portal\/wp-content\/uploads\/2023\/01\/233-dissertacao_Rodolfo_Rodrigues.pdf\">Influ\u00eancia do N\u00famero de Part\u00edculas na Estima\u00e7\u00e3o de Par\u00e2metros via M\u00e1xima Verossimilhan\u00e7a em Modelos de Espa\u00e7o de Estados (<\/a><a href=\"https:\/\/www.est.ufmg.br\/portal\/wp-content\/uploads\/2023\/01\/233-dissertacao_Rodolfo_Rodrigues.pdf\">PDF)<\/a><br \/><strong>Orientador:<\/strong> Prof. Luiz Henrique Duczmal<\/p><p><strong>232<\/strong><br \/><strong>Nome:<\/strong> Let\u00edcia Silva Nunes<br \/><strong>Data da defesa:<\/strong> 28\/02\/2018<br \/><strong>T\u00edtulo:<\/strong><a href=\"https:\/\/www.est.ufmg.br\/portal\/wp-content\/uploads\/2023\/01\/232-dissertacao_Leticia_Silva_Nunes.pdf\"> M\u00e9todos de simula\u00e7\u00e3o de dados geogr\u00e1ficos sint\u00e9ticos para bases confidenciais\u00a0(<\/a><a href=\"http:\/\/www.est.ufmg.br\/portal\/arquivos\/mestrado\/dissertacoes\/dissertacao_Leticia_Silva_Nunes.pdf\" target=\"_blank\" rel=\"noopener\">PDF)<\/a><br \/><strong>Orientadora:<\/strong> Profa. Thais Paiva Galletti<\/p><p><strong>231<\/strong><br \/><strong>Nome:<\/strong> Gabriel Henrique Oliveira Assun\u00e7\u00e3o<br \/><strong>Data da defesa:<\/strong> 23\/02\/2018<br \/><strong>Titulo:<\/strong> <a href=\"https:\/\/www.est.ufmg.br\/portal\/wp-content\/uploads\/2023\/01\/231-dissertacao_Gabriel_Henrique_Assuncao.pdf\">Regress\u00e3o Espacial Quant\u00edlica para Previs\u00e3o da Velocidade do Vento (PDF)<\/a><br \/><strong>Orientador:<\/strong> Prof. Marcos Oliveira Prates<\/p><p><strong>230<\/strong><br \/><strong>Nome:<\/strong> Matheus Bartolo Guerrero<br \/><strong>Data da defesa:<\/strong> 23\/02\/2018<br \/><strong>T\u00edtulo:<\/strong> <a href=\"https:\/\/www.est.ufmg.br\/portal\/wp-content\/uploads\/2023\/01\/230-dissertacao_Matheus_Bartolo_Guerrero.pdf\">Integer-valued autoregressive processes with pre-established marginals and innovations: a new perspective on count time series modeling (PDF)<\/a><br \/><strong>Orientador:<\/strong> Prof. Wagner Barreto de Souza<\/p><p><strong>229<\/strong><br \/><strong>Nome:<\/strong> Augusto Felix Marcolin<br \/><strong>Data da defesa:<\/strong> 23\/02\/2018<br \/><strong>Titulo:<\/strong> <a href=\"https:\/\/www.est.ufmg.br\/portal\/wp-content\/uploads\/2023\/01\/229-dissertacao_Augusto_Marcolin.pdf\">M\u00e9todos estat\u00edsticos de prote\u00e7\u00e3o de dados confidenciais sob a condi\u00e7\u00e3o de differential privacy (PDF)<\/a><br \/><strong>Orientadora:<\/strong> Profa. Thais Paiva Galletti<\/p><p><strong>228<\/strong><br \/><strong>Nome:<\/strong> Magno Tairone de Freitas Severino<br \/><strong>Data da defesa:<\/strong> 22\/02\/2018<br \/><strong>Titulo:<\/strong> <a href=\"https:\/\/www.est.ufmg.br\/portal\/wp-content\/uploads\/2023\/01\/228-dissertacao_Magno_Severino.pdf\">Extending JAGS for Spatial Data (PDF)<\/a><br \/><strong>Orientador:<\/strong> Prof. Vin\u00edcius Diniz Mayrink<br \/><strong>Co-orientador:<\/strong> Prof. F\u00e1bio Nogueira Demarqui<\/p><p><strong>227<\/strong><br \/><strong>Nome:<\/strong> Caio Cesar de Oliveira Freitas<br \/><strong>Data da defesa:<\/strong> 16\/02\/2018<br \/><strong>Titulo:<\/strong> <a href=\"https:\/\/www.est.ufmg.br\/portal\/wp-content\/uploads\/2023\/01\/227-dissertacao_Caio_Cesar_Oliveira_Freitas.pdf\">Avalia\u00e7\u00e3o de Sistemas de Medi\u00e7\u00f5es Bin\u00e1rios com Erros de Classifica\u00e7\u00e3o Empregando o M\u00e9todo de Estima\u00e7\u00e3o do M\u00ednimo Qui-quadrado\u00a0(PDF)<\/a><br \/><strong>Orientador:<\/strong> Prof. Roberto da Costa Quinino<\/p><p><strong>226<\/strong><br \/><strong>Nome:<\/strong> Guilherme Augusto Veloso<br \/><strong>Data da defesa:<\/strong> 19\/02\/2018<br \/><strong>Titulo:<\/strong><a href=\"https:\/\/www.est.ufmg.br\/portal\/wp-content\/uploads\/2023\/01\/226-dissertacao_Guilherme_Augusto.pdf\"> Uma Abordagem Din\u00e2mica Para o Modelo Linear de Degrada\u00e7\u00e3o sob a Perspectiva Bayesiana (PDF)<\/a><br \/><strong>Orientadora:<\/strong> Profa. Rosangela Helena Loschi<\/p><h2>2017<\/h2><div><hr \/><\/div><div><strong>225<\/strong><\/div><div><strong>Nome:<\/strong> Bruno Barbarioli<br \/><strong>Data da Defesa:<\/strong> 15\/02\/17<br \/><strong>T\u00edtulo:<\/strong> <a href=\"https:\/\/repositorio.ufmg.br\/bitstream\/1843\/ICED-ALYJS7\/1\/dissertacao.pdf\">Anomaly Detection Under Cost Constraint<\/a><br \/><strong>Orientador:<\/strong> Prof. Renato Martins Assun\u00e7\u00e3o<\/div><div>\u00a0<\/div><div><strong>224<\/strong><\/div><div><strong>Nome:<\/strong> Arthur Tarso R\u00eago<br \/><strong>Data da Defesa:<\/strong> 21\/02\/17<br \/><strong>T\u00edtulo:<\/strong> <a href=\"https:\/\/repositorio.ufmg.br\/bitstream\/1843\/ICED-ANLM2N\/1\/dissertacao_arthur_tarso.pdf\">Non-Gaussian Stochastic Volatility Model With Jumps via Gibbs Sampler<\/a>\u00a0<br \/><strong>Orientador:<\/strong> Prof. Thiago Rezende dos Santos<\/div><div>\u00a0<\/div><div><strong>223<\/strong><\/div><div><strong>Nome:<\/strong> Douglas Mateus da Silva<br \/><strong>Data da Defesa:<\/strong> 20\/02\/17<br \/><strong>T\u00edtulo:<\/strong> <a href=\"https:\/\/repositorio.ufmg.br\/bitstream\/1843\/ICED-ANLQVK\/1\/disserta__o_douglas.pdf\">Modelos Espaciais com Distribui\u00e7\u00e3o Normal Independente<\/a><br \/><strong>Orientadora:<\/strong> Profa. Lourdes Coral Contreras Montenegro<\/div><div>\u00a0<\/div><div><strong>222<\/strong><\/div><div><strong>Nome:<\/strong> Jussiane Gon\u00e7alves da Silva<br \/><strong>Data da Defesa:<\/strong> 17\/02\/17<br \/><strong>T\u00edtulo:<\/strong><a href=\"https:\/\/repositorio.ufmg.br\/bitstream\/1843\/ICED-ALYKDK\/1\/zero_inflated_mixed_poisson_regression_models.pdf\"> Zero-inflated mixed Poisson regression models.<\/a><br \/><strong>Orientador:<\/strong> Prof. Wagner Barreto de Souza<\/div><div>\u00a0<\/div><div><strong>221<\/strong><\/div><div><strong>Nome:<\/strong> Frederico Machado Almeida<br \/><strong>Data da Defesa:<\/strong> 10\/02\/17<br \/><strong>T\u00edtulo:<\/strong> <a href=\"http:\/\/hdl.handle.net\/1843\/ICED-AM722U\">Modelo de Regress\u00e3o de Cox com Verossimilhan\u00e7a Mon\u00f3tona<\/a><br \/><strong>Orientador:<\/strong> Prof. Enrico Ant\u00f4nio Colosimo<br \/><strong>Co-orientador:<\/strong> Prof. Vin\u00edcius Diniz Mayrink<\/div><div>\u00a0<\/div><div><strong>220<\/strong><\/div><div><strong>Nome:<\/strong> Leonardo Brand\u00e3o Freitas do Nascimento<br \/><strong>Data da Defesa:<\/strong> 13\/01\/17<br \/><strong>T\u00edtulo:<\/strong><a href=\"http:\/\/hdl.handle.net\/1843\/ICED-ANLRMM\"> An\u00e1lise de m\u00faltiplos pontos de mudan\u00e7a em modelos normal multivariados<\/a><br \/><strong>Orientadora:<\/strong> Profa. Rosangela Helena Loschi<\/div><div>\u00a0<\/div><h2>2016<\/h2><div><hr \/><\/div><div><strong>219<\/strong><\/div><div><strong>Nome:<\/strong> Helgem de Souza Ribeiro Martins<br \/><strong>Data da Defesa:<\/strong> 16\/09\/16<br \/><strong>T\u00edtulo:<\/strong> <a href=\"https:\/\/www.est.ufmg.br\/portal\/wp-content\/uploads\/2023\/01\/219-dissertacao_Helgem_de_Souza.pdf\">Modelagem e Otimiza\u00e7\u00e3o de Redes de Filas Finitas (PDF)<\/a><br \/><strong>Orientador:<\/strong> Prof. Frederico Rodrigues Borges da Cruz<\/div><div>\u00a0<\/div><div><strong>218<\/strong><\/div><div><strong>Nome:<\/strong> Milton Pifano Soares Ferreira<br \/><strong>Data da Defesa:<\/strong> 26\/02\/16<br \/><strong>T\u00edtulo:<\/strong> <a href=\"https:\/\/www.est.ufmg.br\/portal\/wp-content\/uploads\/2023\/01\/218-dissertacao_Milton_Ferreira.pdf\">Infer\u00eancia em Grafos Aleat\u00f3rios Exponenciais atrav\u00e9s do ABC (PDF)<\/a><br \/><strong>Orientador:<\/strong> Prof. Marcos Oliveira Prates<\/div><div>\u00a0<\/div><div><strong>217<\/strong><\/div><div><strong>Nome:<\/strong> Fernanda Gabriely Batista Mendes<br \/><strong>Data da Defesa:<\/strong> 29\/02\/16<br \/><strong>T\u00edtulo:<\/strong> <a href=\"https:\/\/repositorio.ufmg.br\/bitstream\/1843\/BUBD-A9ZH9Z\/1\/disserta__o_final_.pdf\">Processo Skellan INAR (1) Assim\u00e9trico<\/a>\u00a0<br \/><strong>Orientador:<\/strong> Prof. Wagner Barreto de Souza<\/div><div>\u00a0<\/div><div><strong>216<\/strong><\/div><div><strong>Nome:<\/strong> Edson Francisco Ferreira<br \/><strong>Data da Defesa:<\/strong> 29\/02\/16<br \/><strong>T\u00edtulo:<\/strong> <a href=\"https:\/\/repositorio.ufmg.br\/bitstream\/1843\/BUBD-A9ZGK4\/1\/percola__o_em_z_2x_0_1_.pdf\">Continuidade da Probabilidade de Percola\u00e7\u00e3o em Z^2x{0,1}\u00a0<\/a><br \/><strong>Orientador:<\/strong> Prof. Roger Willian C\u00e2mara Silva<\/div><div>\u00a0<\/div><div><strong>215<\/strong><\/div><div><strong>Nome:<\/strong> Guilherme Lopes de Oliveira<br \/><strong>Data da Defesa:<\/strong> 26\/02\/16<br \/><strong>T\u00edtulo:<\/strong> <a href=\"http:\/\/hdl.handle.net\/1843\/BUBD-A89PEH\">Modeling underreported infant mortality data with a random censoring poisson model<\/a><br \/><strong>Orientadora:<\/strong> Profa. Rosangela Helena Losch<\/div><div>\u00a0<\/div><div><strong>214<\/strong><\/div><div><strong>Nome:<\/strong> Douglas Roberto Mesquita Azevedo<br \/><strong>Data da Defesa:<\/strong> 26\/02\/16<br \/><strong>T\u00edtulo:<\/strong> <a href=\"https:\/\/repositorio.ufmg.br\/bitstream\/1843\/BUBD-A9ZGD3\/1\/dissertacao_colorida.pdf\">Modelagem espa\u00e7o-temporal para Campos Aleat\u00f3rios Gaussianos Transformados<\/a>\u00a0<br \/><strong>Orientador:<\/strong> Prof. Marcos Oliveira Prates<\/div><div>\u00a0<\/div><div><strong>213<\/strong><\/div><div><strong>Nome:<\/strong> Erick da Concei\u00e7\u00e3o Amorim<br \/><strong>Data da Defesa:<\/strong> 26\/02\/16<br \/><strong>T\u00edtulo:<\/strong> <a href=\"https:\/\/repositorio.ufmg.br\/bitstream\/1843\/BUBD-A89QGT\/1\/principal.pdf\">Influ\u00eancia de fun\u00e7\u00f5es de covari\u00e2ncias sobre o modelo fatorial latente esparso com intera\u00e7\u00f5es<\/a><br \/><strong>Orientador:<\/strong> Prof. Vin\u00edcius Diniz Mayrink<\/div><div>\u00a0<\/div><div><strong>212<\/strong><\/div><div><strong>Nome:<\/strong> Estev\u00e3o Batista do Prado<br \/><strong>Data da Defesa:<\/strong> 26\/02\/16<br \/><strong>T\u00edtulo:<\/strong> <a href=\"https:\/\/repositorio.ufmg.br\/bitstream\/1843\/BUBD-A9ZGXY\/1\/principal.pdf\">Compara\u00e7\u00e3o de estrat\u00e9gias de gera\u00e7\u00e3o de propostas no algoritmo Metropolis-Hastings para um modelo Poisson Log-linear<\/a><br \/><strong>Orientador:<\/strong> Prof. Vin\u00edcius Diniz Mayrink<\/div><div>\u00a0<\/div><div><strong>211<\/strong><\/div><div><strong>Nome:<\/strong> Ana Gabriela Braga<br \/><strong>Data da Defesa:<\/strong> 25\/02\/16<br \/><strong>T\u00edtulo:<\/strong><a href=\"http:\/\/hdl.handle.net\/1843\/BUBD-A9ZG44\"> Modelagem Espa\u00e7o-Temporal de Processos Pontuais: Aplica\u00e7\u00e3o em circuitos de televis\u00e3o para controle de crimes\u00a0<\/a><br \/><strong>Orientador:<\/strong> Prof. Marcos Oliveira Prates<\/div><div>\u00a0<\/div><div><strong>210<\/strong><\/div><div><strong>Nome:<\/strong> J\u00e9ssica da Assun\u00e7\u00e3o Almeida<br \/><strong>Data da Defesa:<\/strong> 25\/02\/16<br \/><strong>T\u00edtulo:<\/strong><a href=\"https:\/\/repositorio.ufmg.br\/bitstream\/1843\/BUBD-A9ZHUY\/1\/disserta__o___j_ssica_da_assun__o_almeida.pdf\"> Dynamic Generalized Linear Model via Product Partition Model<\/a>\u00a0<br \/><strong>Orientador:<\/strong> Prof. F\u00e1bio Nogueira Demarqui<\/div><div>\u00a0<\/div><div><strong>209<\/strong><\/div><div><strong>Nome:<\/strong> Juliana Freitas de Mello e Silva<br \/><strong>Data da Defesa:<\/strong> 22\/02\/16<br \/><strong>T\u00edtulo:<\/strong> <a href=\"https:\/\/repositorio.ufmg.br\/bitstream\/1843\/BUBD-AA2EHB\/1\/dissertacao_final.pdf\">Piecewise exponential model for long-term survival data<\/a><br \/><strong>Orientador:<\/strong> Prof. F\u00e1bio Nogueira Demarqui<\/div><div>\u00a0<\/div><div><strong>208<\/strong><\/div><div><strong>Nome:<\/strong> Uriel Moreira Silva<br \/><strong>Data da Defesa:<\/strong> 19\/02\/16<br \/><strong>T\u00edtulo:<\/strong> <a href=\"https:\/\/repositorio.ufmg.br\/bitstream\/1843\/BUBD-A8AP39\/1\/msc.pdf\">Comparing Conditional and Stochastic Volatility Models: Goodness of Fit, Forescasting and Value-at-Risk\u00a0<\/a><\/div><div><strong>Orientador:<\/strong> Prof. Thiago Rezende dos Santos<\/div><div>\u00a0<\/div><h2>2015<\/h2><div><hr \/><\/div><div><strong>207<\/strong><\/div><div><strong>Nome:<\/strong> B\u00e1rbara da Costa Campos Dias<\/div><div><strong>Data da Defesa:<\/strong> 20\/03\/2015<\/div><div><strong>T\u00edtulo:<\/strong> Modelo Bayesiano da Teoria <strong>de Resposta ao Item:<\/strong> <a href=\"https:\/\/www.est.ufmg.br\/portal\/wp-content\/uploads\/2023\/01\/207-dissertacao_Barbara_Dias.pdf\">Uma abordagem generalizada para o tra\u00e7o latente via misturas (PDF)<\/a><\/div><div><strong>Orientador:<\/strong> Prof. Fl\u00e1vio Bambirra Gon\u00e7alves<\/div><div>\u00a0<\/div><div><strong>206<\/strong><\/div><div><strong>Nome:<\/strong> Renata Camila de Souza<\/div><div><strong>Data da Defesa:<\/strong> 26\/06\/2015<\/div><div><strong>T\u00edtulo:<\/strong> <a href=\"https:\/\/www.est.ufmg.br\/portal\/wp-content\/uploads\/2023\/01\/206-dissertacao_Renata_Souza.pdf\">An\u00e1lise de sobreviv\u00eancia na presen\u00e7a de censura informativa: Uma abordagem Bayesiana (PDF)<\/a><\/div><div><strong>Orientador:<\/strong> Prof. Vin\u00edcius Diniz Mayrink<br \/><strong>Co-orientador:<\/strong> Prof. F\u00e1bio Nogueira Demarqui<\/div><div>\u00a0<\/div><div><strong>205<\/strong><\/div><div><strong>Nome:<\/strong> Jackson Jardel Parente<\/div><div><strong>Data da Defesa:<\/strong> 08\/06\/2015<\/div><div><strong>T\u00edtulo:<\/strong> <a href=\"https:\/\/www.est.ufmg.br\/portal\/wp-content\/uploads\/2023\/01\/205-dissertacao_Jackson_Parente.pdf\">Caracteriza\u00e7\u00e3o do Tempo de Espera para Filas com Caudas Pesadas (PDF)<\/a><\/div><div><strong>Orientador:<\/strong> Prof. Sokol Ndreca<\/div><div>\u00a0<\/div><div><strong>204<\/strong><\/div><div><strong>Nome:<\/strong> Thiago Barbosa Ceccotti<\/div><div><strong>Data da Defesa:<\/strong> 20\/03\/2015<\/div><div><strong>T\u00edtulo:<\/strong> <a href=\"https:\/\/www.est.ufmg.br\/portal\/wp-content\/uploads\/2023\/01\/204-dissertacao_thiago_ceccotti.pdf\">Intervalos de confian\u00e7a baseados em deviance para os hiperpar\u00e2metros em modelos estruturais (PDF)<\/a><\/div><div><strong>Orientadora:<\/strong> Profa. Glaura da Concei\u00e7\u00e3o Franco<\/div><div>\u00a0<\/div><div><strong>203<\/strong><\/div><div><strong>Nome:<\/strong> Luiza Barbosa Amorim<\/div><div><strong>Data da Defesa:<\/strong> 27\/02\/2015<\/div><div><strong>T\u00edtulo:<\/strong> <a href=\"https:\/\/www.est.ufmg.br\/portal\/wp-content\/uploads\/2023\/01\/203-dissertacao_luiza_amorim.pdf\">Um estudo comparativo para modelos de s\u00e9ries temporais de contagem (PDF)<\/a><\/div><div><strong>Orientadora:<\/strong> Profa. Glaura da Concei\u00e7\u00e3o Franco<\/div><div>\u00a0<\/div><div><strong>202<\/strong><\/div><div><strong>Nome:<\/strong> L\u00edvia Maria Dutra<\/div><div><strong>Data da Defesa:<\/strong> 02\/03\/2015<\/div><div><strong>T\u00edtulo:<\/strong> <a href=\"https:\/\/www.est.ufmg.br\/portal\/wp-content\/uploads\/2023\/01\/202-dissertacao_livia_dutra.pdf\">Infer\u00eancia Bayesiana exata para uma classe de processos de Cox (PDF)<\/a><\/div><div><strong>Orientador:<\/strong> Prof. Fl\u00e1vio Bambirra Gon\u00e7alves<\/div><div>\u00a0<\/div><div><strong>201<\/strong><\/div><div><strong>Nome:<\/strong> Juliane Venturelli Silva Lima<\/div><div><strong>Data da Defesa:<\/strong> 02\/03\/2015<\/div><div><strong>T\u00edtulo:<\/strong> <a href=\"https:\/\/www.est.ufmg.br\/portal\/wp-content\/uploads\/2023\/01\/201-dissertacao_juliane_venturelli.pdf\">Modelo Bayesiano assim\u00e9trico da Teoria de Resposta ao Item (PDF)<\/a><\/div><div><strong>Orientador:<\/strong> Prof. Fl\u00e1vio Bambirra Gon\u00e7alves<\/div><div>\u00a0<\/div><div><strong>200<\/strong><\/div><div><strong>Nome:<\/strong> Rachel Abrah\u00e3o Ribeiro<\/div><div><strong>Data da Defesa:<\/strong> 27\/02\/2015<\/div><div><strong>T\u00edtulo:<\/strong> <a href=\"https:\/\/www.est.ufmg.br\/portal\/wp-content\/uploads\/2023\/01\/200-dissertacao_rachel_ribeiro.pdf\">Percola\u00e7\u00e3o em \u221e + 1 dimens\u00f5es (PDF)<\/a><\/div><div><strong>Orientador:<\/strong> Prof. Roger Willian C\u00e2mara Silva<\/div><div>\u00a0<\/div><div><strong>199<\/strong><\/div><div><strong>Nome:<\/strong> Marcela Marques dos Reis<\/div><div><strong>Data da Defesa:<\/strong> 26\/02\/2015<\/div><div><strong>T\u00edtulo:<\/strong> <a href=\"https:\/\/www.est.ufmg.br\/portal\/wp-content\/uploads\/2023\/01\/199-dissertacao_marcela_reis.pdf\">Percola\u00e7\u00e3o de longo alcance em grafos hier\u00e1rquicos (PDF)<\/a><a href=\"http:\/\/www.est.ufmg.br\/~posgrad\/mestrado\/dissertacao_larissa_sayuri.pdf\"><br \/><\/a><strong>Orientador:<\/strong> Prof. Roger Willian C\u00e2mara Silva<\/div><div>\u00a0<\/div><div><strong>198<\/strong><\/div><div><strong>Nome:<\/strong> Larissa Sayuri Futino Castro Dos Santos<\/div><div><strong>Data da Defesa<\/strong>: 11\/02\/2015<\/div><div><strong>T\u00edtulo:<\/strong> <a href=\"https:\/\/www.est.ufmg.br\/portal\/wp-content\/uploads\/2023\/01\/199-dissertacao_marcela_reis.pdf\">Estudo Online da Din\u00e2mica Espa\u00e7o-Temporal de Crimes atrav\u00e9s de Dados da Rede Social Twitter (PDF)<\/a><\/div><div><strong>Orientador:<\/strong> Prof. Marcos Oliveira Prates<\/div><div>\u00a0<\/div><h2>2014<\/h2><div><hr \/><\/div><div><strong>196<\/strong><\/div><div><strong>Nome:<\/strong> Gabriela Oliveira<\/div><div><strong>Data da Defesa: <\/strong>27\/02\/2014<\/div><div><strong>T\u00edtulo:<\/strong> <a href=\"https:\/\/www.est.ufmg.br\/portal\/wp-content\/uploads\/2023\/01\/196-dissertacao_gabriela_oliveira.pdf\">Distribui\u00e7\u00e3o Marshall-Olkin Normal e Aplica\u00e7\u00f5es\u00a0<\/a><a href=\"http:\/\/www.est.ufmg.br\/portal\/arquivos\/mestrado\/dissertacoes\/dissertacao_gabriela_oliveira.pdf\" target=\"_blank\" rel=\"noopener\">(PDF)<\/a><\/div><div><strong>Orientador:<\/strong> Prof. Fredy Walter Castellares C\u00e1ceres<\/div><div>\u00a0<\/div><div><strong>195<\/strong><\/div><div><strong>Nome:<\/strong> Calisto Manuel M\u00e1quina<\/div><div><strong>Data da Defesa:<\/strong> 21\/02\/2014<\/div><div><strong>T\u00edtulo:<\/strong> <a href=\"https:\/\/www.est.ufmg.br\/portal\/wp-content\/uploads\/2023\/01\/195-dissertacao_calisto_manuel.pdf\">\u00a0An\u00e1lise de Dados de Sobreviv\u00eancia Espacialmente Correlacionados\u00a0(PDF)<\/a><\/div><div><strong>Orientador:<\/strong> Prof. F\u00e1bio Nogueira Demarqui\u00a0<\/div><div>\u00a0<\/div><div><strong>194<\/strong><\/div><div><strong>Nome:<\/strong> T\u00falio Lima Sousa Madureira Silva<\/div><div><strong>Data da Defesa:<\/strong> 27\/01\/2014<\/div><div><strong>T\u00edtulo:<\/strong> <a href=\"https:\/\/www.est.ufmg.br\/portal\/wp-content\/uploads\/2023\/01\/194-dissertacao_tulio_lima.pdf\">Avalia\u00e7\u00e3o do Risco para um Sistema de Equa\u00e7\u00f5es Diferenciais \u00a0Ordin\u00e1rias Estoc\u00e1sticas Correlacionadas\u00a0(PDF)<\/a><\/div><div><strong>Orientador:<\/strong> Prof. Sokol Ndreca<\/div><div>\u00a0<\/div><div><strong>193<\/strong><\/div><div><strong>Nome:<\/strong> Raquel de Souza Borges Ferreira<\/div><div><strong>Data da Defesa: <\/strong>17\/01\/2014<\/div><div><strong>T\u00edtulo:<\/strong> <a href=\"https:\/\/www.est.ufmg.br\/portal\/wp-content\/uploads\/2023\/01\/193-dissertacao_raquel_ferreira.pdf\">An\u00e1lise de Sobreviv\u00eancia com Erros de Classifica\u00e7\u00e3o Desconhecidos\u00a0<\/a><a href=\"http:\/\/www.est.ufmg.br\/portal\/arquivos\/mestrado\/dissertacoes\/dissertacao_raquel_ferreira.pdf\" target=\"_blank\" rel=\"noopener\">(PDF)<\/a><\/div><div><strong>Orientadora:<\/strong> Profa. Magda Carvalho Pires<\/div><div>\u00a0<\/div><div><strong>192<\/strong><\/div><div><strong>Nome:<\/strong> Renan Xavier Corte<\/div><div><strong>Data da Defesa:<\/strong> 13\/01\/2014<\/div><div><strong>T\u00edtulo:<\/strong> <a href=\"https:\/\/www.est.ufmg.br\/portal\/wp-content\/uploads\/2023\/01\/192-dissertacao_renan_xavier_cortes.pdf\">Estimando Modelos Din\u00e2micos utilizando o ILNA para Campos Aleat\u00f3rios Markovianos N\u00e3o Gaussianos\u00a0(PDF)<\/a><\/div><div><strong>Orientador:<\/strong> Prof. Marcos Oliveira Prates<\/div><div>\u00a0<\/div><div><strong>191<\/strong><\/div><div><strong>Nome:<\/strong> Za\u00edda Jesus Quiroz Cornejo<\/div><div><strong>Data da Defesa:<\/strong> 13\/01\/2014<\/div><div><strong>T\u00edtulo:<\/strong> <a href=\"https:\/\/www.est.ufmg.br\/portal\/wp-content\/uploads\/2023\/01\/191-dissertacao_mestrado_zaida-_quiroz.pdf\">Abordagem Bayesiana para estimar a biomassa da anchova na costa do Peru\u00a0(PDF)<\/a><\/div><div><strong>Orientador:<\/strong> Prof. Marcos Oliveira Prates<\/div><div>\u00a0<\/div><h2>2013<\/h2><div><hr \/><\/div><div><strong>190<\/strong><\/div><div><strong>Nome:<\/strong> Marina Muniz de Queiroz<\/div><div><strong>Data da Defesa:<\/strong> 05\/12\/2013<\/div><div><strong>T\u00edtulo:<\/strong> <a href=\"https:\/\/www.est.ufmg.br\/portal\/wp-content\/uploads\/2023\/01\/190-dissertacao-_marina_muniz.pdf\">Fam\u00edlia de Distribui\u00e7\u00f5es Log-Skew-Multivariadas: Defini\u00e7\u00e3o, Entropia e outras propriedades como requisito parcial para obten\u00e7\u00e3o do grau de Mestre em Estat\u00edstica\u00a0(PDF)<\/a><\/div><div><strong>Orientadora:<\/strong> Profa. Rosangela Helena Loschi<\/div><div>\u00a0<\/div><div><strong>189<\/strong><\/div><div><strong>Nome: <\/strong>Izabella Ara\u00fajo Rodrigues Alves Santos<\/div><div><strong>Data da Defesa:<\/strong> 05\/09\/2013<\/div><div><strong>T\u00edtulo:<\/strong> <a href=\"https:\/\/www.est.ufmg.br\/portal\/wp-content\/uploads\/2023\/01\/189-dissertacao_izabella_santos.pdf\">Modelagem de Jogos Massivos On-Line usando Processos de salto\u00a0(PDF)<\/a><\/div><div><strong>Orientadora:<\/strong> Profa. Denise Duarte<\/div><div>\u00a0<\/div><div><strong>188<\/strong><\/div><div><strong>Nome:<\/strong> Silma de Souza Evangelista<\/div><div><strong>Data da Defesa:<\/strong> 28\/06\/2013<\/div><div><strong>T\u00edtulo:<\/strong> <a href=\"https:\/\/www.est.ufmg.br\/portal\/wp-content\/uploads\/2023\/01\/188-dissertacao_mestrado_silma_evangelista.pdf\">Bootstrap estacion\u00e1rio em modelos ARFIMA(p,d,q).\u00a0(PDF)<\/a><\/div><div><strong>Orientadora:<\/strong> Profa. Glaura da Concei\u00e7\u00e3o Franco<\/div><div>\u00a0<\/div><div><strong>187<\/strong><\/div><div><strong>Nome:<\/strong> Joana Barbabela Barbosa<\/div><div><strong>Data da Defesa:<\/strong> 20\/06\/2013<\/div><div><strong>T\u00edtulo:<\/strong> <a href=\"https:\/\/www.est.ufmg.br\/portal\/wp-content\/uploads\/2023\/01\/187-dissertacao_mestrado_joana_barbabela_barbosa.pdf\">Linhas de solv\u00eancia utilizando medidas de risco.\u00a0(PDF)<\/a><\/div><div><strong>Orientador:<\/strong> Prof. Sokol Ndreca<\/div><div>\u00a0<\/div><div><strong>186<\/strong><\/div><div><strong>Nome:<\/strong> Andr\u00e9 Gabriel Ferreira Cala\u00e7a da Costa<\/div><div><strong>Data da Defesa:<\/strong> 06\/05\/2013<\/div><div><strong>T\u00edtulo:<\/strong><a href=\"https:\/\/www.est.ufmg.br\/portal\/wp-content\/uploads\/2023\/01\/186-dissertacao_andre_gabriel.pdf\"> Modelos Marginais para Respostas Bin\u00e1rias com Estruturas Hier\u00e1rquicas de Agrupamento.\u00a0(PDF)<\/a><\/div><div><strong>Orientador:<\/strong> Prof. Enrico Antonio Colosimo<\/div><div>\u00a0<\/div><p><strong>185<\/strong><br \/><strong>Nome:<\/strong> Fernanda Rodrigues Vargas<br \/><strong>Data da Defesa:<\/strong> 03\/05\/2013<br \/><strong>T\u00edtulo:<\/strong> <a href=\"https:\/\/www.est.ufmg.br\/portal\/wp-content\/uploads\/2023\/01\/185-dissertacao_fernanda_vargas.pdf\">Estimativas Bayesianas da Taxa de Letalidade do Infarto Agudo do Mioc\u00e1rdio\u00a0(PDF)<\/a><br \/><strong>Orientador:<\/strong> Prof. Renato Martins Assun\u00e7\u00e3o<\/p><p><strong>184<\/strong><br \/><strong>Nome:<\/strong> Talita de Souza Costa Silva<br \/><strong>Data da Defesa:<\/strong> 25\/03\/2013<br \/><strong>T\u00edtulo:<\/strong> Modelos de Regress\u00e3o Aditivos Din\u00e2micos Aplicados \u00e0 Dados Longitudinais<br \/><strong>Orientadora:<\/strong> Profa. Lourdes Coral Contreras Montenegro<\/p><p><strong>183\u00a0<\/strong><br \/><strong>Nome:<\/strong> Felipe Carvalho \u00c1lvares da Silva<br \/><strong>Data de Defesa:<\/strong> 14\/03\/2013<br \/><strong>T\u00edtulo:<\/strong> <a href=\"https:\/\/www.est.ufmg.br\/portal\/wp-content\/uploads\/2023\/01\/183-dissertacao_felipe_carvalho.pdf\">Simula\u00e7\u00e3o e An\u00e1lise Num\u00e9ricas de Equa\u00e7\u00f5es Diferenciais Estoc\u00e1sticas Unidimensionais: Uma Abordagem Introdut\u00f3ria\u00a0(PDF)\u00a0<\/a><br \/><strong>Orientador:<\/strong> Prof. Luiz Henrique Duczmal<\/p><p><strong>182<\/strong><br \/><strong>Nome:<\/strong> N\u00edvea Bispo da Silva\u00a0<br \/><strong>Data da Defesa:<\/strong> 22\/02\/2013<br \/><strong>T\u00edtulo:<\/strong> <a href=\"https:\/\/www.est.ufmg.br\/portal\/wp-content\/uploads\/2023\/01\/182-dissertacao_final_nivea_bispo.pdf\">Diferentes Estrat\u00e9gicas de Modelagem de Respostas Polit\u00f4micas Ordinais em Estudos Logitudinais\u00a0(PDF)\u00a0<\/a><br \/><strong>Orientador:<\/strong> Prof. Enrico Ant\u00f4nio Colosimo<\/p><p><strong>181<\/strong><br \/><strong>Nome:<\/strong> Paola Mara de Oliveira Quinto<br \/><strong>Data da Defesa:<\/strong> 22\/02\/2013<br \/><strong>T\u00edtulo:<\/strong> <a href=\"https:\/\/www.est.ufmg.br\/portal\/wp-content\/uploads\/2023\/01\/181-dissertacao_paola_mara_de_oliveira_quinto.pdf\">An\u00e1lise de Cluster em um Plano de Sa\u00fade Via Wavelets\u00a0(PDF)\u00a0<\/a><br \/><strong>Orientador:<\/strong> Renato Martins Assun\u00e7\u00e3o<\/p><p><strong>180<\/strong><br \/><strong>Nome:<\/strong> Silvana Schneider<br \/><strong>Data da Defesa:<\/strong> 18\/02\/2013<br \/><strong>T\u00edtulo<\/strong>: Estima\u00e7\u00e3o de Propor\u00e7\u00f5es Al\u00e9licas e Genot\u00edpicas em Dados de Copy Nuymber Variation<br \/><strong>Orientadora:<\/strong> Profa. Denise Duarte<\/p><p><strong>179<\/strong><br \/><strong>Nome:<\/strong> Luis Gustavo Silva e Silva<br \/><strong>Data da Defesa:<\/strong> 15\/02\/2013<br \/><strong>T\u00edtulo:<\/strong> <a href=\"https:\/\/www.est.ufmg.br\/portal\/wp-content\/uploads\/2023\/01\/179-dissertacao_luis_gustavo_silva.pdf\">Novas Ferramentas para Visualiza\u00e7\u00e3o Georreferenciadas de Dados: uma integra\u00e7\u00e3o entre R e Google Maps\u00a0(PDF)\u00a0<\/a><br \/><strong>Orientador:<\/strong> Prof. Renato Martins Assun\u00e7\u00e3o<\/p><h2>2012<\/h2><hr \/><p><strong>178<\/strong><br \/><strong>Nome:<\/strong> Francisco da Silva Oliveira J\u00fanior<br \/><strong>Data da Defesa:<\/strong> 13 de julho\/2012<br \/><strong>T\u00edtulo:<\/strong> <a href=\"https:\/\/www.est.ufmg.br\/portal\/wp-content\/uploads\/2023\/01\/178-dissertacao_francisco_oliveira_jr.pdf\">Detec\u00e7\u00e3o e Infer\u00eancia de Clusters por Meio do Fluxo de Pessoas\u00a0(PDF)<\/a><br \/><strong>Orientadora:<\/strong> Profa. Lourdes Coral Contreras Montenegro<\/p><div><strong>177<\/strong><\/div><div><strong>Nome:<\/strong> S\u00e9rgio Luiz de Oliveira<\/div><div><strong>Data da Defesa:<\/strong> 31 de maio\/ 2012<\/div><div><strong>T\u00edtulo:<\/strong> <a href=\"https:\/\/www.est.ufmg.br\/portal\/wp-content\/uploads\/2023\/01\/177-dissertacao_sergio_luiz_de_oliveira_2012.pdf\">Uma nova abordagem da distribui\u00e7\u00e3o Beta Log\u00edstica\u00a0(PDF)<\/a><\/div><div><strong>Orientadora:<\/strong> Profa. Lourdes Coral Contreras Montegro<\/div><div><strong>Co-Orientador<\/strong>: Prof. Fredy Walter Castellares C\u00e1ceres<\/div><div>\u00a0<\/div><div><strong>176<\/strong><\/div><div><strong>Nome:<\/strong> Fernando Henrique Pereira<\/div><div><strong>Data da Defesa:<\/strong> 27 de abril\/ 2012<\/div><div><strong>T\u00edtulo:<\/strong> <a href=\"https:\/\/www.est.ufmg.br\/portal\/wp-content\/uploads\/2023\/01\/176-dissertacao_fernando_henrique_pereira.pdf\">Estudo de Desempenho de Duas Popula\u00e7\u00e3oes Independentes\u00a0(PDF)<\/a><\/div><div><strong>Orientadora:<\/strong> Profa. Sueli Aparecida Mingoti<\/div><div>\u00a0<\/div><div><strong>175<\/strong><\/div><div><strong>Nome:<\/strong> Vanessa Loureiro Silva<\/div><div><strong>Data da Defesa:<\/strong> 19 de mar\u00e7o\/ 2012<\/div><div><strong>T\u00edtulo:<\/strong> <a href=\"https:\/\/www.est.ufmg.br\/portal\/wp-content\/uploads\/2023\/01\/175-dissertacao_vanessa_loureiro_final.pdf\">Associa\u00e7\u00e3o Espa\u00e7o-Temporal Entre Mortalidade por Neoplasias e Proximidade de Antenas de Telefonia Celular em Belo Horizonte\u00a0(PDF)<\/a><\/div><div><strong>Orientador:<\/strong> \u00a0Prof. Marcelo Azevedo Costa<\/div><div><strong>Co-orientadora:<\/strong> Profa. Edna Afonso Freitas<\/div><div>\u00a0<\/div><p><strong>174<\/strong><br \/><strong>Nome:<\/strong> Rodolfo Lourenszutti Torres de Oliveira<br \/><strong>Data da Defesa:<\/strong> 02 de mar\u00e7o\/2012<br \/><strong>T\u00edtulo:<\/strong> <a href=\"https:\/\/www.est.ufmg.br\/portal\/wp-content\/uploads\/2023\/01\/174-rodolfo_parte2.pdf\">Distribui\u00e7\u00e3o Beta-Pareto Truncada\u00a0(PDF)\u00a0<\/a><br \/><strong>Orientadora:<\/strong> Profa. Denise Duarte<\/p><p><strong>173<\/strong><br \/><strong>Nome:<\/strong> Arlaine Aparecida da Silva<br \/><strong>Data da Defesa:<\/strong> 02 de Mar\u00e7o\/2012<br \/><strong>T\u00edtulo:<\/strong> <a href=\"https:\/\/www.est.ufmg.br\/portal\/wp-content\/uploads\/2023\/01\/173-dissertacao_arlaine_a_silva.pdf\">An\u00e1lise de Sobreviv\u00eancia com Erros de Classifica\u00e7\u00e3o (PDF)\u00a0<\/a><br \/><strong>Orientadora:<\/strong> Profa. Magda Carvalho Pires<\/p><p><strong>172<\/strong><br \/><strong>Nome:<\/strong> S\u00e9rgio Henrique Rodrigues Ribeiro<br \/><strong>Data de Defesa:<\/strong> 02 de Mar\u00e7o\/2012<br \/><strong>T\u00edtulo:<\/strong> <a href=\"https:\/\/www.est.ufmg.br\/portal\/wp-content\/uploads\/2023\/01\/172-dissertacao_sergio_ribeiro_2012.pdf\">Sele\u00e7\u00e3o \u00d3tima dos Par\u00e2metros de Varredura Espacial para Detec\u00e7\u00e3o de Conglomerados: Um Estudo de Simula\u00e7\u00e3o\u00a0(PDF)\u00a0<\/a><br \/><strong>Orientador:<\/strong> Prof. Marcelo Azevedo Costa<\/p><p><strong>171<\/strong><br \/><strong>Nome:<\/strong> Paulo Cerqueira dos Santos\u00a0<br \/><strong>Data de Defesa:<\/strong> 01 de Mar\u00e7o\/2012\u00a0<br \/><strong>T\u00edtulo:<\/strong><a href=\"https:\/\/www.est.ufmg.br\/portal\/wp-content\/uploads\/2023\/01\/171-dissertacao_paulo_cerqueira.pdf\"> An\u00e1lise de\u00a0 Sobreviv\u00eancia na Presen\u00e7a de Censura Informativa (PDF)\u00a0<\/a><br \/><strong>Orientador:<\/strong> Prof. Enrico Ant\u00f4nio Colosimo<\/p><p><strong>170<\/strong><br \/><strong>Nome:<\/strong> Luciana Marcelino de Oliveira\u00a0<br \/><strong>Data de Defesa:<\/strong> 01 de mar\u00e7o\/2012<br \/><strong>T\u00edtulo:\u00a0<\/strong> <a href=\"https:\/\/www.est.ufmg.br\/portal\/wp-content\/uploads\/2023\/01\/170-dissertacao_versao_final_luciana_marcelino_oliveira.pdf\">Uma An\u00e1lise do Procedimento de Controle On-line de Qualidade de Taguchi Basiado nos Resultados de uma Sequ\u00eancia de Inspe\u00e7\u00f5es\u00a0(PDF)\u00a0<\/a><br \/><strong>Orientador:<\/strong> Prof. Roberto da Costa Quinino<\/p><p><strong>169<\/strong><br \/><strong>Nome:<\/strong> Gustavo de Carvalho Lana<br \/><strong>Data de Defesa:<\/strong>\u00a0 23 de fevereiro\/2012<br \/><strong>T\u00edtulo:<\/strong> <a href=\"https:\/\/www.est.ufmg.br\/portal\/wp-content\/uploads\/2023\/01\/169-dissertacao_gustavo_lana.pdf\">Intervalos de Previs\u00e3o em Modelos ARFIMA Utilizando a Metodologia Bootstrap\u00a0(PDF)\u00a0<\/a><br \/><strong>Orientadora:<\/strong> Profa. Glaura da Concei\u00e7\u00e3o Franco<\/p><p><strong>168<\/strong><br \/><strong>Nome:<\/strong> Gabriel Bahia Caldas<br \/><strong>Data de Defesa:<\/strong> 27 de fevereiro\/2012<br \/><strong>T\u00edtulo:<\/strong>\u00a0<a href=\"https:\/\/www.est.ufmg.br\/portal\/wp-content\/uploads\/2023\/01\/168-dissertacao_gabriel_bahia_caldas.pdf\">Aloca\u00e7\u00e3o de \u00c1reas de Espera em uma Rede de Filas com Servidores Gerais e Servidores M\u00faltiplos\u00a0(PDF)<\/a><br \/><strong>Orientador:<\/strong> Prof. Frederido Rodrigues Borges da Cruz<\/p><h2>2011<\/h2><hr \/><p><strong>167<\/strong><br \/><strong>Nome:<\/strong> Wecsley Otero Prates\u00a0<br \/><strong>Data da Defesa:<\/strong> 25 de novembro\/2011<br \/><strong>T\u00edtulo:<\/strong> <a href=\"https:\/\/www.est.ufmg.br\/portal\/wp-content\/uploads\/2023\/01\/167-relatorio_mestrado_correcao_wesley.pdf\">Infer\u00eancia em Assinatura de Amostras de Cadeias de Mem\u00f3ria de Alcance Vari\u00e1vel.\u00a0(PDF)<\/a><a href=\"http:\/\/www.est.ufmg.br\/portal\/arquivos\/mestrado\/dissertacoes\/relatorio_mestrado_correcao_wesley.pdf\" target=\"_blank\" rel=\"noopener\"><br \/><\/a><strong>Orientadora:<\/strong> Profa. Denise Duarte<\/p><p><strong>166<\/strong><br \/><strong>Nome:<\/strong> Renato de Almeida Nascimento<br \/><strong>Data da Defesa:<\/strong> 16 de setembro\/2011<br \/><strong>T\u00edtulo:<\/strong> <a href=\"https:\/\/www.est.ufmg.br\/portal\/wp-content\/uploads\/2023\/01\/166-dissertacao_renato_nascimento.pdf\">Algoritmos para Atribui\u00e7\u00e3o de Tr\u00e1fego em Redes de Filas Finitas Dependentes do Estado.\u00a0(PDF)\u00a0<\/a><br \/><strong>Orientador:<\/strong> Prof. Frederico Rodrigues Borges da Cruz<\/p><p><strong>164<\/strong><br \/><strong>Nome:<\/strong> Cleide Per\u00f4nico de Almeida<br \/><strong>Data da Defesa:<\/strong> 05 de agosto\/2011<br \/><strong>T\u00edtulo:<\/strong> <a href=\"https:\/\/www.est.ufmg.br\/portal\/wp-content\/uploads\/2023\/01\/164-cleide_de_almeida.pdf\">Aplica\u00e7\u00e3o da Fun\u00e7\u00e3o Intensidade no Delineamento de Clusters de Doen\u00e7as no Estado de Minas Gerais.\u00a0(PDF)\u00a0<\/a><br \/><strong>Orientador:<\/strong>\u00a0 Prof. Sabino Jos\u00e9 Ferreira Neto<br \/><strong>Co-Orientador:<\/strong>\u00a0 Dr. Fernando Luiz Pereira de Oliveira<\/p><p><strong>163\u00a0\u00a0<\/strong><br \/><strong>Nome:<\/strong> Cl\u00f3dio Pereira de Almeida<br \/><strong>Data da Defesa:<\/strong> 01 de julho\/2011<br \/><strong>T\u00edtulo:<\/strong> <a href=\"https:\/\/www.est.ufmg.br\/portal\/wp-content\/uploads\/2023\/01\/163-Dissertacao_clodio.pdf\">M\u00e9todos Num\u00e9ricos de Estima\u00e7\u00e3o Para Modelos de Degrada\u00e7\u00e3o Como Efeitos Aleat\u00f3rios N\u00e3o Normais\u00a0(PDF)\u00a0<\/a><br \/><strong>Orientadora:<\/strong> Profa. Marta Afonso Freitas<br \/><strong>Co-Orientador:<\/strong> Prof. Enrico Ant\u00f4nio Colosimo<\/p><p><strong>162<\/strong><br \/><strong>Nome:<\/strong> Thaize Vieira Martins<br \/><strong>Data da Defesa:<\/strong> 13 de maio\/2011<br \/><strong>T\u00edtulo:<\/strong> <a href=\"https:\/\/www.est.ufmg.br\/portal\/wp-content\/uploads\/2023\/01\/162-Dissertacao_Thaize_Vieira_Martins.pdf\">Intervalos de Previs\u00e3o Bootstrap para Modelos Estruturais\u00a0(PDF)\u00a0<\/a><br \/><strong>Orientadora:<\/strong> Profa. Glaura da Concei\u00e7\u00e3o Franco<\/p><p><strong>161<\/strong><br \/><strong>Nome:<\/strong> Caroline Cavatti Vieira<br \/><strong>Data de Defesa:<\/strong>\u00a0 09 de maio\/2011<br \/><strong>T\u00edtulo:<\/strong> <a href=\"https:\/\/www.est.ufmg.br\/portal\/wp-content\/uploads\/2023\/01\/161-caroline_cavatti.pdf\">Estima\u00e7\u00e3o de Densidades Via Misturas de Distribui\u00e7\u00f5es &#8220;Skew&#8221; &#8211; Normal por Processos de Dirichlet\u00a0(PDF)\u00a0<\/a><br \/><strong>Orientadora:<\/strong> Profa. Rosangela Helena Loschi<br \/><strong>Co-Orientadora:<\/strong> Profa. Denise Duarte<\/p><p><strong>160<\/strong><br \/><strong>Nome:<\/strong> Erica Castilho Rodrigues<br \/><strong>Data de Defesa:<\/strong> Fev\/2011<br \/><strong>T\u00edtulo:<\/strong> <a href=\"https:\/\/www.est.ufmg.br\/portal\/wp-content\/uploads\/2023\/01\/160-Erica.pdf\">Inferindo a Esstrutura de Vizinhan\u00e7a em Modelos Espaciais\u00a0(PDF)\u00a0<\/a><br \/><strong>Orientador:<\/strong> Prof. Renato Martins Assun\u00e7\u00e3o<\/p><p><strong>159<\/strong><br \/><strong>Nome:<\/strong> Ang\u00e9lica Ferreira Carvalho<br \/><strong>Data de Defesa:<\/strong> Fev\/2011<br \/><strong>T\u00edtulo:<\/strong> <a href=\"https:\/\/www.est.ufmg.br\/portal\/wp-content\/uploads\/2023\/01\/159-angelica.pdf\">Detec\u00e7\u00e3o de Cluters Irregulares para Dados Pontuais Atrav\u00e9s da N\u00e3o-conectividade Ponderada de Grafos\u00a0(PDF)\u00a0<\/a><br \/><strong>Orientador:<\/strong>\u00a0 Prof. Luiz Henrique Duczmal<br \/><strong>Co-orientador:<\/strong> Prof. Anderson Ribeiro Duarte<\/p><p><strong>158<\/strong><br \/><strong>Nome:<\/strong> Carolina Silva Pena<br \/><strong>Data de Defesa:<\/strong> Mar\/2011<br \/><strong>T\u00edtulo:<\/strong> <a href=\"https:\/\/www.est.ufmg.br\/portal\/wp-content\/uploads\/2023\/01\/158-CarolinaSilvaPena.pdf\">An\u00e1lise das Redes de Tr\u00e2nsito Animal Integrada \u00e0 Simula\u00e7\u00e3o da Difus\u00e3o de Enfermidades Infecciosas\u00a0(PDF)\u00a0<\/a><br \/><strong>Orientador:<\/strong> Prof. Marcelo Azevedo Costa<\/p><p><strong>157<\/strong><br \/><strong>Nome:<\/strong> Jos\u00e9 Luiz Padilha da Silva<br \/><strong>Data de Defesa:<\/strong> Fev\/2011<br \/><strong>T\u00edtulo:<\/strong> <a href=\"https:\/\/www.est.ufmg.br\/portal\/wp-content\/uploads\/2023\/01\/157-luizpadilha.pdf\">M\u00e9todos de impulta\u00e7\u00e3o m\u00faltipla para GEE em estudos longitudianis\u00a0(PDF)\u00a0<\/a><br \/><strong>Orientador:<\/strong> Prof. Enrico Ant\u00f4nio Colosimo<\/p><p><strong>156<\/strong><br \/><strong>Nome:<\/strong> Cristiano de Carvalho Santos<br \/><strong>Data de Defesa:<\/strong> Fev\/2011<br \/><strong>T\u00edtulo:<\/strong> <a href=\"https:\/\/www.est.ufmg.br\/portal\/wp-content\/uploads\/2023\/01\/156-CristianodeCarvalho.pdf\">Modelos Log\u00edsticos com Classes Estendidas de Distribui\u00e7\u00f5es Normais para os Efeitos Aleat\u00f3rios\u00a0(PDF)\u00a0<\/a><br \/><strong>Orientadora:<\/strong> Profa. Rosangela Helena Loschi<\/p><p><strong>155<\/strong><br \/><strong>Nome:<\/strong> Gabriela Drummond Marques da Silva<br \/><strong>Data de defesa:<\/strong> Fev\/2011<br \/><strong>T\u00edtulo:<\/strong> <a href=\"https:\/\/www.est.ufmg.br\/portal\/wp-content\/uploads\/2023\/01\/155-tese-gabriela.pdf\">Teste de Aleatoriedade Espacial com Dist\u00e2ncias e \u00c2ngulos\u00a0(PDF)\u00a0<\/a><br \/><strong>Orientador:<\/strong> Prof. Renato Martins Assun\u00e7\u00e3o<\/p><p><strong>154<\/strong><br \/><strong>Nome:<\/strong> F\u00e1bio Rocha da Silva<br \/><strong>Data de Defesa:<\/strong> Fev\/2011<br \/><strong>T\u00edtulo:<\/strong> <a href=\"https:\/\/www.est.ufmg.br\/portal\/wp-content\/uploads\/2023\/01\/154-fabiorocha.pdf\">Desenvolvimento de uma medida de associa\u00e7\u00e3o entre espa\u00e7o e tempo\u00a0(PDF)\u00a0<\/a><br \/><strong>Orientador:<\/strong> Prof. Renato Martins Assun\u00e7\u00e3o<\/p><h2>2010<\/h2><hr \/><p><strong>153<\/strong><br \/><strong>Nome:<\/strong> Fernanda Nogueira de Assis<br \/><strong>Data de defesa:<\/strong> Dez\/2010<br \/><strong>T\u00edtulo:<\/strong> Fun\u00e7\u00e3o Vari\u00e2ncia em Modelos de Regress\u00e3o n\u00e3o Param\u00e9trica: Estima\u00e7\u00e3o e usos<br \/><strong>Orientador:<\/strong> Prof. Greg\u00f3rio Saravia Atuncar<\/p><p><strong>152<\/strong><br \/><strong>Nome:<\/strong> Ronaldo Lage Figueiredo<br \/><strong>Data de defesa:<\/strong> Dez\/2010<br \/><strong>T\u00edtulo:<\/strong> <a href=\"https:\/\/www.est.ufmg.br\/portal\/wp-content\/uploads\/2023\/01\/152-ronaldolages.pdf\">Detec\u00e7\u00e3o de Clusters usando a Estat\u00edstica Scan Espacial Circular em Conjuntos Seletivos e um fator de penaliza\u00e7\u00e3o: a Ocupa\u00e7\u00e3o Circular\u00a0(PDF)\u00a0<\/a><br \/><strong>Orientador:<\/strong> Prof. Sabino Jos\u00e9 Ferreira Neto<\/p><p><strong>151<\/strong><br \/><strong>Nome:<\/strong> Isabel Cristina Gomes<br \/><strong>Data de defesa:<\/strong> Jun\/2010<br \/><strong>T\u00edtulo:<\/strong> <a href=\"https:\/\/www.est.ufmg.br\/portal\/wp-content\/uploads\/2023\/01\/151-7ISABEL_CRISTINA_GOMES.pdf\">Regress\u00e3o Polinomial Local Bivariada: Estima\u00e7\u00e3o e Aplica\u00e7\u00f5es (PDF)<\/a><br \/><strong>Orientador:<\/strong> Prof. Greg\u00f3rio Saravia Atuncar<br \/><strong>Co-Orientador:<\/strong> Prof. Marcelo Azevedo Costa<\/p><p><strong>150<\/strong><br \/><strong>Nome:<\/strong> Tha\u00eds Viana Paiva<br \/><strong>Data de defesa:<\/strong> Ago\/2010<br \/><strong>T\u00edtulo:<\/strong> <a href=\"https:\/\/www.est.ufmg.br\/portal\/wp-content\/uploads\/2023\/01\/150-6thaisviana.pdf\">Vigil\u00e2ncia Espa\u00e7o-temporal com Superf\u00edcies Acumuladas (PDF)<\/a><br \/><strong>Orientador:<\/strong> Prof. Renato Martins Assun\u00e7\u00e3o<\/p><p><strong>149<\/strong><br \/><strong>Nome:<\/strong> Graziele Umbelina Alves Ferreira<br \/><strong>Data de defesa:<\/strong> Jun\/2010<br \/><strong>T\u00edtulo:<\/strong> <a href=\"https:\/\/www.est.ufmg.br\/portal\/wp-content\/uploads\/2023\/01\/149-8Graziele.pdf\">Estudos de Testes Estat\u00edsticos para o Vetor de M\u00e9dias em Controle de Processos Multivariados sob Amostragem Dupla (PDF)<\/a><br \/><strong>Orientadora:<\/strong> Profa Sueli Aparecida Mingoti<\/p><p><strong>148<\/strong><br \/><strong>Nome:<\/strong> Spencer Barbosa da Silva<br \/><strong>Data de defesa:<\/strong> Mai\/2010<br \/><strong>T\u00edtulo:<\/strong> <a href=\"https:\/\/www.est.ufmg.br\/portal\/wp-content\/uploads\/2023\/01\/148-5Spencer.pdf\">Detec\u00e7\u00e3o de Clusters irregulares atrav\u00e9s da N\u00e3o Conectividade Ponderada de Grafos (PDF)<\/a><br \/><strong>Orientador:<\/strong> Sabino Jos\u00e9 Ferreira Neto<br \/><strong>Co-Orientador:<\/strong> Prof. Anderson Ribeiro Duarte<\/p><p><strong>147<\/strong><br \/><strong>Nome:<\/strong> Raphael Lennie Fernandes Ribeiro<br \/><strong>Data de defesa:<\/strong> Abr\/2010<br \/><strong>T\u00edtulo:<\/strong> Testes de Hip\u00f3tese Multivariados Para Matrizes de Covari\u00e2ncias em Processos Autocorrelacionados e suas Aplica\u00e7\u00f5es em Controle de Qualidade (PDF)<br \/><strong>Orientadora:<\/strong> Profa. Sueli Aparecida Mingoti<\/p><p><strong>146<\/strong><br \/><strong>Nome:<\/strong> Gabriel Machado Gontijo<br \/><strong>Data de defesa:<\/strong> Mar\/2010\u00a0<br \/><strong>T\u00edtulo:<\/strong> Dimensionamento de Sistemas GIx\/M\/c\/N Utilizando N\u00facleo-Estimadores<br \/><strong>Orientador:<\/strong> Greg\u00f3rio Saravia Atuncar<br \/><strong>Co-Orientador:<\/strong> Prof. Frederico Rodrigues Borges da Cruz<\/p><p><strong>145<\/strong><br \/><strong>Nome:<\/strong> M\u00e1rcia Helena Barbian<br \/><strong>Data de defesa:<\/strong> Fev\/2010<br \/><strong>T\u00edtulo:<\/strong> <a href=\"https:\/\/www.est.ufmg.br\/portal\/wp-content\/uploads\/2023\/01\/145-marciahelena.pdf\">Mapeamento de Doen\u00e7as Utilizando Modelos de Mistura com Correla\u00e7\u00e3o Espacial (PDF)<\/a><br \/><strong>Orientador:<\/strong> Prof. Renato Martins Assun\u00e7\u00e3o<br \/><strong>Co-Orientador:<\/strong> Prof. Marcelo Azevedo Costa<\/p><p><strong>144<\/strong><br \/><strong>Nome:<\/strong> Jacqueline Alves Ferreira<br \/><strong>Data de defesa:<\/strong> Fev\/2010<br \/><strong>T\u00edtulo:<\/strong> <a href=\"https:\/\/www.est.ufmg.br\/portal\/wp-content\/uploads\/2023\/01\/144-3Dissertacao_JacquelineFerreira.pdf\">Modelo Parti\u00e7\u00e3o Produto com \u201cClusters\u201d Correlacionados (PDF)<\/a><br \/><strong>Orientadora:<\/strong> Profa. Rosangela Helena Loschi<br \/><strong>Co-Orientador:<\/strong> Prof. Marcelo Azevedo Costa<\/p><p><strong>143<\/strong><br \/><strong>Nome:<\/strong> Gustavo Henrique Mitraud Assis Rocha<br \/><strong>Data de defesa:<\/strong> Fev\/2010<br \/><strong>T\u00edtulo:<\/strong> <a href=\"https:\/\/www.est.ufmg.br\/portal\/wp-content\/uploads\/2023\/01\/143-2DissertGustavoMitraud.pdf\">Infer\u00eancia em Fam\u00edlias Estendidas de Distribui\u00e7\u00f5es Normais (PDF)<\/a><br \/><strong>Orientadora:<\/strong> Profa. Rosangela Helena Loschi<\/p><p><strong>142<\/strong><br \/><strong>Nome:<\/strong> Rodrigo Citton Padilha dos Reis<br \/><strong>Data de defesa:<\/strong> Fev\/2010<br \/><strong>T\u00edtulo:<\/strong> T\u00e9cnicas Estat\u00edsticas para Avalia\u00e7\u00e3o de Novos Marcadores de Risco: Aplica\u00e7\u00f5es Envolvendo o Modelo de Cox<br \/><strong>Orientador:<\/strong> Prof. Enrico Ant\u00f4nio Colosimo\u00a0<\/p><p><strong>141<\/strong><br \/><strong>Nome:<\/strong> Gustavo Guimar\u00e3es de Castro Amorim<br \/><strong>Data de defesa:<\/strong> Jan\/2010<br \/><strong>T\u00edtulo:<\/strong> Dist\u00e2ncia de Wasserstein: Propriedades e Aplica\u00e7\u00f5es<br \/><strong>Orientadora:<\/strong> Profa. Aniura Milan\u00eas Barrientos<\/p><p><strong>140\u00a0\u00a0<\/strong><br \/><strong>Nome:<\/strong> Alessandro Jos\u00e9 Queiroz Sarnaglia<br \/><strong>Data de defesa:<\/strong> Jan\/2010<br \/><strong>T\u00edtulo:<\/strong> <a href=\"https:\/\/www.est.ufmg.br\/portal\/wp-content\/uploads\/2023\/01\/140-1Dissertacao_Alessandro_Jose.pdf\">Estima\u00e7\u00e3o de Processos Peri\u00f3dicos Autorregressivos : Uma Abordagem no Dom\u00ednio da Freq\u00fc\u00eancia (PDF)<\/a><br \/><strong>Orientador:<\/strong> Prof. Valderio Anselmo Reisen<\/p><h2>2009<\/h2><hr \/><p><strong>139<\/strong><br \/><strong>Nome:<\/strong> Let\u00edcia Cavalari Pinheiro<br \/><strong>Data de defesa:<\/strong> Dezembro\/2009<br \/><strong>T\u00edtulo:<\/strong> <a href=\"https:\/\/www.est.ufmg.br\/portal\/wp-content\/uploads\/2023\/01\/139-Dissertacao_Leticia_Pinheiro.pdf\">Alguns Aspectos de Modelos Espa\u00e7o-Temporais (PDF)<\/a><br \/><strong>Orientador:<\/strong> Prof. Renato Martins Assun\u00e7\u00e3o<\/p><p><strong>138\u00a0<\/strong><br \/><strong>Nome:<\/strong> Thiago Rezende dos Santos\u00a0<br \/><strong>Data de Defesa:<\/strong> Mar\u00e7o\/2009\u00a0<br \/><strong>T\u00edtulo:<\/strong><a href=\"https:\/\/www.est.ufmg.br\/portal\/wp-content\/uploads\/2023\/01\/138-Dissertacao_ModelosEstruturais_ThiagoRezende.pdf\"> Infer\u00eancia sobre os hiperpar\u00e2metros dos Modelos Estruturais sobre as Perpectivas cl\u00e1ssica e Bayesiana (PDF)<\/a><br \/><strong>Orientadora<\/strong>: Profa. Glaura da Concei\u00e7\u00e3o Franco<\/p><p><strong>137<\/strong><br \/><strong>Nome:<\/strong> Aline Martines Piroutek<br \/><strong>Data da Defesa:<\/strong> Mar\u00e7o\/2009<br \/><strong>T\u00edtulo:<\/strong> <a href=\"https:\/\/www.est.ufmg.br\/portal\/wp-content\/uploads\/2023\/01\/137-aline-dissertacao.pdf\">Probabilidade de Ru\u00edna com eventos espaciais\u00a0(PDF)<\/a><br \/><strong>Orientador:<\/strong> Prof. Renato Martins Assun\u00e7\u00e3o<\/p><p><strong>136<\/strong><br \/><strong>Nome:<\/strong> Gabriel Vin\u00edcius Ara\u00fajo Fonseca<br \/><strong>Data de Defesa:<\/strong> 2009<br \/><strong>T\u00edtulo:<\/strong> <a href=\"https:\/\/www.est.ufmg.br\/portal\/wp-content\/uploads\/2023\/01\/136-GabrielVinicius.pdf\">An\u00e1lise de Covari\u00e2ncia N\u00e3o-param\u00e9trica (PDF)<\/a><br \/><strong>Orientador:<\/strong> Prof. Gregorio Saravia Atuncar<\/p><p><strong>135<\/strong><br \/><strong>Nome:<\/strong> Let\u00edcia Pereira Pinto<br \/><strong>Data de Defesa:<\/strong> Junho\/2009<br \/><strong>T\u00edtulo:<\/strong> <a href=\"https:\/\/www.est.ufmg.br\/portal\/wp-content\/uploads\/2023\/01\/135-dissertacaoLeticiaPPinto.pdf\">Estudo comparativo de testes de hip\u00f3tese multivariados para matrizes de covari\u00e2ncias via simula\u00e7\u00e3o de Monte Carlo e suas aplica\u00e7\u00f5es em Controle de Qualidade (PDF)<\/a><br \/><strong>Orientadora:<\/strong> Profa. Sueli Aparecida Mingoti<\/p><p><strong>134<\/strong><br \/><strong>Nome:<\/strong> Nayara Francine de Moura Gon\u00e7alves<br \/><strong>Data de Defesa:<\/strong> Maio\/2009<br \/><strong>T\u00edtulo:<\/strong><a href=\"https:\/\/www.est.ufmg.br\/portal\/wp-content\/uploads\/2023\/01\/134-DissertacaodaNayara.pdf\"> Bootstrap\u00a0em\u00a0Modelos Auto-Regressivos\u00a0Aditivos\u00a0Generalizados (PDF)<\/a><br \/><strong>Orientadora:<\/strong> Profa. Glaura da Concei\u00e7\u00e3o Franco<br \/><strong>Co-orientador:<\/strong> Prof. Vald\u00e9rio Anselmo Reisen<\/p><h2>2008<\/h2><hr \/><p><strong>133<\/strong><br \/><strong>Nome:<\/strong> Fernanda Carla \u00c1lvares Dias Diniz<br \/><strong>Data de Defesa:<\/strong> 29\/10\/2008<br \/><strong>T\u00edtulo:<\/strong> <a href=\"https:\/\/www.est.ufmg.br\/portal\/wp-content\/uploads\/2023\/01\/133-Dissertacao_FinalFernandaCarla.pdf\">O Modelo Param\u00e9trico de Weibull Bi-variado Para Modelagem de Dados com Censura Intervalar (PDF)<\/a><br \/><strong>Orientadora:<\/strong> Profa. Marta Afonso Freitas<\/p><p><strong>132<\/strong><br \/><strong>Nome:<\/strong> Joria Martinho Gon\u00e7alves<br \/><strong>Data de Defesa:<\/strong> 2008\u00a0<br \/><strong>T\u00edtulo:<\/strong> <a href=\"https:\/\/www.est.ufmg.br\/portal\/wp-content\/uploads\/2023\/01\/132-dissertacaojoriafinal.pdf\">&#8220;Solu\u00e7\u00f5es para O problema de separa\u00e7\u00e3o quase-completa em regress\u00e3o log\u00edstica&#8221; (PDF)<\/a><br \/><strong>Orientador:<\/strong> Prof. Enrico Ant\u00f4nio Colosimo\u00a0<br \/><strong>Co-orientadora:<\/strong> Profa. Rosangela Helena Loschi<\/p><p><strong>131<\/strong><br \/><strong>Nome:<\/strong> Edmeire Alexandra Pinto<br \/><strong>Data de Defesa:<\/strong> 2008<br \/><strong>T\u00edtulo:<\/strong> <a href=\"https:\/\/www.est.ufmg.br\/portal\/wp-content\/uploads\/2023\/01\/131-dissetacaoEdimeireglobal.pdf\">Testes Para Quebras Estruturais em Modelos N\u00e3o-Lineares (PDF)<\/a><br \/><strong>Orientadora:<\/strong> Profa. Ela Mercedes Medrano de Toscano<br \/><strong>Co-orientador:<\/strong> Dr. Aureliano Angel Bressan<\/p><p><strong>130<\/strong><br \/><strong>Nome:<\/strong> Rosiane Braga Monteiro<br \/><strong>Data de Defesa:<\/strong> 2008<br \/><strong>T\u00edtulo:<\/strong> <a href=\"https:\/\/www.est.ufmg.br\/portal\/wp-content\/uploads\/2023\/01\/130-dissertacaoRosiane.pdf\">Utiliza\u00e7\u00e3o de Testes de Degrada\u00e7\u00e3o em uma Situa\u00e7\u00e3o Cl\u00ednica (PDF)<\/a><br \/><strong>Orientador:<\/strong> Prof. Enrico Ant\u00f4nio Colosimo<br \/><strong>Co-orientadora:<\/strong> Profa. Marta Afonso Freitas<\/p><p><strong>129<\/strong><br \/><strong>Nome:<\/strong> Markus Chagas Stein<br \/><strong>Data de Defesa:<\/strong> Dezembro\/2008<br \/><strong>T\u00edtulo:<\/strong> <a href=\"https:\/\/www.est.ufmg.br\/portal\/wp-content\/uploads\/2023\/01\/129-dissertacaoMarkusChagas.pdf\">Testes da Raz\u00e3o de Verossimilhan\u00e7as em Modelos Lineares Mistos (PDF)<\/a><br \/><strong>Orientador:<\/strong> Prof. Michel Ferreira da Silva<\/p><p><strong>128<\/strong><br \/><strong>Nome:<\/strong> Rosilaine de Menezes Vianei<br \/><strong>Data de Defesa:<\/strong> 25 de Novembro de 2008<br \/><strong>T\u00edtulo:<\/strong> <a href=\"https:\/\/www.est.ufmg.br\/portal\/wp-content\/uploads\/2023\/01\/128-dissertacaofinalRosilaine.pdf\">Testes Ensaios de Degrada\u00e7\u00e3o Destrutivos: Aplica\u00e7\u00e3o em Tempo de Vida de Prateleira (PDF)<\/a><br \/><strong>Orientadora:<\/strong> Profa. Marta Afonso Freitas<\/p><p><strong>127<\/strong><br \/><strong>Nome:<\/strong> Fabiana de Assis Alves<br \/><strong>Data de Defesa:<\/strong> Dezembro\/2008<br \/><strong>T\u00edtulo:<\/strong> <a href=\"https:\/\/www.est.ufmg.br\/portal\/wp-content\/uploads\/2023\/01\/127-DissertacaoMestradoFabiana.pdf\">Compara\u00e7\u00e3o de testes de raiz unit\u00e1ria e cointegra\u00e7\u00e3o em modelos de longa dependencia (PDF)<\/a><br \/><strong>Orientadora:<\/strong> Profa. Glaura da Concei\u00e7\u00e3o Franco<br \/><strong>Co-orientador:<\/strong> Prof. Vald\u00e9rio Anselmo Reisen<\/p><p><strong>126<\/strong><br \/><strong>Nome:<\/strong> Renato Hudson de Andrade<br \/><strong>Data de Defesa:<\/strong> Outubro\/2008\u00a0<br \/><strong>T\u00edtulo:<\/strong> <a href=\"https:\/\/www.est.ufmg.br\/portal\/wp-content\/uploads\/2023\/01\/126-dissertarenato.pdf\">Avalia\u00e7\u00e3o de Risco de Cr\u00e9dito utilizando grupo de classificadores (PDF)<\/a><br \/><strong>Orientador<\/strong>: Prof. Luis Henrique Duczmal<\/p><p><strong>125<\/strong><br \/><strong>Nome:<\/strong> Jo\u00e3o Vitor Dias Monteiro<br \/><strong>Data de Defesa:<\/strong> 11\/8\/2008\u00a0<br \/><strong>T\u00edtulo:<\/strong> Uma abordagem bayesiana para identificar agrupamentos temporais e espaciais\u00a0<br \/><strong>Orientadora:<\/strong> Profa. Rosangela Helena Loschi<\/p><p><strong>124<\/strong><br \/><strong>Nome:<\/strong> Daniela Monteiro Braga<br \/><strong>Data de Defesa:<\/strong> 27\/6\/2008<br \/><strong>T\u00edtulo:<\/strong> <a href=\"https:\/\/www.est.ufmg.br\/portal\/wp-content\/uploads\/2023\/01\/124-DanielaMBragaDissertacao8set08.pdf\">Planejamento e an\u00e1lise de estudos de bioequival\u00eancia: compara\u00e7\u00e3o de delineamentos do tipo cross-over (PDF)<\/a><br \/><strong>Orientadora:<\/strong> Profa. Arminda Lucia Siqueira<\/p><p><strong>123<\/strong><br \/><strong>Nome:<\/strong> Marcos Oliveira Prates<br \/><strong>Data de Defesa:<\/strong> 16\/6\/2008<br \/><strong>T\u00edtulo:<\/strong> <a href=\"https:\/\/www.est.ufmg.br\/portal\/wp-content\/uploads\/2023\/01\/123-Dissertacao-Marcos-Oliveira-Prates.pdf\">M\u00e9todo Scan Flex\u00edvel para Detec\u00e7\u00e3o em \u00c1rvores Hier\u00e1rquicas (PDF)<\/a><br \/><strong>Orientadora:<\/strong> Prof. Renato Martins Assun\u00e7\u00e3o<\/p><p><strong>122<\/strong><br \/><strong>Nome:<\/strong> Danilo Louren\u00e7o Lopes \u00a0\u00a0<br \/><strong>Data de Defesa:<\/strong> 16\/6\/2008\u00a0<br \/><strong>T\u00edtulo:<\/strong> <a href=\"https:\/\/www.est.ufmg.br\/portal\/wp-content\/uploads\/2023\/01\/122-Dissertacaodanilo.pdf\">Analise Estat\u00edstica de Processos Pontuais Bivariados Ligados\u00a0(PDF)<\/a><br \/><strong>Orientadora:<\/strong> Prof. Renato Martins Assun\u00e7\u00e3o<\/p><p><strong>121<\/strong><br \/><strong>Nome:<\/strong> Bruna de Castro Dias Bicalho \u00a0<br \/><strong>Data de Defesa:<\/strong> 12\/6\/2008\u00a0<br \/><strong>T\u00edtulo:<\/strong> <a href=\"https:\/\/www.est.ufmg.br\/portal\/wp-content\/uploads\/2023\/01\/121-BrunaBicalhoEstatisticaMestrado.pdf\">Modelos Espa\u00e7o-Temporais: Estudo de Casos\u00a0(PDF)<\/a><br \/><strong>Orientadora:<\/strong> Profa. Sueli Aparecida Mingoti<\/p><p><strong>120<\/strong><br \/><strong>Nome:<\/strong> Pedro Henrique Melo Albuquerque\u00a0<br \/><strong>Data de Defesa:<\/strong> 11\/6\/2008\u00a0<br \/><strong>T\u00edtulo:<\/strong> <a href=\"https:\/\/www.est.ufmg.br\/portal\/wp-content\/uploads\/2023\/01\/120-Dissertacao_Pedro_Corrigido.pdf\">Conglomerados Espaciais: uma nova proposta\u00a0(PDF)<\/a><br \/><strong>Orientadora:<\/strong> Prof. Luiz Henrique Duczmal<\/p><p><strong>119<\/strong><br \/><strong>Nome:<\/strong> Fernanda Karine Ruiz Colenghi \u00a0<br \/><strong>Data de Defesa:<\/strong> 16\/4\/2008\u00a0<br \/><strong>T\u00edtulo:<\/strong> <a href=\"https:\/\/www.est.ufmg.br\/portal\/wp-content\/uploads\/2023\/01\/119-dissertacao_final_fernanda.pdf\">Estudo de Testes de Hip\u00f3tese Multivariados para o Vetor de M\u00e9dias Via Simula\u00e7\u00e3o de Monte Carlo\u00a0(PDF)<\/a><br \/><strong>Orientadora:<\/strong> Profa. Sueli Aparecida Mingoti<\/p><p><strong>118<\/strong><br \/><strong>Nome:<\/strong> Elias Teixeira Krainski\u00a0\u00a0<br \/><strong>Data de Defesa:<\/strong> 7\/3\/2008\u00a0<br \/><strong>T\u00edtulo:<\/strong> <a href=\"https:\/\/www.est.ufmg.br\/portal\/wp-content\/uploads\/2023\/01\/118-dissertacaoElias.pdf\">Estrutura de Covari\u00e2ncia de Modelos Espaciais para Dados de \u00c1reas (PDF)<\/a><br \/><strong>Orientador:<\/strong> Prof. Renato Martins Assun\u00e7\u00e3o<\/p><p><strong>117<\/strong><br \/><strong>Nome:<\/strong> Naila da Silva Santana Moura\u00a0<br \/><strong>Data de Defesa:<\/strong> 29\/2\/2008\u00a0<br \/><strong>T\u00edtulo:<\/strong> Intevalos de Confian\u00e7a Bootstrap em Modelos de Longa Depend\u00eancia\u00a0<br \/><strong>Orientadora:<\/strong> Profa. Glaura da Concei\u00e7\u00e3o Franco<\/p><h2>2007<\/h2><hr \/><p><strong>116<\/strong><br \/><strong>Nome:<\/strong> Marcelo Milit\u00e3o Abrantes\u00a0\u00a0<br \/><strong>Data de Defesa:<\/strong> 20\/12\/2007\u00a0<br \/><strong>T\u00edtulo:<\/strong> <a href=\"https:\/\/www.est.ufmg.br\/portal\/wp-content\/uploads\/2023\/01\/116-marcelomilitao-final.pdf\">Diferentes Estrat\u00e9gicas de Modelagem de Dados Longitudinais Desbalanceados\u00a0(PDF)<\/a><br \/><strong>Orientador:<\/strong> Prof. Enrico Ant\u00f4nio Colosimo<\/p><p><strong>115<\/strong><br \/><strong>Nome:<\/strong> Luciano Rios Scherrer\u00a0\u00a0<br \/><strong>Data de Defesa:<\/strong> 24\/10\/2007\u00a0<br \/><strong>T\u00edtulo:<\/strong> <a href=\"https:\/\/www.est.ufmg.br\/portal\/wp-content\/uploads\/2023\/01\/115-dissertacao-Luciano.pdf\">Detec\u00e7\u00e3o de Conglomerados Espa\u00e7o-Temporal com Geometria Circular e Arbitr\u00e1ria\u00a0(PDF)\u00a0<\/a><br \/><strong>Orientador:<\/strong> Prof. Marcelo Azevedo Costa<\/p><p><strong>114<\/strong><br \/><strong>Nome:<\/strong> Anna Carolina Lustosa Lima\u00a0\u00a0<br \/><strong>Data de Defesa:<\/strong> 10\/10\/2007\u00a0<br \/><strong>T\u00edtulo:<\/strong> Modelagem Conjunta de Dados Longitudinais e de Sobreviv\u00eancia\u00a0<br \/><strong>Orientador:<\/strong> Prof. Enrico Ant\u00f4nio Colosimo<\/p><p><strong>113<\/strong><br \/><strong>Nome:<\/strong> Ana Fl\u00e1via Cupertino Pinto\u00a0\u00a0<br \/><strong>Data de Defesa:<\/strong> 1\/10\/2007\u00a0<br \/><strong>T\u00edtulo:<\/strong> <a href=\"https:\/\/www.est.ufmg.br\/portal\/wp-content\/uploads\/2023\/01\/113-dissertacaoAnaFlaviafinal.pdf\">Filtros de Part\u00edculas: O Algoritmo Resample-Move\u00a0(PDF)<\/a><br \/><strong>Orientador:<\/strong> Prof. Adrian Pablo Hijinosa Luna<\/p><p><strong>112<\/strong><br \/><strong>Nome:<\/strong> Maria Luiza Guerra de Toledo\u00a0<br \/><strong>Data de Defesa:<\/strong> 22\/8\/2007\u00a0<br \/><strong>T\u00edtulo:<\/strong> Ensaios de Degrada\u00e7\u00e3o: Estudo Comparativo de M\u00e9todos de An\u00e1lise de Dados\u00a0<br \/><strong>Orientadora:<\/strong> Profa. Marta Afonso Freitas<\/p><p><strong>111<\/strong><br \/><strong>Nome:<\/strong> Neander Ferreira Almeida\u00a0\u00a0<br \/><strong>Data de Defesa:<\/strong> 16\/8\/2007\u00a0<br \/><strong>T\u00edtulo:<\/strong> <a href=\"https:\/\/www.est.ufmg.br\/portal\/wp-content\/uploads\/2023\/01\/111-Dissertacao082007NEANDER.pdf\">Controle On-Line de Atributos com Erros de Diagn\u00f3stico e Classifica\u00e7\u00f5es Repetidas (PDF)\u00a0\u00a0<\/a><br \/><strong>Orientador:<\/strong> Prof. Roberto da Costa Quinino<\/p><p><strong>110<\/strong><br \/><strong>Nome:<\/strong> Fernando Ferreira Kelles\u00a0\u00a0<br \/><strong>Data de Defesa:<\/strong> 8\/8\/2007\u00a0<br \/><strong>T\u00edtulo:<\/strong> <a href=\"https:\/\/www.est.ufmg.br\/portal\/wp-content\/uploads\/2023\/01\/110-DissertacaoFernandoKellesV37FINAL20070808.pdf\">Tempo de vida de Prateleira de Produtos Aliment\u00edcios levando em conta Erros de Avalia\u00e7\u00e3o\u00a0(PDF)<\/a><br \/><strong>Orientadora:<\/strong> Profa. Marta Afonso Freitas<\/p><p><strong>109<\/strong><br \/><strong>Nome:<\/strong> Rosiane Mary Rezende Faleiro\u00a0<br \/><strong>Data de Defesa:<\/strong> 13\/7\/2007\u00a0<br \/><strong>T\u00edtulo:<\/strong> Projeto Robusto de Par\u00e2metros em Sistemas Sinal-reposta: Compara\u00e7\u00e3o de M\u00e9todos de Modelagem e An\u00e1lise\u00a0<br \/><strong>Orientadora:<\/strong> Profa. Marta Afonso Freitas<\/p><p><strong>108<\/strong><br \/><strong>Nome:<\/strong> Fabiana de Matos Moura\u00a0\u00a0<br \/><strong>Data de Defesa:<\/strong> 25\/6\/2007\u00a0<br \/><strong>T\u00edtulo:<\/strong> <a href=\"https:\/\/www.est.ufmg.br\/portal\/wp-content\/uploads\/2023\/01\/108-Tesetexto-final_Fabiana.pdf\">Avalia\u00e7\u00e3o de um Sistema de Inspe\u00e7\u00e3o Dicot\u00f4mica sem o Conhecimento do Estado Real dos Itens Inspecionados\u00a0(PDF)<\/a><br \/><strong>Orientador:<\/strong> Prof. Roberto da Costa Quinino<\/p><p><strong>107<\/strong><br \/><strong>Nome:<\/strong> Paula Rocha Chelini\u00a0\u00a0<br \/><strong>Data de Defesa:<\/strong> 22\/6\/2007\u00a0<br \/><strong>T\u00edtulo:<\/strong> <a href=\"https:\/\/www.est.ufmg.br\/portal\/wp-content\/uploads\/2023\/01\/107-PaulaChellini.pdf\">Boas Pr\u00e1ticas Estat\u00edsticas em Estudos de Bioequival\u00eancia com Delineamento Crossover 2X2\u00a0(PDF)<\/a><br \/><strong>Orientadora:<\/strong> Profa. Arminda Lucia Siqueira<\/p><p><strong>106<\/strong><br \/><strong>Nome:<\/strong> Luciano Valiensi Lima\u00a0\u00a0<br \/><strong>Data de Defesa:<\/strong> 7\/5\/2007\u00a0<br \/><strong>T\u00edtulo:<\/strong> M\u00e9todos Cl\u00e1ssicos e Baysianos de Estima\u00e7\u00e3o da Janela \u00f3tima em N\u00facleo-Estimadores<br \/><strong>Orientadora:<\/strong> Profa. Sueli Aparecida Mingoti<\/p><p><strong>105<\/strong><br \/><strong>Nome:<\/strong> Renata Assis de Matos<br \/><strong>Data de Defesa:\u00a0<\/strong><br \/><strong>T\u00edtulo:<\/strong> <a href=\"https:\/\/www.est.ufmg.br\/portal\/wp-content\/uploads\/2023\/01\/105-DissertacaoRenataMatosVersaoFinal.pdf\">Compara\u00e7\u00e3o de M\u00e9todologias Aplicadas \u00e0 An\u00e1lise de Agrupamentos na Presen\u00e7a de Vari\u00e1veis Categ\u00f3ricas e Cont\u00ednuas\u00a0(PDF)<\/a><br \/><strong>Orientadora:<\/strong> Profa. Sueli Aparecida Mingoti<\/p><p><strong>104<\/strong><br \/><strong>Nome:<\/strong> Fernando Luiz Pereira de Oliveira\u00a0<br \/><strong>Data de Defesa:<\/strong> 25\/4\/2007\u00a0<br \/><strong>T\u00edtulo:<\/strong> <a href=\"https:\/\/www.est.ufmg.br\/portal\/wp-content\/uploads\/2023\/01\/104-Dissertacao_Fernando_Luiz.pdf\">\u00cdndices de Capacidade para Processos Multivariados Autocorrelacionados\u00a0(PDF)<\/a><br \/><strong>Orientadora:<\/strong> Profa. Sueli Aparecida Mingoti<\/p><p><strong>103<\/strong><br \/><strong>Nome:<\/strong> Michelle Ferreira Miranda\u00a0\u00a0<br \/><strong>Data de Defesa:<\/strong> 12\/4\/2007\u00a0<br \/><strong>T\u00edtulo:<\/strong> <a href=\"https:\/\/www.est.ufmg.br\/portal\/wp-content\/uploads\/2023\/01\/103-TesePrincipamichelle.pdf\">&#8220;Estima\u00e7\u00e3o dos Coeficientes de um Processo de Difus\u00e3o&#8221;\u00a0(PDF)<\/a><br \/><strong>Orientador:<\/strong> Prof. Gregorio Saravia Atuncar<\/p><p><strong>102<\/strong><br \/><strong>Nome:<\/strong> Leandro Alves Pereira\u00a0\u00a0<br \/><strong>Data de Defesa:<\/strong> 29\/3\/2007\u00a0<br \/><strong>T\u00edtulo:<\/strong> &#8220;Estudo do Tempo de Evacua\u00e7\u00e3o Total em Ambientes Gerais via Aut\u00f4matos Finitos&#8221;\u00a0<br \/><strong>Orientador:<\/strong> Prof. Luiz Henrique Duczmal<\/p><p><strong>101<\/strong><br \/><strong>Nome:<\/strong> Ivair Ramos Silva\u00a0\u00a0\u00a0<br \/><strong>Data de Defesa:<\/strong> 2\/3\/2007\u00a0<br \/><strong>T\u00edtulo:<\/strong> <a href=\"https:\/\/www.est.ufmg.br\/portal\/wp-content\/uploads\/2023\/01\/101-DISSERTACAOIVAIR.pdf\">&#8220;Testes Monte Carlo Convencionais e Sequenciais: Compara\u00e7\u00e3o dos Poderes e dos Tempos de Execu\u00e7\u00e3o&#8221;\u00a0(PDF)<\/a><br \/><strong>Orientador:<\/strong> Prof. Renato Martins Assun\u00e7\u00e3o<\/p><p><strong>100<\/strong><br \/><strong>Nome:<\/strong> Cristiane Silva Souto\u00a0\u00a0<br \/><strong>Data de Defesa:<\/strong> 2\/3\/2007\u00a0<br \/><strong>T\u00edtulo:<\/strong> <a href=\"https:\/\/www.est.ufmg.br\/portal\/wp-content\/uploads\/2023\/01\/100-cristianesilvasouto.pdf\">&#8220;Modelo com Erro de Classifica\u00e7\u00e3o para a Propor\u00e7\u00e3o de n\u00e3o Disjun\u00e7\u00e3o Cromoss\u00f4mica na Meiose I&#8221;\u00a0(PDF)<\/a><br \/><strong>Orientadora:<\/strong> Profa. Rosangela Helena Loschi<\/p><p><strong>99<\/strong><br \/><strong>Nome:<\/strong> Alexandre Camara Meirelles\u00a0\u00a0<br \/><strong>Data de Defesa:<\/strong> 26\/2\/2007\u00a0<br \/><strong>T\u00edtulo:<\/strong> Amostragem de Aceita\u00e7\u00e3o Zero Defeitos com Retifica\u00e7\u00e3o e Classifica\u00e7\u00f5es Repetidas na Presen\u00e7a de Erros de Diagn\u00f3stico<br \/><strong>Orientador:<\/strong> Prof. Roberto da Costa Quinino<\/p><p><strong>98<\/strong><br \/><strong>Nome:<\/strong> Roger William C\u00e2mara Silva\u00a0\u00a0<br \/><strong>Data de Defesa:<\/strong> 22\/2\/2007\u00a0<br \/><strong>T\u00edtulo:<\/strong> Probabilidade de Ru\u00edna com Fluxo de Caixa e Investimento Governados por Processos de Difus\u00e3o\u00a0<br \/><strong>Orientador:<\/strong> Prof. Gregorio Saravia Atuncar<\/p><h2>2006<\/h2><hr \/><p><strong>97<\/strong><br \/><strong>Nome:<\/strong> Fernando Augusto Alves Gl\u00f3ria<br \/><strong>Data de Defesa:<\/strong> junho\/2006\u00a0<br \/><strong>T\u00edtulo:<\/strong> <a href=\"https:\/\/www.est.ufmg.br\/portal\/wp-content\/uploads\/2023\/01\/97-FernandoGloria2006.pdf\">&#8220;Uma Avalia\u00e7\u00e3o do Desempenho de N\u00facleo-Estimadores no Controle de Processos Multivariados&#8221; (PDF)<\/a><br \/><strong>Orientadora:<\/strong> Profa. Sueli Aparecida Mingoti<br \/><strong>Co-orientador:<\/strong> Prof. Greg\u00f3rio Saravia Atuncar<\/p><p><strong>96<\/strong><br \/><strong>Nome:<\/strong> Guilherme Guimar\u00e3es Moreira\u00a0\u00a0<br \/><strong>Data de Defesa:<\/strong> 19\/12\/2006\u00a0<br \/><strong>T\u00edtulo:<\/strong> <a href=\"https:\/\/www.est.ufmg.br\/portal\/wp-content\/uploads\/2023\/01\/96-GuilhermeMoreira_2006.pdf\">&#8220;An\u00e1lise e Implementa\u00e7\u00e3o de Redes Neurais Generalizadas&#8221;\u00a0(PDF)<\/a><br \/><strong>Orientador:<\/strong> Prof. Marcelo Azevedo Costa<\/p><p><strong>95<\/strong><br \/><strong>Nome:<\/strong> M\u00e1rcio Veloso de Castilho\u00a0\u00a0<br \/><strong>Data de Defesa:<\/strong> 20\/10\/2006\u00a0<br \/><strong>T\u00edtulo:<\/strong> <a href=\"https:\/\/www.est.ufmg.br\/portal\/wp-content\/uploads\/2023\/01\/95-Dissertacao_de_Marcio_Veloso_de_Castilho.pdf\">&#8220;Compara\u00e7\u00e3o de Dois M\u00e9todos de An\u00e1lise Qu\u00edmica Considerando a Modelagem Matem\u00e1tica da Precis\u00e3o&#8221;\u00a0(PDF)<\/a><br \/><strong>Orientador:<\/strong> Prof. Enrico Ant\u00f4nio Colosimo<\/p><p><strong>94<\/strong><br \/><strong>Nome:<\/strong> Fl\u00e1vio dos Reis Moura\u00a0\u00a0<br \/><strong>Data de Defesa:<\/strong> 9\/8\/2006\u00a0<br \/><strong>T\u00edtulo:<\/strong> <a href=\"https:\/\/www.est.ufmg.br\/portal\/wp-content\/uploads\/2023\/01\/94-FlavioMoura_2006.pdf\">&#8220;Detec\u00e7\u00e3o de Clusters Espaciais via Algoritmo Scan Multi-Objetivo&#8221; (PDF)\u00a0<\/a><br \/><strong>Orientador:<\/strong> Prof. Luiz Henrique Duczmal<\/p><p><strong>93<\/strong><br \/><strong>Nome:<\/strong> Alexandre Olympio Dower Polezzi\u00a0<br \/><strong>Data de Defesa:<\/strong> 30\/6\/2006\u00a0<br \/><strong>T\u00edtulo:<\/strong> <a href=\"https:\/\/www.est.ufmg.br\/portal\/wp-content\/uploads\/2023\/01\/93-AlexandreP_2006.pdf\">&#8220;Avalia\u00e7\u00e3o da Condi\u00e7\u00e3o de &#8216;T\u00e3o bom quanto Novo&#8217;: Uma Aplica\u00e7\u00e3o Envolvendo a Manuten\u00e7\u00e3o de Motores Convencionais das Aeronaves Universal T-25&#8221;\u00a0(PDF)<\/a><br \/><strong>Orientador:<\/strong> Prof. Enrico Ant\u00f4nio Colosimo<\/p><p><strong>92<\/strong><br \/><strong>Nome:<\/strong> Carolina Gontijo Miranda\u00a0\u00a0<br \/><strong>Data de Defesa:<\/strong> 27\/6\/2006\u00a0<br \/><strong>T\u00edtulo:<\/strong> <a href=\"https:\/\/www.est.ufmg.br\/portal\/wp-content\/uploads\/2023\/01\/92-CarolinaGontijo_2006.pdf\">&#8220;M\u00e9todo Lasso para o Modelo de Cox e sua Compara\u00e7\u00e3o com Propostas Tradicionais de Sele\u00e7\u00e3o de Vari\u00e1veis&#8221;\u00a0(PDF)<\/a><br \/><strong>Orientador:<\/strong> Prof. Enrico Ant\u00f4nio Colosimo<\/p><p><strong>91<\/strong><br \/><strong>Nome:<\/strong> Fernando Augusto Alves Gl\u00f3ria\u00a0<br \/><strong>Data de Defesa:<\/strong> 23\/6\/2006\u00a0<br \/><strong>T\u00edtulo:<\/strong> &#8220;Uma Avalia\u00e7\u00e3o do Desempenho de N\u00facleo-Estimadores no Controle de Processos Multivariados&#8221;\u00a0<br \/><strong>Orientadora:<\/strong> Profa. Sueli Aparecida Mingoti<\/p><p><strong>90<\/strong><br \/><strong>Nome:<\/strong> Regis Queiroz Gon\u00e7alves\u00a0\u00a0<br \/><strong>Data de Defesa:<\/strong> 17\/5\/2006\u00a0<br \/><strong>T\u00edtulo:<\/strong> <a href=\"https:\/\/www.est.ufmg.br\/portal\/wp-content\/uploads\/2023\/01\/90-RegisQueiroz_2006.pdf\">&#8220;Estima\u00e7\u00e3o do Coeficiente de Tend\u00eancia de uma Equa\u00e7\u00e3o Diferencial Estoc\u00e1stica: Uma Aplica\u00e7\u00e3o \u00e0 Estrutura a Termo das Taxas de Juros&#8221; (PDF)\u00a0<\/a><br \/><strong>Orientador:<\/strong> Prof. Gregorio Saravia Atuncar<\/p><p><strong>89<\/strong><br \/><strong>Nome:<\/strong> Tayn\u00e3na C\u00e9sar Sim\u00f5es\u00a0\u00a0<br \/><strong>Data de Defesa:<\/strong> 5\/4\/2006\u00a0<br \/><strong>T\u00edtulo:<\/strong> <a href=\"https:\/\/www.est.ufmg.br\/portal\/wp-content\/uploads\/2023\/01\/89-Simoes_1de3.pdf\">&#8220;Sistema de Vigil\u00e2ncia para Detec\u00e7\u00e3o de Intera\u00e7\u00e3o Espa\u00e7o-Tempo de Eventos Pontuais via Superf\u00edcies Acumuladas&#8221; (PDF)<\/a><br \/><strong>Orientador:<\/strong> Prof. Renato Martins Assun\u00e7\u00e3o<\/p><p><strong>88<\/strong><br \/><strong>Nome:<\/strong> Carlito Arlindo dos Santos Balbino\u00a0<br \/><strong>Data de Defesa:<\/strong> 29\/3\/2006\u00a0<br \/><strong>T\u00edtulo:<\/strong> <a href=\"https:\/\/www.est.ufmg.br\/portal\/wp-content\/uploads\/2023\/01\/88-CarlitoBalbino_2006.pdf\">&#8220;N\u00facleo Estimador para Fun\u00e7\u00e3o de Densidade e Fun\u00e7\u00e3o Quant\u00edlica na Presen\u00e7a de Censura \u00e0 Direita&#8221; (PDF)<\/a><br \/><strong>Orientador:<\/strong> Prof. Gregorio Saravia Atuncar<\/p><p><strong>87<\/strong><br \/><strong>Nome:<\/strong> Mario Ernesto Piscoya Diaz\u00a0\u00a0<br \/><strong>Data de Defesa:<\/strong> 14\/3\/2006\u00a0<br \/><strong>T\u00edtulo:<\/strong> <a href=\"https:\/\/www.est.ufmg.br\/portal\/wp-content\/uploads\/2023\/01\/87-MarioDiaz_2006.pdf\">&#8220;Estima\u00e7\u00e3o de Modelos ARFIMA em Presen\u00e7a de Quebra Estrutural&#8221; (PDF)\u00a0<\/a><br \/><strong>Orientadora:<\/strong> Profa. Ela Mercedes Medrano de Toscano<\/p><p><strong>86<\/strong><br \/><strong>Nome:<\/strong> F\u00e1bio Nogueira Demarqui\u00a0\u00a0<br \/><strong>Data de Defesa:<\/strong> 10\/3\/2006\u00a0<br \/><strong>T\u00edtulo:<\/strong> <a href=\"https:\/\/www.est.ufmg.br\/portal\/wp-content\/uploads\/2023\/01\/86-FabioDemarqui_2006.pdf\">&#8220;Modelo Exponencial por Partes Via Modelo Parti\u00e7\u00e3o Produto&#8221;\u00a0(PDF)<\/a><br \/><strong>Orientadora:<\/strong> Profa. Rosangela Helena Loschi<\/p><p><strong>85<\/strong><br \/><strong>Nome:<\/strong> Magda Carvalho Pires\u00a0\u00a0<br \/><strong>Data de Defesa:<\/strong> 1\/3\/2006\u00a0<br \/><strong>T\u00edtulo:<\/strong> <a href=\"https:\/\/www.est.ufmg.br\/portal\/wp-content\/uploads\/2023\/01\/85-MagdaPires_2006.pdf\">&#8220;An\u00e1lise Bayesiana Emp\u00edrica de Dados Dicot\u00f4micos com Erros e Classifica\u00e7\u00f5es Repetidas&#8221; (PDF)\u00a0<\/a><br \/><strong>Orientador:<\/strong> Prof. Roberto da Costa Quinino<\/p><p><strong>84<\/strong><br \/><strong>Nome:<\/strong> Pollyanna Vieira Gomes da Silva\u00a0<br \/><strong>Data de Defesa:<\/strong> 1\/3\/2006\u00a0<br \/><strong>T\u00edtulo:<\/strong> <a href=\"https:\/\/www.est.ufmg.br\/portal\/wp-content\/uploads\/2023\/01\/84-PollyannaVieira_2006.pdf\">&#8220;Estima\u00e7\u00e3o Bayesiana de Probabilidades de Captura para Popula\u00e7\u00f5es Abertas via Modelo Log\u00edstico&#8221;\u00a0(PDF)<\/a><br \/><strong>Orientadora:<\/strong> Profa. Cibele Queiroz da Silva<\/p><p><strong>83<\/strong><br \/><strong>Nome:<\/strong> Juliana Aparecida Ribeiro<br \/><strong>Data de Defesa:<\/strong> 15\/2\/2006\u00a0<br \/><strong>T\u00edtulo:<\/strong> <a href=\"https:\/\/www.est.ufmg.br\/portal\/wp-content\/uploads\/2023\/01\/83-Dissertacaojuliana.pdf\">&#8220;Infer\u00eancia sobre os Hiperpar\u00e2metros dos Modelos Estruturais usando Bootstrap&#8221;\u00a0(PDF)<\/a><br \/><strong>Orientadora:<\/strong> Profa. Glaura da Concei\u00e7\u00e3o Franco<\/p><h2>2005<\/h2><hr \/><p><strong>82<br \/>Nome:<\/strong> Tha\u00eds Rotsen Correa\u00a0\u00a0\u00a0<br \/><strong>Data de Defesa:<\/strong> 12\/12\/2005\u00a0<br \/><strong>T\u00edtulo:<\/strong> <a href=\"https:\/\/www.est.ufmg.br\/portal\/wp-content\/uploads\/2023\/01\/82-versao-thais-final.pdf\">&#8220;Sistema de Vigil\u00e2ncia Espa\u00e7o Temporal&#8221; (PDF)\u00a0<\/a><br \/><strong>Orientadora:<\/strong> Prof. Renato Martins Assun\u00e7\u00e3o<\/p><p><strong>81<br \/>Nome:<\/strong> Eduardo Pereira da Rocha Thomsen\u00a0<br \/><strong>Data de Defesa:<\/strong> 12\/12\/2005\u00a0<br \/><strong>T\u00edtulo:<\/strong> &#8220;Controle do Processo de Produ\u00e7\u00e3o do Alto-Forno por meio de T\u00e9cnicas Estat\u00edsticas Multivariadas em Tempo Real&#8221;\u00a0<br \/><strong>Orientadora:<\/strong> Profa. Sueli Aparecida Mingoti<\/p><p><strong>80<br \/>Nome<\/strong>: Geraldo Lopes de Souza J\u00fanior\u00a0<br \/><strong>Data de Defesa:<\/strong> 7\/12\/2005\u00a0<br \/><strong>T\u00edtulo:<\/strong> &#8220;Subnotifica\u00e7\u00e3o de Casos de C\u00e2ncer de Mama: Um Estudo de Aglomerados Espaciais no Estado de S\u00e3o Paulo&#8221;\u00a0<br \/><strong>Orientador:<\/strong> Prof. Luiz Henrique Duczmal<\/p><p><strong>79<br \/>Nome:<\/strong> Andr\u00e9 Luiz Fernandes Can\u00e7ado\u00a0<br \/><strong>Data de Defesa:<\/strong> 23\/11\/2005\u00a0<br \/><strong>T\u00edtulo:<\/strong> &#8220;Detec\u00e7\u00e3o e Infer\u00eancia de Clusters Espaciais via Algoritmo Gen\u00e9tico&#8221;\u00a0<br \/><strong>Orientador:<\/strong> Prof. Luiz Henrique Duczmal<\/p><p><strong>78<br \/>Nome:<\/strong> Denise Francelina Teixeira\u00a0\u00a0<br \/><strong>Data de Defesa:<\/strong> 16\/9\/2005\u00a0<br \/><strong>T\u00edtulo:<\/strong> &#8220;Combina\u00e7\u00e3o de Previs\u00f5es para S\u00e9ries de Telefonia Celular&#8221;\u00a0<br \/><strong>Orientador:<\/strong> Profa. Glaura da Concei\u00e7\u00e3o Franco<\/p><p><strong>77<br \/>Nome:<\/strong> Josenete Cavalcante Costa\u00a0\u00a0<br \/><strong>Data de Defesa:<\/strong> 24\/6\/2005\u00a0<br \/><strong>T\u00edtulo:<\/strong> &#8220;Modelo Weibull com Par\u00e2metros Dependentes de Covari\u00e1veis: Aplica\u00e7\u00e3o na Determina\u00e7\u00e3o de Vida de Prateleira&#8221;<br \/><strong>Orientadora:<\/strong> Profa. Marta Afonso Freitas<\/p><p><strong>76<br \/>Nome:<\/strong> Gl\u00e1ucia Mara Rocon\u00a0\u00a0\u00a0<br \/><strong>Data de Defesa:<\/strong> 24\/6\/2005\u00a0<br \/><strong>T\u00edtulo:<\/strong> &#8220;Compara\u00e7\u00e3o de Cartas de Controle Multivariadas Utilizadas no Monitoramento de Processos Univariados Autocorrelacionados&#8221;\u00a0<br \/><strong>Orientadora:<\/strong> Profa. Sueli Aparecida Mingoti<\/p><p><strong>75<br \/>Nome: <\/strong>Anderson Ribeiro Duarte\u00a0\u00a0<br \/><strong>Data de Defesa:<\/strong> 9\/6\/2005\u00a0<br \/><strong>T\u00edtulo:<\/strong> &#8220;Aloca\u00e7\u00e3o de \u00c1reas de Circula\u00e7\u00e3o em Redes de Filas Gerais&#8221;\u00a0<br \/><strong>Orientador:<\/strong> Prof. Frederico Rodrigues Borges da Cruz<\/p><p><strong>74<br \/>Nome: <\/strong>F\u00e1tima Gon\u00e7alves Pontel\u00a0\u00a0<br \/><strong>Data de Defesa: <\/strong>18\/5\/2005\u00a0<br \/><strong>T\u00edtulo:<\/strong> &#8220;Compara\u00e7\u00e3o da Intensidade de Falhas de Equipamentos Observados em Cen\u00e1rios Distintos&#8221;\u00a0<br \/><strong>Orientador: <\/strong>Prof. Enrico Ant\u00f4nio Colosimo<\/p><p><strong>73<br \/>Nome: <\/strong>Alexandra Regina Rainho de Almeida Maia\u00a0<br \/><strong>Data de Defesa: <\/strong>13\/5\/2005\u00a0<br \/><strong>T\u00edtulo:<\/strong> &#8220;Um Novo Teste de Hip\u00f3tese de Separabilidade em Processos Pontuais&#8221;\u00a0<br \/><strong>Orientador: <\/strong>Prof. Renato Martins Assun\u00e7\u00e3o<\/p><p><strong>72<br \/>Nome: <\/strong>Talita Armborst\u00a0\u00a0\u00a0<br \/><strong>Data de Defesa: <\/strong>6\/5\/2005\u00a0<br \/><strong>T\u00edtulo:<\/strong> &#8220;M\u00e9todos para Medir o Desequil\u00edbrio de Hardy-Weinberg atrav\u00e9s de Medidas de Endocruzamento&#8221;\u00a0<br \/><strong>Orientadora: <\/strong>Profa. Cibele Queiroz da Silva<\/p><p><strong>71<br \/>Nome: <\/strong>Jeanne Gon\u00e7alves Pontel\u00a0\u00a0<br \/><strong>Data de Defesa: <\/strong>5\/5\/2005\u00a0<br \/><strong>T\u00edtulo: <\/strong>&#8220;Algoritmo para Obten\u00e7\u00e3o das Estimativas Produto com Aplica\u00e7\u00e3o em Modelos de Regress\u00e3o Segmentada&#8221;\u00a0<br \/><strong>Orientadora: <\/strong>Profa. Rosangela Helena Loschi<\/p><p><strong>70<br \/>Nome: <\/strong>Jana\u00edna Giovani Noronha de Oliveira\u00a0<br \/><strong>Data de Defesa: <\/strong>28\/4\/2005\u00a0<br \/><strong>T\u00edtulo:<\/strong> &#8220;Estima\u00e7\u00e3o da Curva de Desempenho de Diagn\u00f3stico&#8221;\u00a0<br \/><strong>Orientador: <\/strong>Prof. Gregorio Saravia Atuncar<\/p><p><strong>69<br \/>Nome: <\/strong>Roberta Chendes Dias Gomes\u00a0\u00a0<br \/><strong>Data de Defesa: <\/strong>15\/4\/2005\u00a0<br \/><strong>T\u00edtulo:<\/strong> &#8220;Estimando o Tempo de Vida de Produto em Prateleira Utilizando Modelo de Riscos Proporcionais em Dados Oriundos de Avalia\u00e7\u00f5es Sensoriais&#8221;\u00a0<br \/><strong>Orientadora: <\/strong>Profa. Marta Afonso Freitas<\/p><p><strong>68<br \/>Nome: <\/strong>Erik Rodarte Lopes\u00a0\u00a0\u00a0<br \/><strong>Data de Defesa: <\/strong>8\/4\/2005\u00a0<br \/><strong>T\u00edtulo: <\/strong>&#8220;Intervalos de Confian\u00e7a Para Fun\u00e7\u00e3o de Distribui\u00e7\u00e3o na Presen\u00e7a de Censura Intervalar, Caso 1&#8221;\u00a0<br \/><strong>Orientador: <\/strong>Prof. Ant\u00f4nio Eduardo Gomes<\/p><p><strong>67<br \/>Nome: <\/strong>L\u00edvia Menezes da Paz\u00a0\u00a0<br \/><strong>Data de Defesa: <\/strong>23\/3\/2005\u00a0<br \/><strong>T\u00edtulo: <\/strong>&#8220;Modelo de Cox para Dados com Censura Intervalar&#8221;\u00a0<br \/><strong>Orientador: <\/strong>Prof. Ant\u00f4nio Eduardo Gomes<\/p><p><strong>66<br \/>Nome: <\/strong>Alexandre Loureiros Rodrigues\u00a0<br \/><strong>Data de Defesa: <\/strong>23\/3\/2005\u00a0<br \/><strong>T\u00edtulo: <\/strong>&#8220;Infer\u00eancia Bayesiana Semi-Param\u00e9trica para Modelos Lineares Generalizados&#8221;\u00a0<br \/><strong>Orientador:<\/strong> Prof. Renato Martins Assun\u00e7\u00e3o<\/p><h2>2004<\/h2><hr \/><p><strong>65<br \/>Nome:<\/strong> Harley Francisco de Ara\u00fajo\u00a0\u00a0<br \/><strong>Data de Defesa:<\/strong> 25\/11\/2004\u00a0<br \/><strong>T\u00edtulo:<\/strong> &#8220;Caracteriza\u00e7\u00e3o de Tr\u00e1fego Entre Filas M\/G\/c\/c Dependentes do Estado&#8221;\u00a0<br \/><strong>Orientador:<\/strong> Prof. Frederico Rodrigues Borges da Cruz<\/p><p><strong>64<br \/>Nome:<\/strong> Denise Pimenta Nacle\u00a0\u00a0<br \/><strong>Data de Defesa:<\/strong> 9\/11\/2004\u00a0<br \/><strong>T\u00edtulo:<\/strong> &#8220;Exist\u00eancia de Estimadores de M\u00e1xima Verossimilhan\u00e7a em Modelos de Regress\u00e3o Log\u00edstica&#8221;\u00a0<br \/><strong>Orientador:<\/strong> Prof. Enrico Ant\u00f4nio Colosimo<\/p><p><strong>63<br \/>Nome:<\/strong> Jayme Augusto Duarte Pereira Pinto\u00a0<br \/><strong>Data de Defesa:<\/strong> 30\/9\/2004\u00a0<br \/><strong>T\u00edtulo:<\/strong> &#8220;Avalia\u00e7\u00e3o de Op\u00e7\u00f5es Europ\u00e9ias de Compra: a F\u00f3rmula de Black e Scholes&#8221;<br \/><strong>Orientador:<\/strong> Prof. Greg\u00f3rio Saravia Atuncar<\/p><p><strong>62<br \/>Nome:<\/strong> Mayra Alves Stradioto\u00a0\u00a0<br \/><strong>Data de Defesa:<\/strong> 29\/9\/2004\u00a0<br \/><strong>T\u00edtulo:<\/strong> &#8220;Estima\u00e7\u00e3o Bayesiana da Taxa de Sobreviv\u00eancia de Mam\u00edferos&#8221;\u00a0<br \/><strong>Orientadora:<\/strong> Profa. Cibele Queiroz da Silva<\/p><p><strong>61<br \/>Nome:<\/strong> Jacqueline Domingues Tib\u00farcio\u00a0<br \/><strong>Data de Defesa:<\/strong> 28\/9\/2004\u00a0<br \/><strong>T\u00edtulo:<\/strong> &#8220;Estima\u00e7\u00e3o do Tamanho Populacional de Mam\u00edferos Aqu\u00e1ticos via M\u00e9todo Bayesiano Emp\u00edrico Baseado em Dados de Foto-Identifica\u00e7\u00e3o&#8221;\u00a0<br \/><strong>Orientadora:<\/strong> Profa. Cibele Queiroz da Silva<\/p><p><strong>60<br \/>Nome:<\/strong> Alex Erickson Ferreira\u00a0\u00a0<br \/><strong>Data de Defesa:<\/strong> 27\/9\/2004\u00a0<br \/><strong>T\u00edtulo:<\/strong> &#8220;Modelos Espaciais N\u00e3o Estacion\u00e1rios: Uma Aplica\u00e7\u00e3o em Geoestat\u00edstica&#8221;\u00a0<br \/><strong>Orientador:<\/strong> Prof. Renato Martins Assun\u00e7\u00e3o<\/p><p><strong>59<br \/>Nome:<\/strong> Cl\u00e9ia do Nascimento Cavalcante\u00a0<br \/><strong>Data de Defesa:<\/strong> 13\/7\/2004\u00a0<br \/><strong>T\u00edtulo:<\/strong> &#8220;Avalia\u00e7\u00e3o do N\u00facleo Estimador na Estima\u00e7\u00e3o de Fun\u00e7\u00f5es Densidades Multivariadas&#8221;\u00a0<br \/><strong>Orientadora:<\/strong> Profa. Sueli Aparecida Mingoti<\/p><p><strong>58<br \/>Nome:<\/strong> Francisco do Nascimento F\u00e9lix\u00a0<br \/><strong>Data de Defesa:<\/strong> 30\/6\/2004\u00a0<br \/><strong>T\u00edtulo:<\/strong> &#8220;Aplicando Bootstrap para Determina\u00e7\u00e3o de Intervalos de Confian\u00e7a Para o N\u00famero de Grupos No Procedimento Hier\u00e1rquico Aglorametivo de Ward&#8221;\u00a0<br \/><strong>Orientadora:<\/strong> Profa. Sueli Aparecida Mingoti<\/p><p><strong>57<br \/>Nome:<\/strong> Wagner Sandro da Costa Moreira\u00a0<br \/><strong>Data de Defesa:<\/strong> 25\/6\/2004\u00a0<br \/><strong>T\u00edtulo:<\/strong> &#8220;Avalia\u00e7\u00e3o, via Simula\u00e7\u00e3o de Monte Carlo, da Influ\u00eancia das Esp\u00e9cies Raras e Comuns Nos Estimadores Bayesianos do N\u00famero Total de Esp\u00e9cies Distintas em Popula\u00e7\u00f5es Finitas e Amostragem por Quadrats&#8221;\u00a0<br \/><strong>Orientadora:<\/strong> Profa. Sueli Aparecida Mingoti<\/p><p><strong>56<br \/>Nome:<\/strong> Max de Souza Lima\u00a0\u00a0\u00a0<br \/><strong>Data de Defesa:<\/strong> 24\/6\/2004\u00a0<br \/><strong>T\u00edtulo:<\/strong> &#8220;Avalia\u00e7\u00e3o do Poder do Teste da Estat\u00edstica Scan para M\u00faltiplos Clusters&#8221;\u00a0<br \/><strong>Orientador:<\/strong> Prof. Luiz Henrique Duczmal<\/p><p><strong>55<br \/>Nome:<\/strong> T\u00e2nia L\u00facia Hojo\u00a0\u00a0\u00a0<br \/><strong>Data de Defesa:<\/strong> 22\/6\/2004\u00a0<br \/><strong>T\u00edtulo:<\/strong> &#8220;Uma Compara\u00e7\u00e3o, via Metodologia de Monte Carlo, do M\u00e9todo de M\u00ednimos Quadrados Parciais CPLS Com outros M\u00e9todos de Estima\u00e7\u00e3o de Par\u00e2metros Utilizados em Modelos de Equa\u00e7\u00f5es Estruturais&#8221;\u00a0<br \/><strong>Orientadora:<\/strong> Profa. Sueli Aparecida Mingoti<\/p><p><strong>54<br \/>Nome:<\/strong> Paula Arantes Barros\u00a0\u00a0<br \/><strong>Data de Defesa:<\/strong> 19\/5\/2004\u00a0<br \/><strong>T\u00edtulo:<\/strong> &#8220;Compara\u00e7\u00e3o de Testes em Cointegra\u00e7\u00e3o Fracion\u00e1ria&#8221;\u00a0<br \/><strong>Orientadora:<\/strong> Profa. Glaura da Concei\u00e7\u00e3o Franco<\/p><p><strong>53<br \/>Nome:<\/strong> Silvio Alves de Souza\u00a0\u00a0<br \/><strong>Data de Defesa:<\/strong> 19\/5\/2004\u00a0<br \/><strong>T\u00edtulo:<\/strong> &#8220;Tempo \u00d3timo de Manuten\u00e7\u00e3o em Sistemas Repar\u00e1veis com M\u00faltiplos Estados dos Componentes&#8221;\u00a0<br \/><strong>Orientador:<\/strong> Prof. Greg\u00f3rio Saravia Atuncar<\/p><p><strong>52<br \/>Nome:<\/strong> Cristiano dos Reis Moura\u00a0\u00a0<br \/><strong>Data de Defesa:<\/strong> 1\/4\/2004\u00a0<br \/><strong>T\u00edtulo:<\/strong> &#8220;Extens\u00e3o do Modelo Parti\u00e7\u00e3o Produto para Dados Normais Multivariados: Uma An\u00e1lise da Correla\u00e7\u00e3o de \u00cdndices Financeiros&#8221;\u00a0<br \/><strong>Orientadora:<\/strong> Profa. Rosangela Helena Loschi<\/p><p><strong>51<br \/>Nome:<\/strong> Ricardo Tavares\u00a0\u00a0\u00a0<br \/><strong>Data de Defesa:<\/strong> 18\/2\/2004\u00a0<br \/><strong>T\u00edtulo:<\/strong> &#8220;Quebra Estrutural, Teste ADF, e Diferencia\u00e7\u00e3o Fracion\u00e1ria em S\u00e9ries Financeiras&#8221;\u00a0<br \/><strong>Orientadora:<\/strong> Profa. Ela Mercedes Medrano de Toscano<\/p><h2>2003<\/h2><hr \/><p><strong>50<br \/>Nome:<\/strong> Frank Magalh\u00e3es de Pinho\u00a0\u00a0<br \/><strong>Data de Defesa:<\/strong> 18\/12\/2003\u00a0<br \/><strong>T\u00edtulo:<\/strong> &#8220;Estrat\u00e9gia \u00d3tima de Investimento com Custo de Transa\u00e7\u00e3o: Uso de C\u00e1lculo Estoc\u00e1stico&#8221;\u00a0<br \/><strong>Orientador:<\/strong> Prof. Greg\u00f3rio Saravia Atuncar<\/p><p><strong>49<br \/>Nome:<\/strong> Wagner Baracho dos Santos\u00a0\u00a0<br \/><strong>Data de Defesa:<\/strong> 10\/12\/2003\u00a0<br \/><strong>T\u00edtulo:<\/strong> &#8220;Determina\u00e7\u00e3o da Periodicidade da Manuten\u00e7\u00e3o Preventiva em Sistemas Repar\u00e1veis&#8221;\u00a0<br \/><strong>Orientador:<\/strong> Prof. Enrico Ant\u00f4nio Colosimo<\/p><p><strong>48<br \/>Nome:<\/strong> Inara Kellen Fonseca\u00a0\u00a0<br \/><strong>Data de Defesa:<\/strong> 10\/12\/2003\u00a0<br \/><strong>T\u00edtulo:<\/strong> &#8220;An\u00e1lise do tempo at\u00e9 a Ocorr\u00eancia de Um Evento para Dados Censurados e Intervalares&#8221;\u00a0<br \/><strong>Orientadora:<\/strong> Profa. Arminda Lucia Siqueira<\/p><p><strong>47<br \/>Nome:<\/strong> Erika Carvalho Pires\u00a0\u00a0<br \/><strong>Data de Defesa:<\/strong> 25\/11\/2003\u00a0<br \/><strong>T\u00edtulo:<\/strong> &#8220;Avalia\u00e7\u00e3o de Testes Complementares para Diagn\u00f3ssticos M\u00e9dicos: Uma Contribui\u00e7\u00e3o Estat\u00edstica&#8221;\u00a0<br \/><strong>Orientadora:<\/strong> Profa. Arminda Lucia Siqueira<\/p><p><strong>46<br \/>Nome:<\/strong> Jacira L\u00facia Oliveira de Miranda\u00a0<br \/><strong>Data de Defesa:<\/strong> 24\/11\/2003\u00a0<br \/><strong>T\u00edtulo:<\/strong> &#8220;Determina\u00e7\u00e3o de Tamanho de Amostra em Calibra\u00e7\u00e3o Absoluta&#8221;\u00a0<br \/><strong>Orientador:<\/strong> Prof. Enrico Ant\u00f4nio Colosimo<\/p><p><strong>45<br \/>Nome:<\/strong> Stella Maris Lemos Nunes Baracho\u00a0<br \/><strong>Data de Defesa:<\/strong> 18\/6\/2003\u00a0<br \/><strong>T\u00edtulo:<\/strong> &#8220;Tratamento de Dados Ausentes em Estudos Longitudinais&#8221;<br \/><strong>Orientador:<\/strong> Prof. Enrico Ant\u00f4nio Colosimo<\/p><p><strong>44<br \/>Nome:<\/strong> Lunyana Lima Caldeira\u00a0\u00a0<br \/><strong>Data de Defesa:<\/strong> 29\/4\/2003\u00a0<br \/><strong>T\u00edtulo:<\/strong> &#8220;Estimador de M\u00ednima Dist\u00e2ncia Generalizado para Modelos ARFIMA&#8221;\u00a0<br \/><strong>Orientadora:<\/strong> Profa. Ela Mercedes Medrano de Toscano<\/p><p><strong>43<br \/>Nome:<\/strong> Ana Paula Azevedo Travassos\u00a0\u00a0<br \/><strong>Data de Defesa:<\/strong> 27\/3\/2003\u00a0<br \/><strong>T\u00edtulo:<\/strong> &#8220;Problemas de Fronteiras dos N\u00facleo-Estimadores e suas Abordagens&#8221;\u00a0<br \/><strong>Orientador:<\/strong> Prof. Greg\u00f3rio Saravia Atuncar<\/p><p><strong>42<br \/>Nome:<\/strong> Nizam de Abreu Pfeilsticker\u00a0\u00a0<br \/><strong>Data de Defesa:<\/strong> 10\/3\/2003\u00a0<br \/><strong>T\u00edtulo:<\/strong> &#8220;Modelo ARFIMA-FIGARCH: Um Estudo Simulado&#8221;\u00a0<br \/><strong>Orientadora:<\/strong> Profa. Ela Mercedes Medrano de Toscano<\/p><p><strong>41<br \/>Nome:<\/strong> Vander Luiz Aguiar\u00a0\u00a0\u00a0<br \/><strong>Data de Defesa:<\/strong> 7\/3\/2003\u00a0<br \/><strong>T\u00edtulo:<\/strong> &#8220;Estimativas Produto para o Modelo de Regress\u00e3o Linear&#8221;\u00a0<br \/><strong>Orientadora:<\/strong> Profa. Rosangela Helena Loschi<\/p><p><strong>40<br \/>Nome:<\/strong> Arlene Guimar\u00e3es Leite\u00a0\u00a0<br \/><strong>Data de Defesa:<\/strong> 26\/2\/2003\u00a0<br \/><strong>T\u00edtulo:<\/strong> &#8220;Estudo, via Simula\u00e7\u00e3o de Monte Carlo, de Estimadores Bayesianos para o N\u00famero Total de Esp\u00e9cies Distintas de uma Popula\u00e7\u00e3o no Caso de Esp\u00e9cies com ou sem Associa\u00e7\u00e3o Espacial e Amostragem por Quadrats&#8221;\u00a0<br \/><strong>Orientadora:<\/strong> Profa. Sueli Aparecida Mingoti<\/p><p><strong>39<br \/>Nome:<\/strong> Felipe Carlos Oliveira da Silva\u00a0<br \/><strong>Data de Defesa:<\/strong> 21\/2\/2003\u00a0<br \/><strong>T\u00edtulo:<\/strong> &#8220;Efeito do tamanho de Cidades nas Taxas de Crime: Uma an\u00e1lise nos munic\u00edpios de Minas Gerais, Brasil&#8221;\u00a0<br \/><strong>Orientador:<\/strong> Prof. Renato Martins Assun\u00e7\u00e3o<\/p><p><strong>38<br \/>Nome:<\/strong> Gilmar Rosa\u00a0\u00a0\u00a0\u00a0<br \/><strong>Data de Defesa:<\/strong> 27\/1\/2003\u00a0<br \/><strong>T\u00edtulo:<\/strong> &#8220;Avaliando a Qualidade dos Estimadores de Variograma (Variograma Experimental) e do M\u00e9todo de M\u00ednimos Quadrados Ponderados para a Estima\u00e7\u00e3o dos Par\u00e2metros do Modelo de Variograma Te\u00f3rico do Processo&#8221;\u00a0<br \/><strong>Orientadora:<\/strong> Profa. Sueli Aparecida Mingoti<\/p><h2>2002<\/h2><hr \/><p><strong>37<br \/>Nome:<\/strong> Fab\u00edola Adriane Cardoso Santos\u00a0<br \/><strong>Data de Defesa:<\/strong> 21\/11\/2002\u00a0<br \/><strong>T\u00edtulo:<\/strong> &#8220;Avaliando a Suposi\u00e7\u00e3o de Riscos Proporcionais para o Modelo de Cox&#8221;\u00a0<br \/><strong>Orientador:<\/strong> Prof. Enrico Ant\u00f4nio Colosimo<\/p><p><strong>36<br \/>Nome:<\/strong> Julienne Moreira Borges\u00a0<br \/><strong>Data de Defesa:<\/strong> 19\/06\/2002\u00a0<br \/><strong>T\u00edtulo:<\/strong> &#8220;Planejamento e An\u00e1lise de Estudos Envolvendo a Distribui\u00e7\u00e3o de Poisson&#8221;\u00a0<br \/><strong>Orientadora:<\/strong> Profa. Arminda Lucia Siqueira<\/p><p><strong>35<br \/>Nome:<\/strong> Paula Jacqueline de Oliveira\u00a0<br \/><strong>Data de Defesa:<\/strong> 06\/06\/2002\u00a0<br \/><strong>T\u00edtulo:<\/strong> &#8220;Modelos de Regress\u00e3o N\u00e3o Param\u00e9trica: Um Estudo Comparativo&#8221;\u00a0<br \/><strong>Orientador:<\/strong> Prof. Gregorio Saravia At\u00fancar<\/p><p><strong>34<br \/>Nome:<\/strong> Cleide Beck de Sousa \u00a0<br \/><strong>Data de Defesa:<\/strong> 27\/05\/2002\u00a0<br \/><strong>T\u00edtulo:<\/strong> &#8220;Compara\u00e7\u00e3o de M\u00e9todos de An\u00e1lise da Percep\u00e7\u00e3o de Consumidores\u00a0<br \/><strong>Orientadora:<\/strong> Prfa. Maria de F\u00e1tima Brant Drumond<\/p><p><strong>33<br \/>Nome:<\/strong> Juliana Mambrini\u00a0<br \/><strong>Data de Defesa:<\/strong> 22\/04\/2002\u00a0\u00a0<br \/><strong>T\u00edtulo:<\/strong> &#8220;An\u00e1lise de Efeito de Corretores na Profici\u00eancia dos Alunos via Modelos Lineares Genrealizados Mistos&#8221;\u00a0<br \/><strong>Orientador:<\/strong> Prof. Jos\u00e9 Francisco Soares<\/p><p><strong>32<br \/>Nome:<\/strong> Ism\u00eania Blavatsky de Magalh\u00e3es\u00a0<br \/><strong>Data de Defesa:<\/strong> 25\/02\/2002\u00a0<br \/><strong>T\u00edtulo:<\/strong> &#8220;Infer\u00eancia em Modelos de Sobreviv\u00eancia Multivariada Via Bootstrap&#8221;\u00a0<br \/><strong>Orientador:<\/strong> Prof. Enrico Ant\u00f4nio Colosimo<\/p><p><strong>31<br \/>Nome:<\/strong> Nilson Luiz Castelucio Brito\u00a0<br \/><strong>Data de Defesa:<\/strong> 06\/02\/2002\u00a0<br \/><strong>T\u00edtulo:<\/strong> &#8220;Uma Alternativa Geom\u00e9trica para Detec\u00e7\u00e3o de Aleatoriedade Espacial e Interpola\u00e7\u00e3o Baric\u00eantrica em Zonas de Influ\u00eancia&#8221;\u00a0<br \/><strong>Orientador:<\/strong> Prof. Paulo S\u00e9rgio Lucio<\/p><h2>2001<\/h2><hr \/><p><strong>30<br \/>Nome:<\/strong> Luciana Tavares Pires\u00a0\u00a0<br \/><strong>Data de Defesa:<\/strong> 19\/12\/2001\u00a0<br \/><strong>T\u00edtulo:<\/strong> &#8220;Impacto de Viola\u00e7\u00f5es das Hip\u00f3teses dos Modelos de Popula\u00e7\u00f5es Est\u00e1veis na Estima\u00e7\u00e3o da Mortalidade&#8221;\u00a0<br \/><strong>Orientador:<\/strong> Prof. Renato Martins Assun\u00e7\u00e3o<br \/><strong>Co-orientadora:<\/strong> Profa. Cibele Comini C\u00e9sar<\/p><p><strong>29<br \/>Nome:<\/strong> Joab de Oliveira Lima\u00a0\u00a0<br \/><strong>Data de Defesa:<\/strong> 17\/12\/2001\u00a0<br \/><strong>T\u00edtulo:<\/strong> &#8220;Uma Compara\u00e7\u00e3o do M\u00e9todo Fuzzy e Redes Neurais Artificiais com Procedimentos de Agrupamentos Hier\u00e1rquicos e N\u00e3o Hier\u00e1rquicos Tradicionais &#8221;\u00a0<br \/><strong>Orientadora:<\/strong> Profa. Sueli Aparecida Mingoti<\/p><p><strong>28<br \/>Nome:<\/strong> Edwards Cerqueira de Castro\u00a0\u00a0<br \/><strong>Data de Defesa:<\/strong> 14\/12\/2001\u00a0<br \/><strong>T\u00edtulo:<\/strong> &#8220;Estima\u00e7\u00e3o Semi-param\u00e9trica do Par\u00e2metro de Diferencia\u00e7\u00e3o Fracion\u00e1ria dos Modelos FIGARCH&#8221;\u00a0<br \/><strong>Orientadora:<\/strong> Profa. Ela Mercedes Medrano de Toscano<\/p><p><strong>27<br \/>Nome:<\/strong> Lup\u00e9rcio Fran\u00e7a Bessegato\u00a0\u00a0<br \/><strong>Data de Defesa:<\/strong> 12\/12\/2001\u00a0<br \/><strong>T\u00edtulo:<\/strong> &#8220;Escolha do Par\u00e2metro de Suavidade na Estimativa da Fun\u00e7\u00e3o de Distribui\u00e7\u00e3o&#8221;\u00a0<br \/><strong>Orientador:<\/strong> Prof. Greg\u00f3rio Saravia At\u00fancar<\/p><p><strong>26<br \/>Nome:<\/strong> Rodrigo Carazolli da Silva\u00a0\u00a0<br \/><strong>Data de Defesa:<\/strong> 7\/12\/2001\u00a0<br \/><strong>T\u00edtulo:<\/strong> &#8220;Avalia\u00e7\u00e3o e Melhoramento do Teste de Tajima para Neutralidade de Muta\u00e7\u00f5es&#8221;\u00a0<br \/><strong>Orientador:<\/strong> Prof. Greg\u00f3rio Saravia At\u00fancar<\/p><p><strong>25<br \/>Nome:<\/strong> \u00c9rica de Mello Silva\u00a0\u00a0<br \/><strong>Data de Defesa:<\/strong> 28\/9\/2001\u00a0<br \/><strong>T\u00edtulo:<\/strong> &#8220;Diferentes Abordagens Bootstrap em Modelos ARFIMA(p,d,q)&#8221;\u00a0<br \/><strong>Orientadora:<\/strong> Profa. Glaura da Concei\u00e7\u00e3o Franco<\/p><p><strong>24<br \/>Nome:<\/strong> T\u00e2nia Fernandes Boguitchi\u00a0\u00a0<br \/><strong>Data de Defesa:<\/strong> 27\/9\/2001\u00a0<br \/><strong>T\u00edtulo:<\/strong> &#8220;Compara\u00e7\u00e3o entre Testes para Superdispers\u00e3o em Dados Bin\u00e1rios &#8221;\u00a0<br \/><strong>Orientador:<\/strong> Prof. Enrico Ant\u00f4nio Colosimo<\/p><p><strong>23<br \/>Nome:<\/strong> Flavia Komatsuzaki\u00a0\u00a0\u00a0<br \/><strong>Data de Defesa:<\/strong> 26\/9\/2001\u00a0<br \/><strong>T\u00edtulo:<\/strong> &#8220;M\u00e9todos Exatos em Tabelas de Conting\u00eancia&#8221;\u00a0<br \/><strong>Orientadora:<\/strong> Profa. Arminda Lucia Siqueira<\/p><p><strong>22<br \/>Nome:<\/strong> Maristela Dias de Oliveira\u00a0\u00a0<br \/><strong>Data de Defesa:<\/strong> 20\/8\/2001\u00a0<br \/><strong>T\u00edtulo:<\/strong> &#8220;Modelos Condicionais em An\u00e1lise de Sobreviv\u00eancia &#8221;\u00a0<br \/><strong>Orientador:<\/strong> Prof. Enrico Ant\u00f4nio Colosimo<\/p><p><strong>21<br \/>Nome:<\/strong> Otaviano Francisco Neves\u00a0\u00a0<br \/><strong>Data de Defesa:<\/strong> 10\/8\/2001\u00a0<br \/><strong>T\u00edtulo:<\/strong> &#8220;Estudo de Novos Estimadores para a Variabilidade de Processos&#8221;\u00a0<br \/><strong>Orientadora:<\/strong> Profa. Sueli Aparecida Mingoti<\/p><p><strong>20<br \/>Nome:<\/strong> Daniella Dias Vianna\u00a0\u00a0<br \/><strong>Data de Defesa:<\/strong> 7\/8\/2001\u00a0<br \/><strong>T\u00edtulo:<\/strong> &#8220;An\u00e1lise Conjunta Bayesiana&#8221;\u00a0<br \/><strong>Orientador:<\/strong> Prof. Renato Martins Assun\u00e7\u00e3o<br \/><strong>Co-orientadora:<\/strong> Profa. Maria de F\u00e1tima Brant Drumond<\/p><p><strong>19<br \/>Nome:<\/strong> Denise Coelho de Queiroz\u00a0\u00a0<br \/><strong>Data de Defesa:<\/strong> 25\/7\/2001\u00a0<br \/><strong>T\u00edtulo:<\/strong> &#8220;Aloca\u00e7\u00e3o \u00d3tima de Capaciadade em Redes de Filas Dependentes do Estado&#8221;\u00a0<br \/><strong>Orientador:<\/strong> Prof. Frederico Rodrigues Borges da Cruz<\/p><p><strong>18<br \/>Nome:<\/strong> Fl\u00e1vio Fagundes Ferreira\u00a0\u00a0<br \/><strong>Data de Defesa:<\/strong> 20\/7\/2001\u00a0<br \/><strong>T\u00edtulo:<\/strong> &#8220;Modelo Espacial de Verifica\u00e7\u00e3o do Impacto do Programa de Observa\u00e7\u00e3o e Vigil\u00e2ncia da Pol\u00edcia Militar de Belo Horizonte-MG&#8221;\u00a0<br \/><strong>Orientador:<\/strong> Prof. Renato Martins Assun\u00e7\u00e3o<\/p><p><strong>17<br \/>Nome:<\/strong> Jos\u00e9 Aguinaldo Fonseca\u00a0\u00a0<br \/><strong>Data de Defesa:<\/strong> 20\/7\/2001\u00a0<br \/><strong>T\u00edtulo:<\/strong> &#8220;Avaliando Poder Estat\u00edstico do Teste da Raz\u00e3o de Verossimilhan\u00e7a para Detec\u00e7\u00e3o de Clusters sob Modelo&#8221;\u00a0<br \/><strong>Orientador:<\/strong> Prof. Renato Martins Assun\u00e7\u00e3o<\/p><p><strong>16<br \/>Nome:<\/strong> Reynaldo de Oliveira Medeiros\u00a0<br \/><strong>Data de Defesa:<\/strong> 18\/7\/2001\u00a0<br \/><strong>T\u00edtulo:<\/strong> &#8220;Simula\u00e7\u00e3o de Redes de Filas M\/G\/C\/C Dependentes do Estado&#8221;\u00a0<br \/><strong>Orientador:<\/strong> Prof. Frederico Rodrigues Borges da Cruz<\/p><p><strong>15<br \/>Nome:<\/strong> Angelo Eduardo Alonso Ribeiro\u00a0<br \/><strong>Data de Defesa:<\/strong> 17\/4\/2001\u00a0<br \/><strong>T\u00edtulo:<\/strong> &#8220;Otimiza\u00e7\u00e3o de Redes Estoc\u00e1sticas: Um Exame de Modelos Aplicados a Redes de Manufatura&#8221;\u00a0<br \/><strong>Orientador:<\/strong> Prof. Greg\u00f3rio Saravia At\u00fancar<\/p><h2>\u00a0<\/h2><h2>2000<\/h2><hr \/><p><strong>14<br \/>Nome:<\/strong> Evander Caires Damasceno\u00a0\u00a0<br \/><strong>Data de Defesa:<\/strong> 4\/10\/2000\u00a0<br \/><strong>T\u00edtulo:<\/strong> &#8220;Escolha do Par\u00e2metro de Suavidade em Estima\u00e7\u00e3o Funcional&#8221;\u00a0<br \/><strong>Orientador:<\/strong> Prof. Greg\u00f3rio Saravia At\u00fancar<\/p><p><strong>13<br \/>Nome:<\/strong> Wellington Jos\u00e9 da Costa\u00a0\u00a0<br \/><strong>Data de Defesa:<\/strong> 22\/9\/2000\u00a0<br \/><strong>T\u00edtulo:<\/strong> &#8220;Intervalos de Confian\u00e7a Bootstrap para Modelos de Regress\u00e3o com Erros de Medida&#8221;\u00a0<br \/><strong>Orientador:<\/strong> Prof. Enrico Ant\u00f4nio Colosimo<\/p><p><strong>12<br \/>Nome:<\/strong> M\u00f4nica Galupo Fonseca Costa\u00a0\u00a0<br \/><strong>Data de Defesa:<\/strong> 11\/9\/2000\u00a0<br \/><strong>T\u00edtulo:<\/strong> &#8220;Incerteza na Ordena\u00e7\u00e3o de Mun\u00edcipios com Base em \u00cdndices&#8221;\u00a0<br \/><strong>Orientador:<\/strong> Prof. Renato Martins Assun\u00e7\u00e3o<\/p><p><strong>11<br \/>Nome:<\/strong> Geraldo Marcelo da Cunha\u00a0\u00a0<br \/><strong>Data de Defesa:<\/strong> 20\/6\/2000\u00a0<br \/><strong>T\u00edtulo:<\/strong> &#8220;Estimando Efeito Causal por Emparelhamento Baseado no Escore de Propens\u00e3o&#8221;\u00a0<br \/><strong>Orientador:<\/strong> Prof. Renato Martins Assun\u00e7\u00e3o<\/p><p><strong>10<br \/>Nome:<\/strong> Maria Cl\u00e1udia Feres Monteiro de Castro Souza\u00a0<br \/><strong>Data de Defesa:<\/strong> 9\/6\/2000\u00a0<br \/><strong>T\u00edtulo:<\/strong> &#8220;Regress\u00e3o Log\u00edstica Exata para Dados de Resposta Bin\u00e1ria&#8221;\u00a0<br \/><strong>Orientadora:<\/strong> Profa. Arminda Lucia Siqueira<\/p><p><strong>9<br \/>Nome:<\/strong> Emerson Cotta Bodevan\u00a0\u00a0<br \/><strong>Data de Defesa:<\/strong> 19\/5\/2000\u00a0<br \/><strong>T\u00edtulo:<\/strong> &#8220;An\u00e1lise Espacial de dados Vetorias Atrav\u00e9s de Krigagem Direcional &#8211; Aplica\u00e7\u00e3o \u00e0 Din\u00e2mica de Transportes de Sedimentos&#8221;\u00a0<br \/><strong>Orientador:<\/strong> Prof. Paulo S\u00e9rgio Lucio<\/p><p><strong>8<br \/>Nome:<\/strong> Valdir Jos\u00e9 de Sousa\u00a0\u00a0\u00a0<br \/><strong>Data de Defesa:<\/strong> 27\/4\/2000\u00a0<br \/><strong>T\u00edtulo:<\/strong> &#8220;Previs\u00e3o em S\u00e9ries Temporais com Caracter\u00edstica de Longa Depend\u00eancia&#8221;\u00a0<br \/><strong>Orientador:<\/strong> Prof. Vald\u00e9rio Anselmo Reisen<\/p><p><strong>7<br \/>Nome:<\/strong> Jo\u00e3o M\u00e1rio Andrade Pinto\u00a0\u00a0<br \/><strong>Data de Defesa<\/strong>: 3\/4\/2000\u00a0<br \/><strong>T\u00edtulo:<\/strong> &#8220;M\u00e9todos Estat\u00edsticos para Testes Acelerados com Esfor\u00e7o Aplicado em Escada em um Estudo de Fadiga Mec\u00e2nica&#8221;\u00a0<br \/><strong>Orientador:<\/strong> Prof. Enrico Ant\u00f4nio Colosimo<\/p><h2>\u00a0<\/h2><h2>1999<\/h2><hr \/><p><strong>6<br \/>Nome:<\/strong> Cynthia Arantes Vieira Tojeiro\u00a0<br \/><strong>Data de Defesa:<\/strong> 17\/12\/1999\u00a0<br \/><strong>T\u00edtulo:<\/strong> &#8220;Testes de Ra\u00edzes Unit\u00e1rias no Fen\u00f4meno de Longa Depend\u00eancia&#8221;\u00a0<br \/><strong>Orientadora:<\/strong> Profa. Ela Mercedes Medrano de Toscano<\/p><p><strong>5<br \/>Nome:<\/strong> Carlos Ant\u00f4nio Ferreira\u00a0\u00a0<br \/><strong>Data de Defesa:<\/strong> 18\/6\/1999\u00a0<br \/><strong>T\u00edtulo:<\/strong> &#8220;Compara\u00e7\u00e3o da Capacidade Preditiva da Regress\u00e3o Log\u00edstica, CART e Redes Neurais&#8221;\u00a0<br \/><strong>Orientador:<\/strong> Prof. Jos\u00e9 Francisco Soares<\/p><p><strong>4<br \/>Nome:<\/strong> Jos\u00e9 Rodrigues Batista\u00a0\u00a0<br \/><strong>Data de Defesa:<\/strong> 9\/4\/1999\u00a0<br \/><strong>T\u00edtulo:<\/strong> &#8220;Valores Plaus\u00edveis para Estima\u00e7\u00e3o de Par\u00e2metros Populacionais em Modelos da Teoria da Resposta ao Item&#8221;\u00a0<br \/><strong>Orientador:<\/strong> Prof. Jos\u00e9 Francisco Soares<\/p><p><strong>3<br \/>Nome:<\/strong> Cibele Noronha Behrens Assun\u00e7\u00e3o\u00a0<br \/><strong>Data de Defesa:<\/strong> 26\/3\/1999\u00a0<br \/><strong>T\u00edtulo:<\/strong> &#8220;Estima\u00e7\u00e3o dos Par\u00e2metros de Modelos de Teoria de Resposta ao Item e Aplica\u00e7\u00f5es&#8221;\u00a0<br \/><strong>Orientador:<\/strong> Prof. Jos\u00e9 Francisco Soares<\/p><h2>\u00a0<\/h2><h2>1998<\/h2><hr \/><p><strong>2<br \/>Nome:<\/strong> Ilka Afonso Reis\u00a0\u00a0\u00a0<br \/><strong>Data de Defesa:<\/strong> 19\/6\/1998\u00a0<br \/><strong>T\u00edtulo:<\/strong> &#8220;Dois T\u00f3picos em Estat\u00edstica Espacial: Teste da Aleatoriedade Espacial de uma Configura\u00e7\u00e3o de Pontos e Mapeamento e Proje\u00e7\u00e3o Bayesiana de Taxas&#8221;\u00a0<br \/><strong>Orientador:<\/strong> Prof. Renato Martins Assun\u00e7\u00e3o<\/p><p><strong>1<br \/>Nome:<\/strong> Edna Afonso Reis\u00a0\u00a0\u00a0<br \/><strong>Data de Defesa:<\/strong> 29\/5\/1998\u00a0<br \/><strong>T\u00edtulo:<\/strong> &#8220;An\u00e1lise Espacial de Taxas em Pequenas \u00c1reas usando a Metodologia Bayesiana&#8221;\u00a0<br \/><strong>Orientador:<\/strong> Prof. Renato Martins Assun\u00e7\u00e3oRosangela Helena Loschi<\/p>\t\t\t\t\t\t\t\t<\/div>\n\t\t\t\t<\/div>\n\t\t\t\t\t<\/div>\n\t\t<\/div>\n\t\t\t\t\t<\/div>\n\t\t<\/section>\n\t\t\t\t<section class=\"elementor-section elementor-top-section elementor-element elementor-element-a7d3ec3 elementor-hidden-desktop elementor-hidden-tablet elementor-hidden-mobile elementor-section-boxed elementor-section-height-default elementor-section-height-default\" data-id=\"a7d3ec3\" data-element_type=\"section\" data-e-type=\"section\" id=\"atuario\">\n\t\t\t\t\t\t<div class=\"elementor-container elementor-column-gap-default\">\n\t\t\t\t\t<div class=\"elementor-column elementor-col-100 elementor-top-column elementor-element elementor-element-8c990d5\" data-id=\"8c990d5\" data-element_type=\"column\" data-e-type=\"column\">\n\t\t\t<div class=\"elementor-widget-wrap elementor-element-populated\">\n\t\t\t\t\t\t<div class=\"elementor-element elementor-element-769e616 elementor-tabs-view-vertical elementor-widget elementor-widget-tabs\" data-id=\"769e616\" data-element_type=\"widget\" data-e-type=\"widget\" data-widget_type=\"tabs.default\">\n\t\t\t\t<div class=\"elementor-widget-container\">\n\t\t\t\t\t\t\t<div class=\"elementor-tabs\">\n\t\t\t<div class=\"elementor-tabs-wrapper\" role=\"tablist\" >\n\t\t\t\t\t\t\t\t\t<div id=\"elementor-tab-title-1241\" class=\"elementor-tab-title elementor-tab-desktop-title\" aria-selected=\"true\" data-tab=\"1\" role=\"tab\" tabindex=\"0\" aria-controls=\"elementor-tab-content-1241\" aria-expanded=\"false\">ANO 2022<\/div>\n\t\t\t\t\t\t\t\t\t<div id=\"elementor-tab-title-1242\" class=\"elementor-tab-title elementor-tab-desktop-title\" aria-selected=\"false\" data-tab=\"2\" role=\"tab\" tabindex=\"-1\" aria-controls=\"elementor-tab-content-1242\" aria-expanded=\"false\">ANO 2021<\/div>\n\t\t\t\t\t\t\t\t\t<div id=\"elementor-tab-title-1243\" class=\"elementor-tab-title elementor-tab-desktop-title\" aria-selected=\"false\" data-tab=\"3\" role=\"tab\" tabindex=\"-1\" aria-controls=\"elementor-tab-content-1243\" aria-expanded=\"false\">ANO 2020<\/div>\n\t\t\t\t\t\t\t\t\t<div id=\"elementor-tab-title-1244\" class=\"elementor-tab-title elementor-tab-desktop-title\" aria-selected=\"false\" data-tab=\"4\" role=\"tab\" tabindex=\"-1\" aria-controls=\"elementor-tab-content-1244\" aria-expanded=\"false\">ANO 2019<\/div>\n\t\t\t\t\t\t\t\t\t<div id=\"elementor-tab-title-1245\" class=\"elementor-tab-title elementor-tab-desktop-title\" aria-selected=\"false\" data-tab=\"5\" role=\"tab\" tabindex=\"-1\" aria-controls=\"elementor-tab-content-1245\" aria-expanded=\"false\">ANO 2018<\/div>\n\t\t\t\t\t\t\t\t\t<div id=\"elementor-tab-title-1246\" class=\"elementor-tab-title elementor-tab-desktop-title\" aria-selected=\"false\" data-tab=\"6\" role=\"tab\" tabindex=\"-1\" aria-controls=\"elementor-tab-content-1246\" aria-expanded=\"false\">ANO 2017<\/div>\n\t\t\t\t\t\t\t\t\t<div id=\"elementor-tab-title-1247\" class=\"elementor-tab-title elementor-tab-desktop-title\" aria-selected=\"false\" data-tab=\"7\" role=\"tab\" tabindex=\"-1\" aria-controls=\"elementor-tab-content-1247\" aria-expanded=\"false\">ANO 2016<\/div>\n\t\t\t\t\t\t\t\t\t<div id=\"elementor-tab-title-1248\" class=\"elementor-tab-title elementor-tab-desktop-title\" aria-selected=\"false\" data-tab=\"8\" role=\"tab\" tabindex=\"-1\" aria-controls=\"elementor-tab-content-1248\" aria-expanded=\"false\">ANO 2015<\/div>\n\t\t\t\t\t\t\t\t\t<div id=\"elementor-tab-title-1249\" class=\"elementor-tab-title elementor-tab-desktop-title\" aria-selected=\"false\" data-tab=\"9\" role=\"tab\" tabindex=\"-1\" aria-controls=\"elementor-tab-content-1249\" aria-expanded=\"false\">ANO 2014<\/div>\n\t\t\t\t\t\t\t\t\t<div id=\"elementor-tab-title-12410\" class=\"elementor-tab-title elementor-tab-desktop-title\" aria-selected=\"false\" data-tab=\"10\" role=\"tab\" tabindex=\"-1\" aria-controls=\"elementor-tab-content-12410\" aria-expanded=\"false\">ANO 2013<\/div>\n\t\t\t\t\t\t\t\t\t<div id=\"elementor-tab-title-12411\" class=\"elementor-tab-title elementor-tab-desktop-title\" aria-selected=\"false\" data-tab=\"11\" role=\"tab\" tabindex=\"-1\" aria-controls=\"elementor-tab-content-12411\" aria-expanded=\"false\">ANO 2012<\/div>\n\t\t\t\t\t\t\t\t\t<div id=\"elementor-tab-title-12412\" class=\"elementor-tab-title elementor-tab-desktop-title\" aria-selected=\"false\" data-tab=\"12\" role=\"tab\" tabindex=\"-1\" aria-controls=\"elementor-tab-content-12412\" aria-expanded=\"false\">ANO 2011<\/div>\n\t\t\t\t\t\t\t\t\t<div id=\"elementor-tab-title-12413\" class=\"elementor-tab-title elementor-tab-desktop-title\" aria-selected=\"false\" data-tab=\"13\" role=\"tab\" tabindex=\"-1\" aria-controls=\"elementor-tab-content-12413\" aria-expanded=\"false\">ANO 2010<\/div>\n\t\t\t\t\t\t\t\t\t<div id=\"elementor-tab-title-12414\" class=\"elementor-tab-title elementor-tab-desktop-title\" aria-selected=\"false\" data-tab=\"14\" role=\"tab\" tabindex=\"-1\" aria-controls=\"elementor-tab-content-12414\" aria-expanded=\"false\">ANO 2009<\/div>\n\t\t\t\t\t\t\t\t\t<div id=\"elementor-tab-title-12415\" class=\"elementor-tab-title elementor-tab-desktop-title\" aria-selected=\"false\" data-tab=\"15\" role=\"tab\" tabindex=\"-1\" aria-controls=\"elementor-tab-content-12415\" aria-expanded=\"false\">ANO 2008<\/div>\n\t\t\t\t\t\t\t\t\t<div id=\"elementor-tab-title-12416\" class=\"elementor-tab-title elementor-tab-desktop-title\" aria-selected=\"false\" data-tab=\"16\" role=\"tab\" tabindex=\"-1\" aria-controls=\"elementor-tab-content-12416\" aria-expanded=\"false\">ANO 2007<\/div>\n\t\t\t\t\t\t\t\t\t<div id=\"elementor-tab-title-12417\" class=\"elementor-tab-title elementor-tab-desktop-title\" aria-selected=\"false\" data-tab=\"17\" role=\"tab\" tabindex=\"-1\" aria-controls=\"elementor-tab-content-12417\" aria-expanded=\"false\">ANO 2006<\/div>\n\t\t\t\t\t\t\t\t\t<div id=\"elementor-tab-title-12418\" class=\"elementor-tab-title elementor-tab-desktop-title\" aria-selected=\"false\" data-tab=\"18\" role=\"tab\" tabindex=\"-1\" aria-controls=\"elementor-tab-content-12418\" aria-expanded=\"false\">ANO 2005<\/div>\n\t\t\t\t\t\t\t\t\t<div id=\"elementor-tab-title-12419\" class=\"elementor-tab-title elementor-tab-desktop-title\" aria-selected=\"false\" data-tab=\"19\" role=\"tab\" tabindex=\"-1\" aria-controls=\"elementor-tab-content-12419\" aria-expanded=\"false\">ANO 2004<\/div>\n\t\t\t\t\t\t\t\t\t<div id=\"elementor-tab-title-12420\" class=\"elementor-tab-title elementor-tab-desktop-title\" aria-selected=\"false\" data-tab=\"20\" role=\"tab\" tabindex=\"-1\" aria-controls=\"elementor-tab-content-12420\" aria-expanded=\"false\">ANO 2003<\/div>\n\t\t\t\t\t\t\t\t\t<div id=\"elementor-tab-title-12421\" class=\"elementor-tab-title elementor-tab-desktop-title\" aria-selected=\"false\" data-tab=\"21\" role=\"tab\" tabindex=\"-1\" aria-controls=\"elementor-tab-content-12421\" aria-expanded=\"false\">ANO 2002 <\/div>\n\t\t\t\t\t\t\t\t\t<div id=\"elementor-tab-title-12422\" class=\"elementor-tab-title elementor-tab-desktop-title\" aria-selected=\"false\" data-tab=\"22\" role=\"tab\" tabindex=\"-1\" aria-controls=\"elementor-tab-content-12422\" aria-expanded=\"false\">ANO 2001<\/div>\n\t\t\t\t\t\t\t\t\t<div id=\"elementor-tab-title-12423\" class=\"elementor-tab-title elementor-tab-desktop-title\" aria-selected=\"false\" data-tab=\"23\" role=\"tab\" tabindex=\"-1\" aria-controls=\"elementor-tab-content-12423\" aria-expanded=\"false\">ANO 2000<\/div>\n\t\t\t\t\t\t\t\t\t<div id=\"elementor-tab-title-12424\" class=\"elementor-tab-title elementor-tab-desktop-title\" aria-selected=\"false\" data-tab=\"24\" role=\"tab\" tabindex=\"-1\" aria-controls=\"elementor-tab-content-12424\" aria-expanded=\"false\">ANO 1999<\/div>\n\t\t\t\t\t\t\t\t\t<div id=\"elementor-tab-title-12425\" class=\"elementor-tab-title elementor-tab-desktop-title\" aria-selected=\"false\" data-tab=\"25\" role=\"tab\" tabindex=\"-1\" aria-controls=\"elementor-tab-content-12425\" aria-expanded=\"false\">ANO 1998<\/div>\n\t\t\t\t\t\t\t<\/div>\n\t\t\t<div class=\"elementor-tabs-content-wrapper\" role=\"tablist\" aria-orientation=\"vertical\">\n\t\t\t\t\t\t\t\t\t<div class=\"elementor-tab-title elementor-tab-mobile-title\" aria-selected=\"true\" data-tab=\"1\" role=\"tab\" tabindex=\"0\" aria-controls=\"elementor-tab-content-1241\" aria-expanded=\"false\">ANO 2022<\/div>\n\t\t\t\t\t<div id=\"elementor-tab-content-1241\" class=\"elementor-tab-content elementor-clearfix\" data-tab=\"1\" role=\"tabpanel\" aria-labelledby=\"elementor-tab-title-1241\" tabindex=\"0\" hidden=\"false\"><p><strong>267<\/strong><br \/><strong>Nome:<\/strong> F\u00e1bio Roberto de Souza J\u00fanior<br \/><strong>Data da Defesa:<\/strong> 27\/05\/2022<br \/><strong>T\u00edtulo:<\/strong> \u201cMore robust linear models for count data using the complex sampling plan\u201d<br \/><strong>Orientador:<\/strong> Prof. Thiago Rezende dos Santos<\/p><p><strong>266<\/strong><br \/><strong>Nome:<\/strong> Fernando Augusto Melo Duarte Malta<br \/><strong>Data da Defesa:<\/strong> 25\/05\/2022<br \/><strong>T\u00edtulo:<\/strong> Novas Abordagens de Redes Neurais para Dados Tabulares: Uma Compara\u00e7\u00e3o Emp\u00edrica<br \/><strong>Orientador:<\/strong> Prof. Luiz Henrique Duczmal<\/p><p><strong>265<\/strong><br \/><strong>Nome:<\/strong> Vitor Faria de Carvalho Oliveira<br \/><strong>Data da Defesa:<\/strong> 22\/03\/2022<br \/><strong>T\u00edtulo:<\/strong> Acessando Informa\u00e7\u00e3o de Esporte atrav\u00e9s do SofaScore<br \/><strong>Orientador:<\/strong> Prof. Marcos Oliveira Prates<\/p><p><strong>264<\/strong><br \/><strong>Nome:<\/strong> Ma\u00edra Soalheiro<br \/><strong>Data da Defesa:<\/strong> 25\/02\/2022<br \/><strong>T\u00edtulo:<\/strong> Modelagem Hier\u00e1rquica Bayesiana de contatos: uma aplica\u00e7\u00e3o em modelos epidemiol\u00f3gicos compartimentais<br \/><strong>Orientador:<\/strong> Prof. Adrian Pablo Hinojosa Luna<\/p><p><strong>263<\/strong><br \/><strong>Nome:<\/strong> Samuel Faria Candido<br \/><strong>Data da Defesa:<\/strong> 24\/02\/2022<br \/><strong>T\u00edtulo:<\/strong> Modelo espacial latente para Covid-19<br \/><strong>Orientador:<\/strong> Prof. Marcos Oliveira Prates<br \/><strong>Co-orientador:<\/strong> Prof. Dani Gamerman<\/p><\/div>\n\t\t\t\t\t\t\t\t\t<div class=\"elementor-tab-title elementor-tab-mobile-title\" aria-selected=\"false\" data-tab=\"2\" role=\"tab\" tabindex=\"-1\" aria-controls=\"elementor-tab-content-1242\" aria-expanded=\"false\">ANO 2021<\/div>\n\t\t\t\t\t<div id=\"elementor-tab-content-1242\" class=\"elementor-tab-content elementor-clearfix\" data-tab=\"2\" role=\"tabpanel\" aria-labelledby=\"elementor-tab-title-1242\" tabindex=\"0\" hidden=\"hidden\"><p><strong>262<\/strong><br \/><strong>Nome:<\/strong> Felipe Amorim souza<br \/><strong>Data da Defesa:<\/strong> 13\/09\/2021<br \/><strong>T\u00edtulo:<\/strong> INLAmod: Uma Interface Gr\u00e1fica Modular para o R-INLA<br \/><strong>Orientador:<\/strong> Prof. Marcos Oliveira Prates<\/p><p><strong>261<\/strong><br \/><strong>Nome:<\/strong> D\u00e9bora de Freitas Magalh\u00e3es<br \/><strong>Data da Defesa:<\/strong> 09\/07\/2021<br \/><strong>T\u00edtulo:<\/strong> Structure Learning and Parameter Estimation<br \/><strong>Orientador:<\/strong> Prof. Denise Duarte Scarpa<\/p><p><strong>260<\/strong><br \/><strong>Nome:<\/strong> Eduardo Fernandes e Silva<br \/><strong>Data da Defesa:<\/strong> 16\/06\/2021<br \/><strong>T\u00edtulo:<\/strong> Regress\u00e3o log\u00edstica bin\u00e1rio com fator de cura para dados em conglomerados: Uma aplica\u00e7\u00e3o em traumatismo dent\u00e1rio.<br \/><strong>Orientador:<\/strong> Prof. Enrico Ant\u00f4nio Colosimo<\/p><p><strong>259<\/strong><br \/><strong>Nome:<\/strong> Caio Gabriel Barreto Balieiro<br \/><strong>Data da Defesa:<\/strong> 13\/05\/2021<br \/><strong>T\u00edtulo:<\/strong> KGsurv: na R package to fit the Kumaraswamy-G family of distributions for survival data<br \/><strong>Orientador:<\/strong> Prof. F\u00e1bio Nogueira Demarqui<\/p><p><strong>258<\/strong><br \/><strong>Nome:<\/strong> C\u00e9sar Macieira<br \/><strong>Data da Defesa:<\/strong> 30\/04\/2021<br \/><strong>T\u00edtulo:<\/strong> Estima\u00e7\u00e3o em modelos de redes de afinidade<br \/><strong>Orientador:<\/strong> Prof. Denise Duarte Scarpa<\/p><p><strong>257<\/strong><br \/><strong>Nome:<\/strong> Guilherme Lucas Moreira Dias Almeida<br \/><strong>Data da Defesa:<\/strong> 24\/05\/2021<br \/><strong>T\u00edtulo:<\/strong> Benef\u00edcios e Pr\u00eamios de <strong>Anuidade Vari\u00e1vel:<\/strong> seguros de vida com garantias de sobreviv\u00eancia e por morte<br \/><strong>Orientador:<\/strong> Prof. Fredy Walther Castellares C\u00e1ceres<\/p><p><strong>256<\/strong><br \/><strong>Nome:<\/strong> Ot\u00e1vio Augusto Silva Lima<br \/><strong>Data da Defesa:<\/strong> 02\/03\/2021<br \/><strong>T\u00edtulo:<\/strong> \u201cEstudo Sobre a Janela Critica de Percola\u00e7\u00e3o em Lages\u201d (PDF)<br \/><strong>Orientador:<\/strong> Prof. Roger William C\u00e2mara Silva<\/p><\/div>\n\t\t\t\t\t\t\t\t\t<div class=\"elementor-tab-title elementor-tab-mobile-title\" aria-selected=\"false\" data-tab=\"3\" role=\"tab\" tabindex=\"-1\" aria-controls=\"elementor-tab-content-1243\" aria-expanded=\"false\">ANO 2020<\/div>\n\t\t\t\t\t<div id=\"elementor-tab-content-1243\" class=\"elementor-tab-content elementor-clearfix\" data-tab=\"3\" role=\"tabpanel\" aria-labelledby=\"elementor-tab-title-1243\" tabindex=\"0\" hidden=\"hidden\"><p><strong>255<\/strong><\/p><p><strong>Nome:<\/strong> Carla Paula Moreira Soares<br \/><strong>Data da Defesa:<\/strong> 06\/11\/2020<br \/><strong>Titulo:<\/strong> <a href=\"https:\/\/www.est.ufmg.br\/portal\/wp-content\/uploads\/2023\/01\/255-Dissertacao_Carla_Paula.pdf\">&#8220;Uma Abordagem via Mistura Finita para Modelos de Regress\u00e3o Linear com Erros Nas Vari\u00e1veis&#8221; (PDF)<\/a><br \/><strong>Orientadora:<\/strong> Profa. Rosangela Helena Loschi<\/p><p><strong>254<\/strong><br \/><strong>Nome:<\/strong> Andr\u00e9 V\u00edctor Ribeiro Amaral<br \/><strong>Data da Defesa:<\/strong> 10\/08\/2020<br \/><strong>T\u00edtulo:<\/strong> <a href=\"https:\/\/www.est.ufmg.br\/portal\/wp-content\/uploads\/2023\/01\/254-Dissertacao_Andre_Victor.pdf\">\u201cTransi\u00e7\u00e3o de fase em modelos de percola\u00e7\u00e3o via fun\u00e7\u00f5es booleanas\u201d\u00a0(PDF)<\/a><br \/><strong>Orientador:<\/strong> Prof.(a) Roger William C\u00e2mara Sila<\/p><p><strong>253<\/strong><br \/><strong>Nome:<\/strong> Thais Pacheco<br \/><strong>Data da Defesa:<\/strong> 28\/02\/2020<br \/><strong>T\u00edtulo:<\/strong> <a href=\"https:\/\/www.est.ufmg.br\/portal\/wp-content\/uploads\/2023\/01\/253-Dissertacao_Thais_Pacheco_Menezes.pdf\">Arqu\u00e9tipos latentes: os m\u00f3dulos dos padr\u00f5es espaciais complexos do c\u00e2ncer\u00a0(PDF)<\/a><br \/><strong>Orientador:<\/strong> Prof. Marcos Prates<\/p><p><strong>252<\/strong><br \/><strong>Nome:<\/strong> Wesley Pereira<br \/><strong>Data da Defesa:<\/strong> 28\/02\/2020<br \/><strong>T\u00edtulo:<\/strong> <a href=\"https:\/\/www.est.ufmg.br\/portal\/wp-content\/uploads\/2023\/01\/252-Dissertacao_Wesley_Pereira.pdf\">Modelo de rede de afinidades\u00a0(PDF)<\/a><br \/><strong>Orientador:<\/strong> Profa. Denise Duarte<\/p><p><strong>251<\/strong><br \/><strong>Nome:<\/strong> Mariana Amorim<br \/><strong>Data da Defesa:<\/strong> 27\/02\/2020<br \/><strong>T\u00edtulo:<\/strong> An\u00e1lise de sensibilidade de t\u00e9cnicas de amostragem em grafos aleat\u00f3rios<br \/>Orientador: Profa. Denise Duarte<\/p><p><strong>250<\/strong><br \/><strong>Nome:<\/strong> Adriana dos Santos Lima<br \/><strong>Data da Defesa:<\/strong> 21\/02\/2020<br \/><strong>T\u00edtulo:<\/strong> A Hierarchical Bayesian Space-time Model\u00a0<br \/><strong>Orientador:<\/strong> Prof. Luiz Henrique Duczmal<\/p><p><strong>249<\/strong><br \/><strong>Nome:<\/strong> Ricardo Cunha Pedroso<br \/><strong>Data da Defesa:<\/strong> 14\/02\/2020<br \/><strong>T\u00edtulo:<\/strong> <a href=\"https:\/\/www.est.ufmg.br\/portal\/wp-content\/uploads\/2023\/01\/249-Dissertacao_Ricardo_Cunha_Pedroso.pdf\">A Bayesian multiple partition model for multiparametric change points detection (PDF)<\/a><br \/><strong>Orientador:<\/strong> Prof. Rosangela Helena Loschi<\/p><p><strong>248<\/strong><br \/><strong>Nome:<\/strong> Gisele de Oliveira Maia<br \/><strong>Data da Defesa:<\/strong> 17\/02\/2020<br \/><strong>T\u00edtulo:<\/strong> <a href=\"https:\/\/www.est.ufmg.br\/portal\/wp-content\/uploads\/2023\/01\/248-Dissertacao_Gisele_Maia.pdf\">Modelos de S\u00e9ries Temporais Semiparam\u00e9tricos com Fator Latente\u00a0(PDF)<\/a><br \/><strong>Orientador:<\/strong> Prof. Wagner Barreto de Souza<\/p><p><strong>247<\/strong><br \/><strong>Nome:<\/strong> Silvio Cabral Patricio\u00a0<br \/><strong>Data da Defesa:<\/strong> 19\/02\/2020<br \/><strong>T\u00edtulo:<\/strong> <a href=\"https:\/\/www.est.ufmg.br\/portal\/wp-content\/uploads\/2023\/01\/247-Dissertacao_Silvio_Cabral_Patricio.pdf\">Modelagem de Mortalidade\u00a0(PDF)<\/a><br \/><strong>Orientador:<\/strong> Prof. Fredy Walther Castellares C\u00e1ceres<\/p><p><strong>246<\/strong><br \/><strong>Nome:<\/strong> Renato Valladares Panaro<br \/><strong>Data da Defesa:<\/strong> 17\/02\/2020<br \/><strong>T\u00edtulo:<\/strong> spsurv: an R package for semiparametric survival analysis<br \/><strong>Orientador:<\/strong> Prof. Vinicius Diniz Mayrink<\/p><\/div>\n\t\t\t\t\t\t\t\t\t<div class=\"elementor-tab-title elementor-tab-mobile-title\" aria-selected=\"false\" data-tab=\"4\" role=\"tab\" tabindex=\"-1\" aria-controls=\"elementor-tab-content-1244\" aria-expanded=\"false\">ANO 2019<\/div>\n\t\t\t\t\t<div id=\"elementor-tab-content-1244\" class=\"elementor-tab-content elementor-clearfix\" data-tab=\"4\" role=\"tabpanel\" aria-labelledby=\"elementor-tab-title-1244\" tabindex=\"0\" hidden=\"hidden\"><p><strong>245<\/strong><br \/><strong>Nome:<\/strong> Emilly Malveira de Lima\u00a0<br \/><strong>Data da Defesa:<\/strong> 08\/10\/2019<br \/><strong>T\u00edtulo:<\/strong> <a href=\"https:\/\/www.est.ufmg.br\/portal\/wp-content\/uploads\/2023\/01\/245-Dissertacao_Emilly_Malveira.pdf\">Predi\u00e7\u00e3o em an\u00e1lise de sobreviv\u00eancia: Aplica\u00e7\u00e3o em estudo envolvendo \u00f3bito de pacientes chag\u00e1sicos cardiopatas\u00a0(PDF)<\/a><br \/><strong>Orientador:<\/strong> Prof. Enrico Antonio Colosimo<\/p><p><strong>244<\/strong><br \/><strong>Nome:<\/strong> Ana Carolina Fernandes Dias<br \/><strong>Data da Defesa:<\/strong> 28\/06\/2019<br \/><strong>T\u00edtulo:<\/strong> <a href=\"https:\/\/www.est.ufmg.br\/portal\/wp-content\/uploads\/2023\/01\/244-dissertacao_Ana_Carolina.pdf\">Uma Solu\u00e7\u00e3o Bayesiana Para Se Considerar a Incerteza Associada \u00e0 Calibra\u00e7\u00e3o de Itens na Teoria de Resposta ao Item (PDF)<\/a><br \/><strong>Orientador:<\/strong><br \/>Prof(a). Marcos Oliveira Prates\u00a0<\/p><p><strong>243<\/strong><br \/><strong>Nome:<\/strong> Luiza Sette C\u00e2mara Piancastelli<br \/><strong>Data da Defesa:<\/strong> 01\/07\/2019<br \/><strong>T\u00edtulo:<\/strong><a href=\"https:\/\/www.est.ufmg.br\/portal\/wp-content\/uploads\/2023\/01\/243-dissertacao_Luiza_Piancastelli.pdf\"> Semiparametric Generalized Inverse-Gaussian Frailty Models (PDF)<\/a><br \/><strong>Orientador:<\/strong> Prof. Wagner Barreto de Souza<\/p><p><strong>242<\/strong><br \/><strong>Nome:<\/strong> Gabriel Oliveira Assun\u00e7\u00e3o<br \/><strong>Data da Defesa:<\/strong> 17\/05\/2019<br \/><strong>T\u00edtulo:<\/strong> <a href=\"https:\/\/www.est.ufmg.br\/portal\/wp-content\/uploads\/2023\/01\/242-dissertacao_Gabriel_Oliveira_Assuncao.pdf\">Compara\u00e7\u00e3o entre Algoritmos MCMC para Infer\u00eancia Bayesiana em Modelos Dicot\u00f4micos da TRI (PDF)<\/a><br \/><strong>Orientador:<\/strong> Prof. Fl\u00e1vio Bambirra Gol\u00e7alves<\/p><p><strong>241<\/strong><br \/><strong>Nome:<\/strong> Lucas da Cunha Godoy<br \/><strong>Data da Defesa:<\/strong> 25\/04\/2019<br \/><strong>T\u00edtulo:<\/strong> <a href=\"https:\/\/www.est.ufmg.br\/portal\/wp-content\/uploads\/2023\/01\/241-dissertacao_Lucas_da_Cunha_Godoy.pdf\">Testes de Associa\u00e7\u00e3o Espacial Entre Dois Tipos de Pol\u00edgonos (PDF)<\/a><br \/><strong>Orientador:<\/strong> Prof. Renato Martins Assun\u00e7\u00e3o<\/p><p><strong>240<\/strong><br \/><strong>Nome:<\/strong> Matheus Henrique Sales<br \/><strong>Data da Defesa:<\/strong> 27\/02\/2019<br \/><strong>T\u00edtulo:<\/strong> <a href=\"https:\/\/www.est.ufmg.br\/portal\/wp-content\/uploads\/2023\/01\/240-dissertacao_Matheus_Henrique_Sales.pdf\">Limiares Cr\u00edticos e Distribui\u00e7\u00e3o Limite para o Modelo Bak-Seneppen\u00a0(PDF)<\/a><br \/><strong>Orientador:<\/strong> Prof. Roger William C\u00e2mara Silva<\/p><p><strong>239<\/strong><br \/><strong>Nome:<\/strong> Pedro Henrique Pereira Salgado<br \/><strong>Data da Defesa:<\/strong> 25\/02\/2019<br \/><strong>T\u00edtulo:<\/strong> <a href=\"https:\/\/www.est.ufmg.br\/portal\/wp-content\/uploads\/2023\/01\/239-dissertacao_Pedro_Henrique_Pereira_Salgado.pdf\">T\u00f3picos sobre o Modelo Bak-Sneppen\u00a0(PDF)<\/a><br \/><strong>Orientador:<\/strong> Prof. Roger William C\u00e2mara Silva<\/p><p><strong>238<\/strong><br \/><strong>Nome:<\/strong> Ana J\u00falia Alves Camara<br \/><strong>Data da Defesa:<\/strong> 19\/02\/2019<br \/><strong>T\u00edtulo:<\/strong> <a href=\"https:\/\/www.est.ufmg.br\/portal\/wp-content\/uploads\/2023\/01\/238-dissertacao_Ana_Julia_Alves_Camara.pdf\">Generalized Additive Model for Count Time Series: An Application to Study the Impact of Air pollutants on human health\u00a0(PDF)<\/a><br \/><strong>Orientador:<\/strong> Prof\u00aa. Glaura da Concei\u00e7\u00e3o Franco<\/p><p><strong>237<\/strong><br \/><strong>Nome:<\/strong> Larissa Natany Almeida Martins<br \/><strong>Data da Defesa:<\/strong> 12\/02\/2019<br \/><strong>T\u00edtulo:<\/strong> <a href=\"https:\/\/www.est.ufmg.br\/portal\/wp-content\/uploads\/2023\/01\/237-dissertacao_Larissa_Natany_Almeida_Martins.pdf\">Imputa\u00e7\u00e3o de Dados Sint\u00e9ticos Atrav\u00e9s de \u00c1rvores de Classifica\u00e7\u00e3o\u00a0(PDF)<\/a><br \/><strong>Orientador:<\/strong> Prof\u00aa. Thais Paiva Galletti<\/p><p><strong>236<\/strong><br \/><strong>Nome:<\/strong> Danilo Gilberto de Oliveira Valadares<br \/><strong>Data da Defesa:<\/strong> 04\/02\/2018<br \/><strong>T\u00edtulo:<\/strong> <a href=\"https:\/\/www.est.ufmg.br\/portal\/wp-content\/uploads\/2023\/01\/236-dissertacao_Danilo_Oliveira_Valadares.pdf\">A Necessidade de Classifica\u00e7\u00f5es Repetidas no Modelo de Regress\u00e3o Log\u00edstico com Erros na Vari\u00e1vel Resposta\u00a0(PDF)<\/a><br \/><strong>Orientador:<\/strong> Prof. Roberto da Costa Quinino<\/p><\/div>\n\t\t\t\t\t\t\t\t\t<div class=\"elementor-tab-title elementor-tab-mobile-title\" aria-selected=\"false\" data-tab=\"5\" role=\"tab\" tabindex=\"-1\" aria-controls=\"elementor-tab-content-1245\" aria-expanded=\"false\">ANO 2018<\/div>\n\t\t\t\t\t<div id=\"elementor-tab-content-1245\" class=\"elementor-tab-content elementor-clearfix\" data-tab=\"5\" role=\"tabpanel\" aria-labelledby=\"elementor-tab-title-1245\" tabindex=\"0\" hidden=\"hidden\"><p><strong>235<\/strong><br \/><strong>Nome:<\/strong> Matheus de Vasconcellos Barroso<br \/><strong>Data da defesa:<\/strong> 11\/06\/2018<br \/><strong>T\u00edtulo:<\/strong> <a href=\"https:\/\/www.est.ufmg.br\/portal\/wp-content\/uploads\/2023\/01\/235-dissertaca_Matheus_de_Vasconcellos_Barroso.pdf\">Bootstrap Methods For Generalized Autoregressive Moving Average Models\u00a0(<\/a><a href=\"https:\/\/www.est.ufmg.br\/portal\/wp-content\/uploads\/2023\/01\/235-dissertaca_Matheus_de_Vasconcellos_Barroso.pdf\">PDF)<\/a><br \/><strong>Orientador:<\/strong> Prof\u00aa. Glaura da Concei\u00e7\u00e3o Franco<\/p><p><strong>234<\/strong><br \/><strong>Nome:<\/strong> Melissa Lorena Ara\u00fajo Pinto<br \/><strong>Data da defesa:<\/strong> 14\/05\/2018<br \/><strong>T\u00edtulo:<\/strong> Modelos Exponenciais para Grafos Aleat\u00f3rios Valorados\u00a0<br \/><strong>Orientador:<\/strong> Prof\u00aa. Lourdes Coral Contreras Montenegro<\/p><p><strong>233<\/strong><br \/><strong>Nome:<\/strong> Rodolfo Santos Nunes Rodrigues<br \/><strong>Data da defesa:<\/strong> 09\/03\/2018<br \/><strong>Titulo:<\/strong> <a href=\"https:\/\/www.est.ufmg.br\/portal\/wp-content\/uploads\/2023\/01\/233-dissertacao_Rodolfo_Rodrigues.pdf\">Influ\u00eancia do N\u00famero de Part\u00edculas na Estima\u00e7\u00e3o de Par\u00e2metros via M\u00e1xima Verossimilhan\u00e7a em Modelos de Espa\u00e7o de Estados (<\/a><a href=\"https:\/\/www.est.ufmg.br\/portal\/wp-content\/uploads\/2023\/01\/233-dissertacao_Rodolfo_Rodrigues.pdf\">PDF)<\/a><br \/><strong>Orientador:<\/strong> Prof. Luiz Henrique Duczmal<\/p><p><strong>232<\/strong><br \/><strong>Nome:<\/strong> Let\u00edcia Silva Nunes<br \/><strong>Data da defesa:<\/strong> 28\/02\/2018<br \/><strong>T\u00edtulo:<\/strong><a href=\"https:\/\/www.est.ufmg.br\/portal\/wp-content\/uploads\/2023\/01\/232-dissertacao_Leticia_Silva_Nunes.pdf\"> M\u00e9todos de simula\u00e7\u00e3o de dados geogr\u00e1ficos sint\u00e9ticos para bases confidenciais\u00a0(<\/a><a href=\"http:\/\/www.est.ufmg.br\/portal\/arquivos\/mestrado\/dissertacoes\/dissertacao_Leticia_Silva_Nunes.pdf\" target=\"_blank\" rel=\"noopener\">PDF)<\/a><br \/><strong>Orientador:<\/strong> Prof\u00aa. Thais Paiva Galletti<\/p><p><strong>231<\/strong><br \/><strong>Nome:<\/strong> Gabriel Henrique Oliveira Assun\u00e7\u00e3o<br \/><strong>Data da defesa:<\/strong> 23\/02\/2018<br \/><strong>Titulo:<\/strong> <a href=\"https:\/\/www.est.ufmg.br\/portal\/wp-content\/uploads\/2023\/01\/231-dissertacao_Gabriel_Henrique_Assuncao.pdf\">Regress\u00e3o Espacial Quant\u00edlica para Previs\u00e3o da Velocidade do Vento (PDF)<\/a><br \/><strong>Orientador:<\/strong> Prof. Marcos Oliveira Prates<\/p><p><strong>230<\/strong><br \/><strong>Nome:<\/strong> Matheus Bartolo Guerrero<br \/><strong>Data da defesa:<\/strong> 23\/02\/2018<br \/><strong>T\u00edtulo:<\/strong> <a href=\"https:\/\/www.est.ufmg.br\/portal\/wp-content\/uploads\/2023\/01\/230-dissertacao_Matheus_Bartolo_Guerrero.pdf\">Integer-valued autoregressive processes with pre-established marginals and innovations: a new perspective on count time series modeling (PDF)<\/a><br \/><strong>Orientador:<\/strong> Prof. Wagner Barreto de Souza<\/p><p><strong>229<\/strong><br \/><strong>Nome:<\/strong> Augusto Felix Marcolin<br \/><strong>Data da defesa:<\/strong> 23\/02\/2018<br \/><strong>Titulo:<\/strong> <a href=\"https:\/\/www.est.ufmg.br\/portal\/wp-content\/uploads\/2023\/01\/229-dissertacao_Augusto_Marcolin.pdf\">M\u00e9todos estat\u00edsticos de prote\u00e7\u00e3o de dados confidenciais sob a condi\u00e7\u00e3o de differential privacy (PDF)<\/a><br \/><strong>Orientadora:<\/strong> Prof\u00aa. Thais Paiva Galletti<\/p><p><strong>228<\/strong><br \/><strong>Nome:<\/strong> Magno Tairone de Freitas Severino<br \/><strong>Data da defesa:<\/strong> 22\/02\/2018<br \/><strong>Titulo:<\/strong> <a href=\"https:\/\/www.est.ufmg.br\/portal\/wp-content\/uploads\/2023\/01\/228-dissertacao_Magno_Severino.pdf\">Extending JAGS for Spatial Data (PDF)<\/a><br \/><strong>Orientador:<\/strong> Prof. Vinicius Diniz Mayrink<\/p><p><strong>227<\/strong><br \/><strong>Nome:<\/strong> Caio Cesar de Oliveira Freitas<br \/><strong>Data da defesa:<\/strong> 16\/02\/2018<br \/><strong>Titulo:<\/strong> <a href=\"https:\/\/www.est.ufmg.br\/portal\/wp-content\/uploads\/2023\/01\/227-dissertacao_Caio_Cesar_Oliveira_Freitas.pdf\">Avalia\u00e7\u00e3o de Sistemas de Medi\u00e7\u00f5es Bin\u00e1rios com Erros de Classifica\u00e7\u00e3o Empregando o M\u00e9todo de Estima\u00e7\u00e3o do M\u00ednimo Qui-quadrado\u00a0(PDF)<\/a><br \/><strong>Orientador:<\/strong> Prof. Roberto da Costa Quinino<\/p><p><strong>226<\/strong><br \/><strong>Nome:<\/strong> Guilherme Augusto Veloso<br \/><strong>Data da defesa:<\/strong> 19\/02\/2018<br \/><strong>Titulo:<\/strong><a href=\"https:\/\/www.est.ufmg.br\/portal\/wp-content\/uploads\/2023\/01\/226-dissertacao_Guilherme_Augusto.pdf\"> Uma Abordagem Din\u00e2mica Para o Modelo Linear de Degrada\u00e7\u00e3o sob a Perspectiva Bayesiana (PDF)<\/a><br \/><strong>Orientadora:<\/strong> Prof\u00aa. Rosangela Helena Loschi<\/p><\/div>\n\t\t\t\t\t\t\t\t\t<div class=\"elementor-tab-title elementor-tab-mobile-title\" aria-selected=\"false\" data-tab=\"6\" role=\"tab\" tabindex=\"-1\" aria-controls=\"elementor-tab-content-1246\" aria-expanded=\"false\">ANO 2017<\/div>\n\t\t\t\t\t<div id=\"elementor-tab-content-1246\" class=\"elementor-tab-content elementor-clearfix\" data-tab=\"6\" role=\"tabpanel\" aria-labelledby=\"elementor-tab-title-1246\" tabindex=\"0\" hidden=\"hidden\"><div><strong>225<\/strong><\/div><div><strong>Nome:<\/strong> Bruno Barbarioli<br \/><strong>Data da Defesa:<\/strong> 15\/02\/17<br \/><strong>T\u00edtulo:<\/strong> Anomaly Detection Under Cost Constraint<br \/><strong>Orientador:<\/strong> Prof. Renato Martins Assun\u00e7\u00e3o<\/div><div>\u00a0<\/div><div><strong>224<\/strong><\/div><div><strong>Nome:<\/strong> Arthur Tarso R\u00eago<br \/><strong>Data da Defesa:<\/strong> 21\/02\/17<br \/><strong>T\u00edtulo:<\/strong> Non-Gaussian Stochastic Volatility Model With Jumps via Gibbs Sampler\u00a0<br \/><strong>Orientador:<\/strong> Prof. Thiago Rezende dos Santos<\/div><div>\u00a0<\/div><div><strong>223<\/strong><\/div><div><strong>Nome:<\/strong> Douglas Mateus da Silva<br \/><strong>Data da Defesa:<\/strong> 20\/02\/17<br \/><strong>T\u00edtulo:<\/strong> Modelos Espaciais com Distribui\u00e7\u00e3o Normal Independente<br \/><strong>Orientadora:<\/strong> Profa. Lourdes Coral Contreras Montenegro<\/div><div>\u00a0<\/div><div><strong>222<\/strong><\/div><div><strong>Nome:<\/strong> Jussiane Gon\u00e7alves da Silva<br \/><strong>Data da Defesa:<\/strong> 17\/02\/17<br \/><strong>T\u00edtulo:<\/strong> Zero-inflated mixed Poisson regression models.<br \/><strong>Orientador:<\/strong> Prof. Wagner Barreto de Souza<\/div><div>\u00a0<\/div><div><strong>221<\/strong><\/div><div><strong>Nome:<\/strong> Frederico Machado Almeida<br \/><strong>Data da Defesa:<\/strong> 10\/02\/17<br \/><strong>T\u00edtulo:<\/strong> Modelo de Regress\u00e3o de Cox com Verossimilhan\u00e7a Mon\u00f3tona<br \/><strong>Orientador:<\/strong> Prof. Enrico Ant\u00f4nio Colosimo<\/div><div>\u00a0<\/div><div><strong>220<\/strong><\/div><div><strong>Nome:<\/strong> Leonardo Brand\u00e3o Freitas do Nascimento<br \/><strong>Data da Defesa:<\/strong> 13\/01\/17<br \/><strong>T\u00edtulo:<\/strong> An\u00e1lise de m\u00faltiplos pontos de mudan\u00e7a em modelos normal multivariados<br \/><strong>Orientadora:<\/strong> Profa. Ros\u00e2ngela Helena Loschi<\/div><\/div>\n\t\t\t\t\t\t\t\t\t<div class=\"elementor-tab-title elementor-tab-mobile-title\" aria-selected=\"false\" data-tab=\"7\" role=\"tab\" tabindex=\"-1\" aria-controls=\"elementor-tab-content-1247\" aria-expanded=\"false\">ANO 2016<\/div>\n\t\t\t\t\t<div id=\"elementor-tab-content-1247\" class=\"elementor-tab-content elementor-clearfix\" data-tab=\"7\" role=\"tabpanel\" aria-labelledby=\"elementor-tab-title-1247\" tabindex=\"0\" hidden=\"hidden\"><div><strong>219<\/strong><\/div><div><strong>Nome:<\/strong> Helgem de Souza Ribeiro Martins<br \/><strong>Data da Defesa:<\/strong> 16\/09\/16<br \/><strong>T\u00edtulo:<\/strong> <a href=\"https:\/\/www.est.ufmg.br\/portal\/wp-content\/uploads\/2023\/01\/219-dissertacao_Helgem_de_Souza.pdf\">Modelagem e Otimiza\u00e7\u00e3o de Redes de Filas Finitas (PDF)<\/a><br \/><strong>Orientador:<\/strong> Prof. Frederico Rodrigues Borges da Cruz<\/div><div>\u00a0<\/div><div><strong>218<\/strong><\/div><div><strong>Nome:<\/strong> Milton Pifano Soares Ferreira<br \/><strong>Data da Defesa:<\/strong> 26\/02\/16<br \/><strong>T\u00edtulo:<\/strong> <a href=\"https:\/\/www.est.ufmg.br\/portal\/wp-content\/uploads\/2023\/01\/218-dissertacao_Milton_Ferreira.pdf\">Infer\u00eancia em Grafos Aleat\u00f3rios Exponenciais atrav\u00e9s do ABC (PDF)<\/a><br \/><strong>Orientador:<\/strong> Prof. Marcos Oliveira Prates<\/div><div>\u00a0<\/div><div><strong>217<\/strong><\/div><div><strong>Nome:<\/strong> Fernanda Gabriely Batista Mendes<br \/><strong>Data da Defesa:<\/strong> 29\/02\/16<br \/><strong>T\u00edtulo:<\/strong> Processo Skellan INAR (1) Assim\u00e9trico\u00a0<br \/><strong>Orientador:<\/strong> Prof. Wagner Barreto de Souza<\/div><div>\u00a0<\/div><div><strong>216<\/strong><\/div><div><strong>Nome:<\/strong> Edson Francisco Ferreira<br \/><strong>Data da Defesa:<\/strong> 29\/02\/16<br \/><strong>T\u00edtulo:<\/strong> Continuidade da Probabilidade de Percola\u00e7\u00e3o em Z^2x{0,1}\u00a0<br \/><strong>Orientador:<\/strong> Prof. Roger Willian C\u00e2mara Silva<\/div><div>\u00a0<\/div><div><strong>215<\/strong><\/div><div><strong>Nome:<\/strong> Guilherme Lopes de Oliveira<br \/><strong>Data da Defesa:<\/strong> 26\/02\/16<br \/><strong>T\u00edtulo:<\/strong> Modeling underreported infant mortality data with a random censoring poisson model<br \/><strong>Orientadora:<\/strong> Profa. Ros\u00e2ngela Helena Losch<\/div><div>\u00a0<\/div><div><strong>214<\/strong><\/div><div><strong>Nome:<\/strong> Douglas Roberto Mesquita Azevedo<br \/><strong>Data da Defesa:<\/strong> 26\/02\/16<br \/><strong>T\u00edtulo:<\/strong> Modelagem espa\u00e7o-temporal para Campos Aleat\u00f3rios Gaussianos Transformados\u00a0<br \/><strong>Orientador:<\/strong> Prof. Marcos Oliveira Prates<\/div><div>\u00a0<\/div><div><strong>213<\/strong><\/div><div><strong>Nome:<\/strong> Erick da Concei\u00e7\u00e3o Amorim<br \/><strong>Data da Defesa:<\/strong> 26\/02\/16<br \/><strong>T\u00edtulo:<\/strong> Influ\u00eancia de fun\u00e7\u00f5es de covari\u00e2ncias sobre o modelo fatorial latente esparso com intera\u00e7\u00f5es<br \/><strong>Orientador:<\/strong> Prof. Vin\u00edcius Diniz Mayrink<\/div><div>\u00a0<\/div><div><strong>212<\/strong><\/div><div><strong>Nome:<\/strong> Estev\u00e3o Batista do Prado<br \/><strong>Data da Defesa:<\/strong> 26\/02\/16<br \/><strong>T\u00edtulo:<\/strong> Compara\u00e7\u00e3o de estrat\u00e9gias de gera\u00e7\u00e3o de propostas no algoritmo Metropolis-Hastings para um modelo Poisson Log-linear<br \/><strong>Orientador:<\/strong> Prof. Vin\u00edcius Diniz Mayrink<\/div><div>\u00a0<\/div><div><strong>211<\/strong><\/div><div><strong>Nome:<\/strong> Ana Gabriela Braga<br \/><strong>Data da Defesa:<\/strong> 25\/02\/16<br \/><strong>T\u00edtulo:<\/strong> Modelagem Espa\u00e7o-Temporal de Processos Pontuais: Aplica\u00e7\u00e3o em circuitos de televis\u00e3o para controle de crimes\u00a0<br \/><strong>Orientador:<\/strong> Prof. Marcos Oliveira Prates<\/div><div>\u00a0<\/div><div><strong>210<\/strong><\/div><div><strong>Nome:<\/strong> J\u00e9ssica da Assun\u00e7\u00e3o Almeida<br \/><strong>Data da Defesa:<\/strong> 25\/02\/16<br \/><strong>T\u00edtulo:<\/strong> Dynamic Generalized Linear Model via Product Partition Model\u00a0<br \/><strong>Orientador(a):<\/strong> Prof. F\u00e1bio Nogueira Demarqui<\/div><div>\u00a0<\/div><div><strong>209<\/strong><\/div><div><strong>Nome:<\/strong> Juliana Freitas de Mello e Silva<br \/><strong>Data da Defesa:<\/strong> 22\/02\/16<br \/><strong>T\u00edtulo:<\/strong> Piecewise exponential model for long-term survival data<br \/><strong>Orientador(a):<\/strong> Prof. F\u00e1bio Nogueira Demarqui<\/div><div>\u00a0<\/div><div><strong>208<\/strong><\/div><div><strong>Nome:<\/strong> Uriel Moreira Silva<br \/><strong>Data da Defesa:<\/strong> 19\/02\/16<br \/><strong>T\u00edtulo:<\/strong> Comparing Conditional and Stochastic Volatility Models: Goodness of Fit, Forescasting and Value-at-Risk\u00a0<\/div><div><strong>Orientador(a):<\/strong> Prof. Thiago Rezende dos Santos<\/div><\/div>\n\t\t\t\t\t\t\t\t\t<div class=\"elementor-tab-title elementor-tab-mobile-title\" aria-selected=\"false\" data-tab=\"8\" role=\"tab\" tabindex=\"-1\" aria-controls=\"elementor-tab-content-1248\" aria-expanded=\"false\">ANO 2015<\/div>\n\t\t\t\t\t<div id=\"elementor-tab-content-1248\" class=\"elementor-tab-content elementor-clearfix\" data-tab=\"8\" role=\"tabpanel\" aria-labelledby=\"elementor-tab-title-1248\" tabindex=\"0\" hidden=\"hidden\"><div><strong>207<\/strong><\/div><div><strong>Nome:<\/strong> B\u00e1rbara da Costa Campos Dias<\/div><div><strong>Data da Defesa:<\/strong> 20\/03\/2015<\/div><div><strong>T\u00edtulo:<\/strong> Modelo Bayesiano da Teoria <strong>de Resposta ao Item:<\/strong> <a href=\"https:\/\/www.est.ufmg.br\/portal\/wp-content\/uploads\/2023\/01\/207-dissertacao_Barbara_Dias.pdf\">Uma abordagem generalizada para o tra\u00e7o latente via misturas (PDF)<\/a><\/div><div><strong>Orientador:<\/strong> (Prof.) Fl\u00e1vio Bambirra Gon\u00e7alves<\/div><div>\u00a0<\/div><div><strong>206<\/strong><\/div><div><strong>Nome:<\/strong> Renata Camila de Souza<\/div><div><strong>Data da Defesa:<\/strong> 26\/06\/2015<\/div><div><strong>T\u00edtulo:<\/strong> <a href=\"https:\/\/www.est.ufmg.br\/portal\/wp-content\/uploads\/2023\/01\/206-dissertacao_Renata_Souza.pdf\">An\u00e1lise de sobreviv\u00eancia na presen\u00e7a de censura informativa: Uma abordagem (PDF)<\/a><\/div><div><strong>Orientador:<\/strong> (Prof.) Vin\u00edcius Diniz Mayrink<\/div><div>\u00a0<\/div><div><strong>205<\/strong><\/div><div><strong>Nome:<\/strong> Jackson Jardel Parente<\/div><div><strong>Data da Defesa:<\/strong> 08\/06\/2015<\/div><div><strong>T\u00edtulo:<\/strong> <a href=\"https:\/\/www.est.ufmg.br\/portal\/wp-content\/uploads\/2023\/01\/205-dissertacao_Jackson_Parente.pdf\">Caracteriza\u00e7\u00e3o do Tempo de Espera para Filas com Caudas Pesadas (PDF)<\/a><\/div><div><strong>Orientador:<\/strong> (Prof.) Sokol Ndreca<\/div><div>\u00a0<\/div><div><strong>204<\/strong><\/div><div><strong>Nome:<\/strong> Thiago Barbosa Ceccotti<\/div><div><strong>Data da Defesa:<\/strong> 20\/03\/2015<\/div><div><strong>T\u00edtulo:<\/strong> <a href=\"https:\/\/www.est.ufmg.br\/portal\/wp-content\/uploads\/2023\/01\/204-dissertacao_thiago_ceccotti.pdf\">Intervalos de confian\u00e7a baseados em deviance para os hiperpar\u00e2metros em modelos estruturais (PDF)<\/a><\/div><div><strong>Orientador:<\/strong> Prof(a). Glaura da Concei\u00e7\u00e3o Franco<\/div><div>\u00a0<\/div><div><strong>203<\/strong><\/div><div><strong>Nome:<\/strong> Luiza Barbosa Amorim<\/div><div><strong>Data da Defesa:<\/strong> 27\/02\/2015<\/div><div><strong>T\u00edtulo:<\/strong> <a href=\"https:\/\/www.est.ufmg.br\/portal\/wp-content\/uploads\/2023\/01\/203-dissertacao_luiza_amorim.pdf\">Um estudo comparativo para modelos de s\u00e9ries temporais de contagem (PDF)<\/a><\/div><div><strong>Orientador:<\/strong> Prof(a). Glaura da Concei\u00e7\u00e3o Franco<\/div><div>\u00a0<\/div><div><strong>202<\/strong><\/div><div><strong>Nome:<\/strong> L\u00edvia Maria Dutra<\/div><div><strong>Data da Defesa:<\/strong> 02\/03\/2015<\/div><div><strong>T\u00edtulo:<\/strong> <a href=\"https:\/\/www.est.ufmg.br\/portal\/wp-content\/uploads\/2023\/01\/202-dissertacao_livia_dutra.pdf\">Infer\u00eancia Bayesiana exata para uma classe de processos de Cox (PDF)<\/a><\/div><div><strong>Orientador:<\/strong> Prof. Fl\u00e1vio Bambirra Gon\u00e7alves<\/div><div>\u00a0<\/div><div><strong>201<\/strong><\/div><div><strong>Nome:<\/strong> Juliane Venturelli Silva Lima<\/div><div><strong>Data da Defesa:<\/strong> 02\/03\/2015<\/div><div><strong>T\u00edtulo:<\/strong> <a href=\"https:\/\/www.est.ufmg.br\/portal\/wp-content\/uploads\/2023\/01\/201-dissertacao_juliane_venturelli.pdf\">Modelo Bayesiano assim\u00e9trico da Teoria de Resposta ao Item (PDF)<\/a><\/div><div><strong>Orientador:<\/strong> Prof. Fl\u00e1vio Bambirra Gon\u00e7alves<\/div><div>\u00a0<\/div><div><strong>200<\/strong><\/div><div><strong>Nome:<\/strong> Rachel Abrah\u00e3o Ribeiro<\/div><div><strong>Data da Defesa:<\/strong> 27\/02\/2015<\/div><div><strong>T\u00edtulo:<\/strong> <a href=\"https:\/\/www.est.ufmg.br\/portal\/wp-content\/uploads\/2023\/01\/200-dissertacao_rachel_ribeiro.pdf\">Percola\u00e7\u00e3o em \u221e + 1 dimens\u00f5es (PDF)<\/a><\/div><div><strong>Orientador:<\/strong> (Prof.) Roger Willian C\u00e2mara Silva<\/div><div>\u00a0<\/div><div><strong>199<\/strong><\/div><div><strong>Nome:<\/strong> Marcela Marques dos Reis<\/div><div><strong>Data da Defesa:<\/strong> 26\/02\/2015<\/div><div><strong>T\u00edtulo:<\/strong> <a href=\"https:\/\/www.est.ufmg.br\/portal\/wp-content\/uploads\/2023\/01\/199-dissertacao_marcela_reis.pdf\">Percola\u00e7\u00e3o de longo alcance em grafos hier\u00e1rquicos (PDF)<\/a><a href=\"http:\/\/www.est.ufmg.br\/~posgrad\/mestrado\/dissertacao_larissa_sayuri.pdf\"><br \/><\/a><strong>Orientador:<\/strong> (Prof.) Roger Willian C\u00e2mara Silva<\/div><div>\u00a0<\/div><div><strong>198<\/strong><\/div><div><strong>Nome:<\/strong> Larissa Sayuri Futino Castro Dos Santos<\/div><div><strong>Data da Defesa<\/strong>: 11\/02\/2015<\/div><div><strong>T\u00edtulo:<\/strong> <a href=\"https:\/\/www.est.ufmg.br\/portal\/wp-content\/uploads\/2023\/01\/199-dissertacao_marcela_reis.pdf\">Estudo Online da Din\u00e2mica Espa\u00e7o-Temporal de Crimes atrav\u00e9s de Dados da Rede Social Twitter (PDF)<\/a><\/div><div><strong>Orientador:<\/strong> Prof.Marcos Oliveira Prates<\/div><\/div>\n\t\t\t\t\t\t\t\t\t<div class=\"elementor-tab-title elementor-tab-mobile-title\" aria-selected=\"false\" data-tab=\"9\" role=\"tab\" tabindex=\"-1\" aria-controls=\"elementor-tab-content-1249\" aria-expanded=\"false\">ANO 2014<\/div>\n\t\t\t\t\t<div id=\"elementor-tab-content-1249\" class=\"elementor-tab-content elementor-clearfix\" data-tab=\"9\" role=\"tabpanel\" aria-labelledby=\"elementor-tab-title-1249\" tabindex=\"0\" hidden=\"hidden\"><div><strong>197<\/strong><\/div><div>\u00a0<\/div><div><strong>196<\/strong><\/div><div><strong>Nome:<\/strong> Gabriela Oliveira<\/div><div><strong>Data da Defesa: <\/strong>27\/02\/2014<\/div><div><strong>T\u00edtulo:<\/strong> <a href=\"https:\/\/www.est.ufmg.br\/portal\/wp-content\/uploads\/2023\/01\/196-dissertacao_gabriela_oliveira.pdf\">Distribui\u00e7\u00e3o Marshall-Olkin Normal e Aplica\u00e7\u00f5es\u00a0<\/a><a href=\"http:\/\/www.est.ufmg.br\/portal\/arquivos\/mestrado\/dissertacoes\/dissertacao_gabriela_oliveira.pdf\" target=\"_blank\" rel=\"noopener\">(PDF)<\/a><\/div><div><strong>Orientador:<\/strong> Prof. Fredy Walter Castellares C\u00e1ceres<\/div><div>\u00a0<\/div><div><strong>195<\/strong><\/div><div><strong>Nome:<\/strong> Calisto Manuel M\u00e1quina<\/div><div><strong>Data da Defesa:<\/strong> 21\/02\/2014<\/div><div><strong>T\u00edtulo:<\/strong> <a href=\"https:\/\/www.est.ufmg.br\/portal\/wp-content\/uploads\/2023\/01\/195-dissertacao_calisto_manuel.pdf\">\u00a0An\u00e1lise de Dados de Sobreviv\u00eancia Espacialmente Correlacionados\u00a0(PDF)<\/a><\/div><div><strong>Orientador:<\/strong> Prof. F\u00e1bio Demarqui\u00a0<\/div><div>\u00a0<\/div><div><strong>194<\/strong><\/div><div><strong>Nome:<\/strong> T\u00falio Lima Sousa Madureira Silva<\/div><div><strong>Data da Defesa:<\/strong> 27\/01\/2014<\/div><div><strong>T\u00edtulo:<\/strong> <a href=\"https:\/\/www.est.ufmg.br\/portal\/wp-content\/uploads\/2023\/01\/194-dissertacao_tulio_lima.pdf\">Avalia\u00e7\u00e3o do Risco para um Sistema de Equa\u00e7\u00f5es Diferenciais \u00a0Ordin\u00e1rias Estoc\u00e1sticas Correlacionadas\u00a0(PDF)<\/a><\/div><div><strong>Orientador:<\/strong> Prof. Sokol Ndreca<\/div><div>\u00a0<\/div><div><strong>193<\/strong><\/div><div><strong>Nome:<\/strong> Raquel de Souza Borges Ferreira<\/div><div><strong>Data da Defesa: <\/strong>17\/01\/2014<\/div><div><strong>T\u00edtulo:<\/strong> <a href=\"https:\/\/www.est.ufmg.br\/portal\/wp-content\/uploads\/2023\/01\/193-dissertacao_raquel_ferreira.pdf\">An\u00e1lise de Sobreviv\u00eancia com Erros de Classifica\u00e7\u00e3o Desconhecidos\u00a0<\/a><a href=\"http:\/\/www.est.ufmg.br\/portal\/arquivos\/mestrado\/dissertacoes\/dissertacao_raquel_ferreira.pdf\" target=\"_blank\" rel=\"noopener\">(PDF)<\/a><\/div><div><strong>Orientador:<\/strong> Profa. Magda Carvalho Pires<\/div><div>\u00a0<\/div><div><strong>192<\/strong><\/div><div><strong>Nome:<\/strong> Renan Xavier Corte<\/div><div><strong>Data da Defesa:<\/strong> 13\/01\/2014<\/div><div><strong>T\u00edtulo:<\/strong> <a href=\"https:\/\/www.est.ufmg.br\/portal\/wp-content\/uploads\/2023\/01\/192-dissertacao_renan_xavier_cortes.pdf\">Estimando Modelos Din\u00e2micos utilizando o ILNA para Campos Aleat\u00f3rios Markovianos N\u00e3o Gaussianos\u00a0(PDF)<\/a><\/div><div><strong>Orientador:<\/strong> Prof. Marcos Oliveira Prates<\/div><div>\u00a0<\/div><div><strong>191<\/strong><\/div><div><strong>Nome:<\/strong> Za\u00edda Jesus Quiroz Cornejo<\/div><div><strong>Data da Defesa:<\/strong> 13\/01\/2014<\/div><div><strong>T\u00edtulo:<\/strong> <a href=\"https:\/\/www.est.ufmg.br\/portal\/wp-content\/uploads\/2023\/01\/191-dissertacao_mestrado_zaida-_quiroz.pdf\">Abordagem Bayesiana para estimar a biomassa da anchova na costa do Peru\u00a0(PDF)<\/a><\/div><div><strong>Orientador:<\/strong> Prof.Marcos Oliveira Prates<\/div><\/div>\n\t\t\t\t\t\t\t\t\t<div class=\"elementor-tab-title elementor-tab-mobile-title\" aria-selected=\"false\" data-tab=\"10\" role=\"tab\" tabindex=\"-1\" aria-controls=\"elementor-tab-content-12410\" aria-expanded=\"false\">ANO 2013<\/div>\n\t\t\t\t\t<div id=\"elementor-tab-content-12410\" class=\"elementor-tab-content elementor-clearfix\" data-tab=\"10\" role=\"tabpanel\" aria-labelledby=\"elementor-tab-title-12410\" tabindex=\"0\" hidden=\"hidden\"><div><strong>190<\/strong><\/div><div><strong>Nome:<\/strong> Marina Muniz de Queiroz<\/div><div><strong>Data da Defesa:<\/strong> 05\/12\/2013<\/div><div><strong>T\u00edtulo:<\/strong> <a href=\"https:\/\/www.est.ufmg.br\/portal\/wp-content\/uploads\/2023\/01\/190-dissertacao-_marina_muniz.pdf\">Fam\u00edlia de Distribui\u00e7\u00f5es Log-Skew-Multivariadas: Defini\u00e7\u00e3o, Entropia e outras propriedades como requisito parcial para obten\u00e7\u00e3o do grau de Mestre em Estat\u00edstica\u00a0(PDF)<\/a><\/div><div><strong>Orientador:<\/strong> Profa. Ros\u00e2ngela Helena Loschi<\/div><div>\u00a0<\/div><div><strong>189<\/strong><\/div><div><strong>Nome: <\/strong>Izabella Ara\u00fajo Rodrigues Alves Santos<\/div><div><strong>Data da Defesa:<\/strong> 05\/09\/2013<\/div><div><strong>T\u00edtulo:<\/strong> <a href=\"https:\/\/www.est.ufmg.br\/portal\/wp-content\/uploads\/2023\/01\/189-dissertacao_izabella_santos.pdf\">Modelagem de Jogos Massivos On-Line usando Processos de salto\u00a0(PDF)<\/a><\/div><div><strong>Orientador:<\/strong> Profa. Denise Duarte Scarpa Magalh\u00e3es Alves<\/div><div>\u00a0<\/div><div><strong>188<\/strong><\/div><div><strong>Nome:<\/strong> Silma de Souza Evangelista<\/div><div><strong>Data da Defesa:<\/strong> 28\/06\/2013<\/div><div><strong>T\u00edtulo:<\/strong> <a href=\"https:\/\/www.est.ufmg.br\/portal\/wp-content\/uploads\/2023\/01\/188-dissertacao_mestrado_silma_evangelista.pdf\">Bootstrap estacion\u00e1rio em modelos ARFIMA(p,d,q).\u00a0(PDF)<\/a><\/div><div><strong>Orientador:<\/strong> Profa.Glaura da Concei\u00e7\u00e3o Franco<\/div><div>\u00a0<\/div><div><strong>187<\/strong><\/div><div><strong>Nome:<\/strong> Joana Barbabela Barbosa<\/div><div><strong>Data da Defesa:<\/strong> 20\/06\/2013<\/div><div><strong>T\u00edtulo:<\/strong> <a href=\"https:\/\/www.est.ufmg.br\/portal\/wp-content\/uploads\/2023\/01\/187-dissertacao_mestrado_joana_barbabela_barbosa.pdf\">Linhas de solv\u00eancia utilizando medidas de risco.\u00a0(PDF)<\/a><\/div><div><strong>Orientador:<\/strong> Prof. Sokol Ndreca<\/div><div>\u00a0<\/div><div><strong>186<\/strong><\/div><div><strong>Nome:<\/strong> Andr\u00e9 Gabriel Ferreira Cala\u00e7a da Costa<\/div><div><strong>Data da Defesa:<\/strong> 06\/05\/2013<\/div><div><strong>T\u00edtulo:<\/strong><a href=\"https:\/\/www.est.ufmg.br\/portal\/wp-content\/uploads\/2023\/01\/186-dissertacao_andre_gabriel.pdf\"> Modelos Marginais para Respostas Bin\u00e1rias com Estruturas Hier\u00e1rquicas de Agrupamento.\u00a0(PDF)<\/a><\/div><div><strong>Orientador:<\/strong> Prof. Enrico Antonio Colosimo<\/div><div>\u00a0<\/div><p><strong>185<\/strong><br \/><strong>Nome:<\/strong> Fernanda Rodrigues Vargas<br \/><strong>Data da Defesa:<\/strong> 03\/05\/2013<br \/><strong>T\u00edtulo:<\/strong> <a href=\"https:\/\/www.est.ufmg.br\/portal\/wp-content\/uploads\/2023\/01\/185-dissertacao_fernanda_vargas.pdf\">Estimativas Bayesianas da Taxa de Letalidade do Infarto Agudo do Mioc\u00e1rdio\u00a0(PDF)<\/a><br \/><strong>Orientador:<\/strong> Prof. Renato Martins Assun\u00e7\u00e3o<\/p><p><strong>184<\/strong><br \/><strong>Nome:<\/strong> Talita de Souza Costa Silva<br \/><strong>Data da Defesa:<\/strong> 25\/03\/2013<br \/><strong>T\u00edtulo:<\/strong> Modelos de Regress\u00e3o Aditivos Din\u00e2micos Aplicados \u00e0 Dados Longitudinais<br \/><strong>Orientadora:<\/strong> Profa. Lourdes Coral Contreras Montenegro<\/p><p><strong>183\u00a0<\/strong><br \/><strong>Nome:<\/strong> Felipe Carvalho \u00c1lvares da Silva<br \/><strong>Data de Defesa:<\/strong> 14\/03\/2013<br \/><strong>T\u00edtulo:<\/strong> <a href=\"https:\/\/www.est.ufmg.br\/portal\/wp-content\/uploads\/2023\/01\/183-dissertacao_felipe_carvalho.pdf\">Simula\u00e7\u00e3o e An\u00e1lise Num\u00e9ricas de Equa\u00e7\u00f5es Diferenciais Estoc\u00e1sticas Unidimensionais: Uma Abordagem Introdut\u00f3ria\u00a0(PDF)\u00a0<\/a><br \/><strong>Orientador:<\/strong> Prof. Luiz Henrique Duczmal<\/p><p><strong>182<\/strong><br \/><strong>Nome:<\/strong> N\u00edvea Bispo da Silva\u00a0<br \/><strong>Data da Defesa:<\/strong> 22\/02\/2013<br \/><strong>T\u00edtulo:<\/strong> <a href=\"https:\/\/www.est.ufmg.br\/portal\/wp-content\/uploads\/2023\/01\/182-dissertacao_final_nivea_bispo.pdf\">Diferentes Estrat\u00e9gicas de Modelagem de Respostas Polit\u00f4micas Ordinais em Estudos Logitudinais\u00a0(PDF)\u00a0<\/a><br \/><strong>Orientador:<\/strong> Prof. Enrico Ant\u00f4nio Colosimo<\/p><p><strong>181<\/strong><br \/><strong>Nome:<\/strong> Paola Mara de Oliveira Quinto<br \/><strong>Data da Defesa:<\/strong> 22\/02\/2013<br \/><strong>T\u00edtulo:<\/strong> <a href=\"https:\/\/www.est.ufmg.br\/portal\/wp-content\/uploads\/2023\/01\/181-dissertacao_paola_mara_de_oliveira_quinto.pdf\">An\u00e1lise de Cluster em um Plano de Sa\u00fade Via Wavelets\u00a0(PDF)\u00a0<\/a><br \/><strong>Orientador:<\/strong> Renato Martins Assun\u00e7\u00e3o<\/p><p><strong>180<\/strong><br \/><strong>Nome:<\/strong> Silvana Schneider<br \/><strong>Data da Defesa:<\/strong> 18\/02\/2013<br \/><strong>T\u00edtulo<\/strong>: Estima\u00e7\u00e3o de Propor\u00e7\u00f5es Al\u00e9licas e Genot\u00edpicas em Dados de Copy Nuymber Variation<br \/><strong>Orientadora:<\/strong> Profa. Denise Duarte Scarpa M.Alves<\/p><p><strong>179<\/strong><br \/><strong>Nome:<\/strong> Luis Gustavo Silva e Silva<br \/><strong>Data da Defesa:<\/strong> 15\/02\/2013<br \/><strong>T\u00edtulo:<\/strong> <a href=\"https:\/\/www.est.ufmg.br\/portal\/wp-content\/uploads\/2023\/01\/179-dissertacao_luis_gustavo_silva.pdf\">Novas Ferramentas para Visualiza\u00e7\u00e3o Georreferenciadas de Dados: uma integra\u00e7\u00e3o entre R e Google Maps\u00a0(PDF)\u00a0<\/a><br \/><strong>Orientador:<\/strong> Prof. Renato Martins Assun\u00e7\u00e3o<\/p><\/div>\n\t\t\t\t\t\t\t\t\t<div class=\"elementor-tab-title elementor-tab-mobile-title\" aria-selected=\"false\" data-tab=\"11\" role=\"tab\" tabindex=\"-1\" aria-controls=\"elementor-tab-content-12411\" aria-expanded=\"false\">ANO 2012<\/div>\n\t\t\t\t\t<div id=\"elementor-tab-content-12411\" class=\"elementor-tab-content elementor-clearfix\" data-tab=\"11\" role=\"tabpanel\" aria-labelledby=\"elementor-tab-title-12411\" tabindex=\"0\" hidden=\"hidden\"><p><strong>178<\/strong><br \/><strong>Nome:<\/strong> Francisco da Silva Oliveira J\u00fanior<br \/><strong>Data da Defesa:<\/strong> 13 de julho\/2012<br \/><strong>T\u00edtulo:<\/strong> <a href=\"https:\/\/www.est.ufmg.br\/portal\/wp-content\/uploads\/2023\/01\/178-dissertacao_francisco_oliveira_jr.pdf\">Detec\u00e7\u00e3o e Infer\u00eancia de Clusters por Meio do Fluxo de Pessoas\u00a0(PDF)<\/a><br \/><strong>Orientadora:<\/strong> Lourdes Coral Contreras Montenegro<\/p><div><strong>177<\/strong><\/div><div><strong>Nome:<\/strong> S\u00e9rgio Luiz de Oliveira<\/div><div><strong>Data da Defesa:<\/strong> 31 de maio\/ 2012<\/div><div><strong>T\u00edtulo:<\/strong> <a href=\"https:\/\/www.est.ufmg.br\/portal\/wp-content\/uploads\/2023\/01\/177-dissertacao_sergio_luiz_de_oliveira_2012.pdf\">Uma nova abordagem da distribui\u00e7\u00e3o Beta Log\u00edstica\u00a0(PDF)<\/a><\/div><div><strong>Orientadora:<\/strong> Profa. Lourdes Coral Contreras Montegro<\/div><div><strong>Co-Orientador<\/strong>: Fredy Walter Castellares C\u00e1ceres<\/div><div>\u00a0<\/div><div><strong>176<\/strong><\/div><div><strong>Nome:<\/strong> Fernando Henrique Pereira<\/div><div><strong>Data da Defesa:<\/strong> 27 de abril\/ 2012<\/div><div><strong>T\u00edtulo:<\/strong> <a href=\"https:\/\/www.est.ufmg.br\/portal\/wp-content\/uploads\/2023\/01\/176-dissertacao_fernando_henrique_pereira.pdf\">Estudo de Desempenho de Duas Popula\u00e7\u00e3oes Independentes\u00a0(PDF)<\/a><\/div><div><strong>Orientadora:<\/strong> Profa. Sueli Aparecida Mingoti<\/div><div>\u00a0<\/div><div><strong>175<\/strong><\/div><div><strong>Nome:<\/strong> Vanessa Loureiro Silva<\/div><div><strong>Data da Defesa:<\/strong> 19 de mar\u00e7o\/ 2012<\/div><div><strong>T\u00edtulo:<\/strong> <a href=\"https:\/\/www.est.ufmg.br\/portal\/wp-content\/uploads\/2023\/01\/175-dissertacao_vanessa_loureiro_final.pdf\">Associa\u00e7\u00e3o Espa\u00e7o-Temporal Entre Mortalidade por Neoplasias e Proximidade de Antenas de Telefonia Celular em Belo Horizonte\u00a0(PDF)<\/a><\/div><div><strong>Orientador:<\/strong> \u00a0Prof. Marcelo Azevedo Costa<\/div><div><strong>Co-orientadora:<\/strong> Profa. Edna Afonso Freitas<\/div><div>\u00a0<\/div><p><strong>174<\/strong><br \/><strong>Nome:<\/strong> Rodolfo Lourenszutti Torres de Oliveira<br \/><strong>Data da Defesa:<\/strong> 02 de mar\u00e7o\/2012<br \/><strong>T\u00edtulo:<\/strong> <a href=\"https:\/\/www.est.ufmg.br\/portal\/wp-content\/uploads\/2023\/01\/174-rodolfo_parte2.pdf\">Distribui\u00e7\u00e3o Beta-Pareto Truncada\u00a0(PDF)\u00a0<\/a><br \/><strong>Orientadora:<\/strong> Profa. Denise Duarte Scarpa Magalh\u00e3es Alves<\/p><p><strong>173<\/strong><br \/><strong>Nome:<\/strong> Arlaine Aparecida da Silva<br \/><strong>Data da Defesa:<\/strong> 02 de Mar\u00e7o\/2012<br \/><strong>T\u00edtulo:<\/strong> <a href=\"https:\/\/www.est.ufmg.br\/portal\/wp-content\/uploads\/2023\/01\/173-dissertacao_arlaine_a_silva.pdf\">An\u00e1lise de Sobreviv\u00eancia com Erros de Classifica\u00e7\u00e3o (PDF)\u00a0<\/a><br \/><strong>Orientadora:<\/strong> Profa. Magda Carvalho Pires<\/p><p><strong>172<\/strong><br \/><strong>Nome:<\/strong> S\u00e9rgio Henrique Rodrigues Ribeiro<br \/><strong>Data de Defesa:<\/strong> 02 de Mar\u00e7o\/2012<br \/><strong>T\u00edtulo:<\/strong> <a href=\"https:\/\/www.est.ufmg.br\/portal\/wp-content\/uploads\/2023\/01\/172-dissertacao_sergio_ribeiro_2012.pdf\">Sele\u00e7\u00e3o \u00d3tima dos Par\u00e2metros de Varredura Espacial para Detec\u00e7\u00e3o de Conglomerados: Um Estudo de Simula\u00e7\u00e3o\u00a0(PDF)\u00a0<\/a><br \/><strong>Orientador:<\/strong> Prof. Marcelo Azevedo Costa<\/p><p><strong>171<\/strong><br \/><strong>Nome:<\/strong> Paulo Cerqueira dos Santos\u00a0<br \/><strong>Data de Defesa:<\/strong> 01 de Mar\u00e7o\/2012\u00a0<br \/><strong>T\u00edtulo:<\/strong><a href=\"https:\/\/www.est.ufmg.br\/portal\/wp-content\/uploads\/2023\/01\/171-dissertacao_paulo_cerqueira.pdf\"> An\u00e1lise de\u00a0 Sobreviv\u00eancia na Presen\u00e7a de Censura Informativa (PDF)\u00a0<\/a><br \/><strong>Orientador:<\/strong> Prof. Enrico Ant\u00f4nio Colosimo<\/p><p><strong>170<\/strong><br \/><strong>Nome:<\/strong> Luciana Marcelino de Oliveira\u00a0<br \/><strong>Data de Defesa:<\/strong> 01 de mar\u00e7o\/2012<br \/><strong>T\u00edtulo:\u00a0<\/strong> <a href=\"https:\/\/www.est.ufmg.br\/portal\/wp-content\/uploads\/2023\/01\/170-dissertacao_versao_final_luciana_marcelino_oliveira.pdf\">Uma An\u00e1lise do Procedimento de Controle On-line de Qualidade de Taguchi Basiado nos Resultados de uma Sequ\u00eancia de Inspe\u00e7\u00f5es\u00a0(PDF)\u00a0<\/a><br \/><strong>Orientador:<\/strong> Prof. Roberto da Costa Quinino<\/p><p><strong>169<\/strong><br \/><strong>Nome:<\/strong> Gustavo de Carvalho Lana<br \/><strong>Data de Defesa:<\/strong>\u00a0 23 de fevereiro\/2012<br \/><strong>T\u00edtulo:<\/strong> <a href=\"https:\/\/www.est.ufmg.br\/portal\/wp-content\/uploads\/2023\/01\/169-dissertacao_gustavo_lana.pdf\">Intervalos de Previs\u00e3o em Modelos ARFIMA Utilizando a Metodologia Bootstrap\u00a0(PDF)\u00a0<\/a><br \/><strong>Orientadora:<\/strong> Profa. Glaura da Concei\u00e7\u00e3o Franco<\/p><p><strong>168<\/strong><br \/><strong>Nome:<\/strong> Gabriel Bahia Caldas<br \/><strong>Data de Defesa:<\/strong> 27 de fevereiro\/2012<br \/><strong>T\u00edtulo:<\/strong>\u00a0<a href=\"https:\/\/www.est.ufmg.br\/portal\/wp-content\/uploads\/2023\/01\/168-dissertacao_gabriel_bahia_caldas.pdf\">Aloca\u00e7\u00e3o de \u00c1reas de Espera em uma Rede de Filas com Servidores Gerais e Servidores M\u00faltiplos\u00a0(PDF)<\/a><br \/><strong>Orientador:<\/strong>\u00a0 Frederido R. B. Cruz<\/p><\/div>\n\t\t\t\t\t\t\t\t\t<div class=\"elementor-tab-title elementor-tab-mobile-title\" aria-selected=\"false\" data-tab=\"12\" role=\"tab\" tabindex=\"-1\" aria-controls=\"elementor-tab-content-12412\" aria-expanded=\"false\">ANO 2011<\/div>\n\t\t\t\t\t<div id=\"elementor-tab-content-12412\" class=\"elementor-tab-content elementor-clearfix\" data-tab=\"12\" role=\"tabpanel\" aria-labelledby=\"elementor-tab-title-12412\" tabindex=\"0\" hidden=\"hidden\"><p><strong>167<\/strong><br \/><strong>Nome:<\/strong> Wecsley Otero Prates\u00a0<br \/><strong>Data da Defesa:<\/strong> 25 de novembro\/2011<br \/><strong>T\u00edtulo:<\/strong> <a href=\"https:\/\/www.est.ufmg.br\/portal\/wp-content\/uploads\/2023\/01\/167-relatorio_mestrado_correcao_wesley.pdf\">Infer\u00eancia em Assinatura de Amostras de Cadeias de Mem\u00f3ria de Alcance Vari\u00e1vel.\u00a0(PDF)<\/a><a href=\"http:\/\/www.est.ufmg.br\/portal\/arquivos\/mestrado\/dissertacoes\/relatorio_mestrado_correcao_wesley.pdf\" target=\"_blank\" rel=\"noopener\"><br \/><\/a><strong>Orientadora:<\/strong> Profa. Denise Duarte Scarpa Magalh\u00e3es Alves<\/p><p><strong>166<\/strong><br \/><strong>Nome:<\/strong> Renato de Almeida Nascimento<br \/><strong>Data da Defesa:<\/strong> 16 de setembro\/2011<br \/><strong>T\u00edtulo:<\/strong> <a href=\"https:\/\/www.est.ufmg.br\/portal\/wp-content\/uploads\/2023\/01\/166-dissertacao_renato_nascimento.pdf\">Algoritmos para Atribui\u00e7\u00e3o de Tr\u00e1fego em Redes de Filas Finitas Dependentes do Estado.\u00a0(PDF)\u00a0<\/a><br \/><strong>Orientador:<\/strong> Prof. Frederico R. B. Cruz<\/p><p><strong>164<\/strong><br \/><strong>Nome:<\/strong> Cleide Per\u00f4nico de Almeida<br \/><strong>Data da Defesa:<\/strong> 05 de agosto\/2011<br \/><strong>T\u00edtulo:<\/strong> <a href=\"https:\/\/www.est.ufmg.br\/portal\/wp-content\/uploads\/2023\/01\/164-cleide_de_almeida.pdf\">Aplica\u00e7\u00e3o da Fun\u00e7\u00e3o Intensidade no Delineamento de Clusters de Doen\u00e7as no Estado de Minas Gerais.\u00a0(PDF)\u00a0<\/a><br \/><strong>Orientador:<\/strong>\u00a0 Prof. Sabino Jos\u00e9 Ferreira Neto<br \/><strong>Co-Orientador:<\/strong>\u00a0 Fernando Luiz Pereira de Oliveira<\/p><p><strong>163\u00a0\u00a0<\/strong><br \/><strong>Nome:<\/strong> Cl\u00f3dio Pereira de Almeida<br \/><strong>Data da Defesa:<\/strong> 01 de julho\/2011<br \/><strong>T\u00edtulo:<\/strong> <a href=\"https:\/\/www.est.ufmg.br\/portal\/wp-content\/uploads\/2023\/01\/163-Dissertacao_clodio.pdf\">M\u00e9todos Num\u00e9ricos de Estima\u00e7\u00e3o Para Modelos de Degrada\u00e7\u00e3o Como Efeitos Aleat\u00f3rios N\u00e3o Normais\u00a0(PDF)\u00a0<\/a><br \/><strong>Orientadora:<\/strong> Profa. Marta Afonso Freitas<br \/><strong>Co-Orientador:<\/strong> Prof. Enrico Ant\u00f4nio Colosimo<\/p><p><strong>162<\/strong><br \/><strong>Nome:<\/strong> Thaize Vieira Martins<br \/><strong>Data da Defesa:<\/strong> 13 de maio\/2011<br \/><strong>T\u00edtulo:<\/strong> <a href=\"https:\/\/www.est.ufmg.br\/portal\/wp-content\/uploads\/2023\/01\/162-Dissertacao_Thaize_Vieira_Martins.pdf\">Intervalos de Previs\u00e3o Bootstrap para Modelos Estruturais\u00a0(PDF)\u00a0<\/a><br \/><strong>Orientadora:<\/strong> Glaura da Concei\u00e7\u00e3o Franco<\/p><p><strong>161<\/strong><br \/><strong>Nome:<\/strong> Caroline Cavatti Vieira<br \/><strong>Data de Defesa:<\/strong>\u00a0 09 de maio\/2011<br \/><strong>T\u00edtulo:<\/strong> <a href=\"https:\/\/www.est.ufmg.br\/portal\/wp-content\/uploads\/2023\/01\/161-caroline_cavatti.pdf\">Estima\u00e7\u00e3o de Densidades Via Misturas de Distribui\u00e7\u00f5es &#8220;Skew&#8221; &#8211; Normal por Processos de Dirichlet\u00a0(PDF)\u00a0<\/a><br \/><strong>Orientadora:<\/strong> Profa. Rosangela Helena Loschi<br \/><strong>Co-Orientadora:<\/strong> Denise Duarte Scarpa Magalh\u00e3es Alves<\/p><p><strong>160<\/strong><br \/><strong>Nome:<\/strong> Erica Castilho Rodrigues<br \/><strong>Data de Defesa:<\/strong> Fev\/2011<br \/><strong>T\u00edtulo:<\/strong> <a href=\"https:\/\/www.est.ufmg.br\/portal\/wp-content\/uploads\/2023\/01\/160-Erica.pdf\">Inferindo a Esstrutura de Vizinhan\u00e7a em Modelos Espaciais\u00a0(PDF)\u00a0<\/a><br \/><strong>Orientador:<\/strong> Prof. Renato Martins Assun\u00e7\u00e3o<\/p><p><strong>159<\/strong><br \/><strong>Nome:<\/strong> Ang\u00e9lica Ferreira Carvalho<br \/><strong>Data de Defesa:<\/strong> Fev\/2011<br \/><strong>T\u00edtulo:<\/strong> <a href=\"https:\/\/www.est.ufmg.br\/portal\/wp-content\/uploads\/2023\/01\/159-angelica.pdf\">Detec\u00e7\u00e3o de Cluters Irregulares para Dados Pontuais Atrav\u00e9s da N\u00e3o-conectividade Ponderada de Grafos\u00a0(PDF)\u00a0<\/a><br \/><strong>Orientador:<\/strong>\u00a0 Prof. Luiz Henrique Duczmal<br \/><strong>Co-orientador:<\/strong> Prof. Anderson Ribeiro Duarte\/Departamento de matem\u00e1tica \u2013 UFOP<\/p><p><strong>158<\/strong><br \/><strong>Nome:<\/strong> Carolina Silva Pena<br \/><strong>Data de Defesa:<\/strong> Mar\/2011<br \/><strong>T\u00edtulo:<\/strong> <a href=\"https:\/\/www.est.ufmg.br\/portal\/wp-content\/uploads\/2023\/01\/158-CarolinaSilvaPena.pdf\">An\u00e1lise das Redes de Tr\u00e2nsito Animal Integrada \u00e0 Simula\u00e7\u00e3o da Difus\u00e3o de Enfermidades Infecciosas\u00a0(PDF)\u00a0<\/a><br \/><strong>Orientador:<\/strong> Prof. Marcelo Azevedo Costa<\/p><p><strong>157<\/strong><br \/><strong>Nome:<\/strong> Jos\u00e9 Luiz Padilha da Silva<br \/><strong>Data de Defesa:<\/strong> Fev\/2011<br \/><strong>T\u00edtulo:<\/strong> <a href=\"https:\/\/www.est.ufmg.br\/portal\/wp-content\/uploads\/2023\/01\/157-luizpadilha.pdf\">M\u00e9todos de impulta\u00e7\u00e3o m\u00faltipla para GEE em estudos longitudianis\u00a0(PDF)\u00a0<\/a><br \/><strong>Orientador:<\/strong> Prof. Enrico Ant\u00f4nio Colosimo<\/p><p><strong>156<\/strong><br \/><strong>Nome:<\/strong> Cristiano de Carvalho Santos<br \/><strong>Data de Defesa:<\/strong> Fev\/2011<br \/><strong>T\u00edtulo:<\/strong> <a href=\"https:\/\/www.est.ufmg.br\/portal\/wp-content\/uploads\/2023\/01\/156-CristianodeCarvalho.pdf\">Modelos Log\u00edsticos com Classes Estendidas de Distribui\u00e7\u00f5es Normais para os Efeitos Aleat\u00f3rios\u00a0(PDF)\u00a0<\/a><br \/><strong>Orientador(a):<\/strong> Rosangela Helena Loschi<\/p><p><strong>155<\/strong><br \/><strong>Nome:<\/strong> Gabriela Drummond Marques da Silva<br \/><strong>Data de defesa:<\/strong> Fev\/2011<br \/><strong>T\u00edtulo:<\/strong> <a href=\"https:\/\/www.est.ufmg.br\/portal\/wp-content\/uploads\/2023\/01\/155-tese-gabriela.pdf\">Teste de Aleatoriedade Espacial com Dist\u00e2ncias e \u00c2ngulos\u00a0(PDF)\u00a0<\/a><br \/><strong>Orientador:<\/strong> Prof. Renato Martins Assun\u00e7\u00e3o<\/p><p><strong>154<\/strong><br \/><strong>Nome:<\/strong> F\u00e1bio Rocha da Silva<br \/><strong>Data de Defesa:<\/strong> Fev\/2011<br \/><strong>T\u00edtulo:<\/strong> <a href=\"https:\/\/www.est.ufmg.br\/portal\/wp-content\/uploads\/2023\/01\/154-fabiorocha.pdf\">Desenvolvimento de uma medida de associa\u00e7\u00e3o entre espa\u00e7o e tempo\u00a0(PDF)\u00a0<\/a><br \/><strong>Orientador:<\/strong> Prof. Renato Martins Assun\u00e7\u00e3o<\/p><\/div>\n\t\t\t\t\t\t\t\t\t<div class=\"elementor-tab-title elementor-tab-mobile-title\" aria-selected=\"false\" data-tab=\"13\" role=\"tab\" tabindex=\"-1\" aria-controls=\"elementor-tab-content-12413\" aria-expanded=\"false\">ANO 2010<\/div>\n\t\t\t\t\t<div id=\"elementor-tab-content-12413\" class=\"elementor-tab-content elementor-clearfix\" data-tab=\"13\" role=\"tabpanel\" aria-labelledby=\"elementor-tab-title-12413\" tabindex=\"0\" hidden=\"hidden\"><p><strong>153<\/strong><br \/><strong>Nome:<\/strong> Fernanda Nogueira de Assis<br \/><strong>Data de defesa:<\/strong> Dez\/2010<br \/><strong>T\u00edtulo:<\/strong> Fun\u00e7\u00e3o Vari\u00e2ncia em Modelos de Regress\u00e3o n\u00e3o Param\u00e9trica: Estima\u00e7\u00e3o e usos<br \/><strong>Orientador:<\/strong> Prof. Greg\u00f3rio Saravia Atuncar<\/p><p><strong>152<\/strong><br \/><strong>Nome:<\/strong> Ronaldo Lage Figueiredo<br \/><strong>Data de defesa:<\/strong> Dez\/2010<br \/><strong>T\u00edtulo:<\/strong> <a href=\"https:\/\/www.est.ufmg.br\/portal\/wp-content\/uploads\/2023\/01\/152-ronaldolages.pdf\">Detec\u00e7\u00e3o de Clusters usando a Estat\u00edstica Scan Espacial Circular em Conjuntos Seletivos e um fator de penaliza\u00e7\u00e3o: a Ocupa\u00e7\u00e3o Circular\u00a0(PDF)\u00a0<\/a><br \/><strong>Orientador:<\/strong> Sabino Jos\u00e9 Ferreira Neto<\/p><p><strong>151<\/strong><br \/><strong>Nome:<\/strong> Isabel Cristina Gomes<br \/><strong>Data de defesa:<\/strong> Jun\/2010<br \/><strong>T\u00edtulo:<\/strong> <a href=\"https:\/\/www.est.ufmg.br\/portal\/wp-content\/uploads\/2023\/01\/151-7ISABEL_CRISTINA_GOMES.pdf\">Regress\u00e3o Polinomial Local Bivariada: Estima\u00e7\u00e3o e Aplica\u00e7\u00f5es (PDF)<\/a><br \/><strong>Orientador:<\/strong> Prof. Greg\u00f3rio Saravia Atuncar<br \/><strong>Co-Orientador:<\/strong> Prof. Marcelo Azevedo Costa<\/p><p><strong>150<\/strong><br \/><strong>Nome:<\/strong> Tha\u00eds Viana Paiva<br \/><strong>Data de defesa:<\/strong> Ago\/2010<br \/><strong>T\u00edtulo:<\/strong> <a href=\"https:\/\/www.est.ufmg.br\/portal\/wp-content\/uploads\/2023\/01\/150-6thaisviana.pdf\">Vigil\u00e2ncia Espa\u00e7o-temporal com Superf\u00edcies Acumuladas (PDF)<\/a><br \/><strong>Orientador:<\/strong> Prof. Renato Martins Assun\u00e7\u00e3o<\/p><p><strong>149<\/strong><br \/><strong>Nome:<\/strong> Graziele Umbelina Alves Ferreira<br \/><strong>Data de defesa:<\/strong> Jun\/2010<br \/><strong>T\u00edtulo:<\/strong> <a href=\"https:\/\/www.est.ufmg.br\/portal\/wp-content\/uploads\/2023\/01\/149-8Graziele.pdf\">Estudos de Testes Estat\u00edsticos para o Vetor de M\u00e9dias em Controle de Processos Multivariados sob Amostragem Dupla (PDF)<\/a><br \/><strong>Orientador(a):<\/strong> Profa Sueli Aparecida Mingoti<\/p><p><strong>148<\/strong><br \/><strong>Nome:<\/strong> Spencer Barbosa da Silva<br \/><strong>Data de defesa:<\/strong> Mai\/2010<br \/><strong>T\u00edtulo:<\/strong> <a href=\"https:\/\/www.est.ufmg.br\/portal\/wp-content\/uploads\/2023\/01\/148-5Spencer.pdf\">Detec\u00e7\u00e3o de Clusters irregulares atrav\u00e9s da N\u00e3o Conectividade Ponderada de Grafos (PDF)<\/a><br \/><strong>Orientador:<\/strong> Sabino Jos\u00e9 Ferreira Neto<br \/><strong>Co-Orientador:<\/strong> Prof. Anderson Ribeiro Duarte\/Departamento de Matem\u00e1tica &#8211; UFOP<\/p><p><strong>147<\/strong><br \/><strong>Nome:<\/strong> Raphael Lennie Fernandes Ribeiro<br \/><strong>Data de defesa:<\/strong> Abr\/2010<br \/><strong>T\u00edtulo:<\/strong> Testes de Hip\u00f3tese Multivariados Para Matrizes de Covari\u00e2ncias em Processos Autocorrelacionados e suas Aplica\u00e7\u00f5es em Controle de Qualidade (PDF)<br \/><strong>Orientador:<\/strong> Prof\u00aa. Dr\u00aa. Sueli Aparecida Mingoti<\/p><p><strong>146<\/strong><br \/><strong>Nome:<\/strong> Gabriel Machado Gontijo<br \/><strong>Data de defesa:<\/strong> Mar\/2010\u00a0<br \/><strong>T\u00edtulo:<\/strong> Dimensionamento de Sistemas GIx\/M\/c\/N Utilizando N\u00facleo-Estimadores<br \/><strong>Orientador:<\/strong> Greg\u00f3rio Saravia Atuncar<br \/><strong>Co-Orientador:<\/strong> Prof. Frederico Rodrigues Borges da Cruz<\/p><p><strong>145<\/strong><br \/><strong>Nome:<\/strong> M\u00e1rcia Helena Barbian<br \/><strong>Data de defesa:<\/strong> Fev\/2010<br \/><strong>T\u00edtulo:<\/strong> <a href=\"https:\/\/www.est.ufmg.br\/portal\/wp-content\/uploads\/2023\/01\/145-marciahelena.pdf\">Mapeamento de Doen\u00e7as Utilizando Modelos de Mistura com Correla\u00e7\u00e3o Espacial (PDF)<\/a><br \/><strong>Orientador:<\/strong> Prof. Renato Martins Assun\u00e7\u00e3o<br \/><strong>Co-Orientador:<\/strong> Prof. Marcelo Azevedo Costa<\/p><p><strong>144<\/strong><br \/><strong>Nome:<\/strong> Jacqueline Alves Ferreira<br \/><strong>Data de defesa:<\/strong> Fev\/2010<br \/><strong>T\u00edtulo:<\/strong> <a href=\"https:\/\/www.est.ufmg.br\/portal\/wp-content\/uploads\/2023\/01\/144-3Dissertacao_JacquelineFerreira.pdf\">Modelo Parti\u00e7\u00e3o Produto com \u201cClusters\u201d Correlacionados (PDF)<\/a><br \/><strong>Orientador (a):<\/strong> Profa:Rosangela Helena\u00a0\u00a0 Loschi<br \/><strong>Co-Orientador:<\/strong> Prof. Marcelo Azevedo Costa<\/p><p><strong>143<\/strong><br \/><strong>Nome:<\/strong> Gustavo Henrique Mitraud Assis Rocha<br \/><strong>Data de defesa:<\/strong> Fev\/2010<br \/><strong>T\u00edtulo:<\/strong> <a href=\"https:\/\/www.est.ufmg.br\/portal\/wp-content\/uploads\/2023\/01\/143-2DissertGustavoMitraud.pdf\">Infer\u00eancia em Fam\u00edlias Estendidas de Distribui\u00e7\u00f5es Normais (PDF)<\/a><br \/><strong>Orientador(a):<\/strong> Profa:Rosangela Helena Loschi<\/p><p><strong>142<\/strong><br \/><strong>Nome:<\/strong> Rodrigo Citton Padilha dos Reis<br \/><strong>Data de defesa:<\/strong> Fev\/2010<br \/><strong>T\u00edtulo:<\/strong> T\u00e9cnicas Estat\u00edsticas para Avalia\u00e7\u00e3o de Novos Marcadores de Risco:Aplica\u00e7\u00f5es Envolvendo o Modelo de Cox<br \/><strong>Orientador:<\/strong> Prof. Enrico Ant\u00f4nio Colosimo\u00a0<\/p><p><strong>141<\/strong><br \/><strong>Nome:<\/strong> Gustavo Guimar\u00e3es de Castro Amorim<br \/><strong>Data de defesa:<\/strong> Jan\/2010<br \/><strong>T\u00edtulo:<\/strong> Dist\u00e2ncia de Wasserstein: Propriedades e Aplica\u00e7\u00f5es<br \/><strong>Orientador(a):<\/strong> Profa. Aniura Milan\u00eas Barrientos<\/p><p><strong>140\u00a0\u00a0<\/strong><br \/><strong>Nome:<\/strong> Alessandro Jos\u00e9 Queiroz Sarnaglia<br \/><strong>Data de defesa:<\/strong> Jan\/2010<br \/><strong>T\u00edtulo:<\/strong> <a href=\"https:\/\/www.est.ufmg.br\/portal\/wp-content\/uploads\/2023\/01\/140-1Dissertacao_Alessandro_Jose.pdf\">Estima\u00e7\u00e3o de Processos Peri\u00f3dicos Autorregressivos : Uma Abordagem no Dom\u00ednio da Freq\u00fc\u00eancia (PDF)<\/a><br \/><strong>Orientador:<\/strong> Prof.Valderio Anselmo Reisen<\/p><\/div>\n\t\t\t\t\t\t\t\t\t<div class=\"elementor-tab-title elementor-tab-mobile-title\" aria-selected=\"false\" data-tab=\"14\" role=\"tab\" tabindex=\"-1\" aria-controls=\"elementor-tab-content-12414\" aria-expanded=\"false\">ANO 2009<\/div>\n\t\t\t\t\t<div id=\"elementor-tab-content-12414\" class=\"elementor-tab-content elementor-clearfix\" data-tab=\"14\" role=\"tabpanel\" aria-labelledby=\"elementor-tab-title-12414\" tabindex=\"0\" hidden=\"hidden\"><p><strong>139<\/strong><br \/><strong>Nome:<\/strong> Let\u00edcia Cavalari Pinheiro<br \/><strong>Data de defesa:<\/strong> Dezembro\/2009<br \/><strong>T\u00edtulo:<\/strong> <a href=\"https:\/\/www.est.ufmg.br\/portal\/wp-content\/uploads\/2023\/01\/139-Dissertacao_Leticia_Pinheiro.pdf\">Alguns Aspectos de Modelos Espa\u00e7o-Temporais (PDF)<\/a><br \/><strong>Orientador:<\/strong> Prof. Dr. Renato Martins Assun\u00e7\u00e3o<\/p><p><strong>138\u00a0<\/strong><br \/><strong>Nome:<\/strong> Thiago Rezende dos Santos\u00a0<br \/><strong>Data de Defesa:<\/strong> Mar\u00e7o\/2009\u00a0<br \/><strong>T\u00edtulo:<\/strong><a href=\"https:\/\/www.est.ufmg.br\/portal\/wp-content\/uploads\/2023\/01\/138-Dissertacao_ModelosEstruturais_ThiagoRezende.pdf\"> Infer\u00eancia sobre os hiperpar\u00e2metros dos Modelos Estruturais sobre as Perpectivas cl\u00e1ssica e Bayesiana (PDF)<\/a><br \/><strong>Orientador (a)<\/strong>: Profa. Dra. Glaura da Concei\u00e7\u00e3o Franco<\/p><p><strong>137<\/strong><br \/><strong>Nome:<\/strong> Aline Martines Piroutek<br \/><strong>Data da Defesa:<\/strong> Mar\u00e7o\/2009<br \/><strong>T\u00edtulo:<\/strong> <a href=\"https:\/\/www.est.ufmg.br\/portal\/wp-content\/uploads\/2023\/01\/137-aline-dissertacao.pdf\">Probabilidade de Ru\u00edna com eventos espaciais\u00a0(PDF)<\/a><br \/><strong>Orientador:<\/strong> Renato Martins Assun\u00e7\u00e3o<\/p><p><strong>136<\/strong><br \/><strong>Nome:<\/strong> Gabriel Vin\u00edcius Ara\u00fajo Fonseca<br \/><strong>Data de Defesa:<\/strong> 2009<br \/><strong>T\u00edtulo:<\/strong> <a href=\"https:\/\/www.est.ufmg.br\/portal\/wp-content\/uploads\/2023\/01\/136-GabrielVinicius.pdf\">An\u00e1lise de Covari\u00e2ncia N\u00e3o-param\u00e9trica (PDF)<\/a><br \/><strong>Orientador(a):<\/strong> Gregorio Saravia Atuncar<\/p><p><strong>135<\/strong><br \/><strong>Nome:<\/strong> Let\u00edcia Pereira Pinto<br \/><strong>Data de Defesa:<\/strong> Junho\/2009<br \/><strong>T\u00edtulo:<\/strong> <a href=\"https:\/\/www.est.ufmg.br\/portal\/wp-content\/uploads\/2023\/01\/135-dissertacaoLeticiaPPinto.pdf\">Estudo comparativo de testes de hip\u00f3tese multivariados para matrizes de covari\u00e2ncias via simula\u00e7\u00e3o de Monte Carlo e suas aplica\u00e7\u00f5es em Controle de Qualidade (PDF)<\/a><br \/><strong>Orientador(a):<\/strong> Profa. Dra. Sueli Aparecida Mingoti<\/p><p><strong>134<\/strong><br \/><strong>Nome:<\/strong> Nayara Francine de Moura Gon\u00e7alves<br \/><strong>Data de Defesa:<\/strong> Maio\/2009<br \/><strong>T\u00edtulo:<\/strong><a href=\"https:\/\/www.est.ufmg.br\/portal\/wp-content\/uploads\/2023\/01\/134-DissertacaodaNayara.pdf\"> Bootstrap\u00a0em\u00a0Modelos Auto-Regressivos\u00a0Aditivos\u00a0Generalizados (PDF)<\/a><br \/><strong>Orientador(a):<\/strong> Glaura da Concei\u00e7\u00e3o Franco &#8211; UFMG<br \/><strong>Co-orientador(a):<\/strong> Vald\u00e9rio Anselmo Reisen &#8211; UFES<\/p><\/div>\n\t\t\t\t\t\t\t\t\t<div class=\"elementor-tab-title elementor-tab-mobile-title\" aria-selected=\"false\" data-tab=\"15\" role=\"tab\" tabindex=\"-1\" aria-controls=\"elementor-tab-content-12415\" aria-expanded=\"false\">ANO 2008<\/div>\n\t\t\t\t\t<div id=\"elementor-tab-content-12415\" class=\"elementor-tab-content elementor-clearfix\" data-tab=\"15\" role=\"tabpanel\" aria-labelledby=\"elementor-tab-title-12415\" tabindex=\"0\" hidden=\"hidden\"><p><strong>133<\/strong><br \/><strong>Nome:<\/strong> Fernanda Carla \u00c1lvares Dias Diniz<br \/><strong>Data de Defesa:<\/strong> 29\/10\/2008<br \/><strong>T\u00edtulo:<\/strong> <a href=\"https:\/\/www.est.ufmg.br\/portal\/wp-content\/uploads\/2023\/01\/133-Dissertacao_FinalFernandaCarla.pdf\">O Modelo Param\u00e9trico de Weibull Bi-variado Para Modelagem de Dados com Censura Intervalar (PDF)<\/a><br \/><strong>Orientador(a):<\/strong> Marta Afonso Freitas<\/p><p><strong>132<\/strong><br \/><strong>Nome:<\/strong> Joria Martinho Gon\u00e7alves<br \/><strong>Data de Defesa:<\/strong> 2008\u00a0<br \/><strong>T\u00edtulo:<\/strong> <a href=\"https:\/\/www.est.ufmg.br\/portal\/wp-content\/uploads\/2023\/01\/132-dissertacaojoriafinal.pdf\">&#8220;Solu\u00e7\u00f5es para O problema de separa\u00e7\u00e3o quase-completa em regress\u00e3o log\u00edstica&#8221; (PDF)<\/a><br \/><strong>Orientador(a):<\/strong> Prof. PhD. Enrico Ant\u00f4nio Colosimo\u00a0<br \/><strong>Co-orientador(a):<\/strong> Prof\u00aa. Dr\u00aa. Ros\u00e2ngela Helena Loschi<\/p><p><strong>131<\/strong><br \/><strong>Nome:<\/strong> Edmeire Alexandra Pinto<br \/><strong>Data de Defesa:<\/strong> 2008<br \/><strong>T\u00edtulo:<\/strong> <a href=\"https:\/\/www.est.ufmg.br\/portal\/wp-content\/uploads\/2023\/01\/131-dissetacaoEdimeireglobal.pdf\">Testes Para Quebras Estruturais em Modelos N\u00e3o-Lineares (PDF)<\/a><br \/><strong>Orientador(a):<\/strong> Ela Mercedes Medrano de Toscano<br \/><strong>Co-orientador(a):<\/strong> Aureliano Angel Bressan<\/p><p><strong>130<\/strong><br \/><strong>Nome:<\/strong> Rosiane Braga Monteiro<br \/><strong>Data de Defesa:<\/strong> 2008<br \/><strong>T\u00edtulo:<\/strong> <a href=\"https:\/\/www.est.ufmg.br\/portal\/wp-content\/uploads\/2023\/01\/130-dissertacaoRosiane.pdf\">Utiliza\u00e7\u00e3o de Testes de Degrada\u00e7\u00e3o em uma Situa\u00e7\u00e3o Cl\u00ednica (PDF)<\/a><br \/><strong>Orientador(a):<\/strong> Enrico Ant\u00f4nio Colosimo<br \/><strong>Co-orientador(a):<\/strong> Marta Afonso Freitas<\/p><p><strong>129<\/strong><br \/><strong>Nome:<\/strong> Markus Chagas Stein<br \/><strong>Data de Defesa:<\/strong> Dezembro\/2008<br \/><strong>T\u00edtulo:<\/strong> <a href=\"https:\/\/www.est.ufmg.br\/portal\/wp-content\/uploads\/2023\/01\/129-dissertacaoMarkusChagas.pdf\">Testes da Raz\u00e3o de Verossimilhan\u00e7as em Modelos Lineares Mistos (PDF)<\/a><br \/><strong>Orientador(a):<\/strong> Michel Ferreira da Silva<\/p><p><strong>128<\/strong><br \/><strong>Nome:<\/strong> Rosilaine de Menezes Vianei<br \/><strong>Data de Defesa:<\/strong> 25 de Novembro de 2008<br \/><strong>T\u00edtulo:<\/strong> <a href=\"https:\/\/www.est.ufmg.br\/portal\/wp-content\/uploads\/2023\/01\/128-dissertacaofinalRosilaine.pdf\">Testes Ensaios de Degrada\u00e7\u00e3o Destrutivos: Aplica\u00e7\u00e3o em Tempo de Vida de Prateleira (PDF)<\/a><br \/><strong>Orientador(a):<\/strong> Marta Afonso Freitas<\/p><p><strong>127<\/strong><br \/><strong>Nome:<\/strong> Fabiana de Assis Alves<br \/><strong>Data de Defesa:<\/strong> Dezembro\/2008<br \/><strong>T\u00edtulo:<\/strong> <a href=\"https:\/\/www.est.ufmg.br\/portal\/wp-content\/uploads\/2023\/01\/127-DissertacaoMestradoFabiana.pdf\">Compara\u00e7\u00e3o de testes de raiz unit\u00e1ria e cointegra\u00e7\u00e3o em modelos de longa dependencia (PDF)<\/a><br \/><strong>Orientador(a):<\/strong> Glaura da Concei\u00e7\u00e3o Franco<br \/><strong>Co-orientador(a):<\/strong> Vald\u00e9rio Anselmo Reisen<\/p><p><strong>126<\/strong><br \/><strong>Nome:<\/strong> Renato Hudson de Andrade<br \/><strong>Data de Defesa:<\/strong> Outubro\/2008\u00a0<br \/><strong>T\u00edtulo:<\/strong> <a href=\"https:\/\/www.est.ufmg.br\/portal\/wp-content\/uploads\/2023\/01\/126-dissertarenato.pdf\">Avalia\u00e7\u00e3o de Risco de Cr\u00e9dito utilizando grupo de classificadores (PDF)<\/a><br \/><strong>Orientador(a)<\/strong>: Luis Henrique Duczmal<\/p><p><strong>125<\/strong><br \/><strong>Nome:<\/strong> Jo\u00e3o Vitor Dias Monteiro<br \/><strong>Data de Defesa:<\/strong> 11\/8\/2008\u00a0<br \/><strong>T\u00edtulo:<\/strong> Uma abordagem bayesiana para identificar agrupamentos temporais e espaciais\u00a0<br \/><strong>Orientador(a):<\/strong> Rosangela Helena Loschi<\/p><p><strong>124<\/strong><br \/><strong>Nome:<\/strong> Daniela Monteiro Braga<br \/><strong>Data de Defesa:<\/strong> 27\/6\/2008<br \/><strong>T\u00edtulo:<\/strong> <a href=\"https:\/\/www.est.ufmg.br\/portal\/wp-content\/uploads\/2023\/01\/124-DanielaMBragaDissertacao8set08.pdf\">Planejamento e an\u00e1lise de estudos de bioequival\u00eancia: compara\u00e7\u00e3o de delineamentos do tipo cross-over (PDF)<\/a><br \/><strong>Orientador(a):<\/strong> Arminda Lucia Siqueira<\/p><p><strong>123<\/strong><br \/><strong>Nome:<\/strong> Marcos Oliveira Prates<br \/><strong>Data de Defesa:<\/strong> 16\/6\/2008<br \/><strong>T\u00edtulo:<\/strong> <a href=\"https:\/\/www.est.ufmg.br\/portal\/wp-content\/uploads\/2023\/01\/123-Dissertacao-Marcos-Oliveira-Prates.pdf\">M\u00e9todo Scan Flex\u00edvel para Detec\u00e7\u00e3o em \u00c1rvores Hier\u00e1rquicas (PDF)<\/a><br \/><strong>Orientador(a):<\/strong> Renato Martins Assun\u00e7\u00e3o<\/p><p><strong>122<\/strong><br \/><strong>Nome:<\/strong> Danilo Louren\u00e7o Lopes \u00a0\u00a0<br \/><strong>Data de Defesa:<\/strong> 16\/6\/2008\u00a0<br \/><strong>T\u00edtulo:<\/strong> <a href=\"https:\/\/www.est.ufmg.br\/portal\/wp-content\/uploads\/2023\/01\/122-Dissertacaodanilo.pdf\">Analise Estat\u00edstica de Processos Pontuais Bivariados Ligados\u00a0(PDF)<\/a><br \/><strong>Orientador(a):<\/strong> Renato Martins Assun\u00e7\u00e3o<\/p><p><strong>121<\/strong><br \/><strong>Nome:<\/strong> Bruna de Castro Dias Bicalho \u00a0<br \/><strong>Data de Defesa:<\/strong> 12\/6\/2008\u00a0<br \/><strong>T\u00edtulo:<\/strong> <a href=\"https:\/\/www.est.ufmg.br\/portal\/wp-content\/uploads\/2023\/01\/121-BrunaBicalhoEstatisticaMestrado.pdf\">Modelos Espa\u00e7o-Temporais: Estudo de Casos\u00a0(PDF)<\/a><br \/><strong>Orientador(a):<\/strong> Sueli Aparecida Mingoti<\/p><p><strong>120<\/strong><br \/><strong>Nome:<\/strong> Pedro Henrique Melo Albuquerque\u00a0<br \/><strong>Data de Defesa:<\/strong> 11\/6\/2008\u00a0<br \/><strong>T\u00edtulo:<\/strong> <a href=\"https:\/\/www.est.ufmg.br\/portal\/wp-content\/uploads\/2023\/01\/120-Dissertacao_Pedro_Corrigido.pdf\">Conglomerados Espaciais: uma nova proposta\u00a0(PDF)<\/a><br \/><strong>Orientador(a):<\/strong> Luiz Henrique Duczmal<\/p><p><strong>119<\/strong><br \/><strong>Nome:<\/strong> Fernanda Karine Ruiz Colenghi \u00a0<br \/><strong>Data de Defesa:<\/strong> 16\/4\/2008\u00a0<br \/><strong>T\u00edtulo:<\/strong> <a href=\"https:\/\/www.est.ufmg.br\/portal\/wp-content\/uploads\/2023\/01\/119-dissertacao_final_fernanda.pdf\">Estudo de Testes de Hip\u00f3tese Multivariados para o Vetor de M\u00e9dias Via Simula\u00e7\u00e3o de Monte Carlo\u00a0(PDF)<\/a><br \/><strong>Orientador(a):<\/strong> Sueli Aparecida Mingoti<\/p><p><strong>118<\/strong><br \/><strong>Nome:<\/strong> Elias Teixeira Krainski\u00a0\u00a0<br \/><strong>Data de Defesa:<\/strong> 7\/3\/2008\u00a0<br \/><strong>T\u00edtulo:<\/strong> <a href=\"https:\/\/www.est.ufmg.br\/portal\/wp-content\/uploads\/2023\/01\/118-dissertacaoElias.pdf\">Estrutura de Covari\u00e2ncia de Modelos Espaciais para Dados de \u00c1reas (PDF)<\/a><br \/><strong>Orientador(a):<\/strong> Renato Martins Assun\u00e7\u00e3o<\/p><p><strong>117<\/strong><br \/><strong>Nome:<\/strong> Naila da Silva Santana Moura\u00a0<br \/><strong>Data de Defesa:<\/strong> 29\/2\/2008\u00a0<br \/><strong>T\u00edtulo:<\/strong> Intevalos de Confian\u00e7a Bootstrap em Modelos de Longa Depend\u00eancia\u00a0<br \/><strong>Orientador(a):<\/strong> Glaura da Concei\u00e7\u00e3o Franco<\/p><\/div>\n\t\t\t\t\t\t\t\t\t<div class=\"elementor-tab-title elementor-tab-mobile-title\" aria-selected=\"false\" data-tab=\"16\" role=\"tab\" tabindex=\"-1\" aria-controls=\"elementor-tab-content-12416\" aria-expanded=\"false\">ANO 2007<\/div>\n\t\t\t\t\t<div id=\"elementor-tab-content-12416\" class=\"elementor-tab-content elementor-clearfix\" data-tab=\"16\" role=\"tabpanel\" aria-labelledby=\"elementor-tab-title-12416\" tabindex=\"0\" hidden=\"hidden\"><p><strong>116<\/strong><br \/><strong>Nome:<\/strong> Marcelo Milit\u00e3o Abrantes\u00a0\u00a0<br \/><strong>Data de Defesa:<\/strong> 20\/12\/2007\u00a0<br \/><strong>T\u00edtulo:<\/strong> <a href=\"https:\/\/www.est.ufmg.br\/portal\/wp-content\/uploads\/2023\/01\/116-marcelomilitao-final.pdf\">Diferentes Estrat\u00e9gicas de Modelagem de Dados Longitudinais Desbalanceados\u00a0(PDF)<\/a><br \/><strong>Orientador(a):<\/strong> Enrico Ant\u00f4nio Colosimo<\/p><p><strong>115<\/strong><br \/><strong>Nome:<\/strong> Luciano Rios Scherrer\u00a0\u00a0<br \/><strong>Data de Defesa:<\/strong> 24\/10\/2007\u00a0<br \/><strong>T\u00edtulo:<\/strong> <a href=\"https:\/\/www.est.ufmg.br\/portal\/wp-content\/uploads\/2023\/01\/115-dissertacao-Luciano.pdf\">Detec\u00e7\u00e3o de Conglomerados Espa\u00e7o-Temporal com Geometria Circular e Arbitr\u00e1ria\u00a0(PDF)\u00a0<\/a><br \/><strong>Orientador(a):<\/strong> Marcelo Azevedo Costa<\/p><p><strong>114<\/strong><br \/><strong>Nome:<\/strong> Anna Carolina Lustosa Lima\u00a0\u00a0<br \/><strong>Data de Defesa:<\/strong> 10\/10\/2007\u00a0<br \/><strong>T\u00edtulo:<\/strong> Modelagem Conjunta de Dados Longitudinais e de Sobreviv\u00eancia\u00a0<br \/><strong>Orientador(a):<\/strong> Enrico Ant\u00f4nio Colosimo<\/p><p><strong>113<\/strong><br \/><strong>Nome:<\/strong> Ana Fl\u00e1via Cupertino Pinto\u00a0\u00a0<br \/><strong>Data de Defesa:<\/strong> 1\/10\/2007\u00a0<br \/><strong>T\u00edtulo:<\/strong> <a href=\"https:\/\/www.est.ufmg.br\/portal\/wp-content\/uploads\/2023\/01\/113-dissertacaoAnaFlaviafinal.pdf\">Filtros de Part\u00edculas: O Algoritmo Resample-Move\u00a0(PDF)<\/a><br \/><strong>Orientador(a):<\/strong> Adrian Pablo Hijinosa Luna<\/p><p><strong>112<\/strong><br \/><strong>Nome:<\/strong> Maria Luiza Guerra de Toledo\u00a0<br \/><strong>Data de Defesa:<\/strong> 22\/8\/2007\u00a0<br \/><strong>T\u00edtulo:<\/strong> Ensaios de Degrada\u00e7\u00e3o: Estudo Comparativo de M\u00e9todos de An\u00e1lise de Dados\u00a0<br \/><strong>Orientador(a):<\/strong> Marta Afonso Freitas<\/p><p><strong>111<\/strong><br \/><strong>Nome:<\/strong> Neander Ferreira Almeida\u00a0\u00a0<br \/><strong>Data de Defesa:<\/strong> 16\/8\/2007\u00a0<br \/><strong>T\u00edtulo:<\/strong> <a href=\"https:\/\/www.est.ufmg.br\/portal\/wp-content\/uploads\/2023\/01\/111-Dissertacao082007NEANDER.pdf\">Controle On-Line de Atributos com Erros de Diagn\u00f3stico e Classifica\u00e7\u00f5es Repetidas (PDF)\u00a0\u00a0<\/a><br \/><strong>Orientador(a):<\/strong> Roberto da Costa Quinino<\/p><p><strong>110<\/strong><br \/><strong>Nome:<\/strong> Fernando Ferreira Kelles\u00a0\u00a0<br \/><strong>Data de Defesa:<\/strong> 8\/8\/2007\u00a0<br \/><strong>T\u00edtulo:<\/strong> <a href=\"https:\/\/www.est.ufmg.br\/portal\/wp-content\/uploads\/2023\/01\/110-DissertacaoFernandoKellesV37FINAL20070808.pdf\">Tempo de vida de Prateleira de Produtos Aliment\u00edcios levando em conta Erros de Avalia\u00e7\u00e3o\u00a0(PDF)<\/a><br \/><strong>Orientador(a):<\/strong> Marta Afonso Freitas<\/p><p><strong>109<\/strong><br \/><strong>Nome:<\/strong> Rosiane Mary Rezende Faleiro\u00a0<br \/><strong>Data de Defesa:<\/strong> 13\/7\/2007\u00a0<br \/><strong>T\u00edtulo:<\/strong> Projeto Robusto de Par\u00e2metros em Sistemas Sinal-reposta: Compara\u00e7\u00e3o de M\u00e9todos de Modelagem e An\u00e1lise\u00a0<br \/><strong>Orientador(a):<\/strong> Marta Afonso Freitas<\/p><p><strong>108<\/strong><br \/><strong>Nome:<\/strong> Fabiana de Matos Moura\u00a0\u00a0<br \/><strong>Data de Defesa:<\/strong> 25\/6\/2007\u00a0<br \/><strong>T\u00edtulo:<\/strong> <a href=\"https:\/\/www.est.ufmg.br\/portal\/wp-content\/uploads\/2023\/01\/108-Tesetexto-final_Fabiana.pdf\">Avalia\u00e7\u00e3o de um Sistema de Inspe\u00e7\u00e3o Dicot\u00f4mica sem o Conhecimento do Estado Real dos Itens Inspecionados\u00a0(PDF)<\/a><br \/><strong>Orientador(a):<\/strong> Roberto da Costa Quinino<\/p><p><strong>107<\/strong><br \/><strong>Nome:<\/strong> Paula Rocha Chelini\u00a0\u00a0<br \/><strong>Data de Defesa:<\/strong> 22\/6\/2007\u00a0<br \/><strong>T\u00edtulo:<\/strong> <a href=\"https:\/\/www.est.ufmg.br\/portal\/wp-content\/uploads\/2023\/01\/107-PaulaChellini.pdf\">Boas Pr\u00e1ticas Estat\u00edsticas em Estudos de Bioequival\u00eancia com Delineamento Crossover 2X2\u00a0(PDF)<\/a><br \/><strong>Orientador(a):<\/strong> Arminda Lucia Siqueira<\/p><p><strong>106<\/strong><br \/><strong>Nome:<\/strong> Luciano Valiensi Lima\u00a0\u00a0<br \/><strong>Data de Defesa:<\/strong> 7\/5\/2007\u00a0<br \/><strong>T\u00edtulo:<\/strong> M\u00e9todos Cl\u00e1ssicos e Baysianos de Estima\u00e7\u00e3o da Janela \u00f3tima em N\u00facleo-Estimadores<br \/><strong>Orientador(a):<\/strong> Sueli Aparecida Mingoti<\/p><p><strong>105<\/strong><br \/><strong>Nome:<\/strong> Renata Assis de Matos<br \/><strong>Data de Defesa:\u00a0<\/strong><br \/><strong>T\u00edtulo:<\/strong> <a href=\"https:\/\/www.est.ufmg.br\/portal\/wp-content\/uploads\/2023\/01\/105-DissertacaoRenataMatosVersaoFinal.pdf\">Compara\u00e7\u00e3o de M\u00e9todologias Aplicadas \u00e0 An\u00e1lise de Agrupamentos na Presen\u00e7a de Vari\u00e1veis Categ\u00f3ricas e Cont\u00ednuas\u00a0(PDF)<\/a><br \/><strong>Orientador(a):<\/strong> Sueli Aparecida Mingoti<\/p><p><strong>104<\/strong><br \/><strong>Nome:<\/strong> Fernando Luiz Pereira de Oliveira\u00a0<br \/><strong>Data de Defesa:<\/strong> 25\/4\/2007\u00a0<br \/><strong>T\u00edtulo:<\/strong> <a href=\"https:\/\/www.est.ufmg.br\/portal\/wp-content\/uploads\/2023\/01\/104-Dissertacao_Fernando_Luiz.pdf\">\u00cdndices de Capacidade para Processos Multivariados Autocorrelacionados\u00a0(PDF)<\/a><br \/><strong>Orientador(a):<\/strong> Sueli Aparecida Mingoti<\/p><p><strong>103<\/strong><br \/><strong>Nome:<\/strong> Michelle Ferreira Miranda\u00a0\u00a0<br \/><strong>Data de Defesa:<\/strong> 12\/4\/2007\u00a0<br \/><strong>T\u00edtulo:<\/strong> <a href=\"https:\/\/www.est.ufmg.br\/portal\/wp-content\/uploads\/2023\/01\/103-TesePrincipamichelle.pdf\">&#8220;Estima\u00e7\u00e3o dos Coeficientes de um Processo de Difus\u00e3o&#8221;\u00a0(PDF)<\/a><br \/><strong>Orientador(a):<\/strong> Gregorio Saravia Atuncar<\/p><p><strong>102<\/strong><br \/><strong>Nome:<\/strong> Leandro Alves Pereira\u00a0\u00a0<br \/><strong>Data de Defesa:<\/strong> 29\/3\/2007\u00a0<br \/><strong>T\u00edtulo:<\/strong> &#8220;Estudo do Tempo de Evacua\u00e7\u00e3o Total em Ambientes Gerais via Aut\u00f4matos Finitos&#8221;\u00a0<br \/><strong>Orientador(a):<\/strong> Luiz Henrique Duczmal<\/p><p><strong>101<\/strong><br \/><strong>Nome:<\/strong> Ivair Ramos Silva\u00a0\u00a0\u00a0<br \/><strong>Data de Defesa:<\/strong> 2\/3\/2007\u00a0<br \/><strong>T\u00edtulo:<\/strong> <a href=\"https:\/\/www.est.ufmg.br\/portal\/wp-content\/uploads\/2023\/01\/101-DISSERTACAOIVAIR.pdf\">&#8220;Testes Monte Carlo Convencionais e Sequenciais: Compara\u00e7\u00e3o dos Poderes e dos Tempos de Execu\u00e7\u00e3o&#8221;\u00a0(PDF)<\/a><br \/><strong>Orientador(a):<\/strong> Renato Martins Assun\u00e7\u00e3o<\/p><p><strong>100<\/strong><br \/><strong>Nome:<\/strong> Cristiane Silva Souto\u00a0\u00a0<br \/><strong>Data de Defesa:<\/strong> 2\/3\/2007\u00a0<br \/><strong>T\u00edtulo:<\/strong> <a href=\"https:\/\/www.est.ufmg.br\/portal\/wp-content\/uploads\/2023\/01\/100-cristianesilvasouto.pdf\">&#8220;Modelo com Erro de Classifica\u00e7\u00e3o para a Propor\u00e7\u00e3o de n\u00e3o Disjun\u00e7\u00e3o Cromoss\u00f4mica na Meiose I&#8221;\u00a0(PDF)<\/a><br \/><strong>Orientador(a):<\/strong> Rosangela Helena Loschi<\/p><p><strong>99<\/strong><br \/><strong>Nome:<\/strong> Alexandre Camara Meirelles\u00a0\u00a0<br \/><strong>Data de Defesa:<\/strong> 26\/2\/2007\u00a0<br \/><strong>T\u00edtulo:<\/strong> &#8220;Amostragem de Aceita\u00e7\u00e3o Zero Defeitos com Retifica\u00e7\u00e3o e Classifica\u00e7\u00f5es Repetidas na Presen\u00e7a de Erros de Diagn\u00f3stico&#8221;\u00a0<br \/><strong>Orientador(a):<\/strong> Roberto da Costa Quinino<\/p><p><strong>98<\/strong><br \/><strong>Nome:<\/strong> Roger William C\u00e2mara Silva\u00a0\u00a0<br \/><strong>Data de Defesa:<\/strong> 22\/2\/2007\u00a0<br \/><strong>T\u00edtulo:<\/strong> &#8220;Probabilidade de Ru\u00edna com Fluxo de Caixa e Investimento Governados por Processos de Difus\u00e3o&#8221;\u00a0<br \/><strong>Orientador(a):<\/strong> Gregorio Saravia Atuncar<\/p><\/div>\n\t\t\t\t\t\t\t\t\t<div class=\"elementor-tab-title elementor-tab-mobile-title\" aria-selected=\"false\" data-tab=\"17\" role=\"tab\" tabindex=\"-1\" aria-controls=\"elementor-tab-content-12417\" aria-expanded=\"false\">ANO 2006<\/div>\n\t\t\t\t\t<div id=\"elementor-tab-content-12417\" class=\"elementor-tab-content elementor-clearfix\" data-tab=\"17\" role=\"tabpanel\" aria-labelledby=\"elementor-tab-title-12417\" tabindex=\"0\" hidden=\"hidden\"><p><strong>97<\/strong><br \/><strong>Nome:<\/strong> Fernando Augusto Alves Gl\u00f3ria<br \/><strong>Data de Defesa:<\/strong> junho\/2006\u00a0<br \/><strong>T\u00edtulo:<\/strong> <a href=\"https:\/\/www.est.ufmg.br\/portal\/wp-content\/uploads\/2023\/01\/97-FernandoGloria2006.pdf\">&#8220;Uma Avalia\u00e7\u00e3o do Desempenho de N\u00facleo-Estimadores no Controle de Processos Multivariados&#8221; (PDF)<\/a><br \/><strong>Orientador(a):<\/strong> Prof\u00aa. Dr\u00aa. Sueli Aparecida Mingoti<br \/><strong>Co-orientador:<\/strong> Prof. Dr. Greg\u00f3rio Saravia Atuncar<\/p><p><strong>96<\/strong><br \/><strong>Nome:<\/strong> Guilherme Guimar\u00e3es Moreira\u00a0\u00a0<br \/><strong>Data de Defesa:<\/strong> 19\/12\/2006\u00a0<br \/><strong>T\u00edtulo:<\/strong> <a href=\"https:\/\/www.est.ufmg.br\/portal\/wp-content\/uploads\/2023\/01\/96-GuilhermeMoreira_2006.pdf\">&#8220;An\u00e1lise e Implementa\u00e7\u00e3o de Redes Neurais Generalizadas&#8221;\u00a0(PDF)<\/a><br \/><strong>Orientador(a):<\/strong> Marcelo Azevedo Costa<\/p><p><strong>95<\/strong><br \/><strong>Nome:<\/strong> M\u00e1rcio Veloso de Castilho\u00a0\u00a0<br \/><strong>Data de Defesa:<\/strong> 20\/10\/2006\u00a0<br \/><strong>T\u00edtulo:<\/strong> <a href=\"https:\/\/www.est.ufmg.br\/portal\/wp-content\/uploads\/2023\/01\/95-Dissertacao_de_Marcio_Veloso_de_Castilho.pdf\">&#8220;Compara\u00e7\u00e3o de Dois M\u00e9todos de An\u00e1lise Qu\u00edmica Considerando a Modelagem Matem\u00e1tica da Precis\u00e3o&#8221;\u00a0(PDF)<\/a><br \/><strong>Orientador(a):<\/strong> Enrico Ant\u00f4nio Colosimo<\/p><p><strong>94<\/strong><br \/><strong>Nome:<\/strong> Fl\u00e1vio dos Reis Moura\u00a0\u00a0<br \/><strong>Data de Defesa:<\/strong> 9\/8\/2006\u00a0<br \/><strong>T\u00edtulo:<\/strong> <a href=\"https:\/\/www.est.ufmg.br\/portal\/wp-content\/uploads\/2023\/01\/94-FlavioMoura_2006.pdf\">&#8220;Detec\u00e7\u00e3o de Clusters Espaciais via Algoritmo Scan Multi-Objetivo&#8221; (PDF)\u00a0<\/a><br \/><strong>Orientador(a):<\/strong> Luiz Henrique Duczmal<\/p><p><strong>93<\/strong><br \/><strong>Nome:<\/strong> Alexandre Olympio Dower Polezzi\u00a0<br \/><strong>Data de Defesa:<\/strong> 30\/6\/2006\u00a0<br \/><strong>T\u00edtulo:<\/strong> <a href=\"https:\/\/www.est.ufmg.br\/portal\/wp-content\/uploads\/2023\/01\/93-AlexandreP_2006.pdf\">&#8220;Avalia\u00e7\u00e3o da Condi\u00e7\u00e3o de &#8216;T\u00e3o bom quanto Novo&#8217;: Uma Aplica\u00e7\u00e3o Envolvendo a Manuten\u00e7\u00e3o de Motores Convencionais das Aeronaves Universal T-25&#8221;\u00a0(PDF)<\/a><br \/><strong>Orientador(a):<\/strong> Enrico Ant\u00f4nio Colosimo<\/p><p><strong>92<\/strong><br \/><strong>Nome:<\/strong> Carolina Gontijo Miranda\u00a0\u00a0<br \/><strong>Data de Defesa:<\/strong> 27\/6\/2006\u00a0<br \/><strong>T\u00edtulo:<\/strong> <a href=\"https:\/\/www.est.ufmg.br\/portal\/wp-content\/uploads\/2023\/01\/92-CarolinaGontijo_2006.pdf\">&#8220;M\u00e9todo Lasso para o Modelo de Cox e sua Compara\u00e7\u00e3o com Propostas Tradicionais de Sele\u00e7\u00e3o de Vari\u00e1veis&#8221;\u00a0(PDF)<\/a><br \/><strong>Orientador(a):<\/strong> Enrico Ant\u00f4nio Colosimo<\/p><p><strong>91<\/strong><br \/><strong>Nome:<\/strong> Fernando Augusto Alves Gl\u00f3ria\u00a0<br \/><strong>Data de Defesa:<\/strong> 23\/6\/2006\u00a0<br \/><strong>T\u00edtulo:<\/strong> &#8220;Uma Avalia\u00e7\u00e3o do Desempenho de N\u00facleo-Estimadores no Controle de Processos Multivariados&#8221;\u00a0<br \/><strong>Orientador(a):<\/strong> Sueli Aparecida Mingoti<\/p><p><strong>90<\/strong><br \/><strong>Nome:<\/strong> Regis Queiroz Gon\u00e7alves\u00a0\u00a0<br \/><strong>Data de Defesa:<\/strong> 17\/5\/2006\u00a0<br \/><strong>T\u00edtulo:<\/strong> <a href=\"https:\/\/www.est.ufmg.br\/portal\/wp-content\/uploads\/2023\/01\/90-RegisQueiroz_2006.pdf\">&#8220;Estima\u00e7\u00e3o do Coeficiente de Tend\u00eancia de uma Equa\u00e7\u00e3o Diferencial Estoc\u00e1stica: Uma Aplica\u00e7\u00e3o \u00e0 Estrutura a Termo das Taxas de Juros&#8221; (PDF)\u00a0<\/a><br \/><strong>Orientador(a):<\/strong> Gregorio Saravia Atuncar<\/p><p><strong>89<\/strong><br \/><strong>Nome:<\/strong> Tayn\u00e3na C\u00e9sar Sim\u00f5es\u00a0\u00a0<br \/><strong>Data de Defesa:<\/strong> 5\/4\/2006\u00a0<br \/><strong>T\u00edtulo:<\/strong> <a href=\"https:\/\/www.est.ufmg.br\/portal\/wp-content\/uploads\/2023\/01\/89-Simoes_1de3.pdf\">&#8220;Sistema de Vigil\u00e2ncia para Detec\u00e7\u00e3o de Intera\u00e7\u00e3o Espa\u00e7o-Tempo de Eventos Pontuais via Superf\u00edcies Acumuladas&#8221; (PDF)<\/a><br \/><strong>Orientador(a):<\/strong> Renato Martins Assun\u00e7\u00e3o<\/p><p><strong>88<\/strong><br \/><strong>Nome:<\/strong> Carlito Arlindo dos Santos Balbino\u00a0<br \/><strong>Data de Defesa:<\/strong> 29\/3\/2006\u00a0<br \/><strong>T\u00edtulo:<\/strong> <a href=\"https:\/\/www.est.ufmg.br\/portal\/wp-content\/uploads\/2023\/01\/88-CarlitoBalbino_2006.pdf\">&#8220;N\u00facleo Estimador para Fun\u00e7\u00e3o de Densidade e Fun\u00e7\u00e3o Quant\u00edlica na Presen\u00e7a de Censura \u00e0 Direita&#8221; (PDF)<\/a><br \/><strong>Orientador(a):<\/strong> Gregorio Saravia Atuncar<\/p><p><strong>87<\/strong><br \/><strong>Nome:<\/strong> Mario Ernesto Piscoya Diaz\u00a0\u00a0<br \/><strong>Data de Defesa:<\/strong> 14\/3\/2006\u00a0<br \/><strong>T\u00edtulo:<\/strong> <a href=\"https:\/\/www.est.ufmg.br\/portal\/wp-content\/uploads\/2023\/01\/87-MarioDiaz_2006.pdf\">&#8220;Estima\u00e7\u00e3o de Modelos ARFIMA em Presen\u00e7a de Quebra Estrutural&#8221; (PDF)\u00a0<\/a><br \/><strong>Orientador(a):<\/strong> Ela Mercedes Medrano de Toscano<\/p><p><strong>86<\/strong><br \/><strong>Nome:<\/strong> F\u00e1bio Nogueira Demarqui\u00a0\u00a0<br \/><strong>Data de Defesa:<\/strong> 10\/3\/2006\u00a0<br \/><strong>T\u00edtulo:<\/strong> <a href=\"https:\/\/www.est.ufmg.br\/portal\/wp-content\/uploads\/2023\/01\/86-FabioDemarqui_2006.pdf\">&#8220;Modelo Exponencial por Partes Via Modelo Parti\u00e7\u00e3o Produto&#8221;\u00a0(PDF)<\/a><br \/><strong>Orientador(a):<\/strong> Rosangela Helena Loschi<\/p><p><strong>85<\/strong><br \/><strong>Nome:<\/strong> Magda Carvalho Pires\u00a0\u00a0<br \/><strong>Data de Defesa:<\/strong> 1\/3\/2006\u00a0<br \/><strong>T\u00edtulo:<\/strong> <a href=\"https:\/\/www.est.ufmg.br\/portal\/wp-content\/uploads\/2023\/01\/85-MagdaPires_2006.pdf\">&#8220;An\u00e1lise Bayesiana Emp\u00edrica de Dados Dicot\u00f4micos com Erros e Classifica\u00e7\u00f5es Repetidas&#8221; (PDF)\u00a0<\/a><br \/><strong>Orientador(a):<\/strong> Roberto da Costa Quinino<\/p><p><strong>84<\/strong><br \/><strong>Nome:<\/strong> Pollyanna Vieira Gomes da Silva\u00a0<br \/><strong>Data de Defesa:<\/strong> 1\/3\/2006\u00a0<br \/><strong>T\u00edtulo:<\/strong> <a href=\"https:\/\/www.est.ufmg.br\/portal\/wp-content\/uploads\/2023\/01\/84-PollyannaVieira_2006.pdf\">&#8220;Estima\u00e7\u00e3o Bayesiana de Probabilidades de Captura para Popula\u00e7\u00f5es Abertas via Modelo Log\u00edstico&#8221;\u00a0(PDF)<\/a><br \/><strong>Orientador(a):<\/strong> Cibele Queiroz da Silva<\/p><p><strong>83<\/strong><br \/><strong>Nome:<\/strong> Juliana Aparecida Ribeiro<br \/><strong>Data de Defesa:<\/strong> 15\/2\/2006\u00a0<br \/><strong>T\u00edtulo:<\/strong> <a href=\"https:\/\/www.est.ufmg.br\/portal\/wp-content\/uploads\/2023\/01\/83-Dissertacaojuliana.pdf\">&#8220;Infer\u00eancia sobre os Hiperpar\u00e2metros dos Modelos Estruturais usando Bootstrap&#8221;\u00a0(PDF)<\/a><br \/><strong>Orientador(a):<\/strong> Glaura da Concei\u00e7\u00e3o Franco<\/p><\/div>\n\t\t\t\t\t\t\t\t\t<div class=\"elementor-tab-title elementor-tab-mobile-title\" aria-selected=\"false\" data-tab=\"18\" role=\"tab\" tabindex=\"-1\" aria-controls=\"elementor-tab-content-12418\" aria-expanded=\"false\">ANO 2005<\/div>\n\t\t\t\t\t<div id=\"elementor-tab-content-12418\" class=\"elementor-tab-content elementor-clearfix\" data-tab=\"18\" role=\"tabpanel\" aria-labelledby=\"elementor-tab-title-12418\" tabindex=\"0\" hidden=\"hidden\"><p><strong>82<br \/>Nome:<\/strong> Tha\u00eds Rotsen Correa\u00a0\u00a0\u00a0<br \/><strong>Data de Defesa:<\/strong> 12\/12\/2005\u00a0<br \/><strong>T\u00edtulo:<\/strong> <a href=\"https:\/\/www.est.ufmg.br\/portal\/wp-content\/uploads\/2023\/01\/82-versao-thais-final.pdf\">&#8220;Sistema de Vigil\u00e2ncia Espa\u00e7o Temporal&#8221; (PDF)\u00a0<\/a><br \/><strong>Orientador(a):<\/strong> Renato Martins Assun\u00e7\u00e3o<\/p><p><strong>81<br \/>Nome:<\/strong> Eduardo Pereira da Rocha Thomsen\u00a0<br \/><strong>Data de Defesa:<\/strong> 12\/12\/2005\u00a0<br \/><strong>T\u00edtulo:<\/strong> &#8220;Controle do Processo de Produ\u00e7\u00e3o do Alto-Forno por meio de T\u00e9cnicas Estat\u00edsticas Multivariadas em Tempo Real&#8221;\u00a0<br \/><strong>Orientador(a):<\/strong> Sueli Aparecida Mingoti<\/p><p><strong>80<br \/>Nome<\/strong>: Geraldo Lopes de Souza J\u00fanior\u00a0<br \/><strong>Data de Defesa:<\/strong> 7\/12\/2005\u00a0<br \/><strong>T\u00edtulo:<\/strong> &#8220;Subnotifica\u00e7\u00e3o de Casos de C\u00e2ncer de Mama: Um Estudo de Aglomerados Espaciais no Estado de S\u00e3o Paulo&#8221;\u00a0<br \/><strong>Orientador(a):<\/strong> Luiz Henrique Duczmal<\/p><p><strong>79<br \/>Nome:<\/strong> Andr\u00e9 Luiz Fernandes Can\u00e7ado\u00a0<br \/><strong>Data de Defesa:<\/strong> 23\/11\/2005\u00a0<br \/><strong>T\u00edtulo:<\/strong> &#8220;Detec\u00e7\u00e3o e Infer\u00eancia de Clusters Espaciais via Algoritmo Gen\u00e9tico&#8221;\u00a0<br \/><strong>Orientador(a):<\/strong> Luiz Henrique Duczmal<\/p><p><strong>78<br \/>Nome:<\/strong> Denise Francelina Teixeira\u00a0\u00a0<br \/><strong>Data de Defesa:<\/strong> 16\/9\/2005\u00a0<br \/><strong>T\u00edtulo:<\/strong> &#8220;Combina\u00e7\u00e3o de Previs\u00f5es para S\u00e9ries de Telefonia Celular&#8221;\u00a0<br \/><strong>Orientador(a):<\/strong> Glaura da Concei\u00e7\u00e3o Franco<\/p><p><strong>77<br \/>Nome:<\/strong> Josenete Cavalcante Costa\u00a0\u00a0<br \/><strong>Data de Defesa:<\/strong> 24\/6\/2005\u00a0<br \/><strong>T\u00edtulo:<\/strong> &#8220;Modelo Weibull com Par\u00e2metros Dependentes de Covari\u00e1veis: Aplica\u00e7\u00e3o na Determina\u00e7\u00e3o de Vida de Prateleira&#8221;<br \/><strong>Orientador(a):<\/strong> Marta Afonso Freitas<\/p><p><strong>76<br \/>Nome:<\/strong> Gl\u00e1ucia Mara Rocon\u00a0\u00a0\u00a0<br \/><strong>Data de Defesa:<\/strong> 24\/6\/2005\u00a0<br \/><strong>T\u00edtulo:<\/strong> &#8220;Compara\u00e7\u00e3o de Cartas de Controle Multivariadas Utilizadas no Monitoramento de Processos Univariados Autocorrelacionados&#8221;\u00a0<br \/><strong>Orientador(a):<\/strong> Sueli Aparecida Mingoti<\/p><p><strong>75<br \/>Nome: <\/strong>Anderson Ribeiro Duarte\u00a0\u00a0<br \/><strong>Data de Defesa:<\/strong> 9\/6\/2005\u00a0<br \/><strong>T\u00edtulo:<\/strong> &#8220;Aloca\u00e7\u00e3o de \u00c1reas de Circula\u00e7\u00e3o em Redes de Filas Gerais&#8221;\u00a0<br \/><strong>Orientador(a):<\/strong> Frederico R. B. Cruz<\/p><p><strong>74<br \/>Nome: <\/strong>F\u00e1tima Gon\u00e7alves Pontel\u00a0\u00a0<br \/><strong>Data de Defesa: <\/strong>18\/5\/2005\u00a0<br \/><strong>T\u00edtulo:<\/strong> &#8220;Compara\u00e7\u00e3o da Intensidade de Falhas de Equipamentos Observados em Cen\u00e1rios Distintos&#8221;\u00a0<br \/><strong>Orientador(a): <\/strong>Enrico Ant\u00f4nio Colosimo<\/p><p><strong>73<br \/>Nome: <\/strong>Alexandra Regina Rainho de Almeida Maia\u00a0<br \/><strong>Data de Defesa: <\/strong>13\/5\/2005\u00a0<br \/><strong>T\u00edtulo:<\/strong> &#8220;Um Novo Teste de Hip\u00f3tese de Separabilidade em Processos Pontuais&#8221;\u00a0<br \/><strong>Orientador(a): <\/strong>Renato Martins Assun\u00e7\u00e3o<\/p><p><strong>72<br \/>Nome: <\/strong>Talita Armborst\u00a0\u00a0\u00a0<br \/><strong>Data de Defesa: <\/strong>6\/5\/2005\u00a0<br \/><strong>T\u00edtulo:<\/strong> &#8220;M\u00e9todos para Medir o Desequil\u00edbrio de Hardy-Weinberg atrav\u00e9s de Medidas de Endocruzamento&#8221;\u00a0<br \/><strong>Orientador(a): <\/strong>Cibele Queiroz da Silva<\/p><p><strong>71<br \/>Nome: <\/strong>Jeanne Gon\u00e7alves Pontel\u00a0\u00a0<br \/><strong>Data de Defesa: <\/strong>5\/5\/2005\u00a0<br \/><strong>T\u00edtulo: <\/strong>&#8220;Algoritmo para Obten\u00e7\u00e3o das Estimativas Produto com Aplica\u00e7\u00e3o em Modelos de Regress\u00e3o Segmentada&#8221;\u00a0<br \/><strong>Orientador(a): <\/strong>Rosangela Helena Loschi<\/p><p><strong>70<br \/>Nome: <\/strong>Jana\u00edna Giovani Noronha de Oliveira\u00a0<br \/><strong>Data de Defesa: <\/strong>28\/4\/2005\u00a0<br \/><strong>T\u00edtulo:<\/strong> &#8220;Estima\u00e7\u00e3o da Curva de Desempenho de Diagn\u00f3stico&#8221;\u00a0<br \/><strong>Orientador(a): <\/strong>Gregorio Saravia Atuncar<\/p><p><strong>69<br \/>Nome: <\/strong>Roberta Chendes Dias Gomes\u00a0\u00a0<br \/><strong>Data de Defesa: <\/strong>15\/4\/2005\u00a0<br \/><strong>T\u00edtulo:<\/strong> &#8220;Estimando o Tempo de Vida de Produto em Prateleira Utilizando Modelo de Riscos Proporcionais em Dados Oriundos de Avalia\u00e7\u00f5es Sensoriais&#8221;\u00a0<br \/><strong>Orientador(a): <\/strong>Marta Afonso Freitas<\/p><p><strong>68<br \/>Nome: <\/strong>Erik Rodarte Lopes\u00a0\u00a0\u00a0<br \/><strong>Data de Defesa: <\/strong>8\/4\/2005\u00a0<br \/><strong>T\u00edtulo: <\/strong>&#8220;Intervalos de Confian\u00e7a Para Fun\u00e7\u00e3o de Distribui\u00e7\u00e3o na Presen\u00e7a de Censura Intervalar, Caso 1&#8221;\u00a0<br \/><strong>Orientador(a): <\/strong>Ant\u00f4nio Eduardo Gomes<\/p><p><strong>67<br \/>Nome: <\/strong>L\u00edvia Menezes da Paz\u00a0\u00a0<br \/><strong>Data de Defesa: <\/strong>23\/3\/2005\u00a0<br \/><strong>T\u00edtulo: <\/strong>&#8220;Modelo de Cox para Dados com Censura Intervalar&#8221;\u00a0<br \/><strong>Orientador(a): <\/strong>Ant\u00f4nio Eduardo Gomes<\/p><p><strong>66<br \/>Nome: <\/strong>Alexandre Loureiros Rodrigues\u00a0<br \/><strong>Data de Defesa: <\/strong>23\/3\/2005\u00a0<br \/><strong>T\u00edtulo: <\/strong>&#8220;Infer\u00eancia Bayesiana Semi-Param\u00e9trica para Modelos Lineares Generalizados&#8221;\u00a0<br \/><strong>Orientador(a):<\/strong> Renato Martins Assun\u00e7\u00e3o<\/p><\/div>\n\t\t\t\t\t\t\t\t\t<div class=\"elementor-tab-title elementor-tab-mobile-title\" aria-selected=\"false\" data-tab=\"19\" role=\"tab\" tabindex=\"-1\" aria-controls=\"elementor-tab-content-12419\" aria-expanded=\"false\">ANO 2004<\/div>\n\t\t\t\t\t<div id=\"elementor-tab-content-12419\" class=\"elementor-tab-content elementor-clearfix\" data-tab=\"19\" role=\"tabpanel\" aria-labelledby=\"elementor-tab-title-12419\" tabindex=\"0\" hidden=\"hidden\"><p><strong>65<br \/>Nome:<\/strong> Harley Francisco de Ara\u00fajo\u00a0\u00a0<br \/><strong>Data de Defesa:<\/strong> 25\/11\/2004\u00a0<br \/><strong>T\u00edtulo:<\/strong> &#8220;Caracteriza\u00e7\u00e3o de Tr\u00e1fego Entre Filas M\/G\/c\/c Dependentes do Estado&#8221;\u00a0<br \/><strong>Orientador(a):<\/strong> Frederico R. B. Cruz<\/p><p><strong>64<br \/>Nome:<\/strong> Denise Pimenta Nacle\u00a0\u00a0<br \/><strong>Data de Defesa:<\/strong> 9\/11\/2004\u00a0<br \/><strong>T\u00edtulo:<\/strong> &#8220;Exist\u00eancia de Estimadores de M\u00e1xima Verossimilhan\u00e7a em Modelos de Regress\u00e3o Log\u00edstica&#8221;\u00a0<br \/><strong>Orientador(a):<\/strong> Enrico Ant\u00f4nio Colosimo<\/p><p><strong>63<br \/>Nome:<\/strong> Jayme Augusto Duarte Pereira Pinto\u00a0<br \/><strong>Data de Defesa:<\/strong> 30\/9\/2004\u00a0<br \/><strong>T\u00edtulo:<\/strong> &#8220;Avalia\u00e7\u00e3o de Op\u00e7\u00f5es Europ\u00e9ias de Compra: a F\u00f3rmula de Black e Scholes&#8221;<br \/><strong>Orientador(a):<\/strong> Greg\u00f3rio Saravia Atuncar<\/p><p><strong>62<br \/>Nome:<\/strong> Mayra Alves Stradioto\u00a0\u00a0<br \/><strong>Data de Defesa:<\/strong> 29\/9\/2004\u00a0<br \/><strong>T\u00edtulo:<\/strong> &#8220;Estima\u00e7\u00e3o Bayesiana da Taxa de Sobreviv\u00eancia de Mam\u00edferos&#8221;\u00a0<br \/><strong>Orientador(a):<\/strong> Cibele Queiroz da Silva<\/p><p><strong>61<br \/>Nome:<\/strong> Jacqueline Domingues Tib\u00farcio\u00a0<br \/><strong>Data de Defesa:<\/strong> 28\/9\/2004\u00a0<br \/><strong>T\u00edtulo:<\/strong> &#8220;Estima\u00e7\u00e3o do Tamanho Populacional de Mam\u00edferos Aqu\u00e1ticos via M\u00e9todo Bayesiano Emp\u00edrico Baseado em Dados de Foto-Identifica\u00e7\u00e3o&#8221;\u00a0<br \/><strong>Orientador(a):<\/strong> Cibele Queiroz da Silva<\/p><p><strong>60<br \/>Nome:<\/strong> Alex Erickson Ferreira\u00a0\u00a0<br \/><strong>Data de Defesa:<\/strong> 27\/9\/2004\u00a0<br \/><strong>T\u00edtulo:<\/strong> &#8220;Modelos Espaciais N\u00e3o Estacion\u00e1rios: Uma Aplica\u00e7\u00e3o em Geoestat\u00edstica&#8221;\u00a0<br \/><strong>Orientador(a):<\/strong> Renato Martins Assun\u00e7\u00e3o<\/p><p><strong>59<br \/>Nome:<\/strong> Cl\u00e9ia do Nascimento Cavalcante\u00a0<br \/><strong>Data de Defesa:<\/strong> 13\/7\/2004\u00a0<br \/><strong>T\u00edtulo:<\/strong> &#8220;Avalia\u00e7\u00e3o do N\u00facleo Estimador na Estima\u00e7\u00e3o de Fun\u00e7\u00f5es Densidades Multivariadas&#8221;\u00a0<br \/><strong>Orientador(a):<\/strong> Sueli Aparecida Mingoti<\/p><p><strong>58<br \/>Nome:<\/strong> Francisco do Nascimento F\u00e9lix\u00a0<br \/><strong>Data de Defesa:<\/strong> 30\/6\/2004\u00a0<br \/><strong>T\u00edtulo:<\/strong> &#8220;Aplicando Bootstrap para Determina\u00e7\u00e3o de Intervalos de Confian\u00e7a Para o N\u00famero de Grupos No Procedimento Hier\u00e1rquico Aglorametivo de Ward&#8221;\u00a0<br \/><strong>Orientador(a):<\/strong> Sueli Aparecida Mingoti<\/p><p><strong>57<br \/>Nome:<\/strong> Wagner Sandro da Costa Moreira\u00a0<br \/><strong>Data de Defesa:<\/strong> 25\/6\/2004\u00a0<br \/><strong>T\u00edtulo:<\/strong> &#8220;Avalia\u00e7\u00e3o, via Simula\u00e7\u00e3o de Monte Carlo, da Influ\u00eancia das Esp\u00e9cies Raras e Comuns Nos Estimadores Bayesianos do N\u00famero Total de Esp\u00e9cies Distintas em Popula\u00e7\u00f5es Finitas e Amostragem por Quadrats&#8221;\u00a0<br \/><strong>Orientador(a):<\/strong> Sueli Aparecida Mingoti<\/p><p><strong>56<br \/>Nome:<\/strong> Max de Souza Lima\u00a0\u00a0\u00a0<br \/><strong>Data de Defesa:<\/strong> 24\/6\/2004\u00a0<br \/><strong>T\u00edtulo:<\/strong> &#8220;Avalia\u00e7\u00e3o do Poder do Teste da Estat\u00edstica Scan para M\u00faltiplos Clusters&#8221;\u00a0<br \/><strong>Orientador(a):<\/strong> Luiz Henrique Duczmal<\/p><p><strong>55<br \/>Nome:<\/strong> T\u00e2nia L\u00facia Hojo\u00a0\u00a0\u00a0<br \/><strong>Data de Defesa:<\/strong> 22\/6\/2004\u00a0<br \/><strong>T\u00edtulo:<\/strong> &#8220;Uma Compara\u00e7\u00e3o, via Metodologia de Monte Carlo, do M\u00e9todo de M\u00ednimos Quadrados Parciais CPLS Com outros M\u00e9todos de Estima\u00e7\u00e3o de Par\u00e2metros Utilizados em Modelos de Equa\u00e7\u00f5es Estruturais&#8221;\u00a0<br \/><strong>Orientador(a):<\/strong> Sueli Aparecida Mingoti<\/p><p><strong>54<br \/>Nome:<\/strong> Paula Arantes Barros\u00a0\u00a0<br \/><strong>Data de Defesa:<\/strong> 19\/5\/2004\u00a0<br \/><strong>T\u00edtulo:<\/strong> &#8220;Compara\u00e7\u00e3o de Testes em Cointegra\u00e7\u00e3o Fracion\u00e1ria&#8221;\u00a0<br \/><strong>Orientador(a):<\/strong> Glaura da Concei\u00e7\u00e3o Franco<\/p><p><strong>53<br \/>Nome:<\/strong> Silvio Alves de Souza\u00a0\u00a0<br \/><strong>Data de Defesa:<\/strong> 19\/5\/2004\u00a0<br \/><strong>T\u00edtulo:<\/strong> &#8220;Tempo \u00d3timo de Manuten\u00e7\u00e3o em Sistemas Repar\u00e1veis com M\u00faltiplos Estados dos Componentes&#8221;\u00a0<br \/><strong>Orientador(a):<\/strong> Greg\u00f3rio Saravia Atuncar<\/p><p><strong>52<br \/>Nome:<\/strong> Cristiano dos Reis Moura\u00a0\u00a0<br \/><strong>Data de Defesa:<\/strong> 1\/4\/2004\u00a0<br \/><strong>T\u00edtulo:<\/strong> &#8220;Extens\u00e3o do Modelo Parti\u00e7\u00e3o Produto para Dados Normais Multivariados: Uma An\u00e1lise da Correla\u00e7\u00e3o de \u00cdndices Financeiros&#8221;\u00a0<br \/><strong>Orientador(a):<\/strong> Rosangela Helena Loschi<\/p><p><strong>51<br \/>Nome:<\/strong> Ricardo Tavares\u00a0\u00a0\u00a0<br \/><strong>Data de Defesa:<\/strong> 18\/2\/2004\u00a0<br \/><strong>T\u00edtulo:<\/strong> &#8220;Quebra Estrutural, Teste ADF, e Diferencia\u00e7\u00e3o Fracion\u00e1ria em S\u00e9ries Financeiras&#8221;\u00a0<br \/><strong>Orientador(a):<\/strong> Ela Mercedes Medrano de Toscano<\/p><\/div>\n\t\t\t\t\t\t\t\t\t<div class=\"elementor-tab-title elementor-tab-mobile-title\" aria-selected=\"false\" data-tab=\"20\" role=\"tab\" tabindex=\"-1\" aria-controls=\"elementor-tab-content-12420\" aria-expanded=\"false\">ANO 2003<\/div>\n\t\t\t\t\t<div id=\"elementor-tab-content-12420\" class=\"elementor-tab-content elementor-clearfix\" data-tab=\"20\" role=\"tabpanel\" aria-labelledby=\"elementor-tab-title-12420\" tabindex=\"0\" hidden=\"hidden\"><p><strong>50<br \/>Nome:<\/strong> Frank Magalh\u00e3es de Pinho\u00a0\u00a0<br \/><strong>Data de Defesa:<\/strong> 18\/12\/2003\u00a0<br \/><strong>T\u00edtulo:<\/strong> &#8220;Estrat\u00e9gia \u00d3tima de Investimento com Custo de Transa\u00e7\u00e3o: Uso de C\u00e1lculo Estoc\u00e1stico&#8221;\u00a0<br \/><strong>Orientador(a):<\/strong> Greg\u00f3rio Saravia Atuncar<\/p><p><strong>49<br \/>Nome:<\/strong> Wagner Baracho dos Santos\u00a0\u00a0<br \/><strong>Data de Defesa:<\/strong> 10\/12\/2003\u00a0<br \/><strong>T\u00edtulo:<\/strong> &#8220;Determina\u00e7\u00e3o da Periodicidade da Manuten\u00e7\u00e3o Preventiva em Sistemas Repar\u00e1veis&#8221;\u00a0<br \/><strong>Orientador(a):<\/strong> Enrico Ant\u00f4nio Colosimo<\/p><p><strong>48<br \/>Nome:<\/strong> Inara Kellen Fonseca\u00a0\u00a0<br \/><strong>Data de Defesa:<\/strong> 10\/12\/2003\u00a0<br \/><strong>T\u00edtulo:<\/strong> &#8220;An\u00e1lise do tempo at\u00e9 a Ocorr\u00eancia de Um Evento para Dados Censurados e Intervalares&#8221;\u00a0<br \/><strong>Orientador(a):<\/strong> Arminda Lucia Siqueira<\/p><p><strong>47<br \/>Nome:<\/strong> Erika Carvalho Pires\u00a0\u00a0<br \/><strong>Data de Defesa:<\/strong> 25\/11\/2003\u00a0<br \/><strong>T\u00edtulo:<\/strong> &#8220;Avalia\u00e7\u00e3o de Testes Complementares para Diagn\u00f3ssticos M\u00e9dicos: Uma Contribui\u00e7\u00e3o Estat\u00edstica&#8221;\u00a0<br \/><strong>Orientador(a):<\/strong> Arminda Lucia Siqueira<\/p><p><strong>46<br \/>Nome:<\/strong> Jacira L\u00facia Oliveira de Miranda\u00a0<br \/><strong>Data de Defesa:<\/strong> 24\/11\/2003\u00a0<br \/><strong>T\u00edtulo:<\/strong> &#8220;Determina\u00e7\u00e3o de Tamanho de Amostra em Calibra\u00e7\u00e3o Absoluta&#8221;\u00a0<br \/><strong>Orientador(a):<\/strong> Enrico Ant\u00f4nio Colosimo<\/p><p><strong>45<br \/>Nome:<\/strong> Stella Maris Lemos Nunes Baracho\u00a0<br \/><strong>Data de Defesa:<\/strong> 18\/6\/2003\u00a0<br \/><strong>T\u00edtulo:<\/strong> &#8220;Tratamento de Dados Ausentes em Estudos Longitudinais&#8221;<br \/><strong>Orientador(a):<\/strong> Enrico Ant\u00f4nio Colosimo<\/p><p><strong>44<br \/>Nome:<\/strong> Lunyana Lima Caldeira\u00a0\u00a0<br \/><strong>Data de Defesa:<\/strong> 29\/4\/2003\u00a0<br \/><strong>T\u00edtulo:<\/strong> &#8220;Estimador de M\u00ednima Dist\u00e2ncia Generalizado para Modelos ARFIMA&#8221;\u00a0<br \/><strong>Orientador(a):<\/strong> Ela Mercedes Medrano de Toscano<\/p><p><strong>43<br \/>Nome:<\/strong> Ana Paula Azevedo Travassos\u00a0\u00a0<br \/><strong>Data de Defesa:<\/strong> 27\/3\/2003\u00a0<br \/><strong>T\u00edtulo:<\/strong> &#8220;Problemas de Fronteiras dos N\u00facleo-Estimadores e suas Abordagens&#8221;\u00a0<br \/><strong>Orientador(a):<\/strong> Gregorio Saravia Atuncar<\/p><p><strong>42<br \/>Nome:<\/strong> Nizam de Abreu Pfeilsticker\u00a0\u00a0<br \/><strong>Data de Defesa:<\/strong> 10\/3\/2003\u00a0<br \/><strong>T\u00edtulo:<\/strong> &#8220;Modelo ARFIMA-FIGARCH: Um Estudo Simulado&#8221;\u00a0<br \/><strong>Orientador(a):<\/strong> Ela Mercedes Medrano de Toscano<\/p><p><strong>41<br \/>Nome:<\/strong> Vander Luiz Aguiar\u00a0\u00a0\u00a0<br \/><strong>Data de Defesa:<\/strong> 7\/3\/2003\u00a0<br \/><strong>T\u00edtulo:<\/strong> &#8220;Estimativas Produto para o Modelo de Regress\u00e3o Linear&#8221;\u00a0<br \/><strong>Orientador(a):<\/strong> Rosangela Helena Loschi<\/p><p><strong>40<br \/>Nome:<\/strong> Arlene Guimar\u00e3es Leite\u00a0\u00a0<br \/><strong>Data de Defesa:<\/strong> 26\/2\/2003\u00a0<br \/><strong>T\u00edtulo:<\/strong> &#8220;Estudo, via Simula\u00e7\u00e3o de Monte Carlo, de Estimadores Bayesianos para o N\u00famero Total de Esp\u00e9cies Distintas de uma Popula\u00e7\u00e3o no Caso de Esp\u00e9cies com ou sem Associa\u00e7\u00e3o Espacial e Amostragem por Quadrats&#8221;\u00a0<br \/><strong>Orientador(a):<\/strong> Sueli Aparecida Mingoti<\/p><p><strong>39<br \/>Nome:<\/strong> Felipe Carlos Oliveira da Silva\u00a0<br \/><strong>Data de Defesa:<\/strong> 21\/2\/2003\u00a0<br \/><strong>T\u00edtulo:<\/strong> &#8220;Efeito do tamanho de Cidades nas Taxas de Crime: Uma an\u00e1lise nos munic\u00edpios de Minas Gerais, Brasil&#8221;\u00a0<br \/><strong>Orientador(a):<\/strong> Renato Martins Assun\u00e7\u00e3o<\/p><p><strong>38<br \/>Nome:<\/strong> Gilmar Rosa\u00a0\u00a0\u00a0\u00a0<br \/><strong>Data de Defesa:<\/strong> 27\/1\/2003\u00a0<br \/><strong>T\u00edtulo:<\/strong> &#8220;Avaliando a Qualidade dos Estimadores de Variograma (Variograma Experimental) e do M\u00e9todo de M\u00ednimos Quadrados Ponderados para a Estima\u00e7\u00e3o dos Par\u00e2metros do Modelo de Variograma Te\u00f3rico do Processo&#8221;\u00a0<br \/><strong>Orientador(a):<\/strong> Sueli Aparecida Mingoti<\/p><\/div>\n\t\t\t\t\t\t\t\t\t<div class=\"elementor-tab-title elementor-tab-mobile-title\" aria-selected=\"false\" data-tab=\"21\" role=\"tab\" tabindex=\"-1\" aria-controls=\"elementor-tab-content-12421\" aria-expanded=\"false\">ANO 2002 <\/div>\n\t\t\t\t\t<div id=\"elementor-tab-content-12421\" class=\"elementor-tab-content elementor-clearfix\" data-tab=\"21\" role=\"tabpanel\" aria-labelledby=\"elementor-tab-title-12421\" tabindex=\"0\" hidden=\"hidden\"><p><strong>37<br \/>Nome:<\/strong> Fab\u00edola Adriane Cardoso Santos\u00a0<br \/><strong>Data de Defesa:<\/strong> 21\/11\/2002\u00a0<br \/><strong>T\u00edtulo:<\/strong> &#8220;Avaliando a Suposi\u00e7\u00e3o de Riscos Proporcionais para o Modelo de Cox&#8221;\u00a0<br \/><strong>Orientador(a):<\/strong> Enrico Ant\u00f4nio Colosimo<\/p><p><strong>36<br \/>Nome:<\/strong> Julienne Moreira Borges\u00a0<br \/><strong>Data de Defesa:<\/strong> 19\/06\/2002\u00a0<br \/><strong>T\u00edtulo:<\/strong> &#8220;Planejamento e An\u00e1lise de Estudos Envolvendo a Distribui\u00e7\u00e3o de Poisson&#8221;\u00a0<br \/><strong>Orientador(a):<\/strong> Arminda Lucia Siqueira<\/p><p><strong>35<br \/>Nome:<\/strong> Paula Jacqueline de Oliveira\u00a0<br \/><strong>Data de Defesa:<\/strong> 06\/06\/2002\u00a0<br \/><strong>T\u00edtulo:<\/strong> &#8220;Modelos de Regress\u00e3o N\u00e3o Param\u00e9trica: Um Estudo Comparativo&#8221;\u00a0<br \/><strong>Orientador(a):<\/strong> Gregorio Saravia At\u00fancar<\/p><p><strong>34<br \/>Nome:<\/strong> Cleide Beck de Sousa \u00a0<br \/><strong>Data de Defesa:<\/strong> 27\/05\/2002\u00a0<br \/><strong>T\u00edtulo:<\/strong> &#8220;Compara\u00e7\u00e3o de M\u00e9todos de An\u00e1lise da Percep\u00e7\u00e3o de Consumidores\u00a0<br \/><strong>Orientador(a):<\/strong> Maria de F\u00e1tima Brant Drumond<\/p><p><strong>33<br \/>Nome:<\/strong> Juliana Mambrini\u00a0<br \/><strong>Data de Defesa:<\/strong> 22\/04\/2002\u00a0\u00a0<br \/><strong>T\u00edtulo:<\/strong> &#8220;An\u00e1lise de Efeito de Corretores na Profici\u00eancia dos Alunos via Modelos Lineares Genrealizados Mistos&#8221;\u00a0<br \/><strong>Orientador(a):<\/strong> Jos\u00e9 Francisco Soares<\/p><p><strong>32<br \/>Nome:<\/strong> Ism\u00eania Blavatsky de Magalh\u00e3es\u00a0<br \/><strong>Data de Defesa:<\/strong> 25\/02\/2002\u00a0<br \/><strong>T\u00edtulo:<\/strong> &#8220;Infer\u00eancia em Modelos de Sobreviv\u00eancia Multivariada Via Bootstrap&#8221;\u00a0<br \/><strong>Orientador(a):<\/strong> Enrico Ant\u00f4nio Colosimo<\/p><p><strong>31<br \/>Nome:<\/strong> Nilson Luiz Castelucio Brito\u00a0<br \/><strong>Data de Defesa:<\/strong> 06\/02\/2002\u00a0<br \/><strong>T\u00edtulo:<\/strong> &#8220;Uma Alternativa Geom\u00e9trica para Detec\u00e7\u00e3o de Aleatoriedade Espacial e Interpola\u00e7\u00e3o Baric\u00eantrica em Zonas de Influ\u00eancia&#8221;\u00a0<br \/><strong>Orientador(a):<\/strong> Paulo S\u00e9rgio Lucio<\/p><\/div>\n\t\t\t\t\t\t\t\t\t<div class=\"elementor-tab-title elementor-tab-mobile-title\" aria-selected=\"false\" data-tab=\"22\" role=\"tab\" tabindex=\"-1\" aria-controls=\"elementor-tab-content-12422\" aria-expanded=\"false\">ANO 2001<\/div>\n\t\t\t\t\t<div id=\"elementor-tab-content-12422\" class=\"elementor-tab-content elementor-clearfix\" data-tab=\"22\" role=\"tabpanel\" aria-labelledby=\"elementor-tab-title-12422\" tabindex=\"0\" hidden=\"hidden\"><p><strong>30<br \/>Nome:<\/strong> Luciana Tavares Pires\u00a0\u00a0<br \/><strong>Data de Defesa:<\/strong> 19\/12\/2001\u00a0<br \/><strong>T\u00edtulo:<\/strong> &#8220;Impacto de Viola\u00e7\u00f5es das Hip\u00f3teses dos Modelos de Popula\u00e7\u00f5es Est\u00e1veis na Estima\u00e7\u00e3o da Mortalidade&#8221;\u00a0<br \/><strong>Orientador(a):<\/strong>\u00a0 Renato Martins Assun\u00e7\u00e3o<br \/>Cibele Comini C\u00e9sar (co-orientadora)<\/p><p><strong>29<br \/>Nome:<\/strong> Joab de Oliveira Lima\u00a0\u00a0<br \/><strong>Data de Defesa:<\/strong> 17\/12\/2001\u00a0<br \/><strong>T\u00edtulo:<\/strong> &#8220;Uma Compara\u00e7\u00e3o do M\u00e9todo Fuzzy e Redes Neurais Artificiais com Procedimentos de Agrupamentos Hier\u00e1rquicos e N\u00e3o Hier\u00e1rquicos Tradicionais &#8221;\u00a0<br \/><strong>Orientador(a):<\/strong> Sueli Aparecida Mingoti<\/p><p><strong>28<br \/>Nome:<\/strong> Edwards Cerqueira de Castro\u00a0\u00a0<br \/><strong>Data de Defesa:<\/strong> 14\/12\/2001\u00a0<br \/><strong>T\u00edtulo:<\/strong> &#8220;Estima\u00e7\u00e3o Semi-param\u00e9trica do Par\u00e2metro de Diferencia\u00e7\u00e3o Fracion\u00e1ria dos Modelos FIGARCH&#8221;\u00a0<br \/><strong>Orientador(a):<\/strong> Ela Mercedes Medrano de Toscano<\/p><p><strong>27<br \/>Nome:<\/strong> Lup\u00e9rcio Fran\u00e7a Bessegato\u00a0\u00a0<br \/><strong>Data de Defesa:<\/strong> 12\/12\/2001\u00a0<br \/><strong>T\u00edtulo:<\/strong> &#8220;Escolha do Par\u00e2metro de Suavidade na Estimativa da Fun\u00e7\u00e3o de Distribui\u00e7\u00e3o&#8221;\u00a0<br \/><strong>Orientador(a):<\/strong> Gregorio Saravia At\u00fancar<\/p><p><strong>26<br \/>Nome:<\/strong> Rodrigo Carazolli da Silva\u00a0\u00a0<br \/><strong>Data de Defesa:<\/strong> 7\/12\/2001\u00a0<br \/><strong>T\u00edtulo:<\/strong> &#8220;Avalia\u00e7\u00e3o e Melhoramento do Teste de Tajima para Neutralidade de Muta\u00e7\u00f5es&#8221;\u00a0<br \/><strong>Orientador(a):<\/strong> Gregorio Saravia At\u00fancar<\/p><p><strong>25<br \/>Nome:<\/strong> \u00c9rica de Mello Silva\u00a0\u00a0<br \/><strong>Data de Defesa:<\/strong> 28\/9\/2001\u00a0<br \/><strong>T\u00edtulo:<\/strong> &#8220;Diferentes Abordagens Bootstrap em Modelos ARFIMA(p,d,q)&#8221;\u00a0<br \/><strong>Orientador(a):<\/strong> Glaura da Concei\u00e7\u00e3o Franco<\/p><p><strong>24<br \/>Nome:<\/strong> T\u00e2nia Fernandes Boguitchi\u00a0\u00a0<br \/><strong>Data de Defesa:<\/strong> 27\/9\/2001\u00a0<br \/><strong>T\u00edtulo:<\/strong> &#8220;Compara\u00e7\u00e3o entre Testes para Superdispers\u00e3o em Dados Bin\u00e1rios &#8221;\u00a0<br \/><strong>Orientador(a):<\/strong> Enrico Ant\u00f4nio Colosimo<\/p><p><strong>23<br \/>Nome:<\/strong> Flavia Komatsuzaki\u00a0\u00a0\u00a0<br \/><strong>Data de Defesa:<\/strong> 26\/9\/2001\u00a0<br \/><strong>T\u00edtulo:<\/strong> &#8220;M\u00e9todos Exatos em Tabelas de Conting\u00eancia&#8221;\u00a0<br \/><strong>Orientador(a):<\/strong> Arminda Lucia Siqueira<\/p><p><strong>22<br \/>Nome:<\/strong> Maristela Dias de Oliveira\u00a0\u00a0<br \/><strong>Data de Defesa:<\/strong> 20\/8\/2001\u00a0<br \/><strong>T\u00edtulo:<\/strong> &#8220;Modelos Condicionais em An\u00e1lise de Sobreviv\u00eancia &#8221;\u00a0<br \/><strong>Orientador(a):<\/strong> Enrico Ant\u00f4nio Colosimo<\/p><p><strong>21<br \/>Nome:<\/strong> Otaviano Francisco Neves\u00a0\u00a0<br \/><strong>Data de Defesa:<\/strong> 10\/8\/2001\u00a0<br \/><strong>T\u00edtulo:<\/strong> &#8220;Estudo de Novos Estimadores para a Variabilidade de Processos&#8221;\u00a0<br \/><strong>Orientador(a):<\/strong> Sueli Aparecida Mingoti<\/p><p><strong>20<br \/>Nome:<\/strong> Daniella Dias Vianna\u00a0\u00a0<br \/><strong>Data de Defesa:<\/strong> 7\/8\/2001\u00a0<br \/><strong>T\u00edtulo:<\/strong> &#8220;An\u00e1lise Conjunta Bayesiana&#8221;\u00a0<br \/><strong>Orientador(a):<\/strong>\u00a0 Renato Martins Assun\u00e7\u00e3o e<br \/>Maria de F\u00e1tima Brant Drumond (co-orientadora)<\/p><p><strong>19<br \/>Nome:<\/strong> Denise Coelho de Queiroz\u00a0\u00a0<br \/><strong>Data de Defesa:<\/strong> 25\/7\/2001\u00a0<br \/><strong>T\u00edtulo:<\/strong> &#8220;Aloca\u00e7\u00e3o \u00d3tima de Capaciadade em Redes de Filas Dependentes do Estado&#8221;\u00a0<br \/><strong>Orientador(a):<\/strong> Frederico R. B. Cruz<\/p><p><strong>18<br \/>Nome:<\/strong> Fl\u00e1vio Fagundes Ferreira\u00a0\u00a0<br \/><strong>Data de Defesa:<\/strong> 20\/7\/2001\u00a0<br \/><strong>T\u00edtulo:<\/strong> &#8220;Modelo Espacial de Verifica\u00e7\u00e3o do Impacto do Programa de Observa\u00e7\u00e3o e Vigil\u00e2ncia da Pol\u00edcia Militar de Belo Horizonte-MG&#8221;\u00a0<br \/><strong>Orientador(a):<\/strong> Renato Martins Assun\u00e7\u00e3o<\/p><p><strong>17<br \/>Nome:<\/strong> Jos\u00e9 Aguinaldo Fonseca\u00a0\u00a0<br \/><strong>Data de Defesa:<\/strong> 20\/7\/2001\u00a0<br \/><strong>T\u00edtulo:<\/strong> &#8220;Avaliando Poder Estat\u00edstico do Teste da Raz\u00e3o de Verossimilhan\u00e7a para Detec\u00e7\u00e3o de Clusters sob Modelo&#8221;\u00a0<br \/><strong>Orientador(a):<\/strong> Renato Martins Assun\u00e7\u00e3o<\/p><p><strong>16<br \/>Nome:<\/strong> Reynaldo de Oliveira Medeiros\u00a0<br \/><strong>Data de Defesa:<\/strong> 18\/7\/2001\u00a0<br \/><strong>T\u00edtulo:<\/strong> &#8220;Simula\u00e7\u00e3o de Redes de Filas M\/G\/C\/C Dependentes do Estado&#8221;\u00a0<br \/><strong>Orientador(a):<\/strong> Frederico R. B. Cruz<\/p><p><strong>15<br \/>Nome:<\/strong> Angelo Eduardo Alonso Ribeiro\u00a0<br \/><strong>Data de Defesa:<\/strong> 17\/4\/2001\u00a0<br \/><strong>T\u00edtulo:<\/strong> &#8220;Otimiza\u00e7\u00e3o de Redes Estoc\u00e1sticas: Um Exame de Modelos Aplicados a Redes de Manufatura&#8221;\u00a0<br \/><strong>Orientador(a):<\/strong> Gregorio Saravia At\u00fancar<\/p><\/div>\n\t\t\t\t\t\t\t\t\t<div class=\"elementor-tab-title elementor-tab-mobile-title\" aria-selected=\"false\" data-tab=\"23\" role=\"tab\" tabindex=\"-1\" aria-controls=\"elementor-tab-content-12423\" aria-expanded=\"false\">ANO 2000<\/div>\n\t\t\t\t\t<div id=\"elementor-tab-content-12423\" class=\"elementor-tab-content elementor-clearfix\" data-tab=\"23\" role=\"tabpanel\" aria-labelledby=\"elementor-tab-title-12423\" tabindex=\"0\" hidden=\"hidden\"><p><strong>14<br \/>Nome:<\/strong> Evander Caires Damasceno\u00a0\u00a0<br \/><strong>Data de Defesa:<\/strong> 4\/10\/2000\u00a0<br \/><strong>T\u00edtulo:<\/strong> &#8220;Escolha do Par\u00e2metro de Suavidade em Estima\u00e7\u00e3o Funcional&#8221;\u00a0<br \/><strong>Orientador(a):<\/strong> Gregorio Saravia At\u00fancar<\/p><p><strong>13<br \/>Nome:<\/strong> Wellington Jos\u00e9 da Costa\u00a0\u00a0<br \/><strong>Data de Defesa:<\/strong> 22\/9\/2000\u00a0<br \/><strong>T\u00edtulo:<\/strong> &#8220;Intervalos de Confian\u00e7a Bootstrap para Modelos de Regress\u00e3o com Erros de Medida&#8221;\u00a0<br \/><strong>Orientador(a):<\/strong> Enrico Ant\u00f4nio Colosimo<\/p><p><strong>12<br \/>Nome:<\/strong> M\u00f4nica Galupo Fonseca Costa\u00a0\u00a0<br \/><strong>Data de Defesa:<\/strong> 11\/9\/2000\u00a0<br \/><strong>T\u00edtulo:<\/strong> &#8220;Incerteza na Ordena\u00e7\u00e3o de Mun\u00edcipios com Base em \u00cdndices&#8221;\u00a0<br \/><strong>Orientador(a):<\/strong> Renato Martins Assun\u00e7\u00e3o<\/p><p><strong>11<br \/>Nome:<\/strong> Geraldo Marcelo da Cunha\u00a0\u00a0<br \/><strong>Data de Defesa:<\/strong> 20\/6\/2000\u00a0<br \/><strong>T\u00edtulo:<\/strong> &#8220;Estimando Efeito Causal por Emparelhamento Baseado no Escore de Propens\u00e3o&#8221;\u00a0<br \/><strong>Orientador(a):<\/strong> Renato Martins Assun\u00e7\u00e3o<\/p><p><strong>10<br \/>Nome:<\/strong> Maria Cl\u00e1udia Feres Monteiro de Castro Souza\u00a0<br \/><strong>Data de Defesa:<\/strong> 9\/6\/2000\u00a0<br \/><strong>T\u00edtulo:<\/strong> &#8220;Regress\u00e3o Log\u00edstica Exata para Dados de Resposta Bin\u00e1ria&#8221;\u00a0<br \/><strong>Orientador(a):<\/strong> Arminda Lucia Siqueira<\/p><p><strong>9<br \/>Nome:<\/strong> Emerson Cotta Bodevan\u00a0\u00a0<br \/><strong>Data de Defesa:<\/strong> 19\/5\/2000\u00a0<br \/><strong>T\u00edtulo:<\/strong> &#8220;An\u00e1lise Espacial de dados Vetorias Atrav\u00e9s de Krigagem Direcional &#8211; Aplica\u00e7\u00e3o \u00e0 Din\u00e2mica de Transportes de Sedimentos&#8221;\u00a0<br \/><strong>Orientador(a):<\/strong> Paulo S\u00e9rgio Lucio<\/p><p><strong>8<br \/>Nome:<\/strong> Valdir Jos\u00e9 de Sousa\u00a0\u00a0\u00a0<br \/><strong>Data de Defesa:<\/strong> 27\/4\/2000\u00a0<br \/><strong>T\u00edtulo:<\/strong> &#8220;Previs\u00e3o em S\u00e9ries Temporais com Caracter\u00edstica de Longa Depend\u00eancia&#8221;\u00a0<br \/><strong>Orientador(a):<\/strong> Vald\u00e9rio Anselmo Reisen<\/p><p><strong>7<br \/>Nome:<\/strong> Jo\u00e3o M\u00e1rio Andrade Pinto\u00a0\u00a0<br \/><strong>Data de Defesa<\/strong>: 3\/4\/2000\u00a0<br \/><strong>T\u00edtulo:<\/strong> &#8220;M\u00e9todos Estat\u00edsticos para Testes Acelerados com Esfor\u00e7o Aplicado em Escada em um Estudo de Fadiga Mec\u00e2nica&#8221;\u00a0<br \/><strong>Orientador(a):<\/strong> Enrico Ant\u00f4nio Colosimo<\/p><\/div>\n\t\t\t\t\t\t\t\t\t<div class=\"elementor-tab-title elementor-tab-mobile-title\" aria-selected=\"false\" data-tab=\"24\" role=\"tab\" tabindex=\"-1\" aria-controls=\"elementor-tab-content-12424\" aria-expanded=\"false\">ANO 1999<\/div>\n\t\t\t\t\t<div id=\"elementor-tab-content-12424\" class=\"elementor-tab-content elementor-clearfix\" data-tab=\"24\" role=\"tabpanel\" aria-labelledby=\"elementor-tab-title-12424\" tabindex=\"0\" hidden=\"hidden\"><p><strong>6<br \/>Nome:<\/strong> Cynthia Arantes Vieira Tojeiro\u00a0<br \/><strong>Data de Defesa:<\/strong> 17\/12\/1999\u00a0<br \/><strong>T\u00edtulo:<\/strong> &#8220;Testes de Ra\u00edzes Unit\u00e1rias no Fen\u00f4meno de Longa Depend\u00eancia&#8221;\u00a0<br \/><strong>Orientador(a):<\/strong> Ela Mercedes Medrano de Toscano<\/p><p><strong>5<br \/>Nome:<\/strong> Carlos Ant\u00f4nio Ferreira\u00a0\u00a0<br \/><strong>Data de Defesa:<\/strong> 18\/6\/1999\u00a0<br \/><strong>T\u00edtulo:<\/strong> &#8220;Compara\u00e7\u00e3o da Capacidade Preditiva da Regress\u00e3o Log\u00edstica, CART e Redes Neurais&#8221;\u00a0<br \/><strong>Orientador(a):<\/strong> Jos\u00e9 Francisco Soares<\/p><p><strong>4<br \/>Nome:<\/strong> Jos\u00e9 Rodrigues Batista\u00a0\u00a0<br \/><strong>Data de Defesa:<\/strong> 9\/4\/1999\u00a0<br \/><strong>T\u00edtulo:<\/strong> &#8220;Valores Plaus\u00edveis para Estima\u00e7\u00e3o de Par\u00e2metros Populacionais em Modelos da Teoria da Resposta ao Item&#8221;\u00a0<br \/><strong>Orientador(a):<\/strong> Jos\u00e9 Francisco Soares<\/p><p><strong>3<br \/>Nome:<\/strong> Cibele Noronha Behrens Assun\u00e7\u00e3o\u00a0<br \/><strong>Data de Defesa:<\/strong> 26\/3\/1999\u00a0<br \/><strong>T\u00edtulo:<\/strong> &#8220;Estima\u00e7\u00e3o dos Par\u00e2metros de Modelos de Teoria de Resposta ao Item e Aplica\u00e7\u00f5es&#8221;\u00a0<br \/><strong>Orientador(a):<\/strong> Jos\u00e9 Francisco Soares<\/p><\/div>\n\t\t\t\t\t\t\t\t\t<div class=\"elementor-tab-title elementor-tab-mobile-title\" aria-selected=\"false\" data-tab=\"25\" role=\"tab\" tabindex=\"-1\" aria-controls=\"elementor-tab-content-12425\" aria-expanded=\"false\">ANO 1998<\/div>\n\t\t\t\t\t<div id=\"elementor-tab-content-12425\" class=\"elementor-tab-content elementor-clearfix\" data-tab=\"25\" role=\"tabpanel\" aria-labelledby=\"elementor-tab-title-12425\" tabindex=\"0\" hidden=\"hidden\"><p><strong>2<br \/>Nome:<\/strong> Ilka Afonso Reis\u00a0\u00a0\u00a0<br \/><strong>Data de Defesa:<\/strong> 19\/6\/1998\u00a0<br \/><strong>T\u00edtulo:<\/strong> &#8220;Dois T\u00f3picos em Estat\u00edstica Espacial: Teste da Aleatoriedade Espacial de uma Configura\u00e7\u00e3o de Pontos e Mapeamento e Proje\u00e7\u00e3o Bayesiana de Taxas&#8221;\u00a0<br \/><strong>Orientador(a):<\/strong> Renato Martins Assun\u00e7\u00e3o<\/p><p><strong>1<br \/>Nome:<\/strong> Edna Afonso Reis\u00a0\u00a0\u00a0<br \/><strong>Data de Defesa:<\/strong> 29\/5\/1998\u00a0<br \/><strong>T\u00edtulo:<\/strong> &#8220;An\u00e1lise Espacial de Taxas em Pequenas \u00c1reas usando a Metodologia Bayesiana&#8221;\u00a0<br \/><strong>Orientador(a):<\/strong> Renato\u00a0Martins Assun\u00e7\u00e3o<\/p><\/div>\n\t\t\t\t\t\t\t<\/div>\n\t\t<\/div>\n\t\t\t\t\t\t<\/div>\n\t\t\t\t<\/div>\n\t\t\t\t\t<\/div>\n\t\t<\/div>\n\t\t\t\t\t<\/div>\n\t\t<\/section>\n\t\t\t\t<section class=\"elementor-section elementor-top-section elementor-element elementor-element-ce5194d elementor-section-boxed elementor-section-height-default elementor-section-height-default\" data-id=\"ce5194d\" data-element_type=\"section\" data-e-type=\"section\">\n\t\t\t\t\t\t<div class=\"elementor-container elementor-column-gap-default\">\n\t\t\t\t\t<div class=\"elementor-column elementor-col-100 elementor-top-column elementor-element elementor-element-e2d749b\" data-id=\"e2d749b\" data-element_type=\"column\" data-e-type=\"column\">\n\t\t\t<div class=\"elementor-widget-wrap elementor-element-populated\">\n\t\t\t\t\t\t<div class=\"elementor-element elementor-element-5390d09 elementor-widget elementor-widget-text-editor\" data-id=\"5390d09\" data-element_type=\"widget\" data-e-type=\"widget\" data-widget_type=\"text-editor.default\">\n\t\t\t\t<div class=\"elementor-widget-container\">\n\t\t\t\t\t\t\t\t\t<p>Lorem ipsum dolor sit amet, consectetur adipiscing elit. Ut elit tellus, luctus nec ullamcorper mattis, pulvinar dapibus leo.<\/p>\t\t\t\t\t\t\t\t<\/div>\n\t\t\t\t<\/div>\n\t\t\t\t\t<\/div>\n\t\t<\/div>\n\t\t\t\t\t<\/div>\n\t\t<\/section>\n\t\t\t\t<\/div>\n\t\t","protected":false},"excerpt":{"rendered":"<p>Disserta\u00e7\u00f5es de Mestrado \u00a0 2026 288Nome: Maria Lu\u00edsa da Siva AmancioData da Defesa: 27\/03\/2026T\u00edtulo: Compara\u00e7\u00e3o de modelos Estat\u00edsticos para dados de apenas-presen\u00e7a: Uma abordagem com dados reais e SimuladosOrientadora: Profa. Rosangela Helena Loschi\u00a0Coorientador: Prof. Marcos Oliveira Prates 287Nome: Laura Moreira Pir\u00e2mides SoaresData da Defesa: 27\/02\/2026T\u00edtulo: A Bayesian class of mixed compounded Poisson models: A flexibe [&hellip;]<\/p>\n","protected":false},"author":35,"featured_media":0,"parent":0,"menu_order":0,"comment_status":"closed","ping_status":"closed","template":"","meta":{"site-sidebar-layout":"no-sidebar","site-content-layout":"page-builder","ast-site-content-layout":"full-width-container","site-content-style":"unboxed","site-sidebar-style":"unboxed","ast-global-header-display":"","ast-banner-title-visibility":"","ast-main-header-display":"","ast-hfb-above-header-display":"","ast-hfb-below-header-display":"","ast-hfb-mobile-header-display":"","site-post-title":"disabled","ast-breadcrumbs-content":"","ast-featured-img":"disabled","footer-sml-layout":"","ast-disable-related-posts":"","theme-transparent-header-meta":"default","adv-header-id-meta":"","stick-header-meta":"","header-above-stick-meta":"","header-main-stick-meta":"","header-below-stick-meta":"","astra-migrate-meta-layouts":"set","ast-page-background-enabled":"default","ast-page-background-meta":{"desktop":{"background-color":"","background-image":"","background-repeat":"repeat","background-position":"center center","background-size":"auto","background-attachment":"scroll","background-type":"","background-media":"","overlay-type":"","overlay-color":"","overlay-opacity":"","overlay-gradient":""},"tablet":{"background-color":"","background-image":"","background-repeat":"repeat","background-position":"center center","background-size":"auto","background-attachment":"scroll","background-type":"","background-media":"","overlay-type":"","overlay-color":"","overlay-opacity":"","overlay-gradient":""},"mobile":{"background-color":"","background-image":"","background-repeat":"repeat","background-position":"center center","background-size":"auto","background-attachment":"scroll","background-type":"","background-media":"","overlay-type":"","overlay-color":"","overlay-opacity":"","overlay-gradient":""}},"ast-content-background-meta":{"desktop":{"background-color":"var(--ast-global-color-5)","background-image":"","background-repeat":"repeat","background-position":"center center","background-size":"auto","background-attachment":"scroll","background-type":"","background-media":"","overlay-type":"","overlay-color":"","overlay-opacity":"","overlay-gradient":""},"tablet":{"background-color":"var(--ast-global-color-5)","background-image":"","background-repeat":"repeat","background-position":"center center","background-size":"auto","background-attachment":"scroll","background-type":"","background-media":"","overlay-type":"","overlay-color":"","overlay-opacity":"","overlay-gradient":""},"mobile":{"background-color":"var(--ast-global-color-5)","background-image":"","background-repeat":"repeat","background-position":"center center","background-size":"auto","background-attachment":"scroll","background-type":"","background-media":"","overlay-type":"","overlay-color":"","overlay-opacity":"","overlay-gradient":""}},"footnotes":""},"class_list":["post-12430","page","type-page","status-publish","hentry"],"_links":{"self":[{"href":"https:\/\/www.est.ufmg.br\/portal\/wp-json\/wp\/v2\/pages\/12430","targetHints":{"allow":["GET"]}}],"collection":[{"href":"https:\/\/www.est.ufmg.br\/portal\/wp-json\/wp\/v2\/pages"}],"about":[{"href":"https:\/\/www.est.ufmg.br\/portal\/wp-json\/wp\/v2\/types\/page"}],"author":[{"embeddable":true,"href":"https:\/\/www.est.ufmg.br\/portal\/wp-json\/wp\/v2\/users\/35"}],"replies":[{"embeddable":true,"href":"https:\/\/www.est.ufmg.br\/portal\/wp-json\/wp\/v2\/comments?post=12430"}],"version-history":[{"count":149,"href":"https:\/\/www.est.ufmg.br\/portal\/wp-json\/wp\/v2\/pages\/12430\/revisions"}],"predecessor-version":[{"id":22054,"href":"https:\/\/www.est.ufmg.br\/portal\/wp-json\/wp\/v2\/pages\/12430\/revisions\/22054"}],"wp:attachment":[{"href":"https:\/\/www.est.ufmg.br\/portal\/wp-json\/wp\/v2\/media?parent=12430"}],"curies":[{"name":"wp","href":"https:\/\/api.w.org\/{rel}","templated":true}]}}