{"id":3606,"date":"2022-11-30T14:35:35","date_gmt":"2022-11-30T17:35:35","guid":{"rendered":"https:\/\/www.est.ufmg.br\/portal\/?page_id=3606"},"modified":"2024-07-25T10:33:47","modified_gmt":"2024-07-25T13:33:47","slug":"infra-estrutura","status":"publish","type":"page","link":"https:\/\/www.est.ufmg.br\/portal\/infra-estrutura\/","title":{"rendered":"Infra-estrutura"},"content":{"rendered":"\t\t<div data-elementor-type=\"wp-page\" data-elementor-id=\"3606\" class=\"elementor elementor-3606\" data-elementor-post-type=\"page\">\n\t\t\t\t\t\t<section class=\"elementor-section elementor-top-section elementor-element elementor-element-8cbb7b2 elementor-section-full_width elementor-section-height-default elementor-section-height-default\" data-id=\"8cbb7b2\" data-element_type=\"section\" data-e-type=\"section\" data-settings=\"{&quot;background_background&quot;:&quot;classic&quot;}\">\n\t\t\t\t\t\t<div class=\"elementor-container elementor-column-gap-default\">\n\t\t\t\t\t<div class=\"elementor-column elementor-col-100 elementor-top-column elementor-element elementor-element-e263a5b\" data-id=\"e263a5b\" data-element_type=\"column\" data-e-type=\"column\">\n\t\t\t<div class=\"elementor-widget-wrap elementor-element-populated\">\n\t\t\t\t\t\t<div class=\"elementor-element elementor-element-36f4e4b elementor-widget elementor-widget-heading\" data-id=\"36f4e4b\" data-element_type=\"widget\" data-e-type=\"widget\" data-widget_type=\"heading.default\">\n\t\t\t\t<div class=\"elementor-widget-container\">\n\t\t\t\t\t<h2 class=\"elementor-heading-title elementor-size-default\">Infra-Estrutura<\/h2>\t\t\t\t<\/div>\n\t\t\t\t<\/div>\n\t\t\t\t\t<\/div>\n\t\t<\/div>\n\t\t\t\t\t<\/div>\n\t\t<\/section>\n\t\t\t\t<section class=\"elementor-section elementor-top-section elementor-element elementor-element-2e8c4a3 elementor-section-boxed elementor-section-height-default elementor-section-height-default\" data-id=\"2e8c4a3\" data-element_type=\"section\" data-e-type=\"section\">\n\t\t\t\t\t\t<div class=\"elementor-container elementor-column-gap-default\">\n\t\t\t\t\t<div class=\"elementor-column elementor-col-50 elementor-top-column elementor-element elementor-element-28e3c98\" data-id=\"28e3c98\" data-element_type=\"column\" data-e-type=\"column\">\n\t\t\t<div class=\"elementor-widget-wrap elementor-element-populated\">\n\t\t\t\t\t\t<div class=\"elementor-element elementor-element-4484043 elementor-arrows-position-inside elementor-pagination-position-outside elementor-widget elementor-widget-image-carousel\" data-id=\"4484043\" data-element_type=\"widget\" data-e-type=\"widget\" data-settings=\"{&quot;slides_to_show&quot;:&quot;1&quot;,&quot;autoplay_speed&quot;:3000,&quot;navigation&quot;:&quot;both&quot;,&quot;autoplay&quot;:&quot;yes&quot;,&quot;pause_on_hover&quot;:&quot;yes&quot;,&quot;pause_on_interaction&quot;:&quot;yes&quot;,&quot;infinite&quot;:&quot;yes&quot;,&quot;effect&quot;:&quot;slide&quot;,&quot;speed&quot;:500}\" data-widget_type=\"image-carousel.default\">\n\t\t\t\t<div class=\"elementor-widget-container\">\n\t\t\t\t\t\t\t<div class=\"elementor-image-carousel-wrapper swiper\" role=\"region\" aria-roledescription=\"carousel\" aria-label=\"Carrossel de imagens\" dir=\"ltr\">\n\t\t\t<div class=\"elementor-image-carousel swiper-wrapper\" aria-live=\"off\">\n\t\t\t\t\t\t\t\t<div class=\"swiper-slide\" role=\"group\" aria-roledescription=\"slide\" aria-label=\"1 de 12\"><figure class=\"swiper-slide-inner\"><img decoding=\"async\" class=\"swiper-slide-image\" src=\"https:\/\/www.est.ufmg.br\/portal\/wp-content\/uploads\/2022\/12\/Vista-do-4o-andar-do-Departamento-de-Estatistica.jpg\" alt=\"Vista do 4\u00ba andar do Departamento de Estat\u00edstica\" \/><figcaption class=\"elementor-image-carousel-caption\">Vista do 4\u00ba andar do Departamento de Estat\u00edstica<\/figcaption><\/figure><\/div><div class=\"swiper-slide\" role=\"group\" aria-roledescription=\"slide\" aria-label=\"2 de 12\"><figure class=\"swiper-slide-inner\"><img decoding=\"async\" class=\"swiper-slide-image\" src=\"https:\/\/www.est.ufmg.br\/portal\/wp-content\/uploads\/2022\/12\/Sala-de-aula-2025.jpg\" alt=\"Sala de aula 2025\" \/><figcaption class=\"elementor-image-carousel-caption\">Sala de aula 2025<\/figcaption><\/figure><\/div><div class=\"swiper-slide\" role=\"group\" aria-roledescription=\"slide\" aria-label=\"3 de 12\"><figure class=\"swiper-slide-inner\"><img decoding=\"async\" class=\"swiper-slide-image\" src=\"https:\/\/www.est.ufmg.br\/portal\/wp-content\/uploads\/2022\/12\/Sala-de-aula-2025-Projecao.jpg\" alt=\"Sala de aula 2025 - Proje\u00e7\u00e3o\" \/><figcaption class=\"elementor-image-carousel-caption\">Sala de aula 2025 - Proje\u00e7\u00e3o<\/figcaption><\/figure><\/div><div class=\"swiper-slide\" role=\"group\" aria-roledescription=\"slide\" aria-label=\"4 de 12\"><figure class=\"swiper-slide-inner\"><img decoding=\"async\" class=\"swiper-slide-image\" src=\"https:\/\/www.est.ufmg.br\/portal\/wp-content\/uploads\/2022\/12\/Sala-de-aula-2025-Panoramica.jpg\" alt=\"Sala de aula 2025 - Panor\u00e2mica\" \/><figcaption class=\"elementor-image-carousel-caption\">Sala de aula 2025 - Panor\u00e2mica<\/figcaption><\/figure><\/div><div class=\"swiper-slide\" role=\"group\" aria-roledescription=\"slide\" aria-label=\"5 de 12\"><figure class=\"swiper-slide-inner\"><img decoding=\"async\" class=\"swiper-slide-image\" src=\"https:\/\/www.est.ufmg.br\/portal\/wp-content\/uploads\/2022\/12\/Sala-de-aula-2024.jpg\" alt=\"Sala de aula 2024\" \/><figcaption class=\"elementor-image-carousel-caption\">Sala de aula 2024<\/figcaption><\/figure><\/div><div class=\"swiper-slide\" role=\"group\" aria-roledescription=\"slide\" aria-label=\"6 de 12\"><figure class=\"swiper-slide-inner\"><img decoding=\"async\" class=\"swiper-slide-image\" src=\"https:\/\/www.est.ufmg.br\/portal\/wp-content\/uploads\/2022\/12\/Sala-de-aula-2024-vista-da-porta.jpg\" alt=\"Sala de aula 2024 vista da porta\" \/><figcaption class=\"elementor-image-carousel-caption\">Sala de aula 2024 vista da porta<\/figcaption><\/figure><\/div><div class=\"swiper-slide\" role=\"group\" aria-roledescription=\"slide\" aria-label=\"7 de 12\"><figure class=\"swiper-slide-inner\"><img decoding=\"async\" class=\"swiper-slide-image\" src=\"https:\/\/www.est.ufmg.br\/portal\/wp-content\/uploads\/2022\/12\/Sala-de-aula-2024-Projecao.jpg\" alt=\"Sala de aula 2024 - Proje\u00e7\u00e3o\" \/><figcaption class=\"elementor-image-carousel-caption\">Sala de aula 2024 - Proje\u00e7\u00e3o<\/figcaption><\/figure><\/div><div class=\"swiper-slide\" role=\"group\" aria-roledescription=\"slide\" aria-label=\"8 de 12\"><figure class=\"swiper-slide-inner\"><img decoding=\"async\" class=\"swiper-slide-image\" src=\"https:\/\/www.est.ufmg.br\/portal\/wp-content\/uploads\/2022\/12\/Sala-3048-Laboratorio-de-Informatica-da-Pos-Graduacao.jpg\" alt=\"Sala 3048 - Laborat\u00f3rio de Inform\u00e1tica da P\u00f3s Gradua\u00e7\u00e3o\" \/><figcaption class=\"elementor-image-carousel-caption\">Sala 3048 - Laborat\u00f3rio de Inform\u00e1tica da P\u00f3s Gradua\u00e7\u00e3o<\/figcaption><\/figure><\/div><div class=\"swiper-slide\" role=\"group\" aria-roledescription=\"slide\" aria-label=\"9 de 12\"><figure class=\"swiper-slide-inner\"><img decoding=\"async\" class=\"swiper-slide-image\" src=\"https:\/\/www.est.ufmg.br\/portal\/wp-content\/uploads\/2022\/12\/Sala-3047-Laboratorio-Pos-Graduacao.jpg\" alt=\"Sala 3047 - Laborat\u00f3rio P\u00f3s Gradua\u00e7\u00e3o\" \/><figcaption class=\"elementor-image-carousel-caption\">Sala 3047 - Laborat\u00f3rio P\u00f3s Gradua\u00e7\u00e3o<\/figcaption><\/figure><\/div><div class=\"swiper-slide\" role=\"group\" aria-roledescription=\"slide\" aria-label=\"10 de 12\"><figure class=\"swiper-slide-inner\"><img decoding=\"async\" class=\"swiper-slide-image\" src=\"https:\/\/www.est.ufmg.br\/portal\/wp-content\/uploads\/2022\/12\/Sala-3038-Laboratorio-de-informatica.jpg\" alt=\"Sala 3038 - Laborat\u00f3rio de inform\u00e1tica\" \/><figcaption class=\"elementor-image-carousel-caption\">Sala 3038 - Laborat\u00f3rio de inform\u00e1tica<\/figcaption><\/figure><\/div><div class=\"swiper-slide\" role=\"group\" aria-roledescription=\"slide\" aria-label=\"11 de 12\"><figure class=\"swiper-slide-inner\"><img decoding=\"async\" class=\"swiper-slide-image\" src=\"https:\/\/www.est.ufmg.br\/portal\/wp-content\/uploads\/2022\/12\/Sala-2030-Multimidia-e-reunioes-virtuais.jpg\" alt=\"Sala 2030 - Multim\u00eddia e reuni\u00f5es virtuais\" \/><figcaption class=\"elementor-image-carousel-caption\">Sala 2030 - Multim\u00eddia e reuni\u00f5es virtuais<\/figcaption><\/figure><\/div><div class=\"swiper-slide\" role=\"group\" aria-roledescription=\"slide\" aria-label=\"12 de 12\"><figure class=\"swiper-slide-inner\"><img decoding=\"async\" class=\"swiper-slide-image\" src=\"https:\/\/www.est.ufmg.br\/portal\/wp-content\/uploads\/2022\/12\/Ipe-na-portaria-da-Av-Carlos-Luz.jpg\" alt=\"Ip\u00ea na portaria da Av Carlos Luz\" \/><figcaption class=\"elementor-image-carousel-caption\">Ip\u00ea na portaria da Av Carlos Luz<\/figcaption><\/figure><\/div>\t\t\t<\/div>\n\t\t\t\t\t\t\t\t\t\t\t\t<div class=\"elementor-swiper-button elementor-swiper-button-prev\" role=\"button\" tabindex=\"0\">\n\t\t\t\t\t\t<i aria-hidden=\"true\" class=\"eicon-chevron-left\"><\/i>\t\t\t\t\t<\/div>\n\t\t\t\t\t<div class=\"elementor-swiper-button elementor-swiper-button-next\" role=\"button\" tabindex=\"0\">\n\t\t\t\t\t\t<i aria-hidden=\"true\" class=\"eicon-chevron-right\"><\/i>\t\t\t\t\t<\/div>\n\t\t\t\t\n\t\t\t\t\t\t\t\t\t<div class=\"swiper-pagination\"><\/div>\n\t\t\t\t\t\t\t\t\t<\/div>\n\t\t\t\t\t\t<\/div>\n\t\t\t\t<\/div>\n\t\t\t\t\t<\/div>\n\t\t<\/div>\n\t\t\t\t<div class=\"elementor-column elementor-col-50 elementor-top-column elementor-element elementor-element-5a3c019\" data-id=\"5a3c019\" data-element_type=\"column\" data-e-type=\"column\">\n\t\t\t<div class=\"elementor-widget-wrap elementor-element-populated\">\n\t\t\t\t\t\t<div class=\"elementor-element elementor-element-9771105 elementor-widget elementor-widget-text-editor\" data-id=\"9771105\" data-element_type=\"widget\" data-e-type=\"widget\" data-widget_type=\"text-editor.default\">\n\t\t\t\t<div class=\"elementor-widget-container\">\n\t\t\t\t\t\t\t\t\t<p><strong>O DEST conta com a seguinte estrutura:<\/strong><\/p><ul><li><strong>Recursos Computacionais<\/strong><\/li><li><strong style=\"font-style: inherit;\">Salas\u00a0<\/strong><b style=\"font-style: inherit;\">Multim\u00eddia<\/b><\/li><li><strong style=\"font-style: inherit;\">Gabinetes de docentes<\/strong><\/li><li><strong style=\"font-style: inherit;\">Secretarias e salas de apoio<\/strong><\/li><li><strong style=\"font-style: inherit;\">Salas de estudos para alunos de P\u00f3s-gradua\u00e7\u00e3o<\/strong><\/li><li><strong style=\"font-style: inherit;\">Salas de aula para a P\u00f3s-gradua\u00e7\u00e3o<\/strong><\/li><li><strong style=\"font-style: inherit;\">Monitoria (Projeto PMG)<\/strong><\/li><li><strong style=\"font-style: inherit;\">Empresa Junior<\/strong><\/li><li><strong style=\"font-style: inherit;\">Especializa\u00e7\u00e3o em Estat\u00edstica<\/strong><\/li><li><strong style=\"font-style: inherit;\">Bibliotecas<\/strong><\/li><li><strong style=\"font-style: inherit;\">Moradia Universit\u00e1ria<\/strong><\/li><\/ul><p>H\u00e1 dispon\u00edvel moradia universit\u00e1ria. Maiores informa\u00e7\u00f5es podem ser obtidas no site da Funda\u00e7\u00e3o Universit\u00e1ria Mendes Pimentel (FUMP\/Moradia Universit\u00e1ria).<\/p>\t\t\t\t\t\t\t\t<\/div>\n\t\t\t\t<\/div>\n\t\t\t\t\t<\/div>\n\t\t<\/div>\n\t\t\t\t\t<\/div>\n\t\t<\/section>\n\t\t\t\t<section class=\"elementor-section elementor-top-section elementor-element elementor-element-29edd8b elementor-section-boxed elementor-section-height-default elementor-section-height-default\" data-id=\"29edd8b\" data-element_type=\"section\" data-e-type=\"section\">\n\t\t\t\t\t\t<div class=\"elementor-container elementor-column-gap-default\">\n\t\t\t\t\t<div class=\"elementor-column elementor-col-100 elementor-top-column elementor-element elementor-element-75f8ae7\" data-id=\"75f8ae7\" data-element_type=\"column\" data-e-type=\"column\">\n\t\t\t<div class=\"elementor-widget-wrap elementor-element-populated\">\n\t\t\t\t\t\t<div class=\"elementor-element elementor-element-ebfc5f6 elementor-widget elementor-widget-text-editor\" data-id=\"ebfc5f6\" data-element_type=\"widget\" data-e-type=\"widget\" data-widget_type=\"text-editor.default\">\n\t\t\t\t<div class=\"elementor-widget-container\">\n\t\t\t\t\t\t\t\t\t<p><strong><img decoding=\"async\" class=\"size-full wp-image-4328 alignleft\" src=\"https:\/\/www.est.ufmg.br\/portal\/wp-content\/uploads\/2022\/12\/check.png\" alt=\"\" width=\"40\" height=\"34\">Recursos Computacionais<\/strong><\/p>\n<p>O Departamento de Estat\u00edstica (DEST) conta com uma infra-estrutura de 10 laborat\u00f3rios de pesquisa, com a maioria dos professores respons\u00e1veis pertencentes ao corpo docente da P\u00f3s-gradua\u00e7\u00e3o. Al\u00e9m destes laborat\u00f3rios de pesquisa, h\u00e1 dois laborat\u00f3rios computacionais para uso exclusivo dos alunos da P\u00f3s-gradua\u00e7\u00e3o (salas 3047 e 3048).<\/p>\n<p>O DEST conta tamb\u00e9m com uma sala de aulas de computa\u00e7\u00e3o para a Gradua\u00e7\u00e3o, com um total de 40 computadores (sala 3038).<\/p>\n<p><strong><img decoding=\"async\" class=\"size-full wp-image-4328 alignleft\" src=\"https:\/\/www.est.ufmg.br\/portal\/wp-content\/uploads\/2022\/12\/check.png\" alt=\"\" width=\"40\" height=\"34\">Salas&nbsp;<\/strong><b>Multim\u00eddia<\/b><\/p>\n<p>O DEST possui uma sala de semin\u00e1rios (sala 2076), com capacidade para 80 pessoas, al\u00e9m de um espa\u00e7o (sala 2030) equipado com TV, projetor e equipamento de som para defesas de teses e disserta\u00e7\u00f5es. A sala 4050 tamb\u00e9m conta com TV e projetor, sendo utilizada para reuni\u00f5es.<\/p>\n<p><strong><img decoding=\"async\" class=\"size-full wp-image-4328 alignleft\" src=\"https:\/\/www.est.ufmg.br\/portal\/wp-content\/uploads\/2022\/12\/check.png\" alt=\"\" width=\"40\" height=\"34\">Gabinetes de docentes<\/strong><\/p>\n<p>Todos os docentes possuem um gabinete de trabalho individual, com computadores obtidos em sua maioria atrav\u00e9s de projetos de pesquisa enviados para \u00f3rg\u00e3os de fomento. Docentes visitantes, aposentados e em\u00e9rito tamb\u00e9m contam com gabinetes espec\u00edficos para utiliza\u00e7\u00e3o enquanto estiverem realizando trabalhos para o DEST.<\/p>\n<p><strong><img decoding=\"async\" class=\"size-full wp-image-4328 alignleft\" src=\"https:\/\/www.est.ufmg.br\/portal\/wp-content\/uploads\/2022\/12\/check.png\" alt=\"\" width=\"40\" height=\"34\">Secretarias e salas de apoio<\/strong><\/p>\n<p>O DEST conta com uma secretaria geral (sala 4054), uma secretaria para a P\u00f3s-gradua\u00e7\u00e3o (sala 4052), uma sala para o setor de recursos computacionais (sala 3046), duas salas para o setor de conv\u00eanios e almoxarifado (salas 4053 e 4051).&nbsp;<\/p>\n<p><strong><img decoding=\"async\" class=\"size-full wp-image-4328 alignleft\" src=\"https:\/\/www.est.ufmg.br\/portal\/wp-content\/uploads\/2022\/12\/check.png\" alt=\"\" width=\"40\" height=\"34\">Salas de estudos para alunos de P\u00f3s-gradua\u00e7\u00e3o<\/strong><\/p>\n<p>Existem 5 salas de estudos para os alunos de P\u00f3s-gradua\u00e7\u00e3o: salas 3031, 3032, 3033, 3034 e 3035.&nbsp;<\/p>\n<p><strong><img decoding=\"async\" class=\"size-full wp-image-4328 alignleft\" src=\"https:\/\/www.est.ufmg.br\/portal\/wp-content\/uploads\/2022\/12\/check.png\" alt=\"\" width=\"40\" height=\"34\">Salas de aula para a P\u00f3s-gradua\u00e7\u00e3o<\/strong><\/p>\n<p>O DEST possui 3 salas equipadas com projetores e computadores para aulas dos cursos de P\u00f3s-gradua\u00e7\u00e3o (salas 2024, 2025 e 2026).<\/p>\n<p><strong><img decoding=\"async\" class=\"size-full wp-image-4328 alignleft\" src=\"https:\/\/www.est.ufmg.br\/portal\/wp-content\/uploads\/2022\/12\/check.png\" alt=\"\" width=\"40\" height=\"34\">Monitoria (Projeto PMG)<\/strong><\/p>\n<p>Os monitores do projeto PMG utilizam a sala 3034 (provisoriamente cedida pela P\u00f3s-gradua\u00e7\u00e3o) para realizarem as tarefas computacionais, e a sala 1028 para atendimento aos alunos.<\/p>\n<p><strong><img decoding=\"async\" class=\"size-full wp-image-4328 alignleft\" src=\"https:\/\/www.est.ufmg.br\/portal\/wp-content\/uploads\/2022\/12\/check.png\" alt=\"\" width=\"40\" height=\"34\">Empresa Junior<\/strong><\/p>\n<p>A empresa Junior de Estat\u00edstica ocupa a sala 2028, um espa\u00e7o dispon\u00edvel para atendimento e execu\u00e7\u00e3o dos trabalhos realizados.<\/p>\n<p><strong><img decoding=\"async\" class=\"size-full wp-image-4328 alignleft\" src=\"https:\/\/www.est.ufmg.br\/portal\/wp-content\/uploads\/2022\/12\/check.png\" alt=\"\" width=\"40\" height=\"34\">Especializa\u00e7\u00e3o em Estat\u00edstica<\/strong><\/p>\n<p>Os alunos e docentes do curso de especializa\u00e7\u00e3o em Estat\u00edstica utilizam a sala 3030 para realizarem seus trabalhos.<\/p>\n<p><strong><img decoding=\"async\" class=\"size-full wp-image-4328 alignleft\" src=\"https:\/\/www.est.ufmg.br\/portal\/wp-content\/uploads\/2022\/12\/check.png\" alt=\"\" width=\"40\" height=\"34\">Bibliotecas<\/strong><\/p>\n<p>H\u00e1 duas bibliotecas que est\u00e3o \u00e0 disposi\u00e7\u00e3o dos usu\u00e1rios do DEST, que contam com um crescente acervo de livros e peri\u00f3dicos de Estat\u00edstica: a Biblioteca Central, cujo acervo \u00e9 mais voltado aos alunos da gradua\u00e7\u00e3o, e a Biblioteca de p\u00f3s-gradua\u00e7\u00e3o do Instituto de Ci\u00eancias Exatas (ICEx).<\/p>\n<p><strong><img decoding=\"async\" class=\"size-full wp-image-4328 alignleft\" src=\"https:\/\/www.est.ufmg.br\/portal\/wp-content\/uploads\/2022\/12\/check.png\" alt=\"\" width=\"40\" height=\"34\">Moradia Universit\u00e1ria<\/strong><\/p>\n<p>H\u00e1 dispon\u00edvel moradia universit\u00e1ria. Maiores informa\u00e7\u00f5es podem ser obtidas no site da Funda\u00e7\u00e3o Universit\u00e1ria Mendes Pimentel (FUMP\/Moradia Universit\u00e1ria).<\/p>\t\t\t\t\t\t\t\t<\/div>\n\t\t\t\t<\/div>\n\t\t\t\t\t<\/div>\n\t\t<\/div>\n\t\t\t\t\t<\/div>\n\t\t<\/section>\n\t\t\t\t<\/div>\n\t\t","protected":false},"excerpt":{"rendered":"<p>Infra-Estrutura Vista do 4\u00ba andar do Departamento de Estat\u00edstica Sala de aula 2025 Sala de aula 2025 &#8211; Proje\u00e7\u00e3o Sala de aula 2025 &#8211; Panor\u00e2mica Sala de aula 2024 Sala de aula 2024 vista da porta Sala de aula 2024 &#8211; Proje\u00e7\u00e3o Sala 3048 &#8211; Laborat\u00f3rio de Inform\u00e1tica da P\u00f3s Gradua\u00e7\u00e3o Sala 3047 &#8211; Laborat\u00f3rio [&hellip;]<\/p>\n","protected":false},"author":1,"featured_media":0,"parent":0,"menu_order":0,"comment_status":"closed","ping_status":"closed","template":"","meta":{"site-sidebar-layout":"no-sidebar","site-content-layout":"page-builder","ast-site-content-layout":"full-width-container","site-content-style":"unboxed","site-sidebar-style":"unboxed","ast-global-header-display":"","ast-banner-title-visibility":"","ast-main-header-display":"","ast-hfb-above-header-display":"","ast-hfb-below-header-display":"","ast-hfb-mobile-header-display":"","site-post-title":"disabled","ast-breadcrumbs-content":"","ast-featured-img":"disabled","footer-sml-layout":"","ast-disable-related-posts":"","theme-transparent-header-meta":"default","adv-header-id-meta":"","stick-header-meta":"","header-above-stick-meta":"","header-main-stick-meta":"","header-below-stick-meta":"","astra-migrate-meta-layouts":"set","ast-page-background-enabled":"default","ast-page-background-meta":{"desktop":{"background-color":"","background-image":"","background-repeat":"repeat","background-position":"center center","background-size":"auto","background-attachment":"scroll","background-type":"","background-media":"","overlay-type":"","overlay-color":"","overlay-opacity":"","overlay-gradient":""},"tablet":{"background-color":"","background-image":"","background-repeat":"repeat","background-position":"center center","background-size":"auto","background-attachment":"scroll","background-type":"","background-media":"","overlay-type":"","overlay-color":"","overlay-opacity":"","overlay-gradient":""},"mobile":{"background-color":"","background-image":"","background-repeat":"repeat","background-position":"center center","background-size":"auto","background-attachment":"scroll","background-type":"","background-media":"","overlay-type":"","overlay-color":"","overlay-opacity":"","overlay-gradient":""}},"ast-content-background-meta":{"desktop":{"background-color":"var(--ast-global-color-5)","background-image":"","background-repeat":"repeat","background-position":"center center","background-size":"auto","background-attachment":"scroll","background-type":"","background-media":"","overlay-type":"","overlay-color":"","overlay-opacity":"","overlay-gradient":""},"tablet":{"background-color":"var(--ast-global-color-5)","background-image":"","background-repeat":"repeat","background-position":"center center","background-size":"auto","background-attachment":"scroll","background-type":"","background-media":"","overlay-type":"","overlay-color":"","overlay-opacity":"","overlay-gradient":""},"mobile":{"background-color":"var(--ast-global-color-5)","background-image":"","background-repeat":"repeat","background-position":"center center","background-size":"auto","background-attachment":"scroll","background-type":"","background-media":"","overlay-type":"","overlay-color":"","overlay-opacity":"","overlay-gradient":""}},"footnotes":""},"class_list":["post-3606","page","type-page","status-publish","hentry"],"_links":{"self":[{"href":"https:\/\/www.est.ufmg.br\/portal\/wp-json\/wp\/v2\/pages\/3606","targetHints":{"allow":["GET"]}}],"collection":[{"href":"https:\/\/www.est.ufmg.br\/portal\/wp-json\/wp\/v2\/pages"}],"about":[{"href":"https:\/\/www.est.ufmg.br\/portal\/wp-json\/wp\/v2\/types\/page"}],"author":[{"embeddable":true,"href":"https:\/\/www.est.ufmg.br\/portal\/wp-json\/wp\/v2\/users\/1"}],"replies":[{"embeddable":true,"href":"https:\/\/www.est.ufmg.br\/portal\/wp-json\/wp\/v2\/comments?post=3606"}],"version-history":[{"count":60,"href":"https:\/\/www.est.ufmg.br\/portal\/wp-json\/wp\/v2\/pages\/3606\/revisions"}],"predecessor-version":[{"id":14432,"href":"https:\/\/www.est.ufmg.br\/portal\/wp-json\/wp\/v2\/pages\/3606\/revisions\/14432"}],"wp:attachment":[{"href":"https:\/\/www.est.ufmg.br\/portal\/wp-json\/wp\/v2\/media?parent=3606"}],"curies":[{"name":"wp","href":"https:\/\/api.w.org\/{rel}","templated":true}]}}