{"id":7167,"date":"2023-02-23T11:28:25","date_gmt":"2023-02-23T14:28:25","guid":{"rendered":"https:\/\/www.est.ufmg.br\/portal\/?page_id=7167"},"modified":"2025-12-05T17:56:24","modified_gmt":"2025-12-05T20:56:24","slug":"pos-graduacao-processo-seletivo","status":"publish","type":"page","link":"https:\/\/www.est.ufmg.br\/portal\/pos-graduacao-processo-seletivo\/","title":{"rendered":"Pos Graduacao &#8211; Processo Seletivo"},"content":{"rendered":"\t\t<div data-elementor-type=\"wp-page\" data-elementor-id=\"7167\" class=\"elementor elementor-7167\" data-elementor-post-type=\"page\">\n\t\t\t\t\t\t<section class=\"elementor-section elementor-top-section elementor-element elementor-element-5d27c17 elementor-section-full_width elementor-section-height-default elementor-section-height-default\" data-id=\"5d27c17\" data-element_type=\"section\" data-e-type=\"section\">\n\t\t\t\t\t\t<div class=\"elementor-container elementor-column-gap-no\">\n\t\t\t\t\t<div class=\"elementor-column elementor-col-100 elementor-top-column elementor-element elementor-element-491634b\" data-id=\"491634b\" data-element_type=\"column\" data-e-type=\"column\">\n\t\t\t<div class=\"elementor-widget-wrap elementor-element-populated\">\n\t\t\t\t\t\t<div class=\"elementor-element elementor-element-1caa08e elementor-widget elementor-widget-shortcode\" data-id=\"1caa08e\" data-element_type=\"widget\" data-e-type=\"widget\" data-settings=\"{&quot;sticky&quot;:&quot;bottom&quot;,&quot;sticky_on&quot;:[&quot;desktop&quot;,&quot;tablet&quot;,&quot;mobile&quot;],&quot;sticky_offset&quot;:0,&quot;sticky_effects_offset&quot;:0,&quot;sticky_anchor_link_offset&quot;:0}\" data-widget_type=\"shortcode.default\">\n\t\t\t\t<div class=\"elementor-widget-container\">\n\t\t\t\t\t\t\t<div class=\"elementor-shortcode\">\t\t<div data-elementor-type=\"section\" data-elementor-id=\"7039\" class=\"elementor elementor-7039\" data-elementor-post-type=\"elementor_library\">\n\t\t\t\t\t<section class=\"elementor-section elementor-top-section elementor-element elementor-element-4196f936 elementor-section-full_width elementor-section-height-default elementor-section-height-default\" data-id=\"4196f936\" data-element_type=\"section\" data-e-type=\"section\" id=\"menu-atuariais\" data-settings=\"{&quot;background_background&quot;:&quot;classic&quot;}\">\n\t\t\t\t\t\t\t<div class=\"elementor-background-overlay\"><\/div>\n\t\t\t\t\t\t\t<div class=\"elementor-container elementor-column-gap-default\">\n\t\t\t\t\t<div class=\"elementor-column elementor-col-100 elementor-top-column elementor-element elementor-element-38946e94\" data-id=\"38946e94\" data-element_type=\"column\" data-e-type=\"column\">\n\t\t\t<div class=\"elementor-widget-wrap elementor-element-populated\">\n\t\t\t\t\t\t<div class=\"elementor-element elementor-element-1c9328fd elementor-widget elementor-widget-heading\" data-id=\"1c9328fd\" data-element_type=\"widget\" data-e-type=\"widget\" data-widget_type=\"heading.default\">\n\t\t\t\t<div class=\"elementor-widget-container\">\n\t\t\t\t\t<h2 class=\"elementor-heading-title elementor-size-default\">P\u00f3s-gradua\u00e7\u00e3o<\/h2>\t\t\t\t<\/div>\n\t\t\t\t<\/div>\n\t\t\t\t\t<\/div>\n\t\t<\/div>\n\t\t\t\t\t<\/div>\n\t\t<\/section>\n\t\t\t\t<section class=\"elementor-section elementor-top-section elementor-element elementor-element-7c2abc6 elementor-section-full_width elementor-section-height-default elementor-section-height-default\" data-id=\"7c2abc6\" data-element_type=\"section\" data-e-type=\"section\" data-settings=\"{&quot;background_background&quot;:&quot;classic&quot;,&quot;sticky&quot;:&quot;top&quot;,&quot;sticky_on&quot;:[&quot;desktop&quot;,&quot;tablet&quot;,&quot;mobile&quot;],&quot;sticky_offset&quot;:0,&quot;sticky_effects_offset&quot;:0,&quot;sticky_anchor_link_offset&quot;:0}\">\n\t\t\t\t\t\t<div class=\"elementor-container elementor-column-gap-default\">\n\t\t\t\t\t<div class=\"elementor-column elementor-col-100 elementor-top-column elementor-element elementor-element-72d1d89\" data-id=\"72d1d89\" data-element_type=\"column\" data-e-type=\"column\">\n\t\t\t<div class=\"elementor-widget-wrap elementor-element-populated\">\n\t\t\t\t\t\t<div class=\"elementor-element elementor-element-dcc935b elementor-icon-list--layout-inline elementor-align-center elementor-list-item-link-full_width elementor-widget elementor-widget-icon-list\" data-id=\"dcc935b\" data-element_type=\"widget\" data-e-type=\"widget\" data-widget_type=\"icon-list.default\">\n\t\t\t\t<div class=\"elementor-widget-container\">\n\t\t\t\t\t\t\t<ul class=\"elementor-icon-list-items elementor-inline-items\">\n\t\t\t\t\t\t\t<li class=\"elementor-icon-list-item elementor-inline-item\">\n\t\t\t\t\t\t\t\t\t\t\t<a href=\"https:\/\/www.est.ufmg.br\/portal\/pos-graduacao\/\">\n\n\t\t\t\t\t\t\t\t\t\t\t\t<span class=\"elementor-icon-list-icon\">\n\t\t\t\t\t\t\t<i aria-hidden=\"true\" class=\"fas fa-home\"><\/i>\t\t\t\t\t\t<\/span>\n\t\t\t\t\t\t\t\t\t\t<span class=\"elementor-icon-list-text\">P\u00f3s-gradua\u00e7\u00e3o<\/span>\n\t\t\t\t\t\t\t\t\t\t\t<\/a>\n\t\t\t\t\t\t\t\t\t<\/li>\n\t\t\t\t\t\t\t\t<li class=\"elementor-icon-list-item elementor-inline-item\">\n\t\t\t\t\t\t\t\t\t\t\t<a href=\"https:\/\/www.est.ufmg.br\/portal\/mestrado-est\/\">\n\n\t\t\t\t\t\t\t\t\t\t\t\t<span class=\"elementor-icon-list-icon\">\n\t\t\t\t\t\t\t<i aria-hidden=\"true\" class=\"fas fa-graduation-cap\"><\/i>\t\t\t\t\t\t<\/span>\n\t\t\t\t\t\t\t\t\t\t<span class=\"elementor-icon-list-text\">Mestrado<\/span>\n\t\t\t\t\t\t\t\t\t\t\t<\/a>\n\t\t\t\t\t\t\t\t\t<\/li>\n\t\t\t\t\t\t\t\t<li class=\"elementor-icon-list-item elementor-inline-item\">\n\t\t\t\t\t\t\t\t\t\t\t<a href=\"https:\/\/www.est.ufmg.br\/portal\/pos-graduacao-doutorado\/\">\n\n\t\t\t\t\t\t\t\t\t\t\t\t<span class=\"elementor-icon-list-icon\">\n\t\t\t\t\t\t\t<i aria-hidden=\"true\" class=\"fas fa-user-graduate\"><\/i>\t\t\t\t\t\t<\/span>\n\t\t\t\t\t\t\t\t\t\t<span class=\"elementor-icon-list-text\">Doutorado<\/span>\n\t\t\t\t\t\t\t\t\t\t\t<\/a>\n\t\t\t\t\t\t\t\t\t<\/li>\n\t\t\t\t\t\t\t\t<li class=\"elementor-icon-list-item elementor-inline-item\">\n\t\t\t\t\t\t\t\t\t\t\t<a href=\"https:\/\/www.est.ufmg.br\/portal\/pos-graduacao-regulamentos-e-resolucoes\/\">\n\n\t\t\t\t\t\t\t\t\t\t\t\t<span class=\"elementor-icon-list-icon\">\n\t\t\t\t\t\t\t<i aria-hidden=\"true\" class=\"fas fa-chart-area\"><\/i>\t\t\t\t\t\t<\/span>\n\t\t\t\t\t\t\t\t\t\t<span class=\"elementor-icon-list-text\">Regulamentos e Resolu\u00e7\u00f5es<\/span>\n\t\t\t\t\t\t\t\t\t\t\t<\/a>\n\t\t\t\t\t\t\t\t\t<\/li>\n\t\t\t\t\t\t\t\t<li class=\"elementor-icon-list-item elementor-inline-item\">\n\t\t\t\t\t\t\t\t\t\t\t<a href=\"https:\/\/www.est.ufmg.br\/portal\/ementas-dest\/\">\n\n\t\t\t\t\t\t\t\t\t\t\t\t<span class=\"elementor-icon-list-icon\">\n\t\t\t\t\t\t\t<i aria-hidden=\"true\" class=\"fas fa-home\"><\/i>\t\t\t\t\t\t<\/span>\n\t\t\t\t\t\t\t\t\t\t<span class=\"elementor-icon-list-text\">Ementas - DEST<\/span>\n\t\t\t\t\t\t\t\t\t\t\t<\/a>\n\t\t\t\t\t\t\t\t\t<\/li>\n\t\t\t\t\t\t\t\t<li class=\"elementor-icon-list-item elementor-inline-item\">\n\t\t\t\t\t\t\t\t\t\t\t<a href=\"https:\/\/www.est.ufmg.br\/portal\/infra-estrutura\/\">\n\n\t\t\t\t\t\t\t\t\t\t\t\t<span class=\"elementor-icon-list-icon\">\n\t\t\t\t\t\t\t<i aria-hidden=\"true\" class=\"fas fa-check\"><\/i>\t\t\t\t\t\t<\/span>\n\t\t\t\t\t\t\t\t\t\t<span class=\"elementor-icon-list-text\">Infra-estrutura<\/span>\n\t\t\t\t\t\t\t\t\t\t\t<\/a>\n\t\t\t\t\t\t\t\t\t<\/li>\n\t\t\t\t\t\t\t\t<li class=\"elementor-icon-list-item elementor-inline-item\">\n\t\t\t\t\t\t\t\t\t\t\t<a href=\"https:\/\/www.est.ufmg.br\/portal\/pos-graduacao-colegiado\/\">\n\n\t\t\t\t\t\t\t\t\t\t\t\t<span class=\"elementor-icon-list-icon\">\n\t\t\t\t\t\t\t<i aria-hidden=\"true\" class=\"far fa-check-circle\"><\/i>\t\t\t\t\t\t<\/span>\n\t\t\t\t\t\t\t\t\t\t<span class=\"elementor-icon-list-text\">Colegiado<\/span>\n\t\t\t\t\t\t\t\t\t\t\t<\/a>\n\t\t\t\t\t\t\t\t\t<\/li>\n\t\t\t\t\t\t\t\t<li class=\"elementor-icon-list-item elementor-inline-item\">\n\t\t\t\t\t\t\t\t\t\t\t<a href=\"https:\/\/www.est.ufmg.br\/portal\/corpo-docente-pos-graduacao\/\">\n\n\t\t\t\t\t\t\t\t\t\t\t\t<span class=\"elementor-icon-list-icon\">\n\t\t\t\t\t\t\t<i aria-hidden=\"true\" class=\"far fa-check-circle\"><\/i>\t\t\t\t\t\t<\/span>\n\t\t\t\t\t\t\t\t\t\t<span class=\"elementor-icon-list-text\">Corpo Docente<\/span>\n\t\t\t\t\t\t\t\t\t\t\t<\/a>\n\t\t\t\t\t\t\t\t\t<\/li>\n\t\t\t\t\t\t\t\t<li class=\"elementor-icon-list-item elementor-inline-item\">\n\t\t\t\t\t\t\t\t\t\t\t<a href=\"https:\/\/www.est.ufmg.br\/portal\/horario-das-disciplinas\/\">\n\n\t\t\t\t\t\t\t\t\t\t\t\t<span class=\"elementor-icon-list-icon\">\n\t\t\t\t\t\t\t<i aria-hidden=\"true\" class=\"far fa-check-circle\"><\/i>\t\t\t\t\t\t<\/span>\n\t\t\t\t\t\t\t\t\t\t<span class=\"elementor-icon-list-text\">Hor\u00e1rio das Disciplinas<\/span>\n\t\t\t\t\t\t\t\t\t\t\t<\/a>\n\t\t\t\t\t\t\t\t\t<\/li>\n\t\t\t\t\t\t\t\t<li class=\"elementor-icon-list-item elementor-inline-item\">\n\t\t\t\t\t\t\t\t\t\t\t<a href=\"https:\/\/www.est.ufmg.br\/portal\/pos-graduacao-expedicao-do-diploma\/\">\n\n\t\t\t\t\t\t\t\t\t\t\t\t<span class=\"elementor-icon-list-icon\">\n\t\t\t\t\t\t\t<i aria-hidden=\"true\" class=\"far fa-check-circle\"><\/i>\t\t\t\t\t\t<\/span>\n\t\t\t\t\t\t\t\t\t\t<span class=\"elementor-icon-list-text\">Expedi\u00e7\u00e3o do Diploma<\/span>\n\t\t\t\t\t\t\t\t\t\t\t<\/a>\n\t\t\t\t\t\t\t\t\t<\/li>\n\t\t\t\t\t\t\t\t<li class=\"elementor-icon-list-item elementor-inline-item\">\n\t\t\t\t\t\t\t\t\t\t\t<a href=\"https:\/\/www.est.ufmg.br\/portal\/formularios-pos-graduacao\">\n\n\t\t\t\t\t\t\t\t\t\t\t\t<span class=\"elementor-icon-list-icon\">\n\t\t\t\t\t\t\t<i aria-hidden=\"true\" class=\"far fa-file-alt\"><\/i>\t\t\t\t\t\t<\/span>\n\t\t\t\t\t\t\t\t\t\t<span class=\"elementor-icon-list-text\">Formul\u00e1rios<\/span>\n\t\t\t\t\t\t\t\t\t\t\t<\/a>\n\t\t\t\t\t\t\t\t\t<\/li>\n\t\t\t\t\t\t\t\t<li class=\"elementor-icon-list-item elementor-inline-item\">\n\t\t\t\t\t\t\t\t\t\t\t<a href=\"https:\/\/www.est.ufmg.br\/portal\/matricula-pos-dest-ufmg\/\">\n\n\t\t\t\t\t\t\t\t\t\t\t\t<span class=\"elementor-icon-list-icon\">\n\t\t\t\t\t\t\t<i aria-hidden=\"true\" class=\"fas fa-check-circle\"><\/i>\t\t\t\t\t\t<\/span>\n\t\t\t\t\t\t\t\t\t\t<span class=\"elementor-icon-list-text\">Matr\u00edcula<\/span>\n\t\t\t\t\t\t\t\t\t\t\t<\/a>\n\t\t\t\t\t\t\t\t\t<\/li>\n\t\t\t\t\t\t\t\t<li class=\"elementor-icon-list-item elementor-inline-item\">\n\t\t\t\t\t\t\t\t\t\t\t<a href=\"https:\/\/www.est.ufmg.br\/portal\/premiacao-pos-graduacao\/\">\n\n\t\t\t\t\t\t\t\t\t\t\t\t<span class=\"elementor-icon-list-icon\">\n\t\t\t\t\t\t\t<i aria-hidden=\"true\" class=\"fas fa-check-circle\"><\/i>\t\t\t\t\t\t<\/span>\n\t\t\t\t\t\t\t\t\t\t<span class=\"elementor-icon-list-text\">Premia\u00e7\u00f5es<\/span>\n\t\t\t\t\t\t\t\t\t\t\t<\/a>\n\t\t\t\t\t\t\t\t\t<\/li>\n\t\t\t\t\t\t\t\t<li class=\"elementor-icon-list-item elementor-inline-item\">\n\t\t\t\t\t\t\t\t\t\t\t<a href=\"https:\/\/www.est.ufmg.br\/portal\/pos-graduacao-processo-seletivo\/\">\n\n\t\t\t\t\t\t\t\t\t\t\t\t<span class=\"elementor-icon-list-icon\">\n\t\t\t\t\t\t\t<i aria-hidden=\"true\" class=\"far fa-thumbs-up\"><\/i>\t\t\t\t\t\t<\/span>\n\t\t\t\t\t\t\t\t\t\t<span class=\"elementor-icon-list-text\">Processo Seletivo<\/span>\n\t\t\t\t\t\t\t\t\t\t\t<\/a>\n\t\t\t\t\t\t\t\t\t<\/li>\n\t\t\t\t\t\t\t\t<li class=\"elementor-icon-list-item elementor-inline-item\">\n\t\t\t\t\t\t\t\t\t\t\t<a href=\"https:\/\/www.est.ufmg.br\/portal\/seminarios-do-dest\/\">\n\n\t\t\t\t\t\t\t\t\t\t\t\t<span class=\"elementor-icon-list-icon\">\n\t\t\t\t\t\t\t<i aria-hidden=\"true\" class=\"fas fa-video\"><\/i>\t\t\t\t\t\t<\/span>\n\t\t\t\t\t\t\t\t\t\t<span class=\"elementor-icon-list-text\">Semin\u00e1rios &amp; Videos do DEST<\/span>\n\t\t\t\t\t\t\t\t\t\t\t<\/a>\n\t\t\t\t\t\t\t\t\t<\/li>\n\t\t\t\t\t\t<\/ul>\n\t\t\t\t\t\t<\/div>\n\t\t\t\t<\/div>\n\t\t\t\t\t<\/div>\n\t\t<\/div>\n\t\t\t\t\t<\/div>\n\t\t<\/section>\n\t\t\t\t<\/div>\n\t\t<\/div>\n\t\t\t\t\t\t<\/div>\n\t\t\t\t<\/div>\n\t\t\t\t\t<\/div>\n\t\t<\/div>\n\t\t\t\t\t<\/div>\n\t\t<\/section>\n\t\t\t\t<section class=\"elementor-section elementor-top-section elementor-element elementor-element-a7d3ec3 elementor-section-boxed elementor-section-height-default elementor-section-height-default\" data-id=\"a7d3ec3\" data-element_type=\"section\" data-e-type=\"section\" id=\"atuario\">\n\t\t\t\t\t\t<div class=\"elementor-container elementor-column-gap-default\">\n\t\t\t\t\t<div class=\"elementor-column elementor-col-100 elementor-top-column elementor-element elementor-element-8c990d5\" data-id=\"8c990d5\" data-element_type=\"column\" data-e-type=\"column\">\n\t\t\t<div class=\"elementor-widget-wrap elementor-element-populated\">\n\t\t\t\t\t\t<div class=\"elementor-element elementor-element-39c6750 elementor-widget elementor-widget-heading\" data-id=\"39c6750\" data-element_type=\"widget\" data-e-type=\"widget\" data-widget_type=\"heading.default\">\n\t\t\t\t<div class=\"elementor-widget-container\">\n\t\t\t\t\t<h2 class=\"elementor-heading-title elementor-size-default\">Processo Seletivo - Mestrado e Doutorado<\/h2>\t\t\t\t<\/div>\n\t\t\t\t<\/div>\n\t\t\t\t<div class=\"elementor-element elementor-element-01ede2d elementor-widget__width-initial elementor-widget elementor-widget-text-editor\" data-id=\"01ede2d\" data-element_type=\"widget\" data-e-type=\"widget\" data-widget_type=\"text-editor.default\">\n\t\t\t\t<div class=\"elementor-widget-container\">\n\t\t\t\t\t\t\t\t\t<ol><li><strong><img fetchpriority=\"high\" decoding=\"async\" class=\"alignleft\" src=\"https:\/\/www.est.ufmg.br\/portal\/wp-content\/uploads\/2023\/01\/processo-seletivo.jpg\" alt=\"\" width=\"391\" height=\"228\" \/><\/strong><\/li><\/ol><p><strong>Processo Seletivo 2026 &#8211; Mestrado e Doutorado (para informa\u00e7\u00e3o completa, veja os Editais abaixo)<\/strong><\/p><p><img decoding=\"async\" src=\"https:\/\/www.est.ufmg.br\/portal\/wp-content\/uploads\/2022\/12\/check.png\" alt=\"\" width=\"40\" height=\"34\" \/><strong style=\"font-style: inherit\"><span style=\"vertical-align: inherit\"><span style=\"vertical-align: inherit\">PER\u00cdODO DE INSCRI\u00c7\u00c3O:<\/span><\/span><\/strong><\/p><p>No per\u00edodo de 15 de setembro de 2025 a 31 de outubro de 2025 estar\u00e3o abertas as inscri\u00e7\u00f5es para a sele\u00e7\u00e3o de candidatos aos cursos de Mestrado e Doutorado (entrada no 1\u00ba Semestre Letivo de 2026) do Programa de P\u00f3s-Gradua\u00e7\u00e3o em Estat\u00edstica (PPGEst) do ICEx \/UFMG. S\u00e3o dois Editais: o Regular e o Suplementar. O Edital Suplementar contempla vagas para candidatos ind\u00edgenas ou com defici\u00eancia.<\/p><p><img decoding=\"async\" style=\"font-size: 1rem\" src=\"https:\/\/www.est.ufmg.br\/portal\/wp-content\/uploads\/2022\/12\/check.png\" alt=\"\" width=\"40\" height=\"34\" \/><span style=\"font-size: 1rem;font-style: inherit;font-weight: bold\"><span style=\"vertical-align: inherit\"><span style=\"vertical-align: inherit\">INSCRI\u00c7\u00d4ES:<\/span><\/span><\/span><\/p><p><span style=\"vertical-align: inherit\"><span style=\"vertical-align: inherit\">As inscri\u00e7\u00f5es ser\u00e3o feitas eletr\u00f4nicamente.<\/span><\/span><\/p><p><span style=\"vertical-align: inherit\"><span style=\"vertical-align: inherit\">A documenta\u00e7\u00e3o deve ser enviada para o e-mail:\u00a0<\/span><\/span><a href=\"mailto:pgest@est.ufmg.br\"><span style=\"vertical-align: inherit\"><span style=\"vertical-align: inherit\">pgest@est.ufmg.br<\/span><\/span><\/a><br \/><span style=\"vertical-align: inherit\"><span style=\"vertical-align: inherit\">Para mais informa\u00e7\u00f5es, veja os Editais.<\/span><\/span><br \/><span style=\"vertical-align: inherit\"><span style=\"vertical-align: inherit\">Em caso de d\u00favida, escreva e-mail para\u00a0<\/span><\/span><a href=\"mailto:pgest@est.ufmg.br\"><span style=\"vertical-align: inherit\"><span style=\"vertical-align: inherit\">pgest@est.ufmg.br<\/span><\/span><\/a>\u00a0<\/p><p><strong><img decoding=\"async\" src=\"https:\/\/www.est.ufmg.br\/portal\/wp-content\/uploads\/2022\/12\/check.png\" alt=\"\" width=\"40\" height=\"34\" \/><span style=\"vertical-align: inherit\"><span style=\"vertical-align: inherit\">EDITAIS:<\/span><\/span><\/strong><\/p><p><span style=\"vertical-align: inherit\"><span style=\"vertical-align: inherit\">O(a) candidato(a) deve considerar as regras nos Editais abaixo.\u00a0 \u00a0<\/span><\/span><\/p><ul><li><span style=\"vertical-align: inherit\"><span style=\"vertical-align: inherit\"><a href=\"https:\/\/www.est.ufmg.br\/portal\/wp-content\/uploads\/2025\/09\/Edital-Regular-2026-1.pdf\" target=\"_blank\" rel=\"noopener\">Edital Regular de Sele\u00e7\u00e3o<\/a>\u00a0<\/span><\/span><\/li><li><a href=\"https:\/\/www.est.ufmg.br\/portal\/wp-content\/uploads\/2025\/09\/Edital_Suplementar-2026.pdf\" target=\"_blank\" rel=\"noopener\"><span style=\"vertical-align: inherit\"><span style=\"vertical-align: inherit\">Edital Suplementar de Sele\u00e7\u00e3o\u00a0<\/span><\/span><\/a><\/li><\/ul><p><strong><img decoding=\"async\" src=\"https:\/\/www.est.ufmg.br\/portal\/wp-content\/uploads\/2022\/12\/check.png\" alt=\"\" width=\"40\" height=\"34\" \/><span style=\"vertical-align: inherit\"><span style=\"vertical-align: inherit\">FORMUL\u00c1RIOS:<\/span><\/span><\/strong><\/p><ul><li><span style=\"vertical-align: inherit\"><span class=\"\" style=\"vertical-align: inherit\"><a href=\"https:\/\/www.est.ufmg.br\/~posgrad\/arquivos\/Formulario_Inscricao_Doutorado.doc\">Formul\u00e1rio de inscri\u00e7\u00e3o para a Sele\u00e7\u00e3o do Doutorado<\/a><\/span><\/span><\/li><li><a href=\"https:\/\/www.est.ufmg.br\/~posgrad\/arquivos\/Formulario_Inscricao_Mestrado.doc\" target=\"_blank\" rel=\"noopener\"><span style=\"vertical-align: inherit\"><span style=\"vertical-align: inherit\">Formul\u00e1rio de inscri\u00e7\u00e3o para a Sele\u00e7\u00e3o do Mestrado<\/span><\/span><\/a><\/li><li><a href=\"https:\/\/www.est.ufmg.br\/~posgrad\/arquivos\/Recomendacao_PPGEst_UFMG.doc\" target=\"_blank\" rel=\"noopener\"><span style=\"vertical-align: inherit\"><span style=\"vertical-align: inherit\">Carta de recomenda\u00e7\u00e3o<\/span><\/span><\/a><span style=\"vertical-align: inherit\"><span style=\"vertical-align: inherit\">\u00a0 (Mestrado e Doutorado)<\/span><\/span><\/li><li><span style=\"vertical-align: inherit\"><span style=\"vertical-align: inherit\"><a href=\"https:\/\/www.est.ufmg.br\/~posgrad\/arquivos\/Formulario_Curriculo_PPGEst.odt\" target=\"_blank\" rel=\"noopener\">Formul\u00e1rio para redigir o Curr\u00edculo<\/a>\u00a0(Mestrado e Doutorado)<\/span><\/span><\/li><li><span style=\"vertical-align: inherit\"><span style=\"vertical-align: inherit\"><a href=\"https:\/\/www.est.ufmg.br\/~posgrad\/arquivos\/Carta_Apresentacao_Doutorado_PPGEst.odt\" target=\"_blank\" rel=\"noopener\">Formul\u00e1rio para redigir a Carta de Apresenta\u00e7\u00e3o<\/a>\u00a0(apenas Doutorado)<\/span><\/span><\/li><li><a href=\"https:\/\/www.est.ufmg.br\/~posgrad\/arquivos\/Autodeclaracao_Etnico_Racial.pdf\" target=\"_blank\" rel=\"noopener\"><span style=\"vertical-align: inherit\"><span style=\"vertical-align: inherit\">Autodeclara\u00e7\u00e3o \u00e9tnico-racial<\/span><\/span><\/a><\/li><li><a href=\"https:\/\/www.est.ufmg.br\/~posgrad\/arquivos\/Autodeclaracao_Pessoa_Com_Deficiencia.pdf\" target=\"_blank\" rel=\"noopener\"><span style=\"vertical-align: inherit\"><span style=\"vertical-align: inherit\">Autodeclara\u00e7\u00e3o de pessoa com defici\u00eancia<\/span><\/span><\/a><\/li><li><a href=\"https:\/\/www.est.ufmg.br\/~posgrad\/arquivos\/Autoreconhecimento_Indigena.pdf\" target=\"_blank\" rel=\"noopener\"><span style=\"vertical-align: inherit\"><span style=\"vertical-align: inherit\">Autodeclara\u00e7\u00e3o ind\u00edgena<\/span><\/span><\/a><\/li><li><a href=\"https:\/\/www.est.ufmg.br\/~posgrad\/arquivos\/Formulario_Solicitar_Condicoes_Especiais.pdf\" target=\"_blank\" rel=\"noopener\"><span style=\"vertical-align: inherit\"><span style=\"vertical-align: inherit\">Solicita\u00e7\u00e3o de condi\u00e7\u00f5es especiais para realizar a prova<\/span><\/span><\/a><\/li><li><a href=\"https:\/\/www.est.ufmg.br\/~posgrad\/arquivos\/Relatorio_Medico_Assistente.pdf\" target=\"_blank\" rel=\"noopener\"><span style=\"vertical-align: inherit\"><span style=\"vertical-align: inherit\">Relat\u00f3rio do m\u00e9dico assistente<\/span><\/span><\/a><\/li><li><a href=\"https:\/\/www.est.ufmg.br\/~posgrad\/arquivos\/Declaracao_Lideranca_Indigena.pdf\" target=\"_blank\" rel=\"noopener\"><span style=\"vertical-align: inherit\"><span style=\"vertical-align: inherit\">Declara\u00e7\u00e3o de lideran\u00e7as ind\u00edgenas<\/span><\/span><\/a><\/li><li><a href=\"https:\/\/www.est.ufmg.br\/~posgrad\/arquivos\/Declaracao_Residencia_Indigena.pdf\" target=\"_blank\" rel=\"noopener\"><span style=\"vertical-align: inherit\"><span style=\"vertical-align: inherit\">Declara\u00e7\u00e3o de resid\u00eancia em territ\u00f3rio ind\u00edgena<\/span><\/span><\/a><\/li><\/ul><p><strong><img decoding=\"async\" src=\"https:\/\/www.est.ufmg.br\/portal\/wp-content\/uploads\/2022\/12\/check.png\" alt=\"\" width=\"40\" height=\"34\" \/>INSCRI\u00c7\u00d5ES HOMOLOGADAS<span style=\"vertical-align: inherit\"><span style=\"vertical-align: inherit\">:<\/span><\/span><\/strong><\/p><ul><li><a href=\"https:\/\/www.est.ufmg.br\/portal\/wp-content\/uploads\/2025\/11\/Candidatos-Inscritos-Mestrado-2026-1-1.pdf\">Resultado da homologa\u00e7\u00e3o dos(as) candidatos(as) inscritos(as) no processo seletivo\u00a0 para o curso de Mestrado (ingresso em 2026\/1\u00ba).<\/a><\/li><li><a href=\"https:\/\/www.est.ufmg.br\/portal\/wp-content\/uploads\/2025\/11\/Candidatos-Inscritos-Doutorado-2026-1-1.pdf\">Resultado da homologa\u00e7\u00e3o dos(as) candidatos(as) inscritos(as) no processo seletivo\u00a0 para o curso de Doutorado (ingresso em 2026\/1\u00ba)<\/a><\/li><\/ul><p><strong><img decoding=\"async\" src=\"https:\/\/www.est.ufmg.br\/portal\/wp-content\/uploads\/2022\/12\/check.png\" alt=\"\" width=\"40\" height=\"34\" \/><span style=\"vertical-align: inherit\"><span style=\"vertical-align: inherit\">DECLARA\u00c7\u00d5ES DE INEXIST\u00caNCIA DE IMPEDIMENTO DAS COMISS\u00d5ES AVALIADORAS:<\/span><\/span><\/strong><\/p><ul><li>\u00a0<a href=\"https:\/\/www.est.ufmg.br\/portal\/wp-content\/uploads\/2025\/11\/Declaracao-de-Impedimento-Mestrado.pdf\">Mestrado<\/a><\/li><li>\u00a0<a href=\"https:\/\/www.est.ufmg.br\/portal\/wp-content\/uploads\/2025\/11\/Declaracao-de-Impedimento-Doutorado.pdf\">Doutorado<\/a><\/li><\/ul><p><img decoding=\"async\" src=\"https:\/\/www.est.ufmg.br\/portal\/wp-content\/uploads\/2022\/12\/check.png\" \/><strong><span style=\"vertical-align: inherit\"><span style=\"vertical-align: inherit\">PROVA ESCRITA DE PROBABILIDADE E INFER\u00caNCIA ESTAT\u00cdSTICA (Sele\u00e7\u00e3o do Mestrado):<\/span><\/span><\/strong><\/p><p>A prova ser\u00e1 realizada no dia 26 de novembro de 2025 (quarta-feira), de 14:00 as 17:00 horas.<\/p><p><strong>Obs:<\/strong> O(a) candidato(a) dever\u00e1 se apresentar no local da prova com 15 minutos de anteced\u00eancia.<\/p><ul><li><a href=\"https:\/\/www.est.ufmg.br\/portal\/wp-content\/uploads\/2025\/11\/Gabarito-Prova-Escrita-Selecao-Metrado-2025.pdf\">Gabarito da Prova Escrita<\/a><\/li><\/ul><div><p style=\"font-size: 16px;font-style: normal;font-weight: 400\"><img decoding=\"async\" src=\"https:\/\/www.est.ufmg.br\/portal\/wp-content\/uploads\/2022\/12\/check.png\" \/><span style=\"font-weight: bold\"><span style=\"vertical-align: inherit\"><span style=\"vertical-align: inherit\">LOCAIS DA PROVA ESCRITA (Sele\u00e7\u00e3o do Mestrado):<\/span><\/span><\/span><\/p><p><strong>&#8211; Angra dos Reis\/RJ<\/strong> &#8211; As candidatas dever\u00e3o se apresentar na GERAC (Ger\u00eancia Acad\u00eamica) do campus CEFET-AR &#8211; Rua do Areal, 522 &#8211; Parque Perequ\u00ea, Angra dos Reis \u2013 RJ. A prova ser\u00e1 realizada na sala 7 do bloco D (7D &#8211; Audit\u00f3rio). <strong>Aplicador:<\/strong> Prof. Vinicius dos Santos Honorato.<\/p><p>&#8211; <strong>Bras\u00edlia\/DF<\/strong> \u2013 Universidade de Bras\u00edlia (UnB) &#8211; Campus Universit\u00e1rio Darcy Ribeiro &#8211; Asa Norte &#8211; Bras\u00edlia\/DF &#8211; Pr\u00e9dio CIC\/EST &#8211; sala AT-73\/29 &#8211; Procurar a secretaria do Departamento de Estat\u00edstica, no pr\u00e9dio CIC\/Est. <strong>Aplicador:<\/strong> Prof. Antonio Eduardo Gomes.<\/p><p>&#8211; <strong>Fortaleza\/CE<\/strong> &#8211; Universidade Federal do Cear\u00e1 \u2013 O candidato dever\u00e1 procurar a Secretaria do Programa de P\u00f3s-Gradua\u00e7\u00e3o em Modelagem e M\u00e9todos Quantitativos &#8211; Campus do Pici, Centro de Ci\u00eancias, Bloco 910 &#8211; E-mail: <a href=\"mailto:mmq@dema.ufc.br\">mmq@dema.ufc.br<\/a> &#8211; tel: + 55 85 3366-9836. <strong>Aplicadora:<\/strong> Profa. S\u00edlvia Maria de Freitas.<\/p><p><strong>&#8211; Lima\/Peru<\/strong> &#8211; Pontificia Universidad Cat\u00f3lica del Peru &#8211; Av. Universitaria 1801, Distrito San Miguel. Secci\u00f3n de matem\u00e1ticas, sala 211. Procurar a Secretar\u00eda da Se\u00e7\u00e3o de Matem\u00e1ticas, que fica no primeiro andar. <strong>Aplicadora:<\/strong> Profa. Zaida Jesus Quiroz Cornejo.<\/p><p>&#8211; <strong>Londrina\/PR<\/strong> &#8211; Universidade Estadual de Londrina &#8211; O candidato dever\u00e1 procurar a Secretaria Geral do Centro de Ci\u00eancias Exatas &#8211; Campus Universit\u00e1rio &#8211; Rodovia Celso Garcia Cid &#8211; PR 445 \/ KM 380. <strong>Aplicador:<\/strong> Prof. Silvano Cesar da Costa.<\/p><p>&#8211; <strong>Niter\u00f3i\/RJ<\/strong> \u2013 UFF \u2013 A prova ser\u00e1 realizada no Gabinete 44, 4\u00b0 andar, bloco G, Campus Gragoat\u00e1 da UFF &#8211; Avenida Professor Morais R\u00eago, s\/n, Gragoat\u00e1, Niter\u00f3i\/RJ. <strong>Aplicador:<\/strong> Prof. Douglas Rodrigues.<\/p><p><strong>&#8211; Ouro Preto\/MG &#8211; <\/strong>UFOP &#8211; Audit\u00f3rio da Estat\u00edstica &#8211; pr\u00e9dio do ICEB no campus Morro do Cruzeiro &#8211;\u00a0 Rua Quatro, 786, bairro Bauxita, Ouro Preto. O candidato dever\u00e1 se apresentar \u00e0 Secretaria do DEEST, que fica no andar superior ao do Audit\u00f3rio. <strong>Aplicador:<\/strong> Prof. Walmir dos Reis Miranda Filho.<\/p><p>&#8211; <strong>Picos\/PI<\/strong> &#8211; Campus Senador Helv\u00eddio Nunes de Barros \u2013 UFPI\/CSHNB, localizado na Rua C\u00edcero Eduardo, s\/n, Bairro Junco, Picos\/PI. Os candidatos dever\u00e3o se apresentar na Secretaria do Curso de Licenciatura em Matem\u00e1tica, onde ser\u00e3o devidamente orientados no dia da prova. <strong>Aplicador:<\/strong> Prof. Alex Sandro Lopes Santos.<\/p><p>&#8211; <strong>Salvador\/BA<\/strong> \u2013 Universidade Federal da Bahia &#8211; Instituto de Matem\u00e1tica e Estat\u00edstica (IME), Av. Milton Santos, s\/n, Campus Universit\u00e1rio da Ondina Salvador, Bahia. A candidata dever\u00e1 comparecer \u00e0 secretaria da p\u00f3s-gradua\u00e7\u00e3o (CEAPGMAT), no Instituto de Matem\u00e1tica e Estat\u00edstica (IME), na UFBA. O exame ocorrer\u00e1 na sala 127 do IME. <strong>Aplicadora:<\/strong> Profa. Ver\u00f4nica Maria Cadena Lima.<\/p><p>&#8211; <strong>S\u00e3o Francisco\/MG<\/strong> \u2013 Unimontes campus S\u00e3o Francisco &#8211; Rua Maur\u00edcio Ribas, 453, Jardim Graziela, S\u00e3o Francisco\u2013MG. A candidata dever\u00e1 se apresentar \u00e0 secretaria do Campus. Telefone: (38) 3229-8099. <strong>Aplicadora:<\/strong> Profa. Fernanda Gabriely Batista Mendes.<\/p><p>&#8211; <strong>Teresina\/PI<\/strong> \u2013 UFPI &#8211; \u00a0Endere\u00e7o: Campus Universit\u00e1rio Ministro Petr\u00f4nio Portella &#8211; Bairro Ininga \u2013 Teresina\/PI \u2013 CCN-II (Atr\u00e1s do CT). O candidato dever\u00e1 se apresentar na Secretaria do curso de Estat\u00edstica da UFPI, no pr\u00e9dio do CCN2. <strong>Aplicador:<\/strong> Prof. Fernando Ferraz do Nascimento.<\/p><p>&#8211; <strong>UFMG<\/strong> \u2013 Instituto de Ci\u00eancias Exatas \u2013 Sala 2024.<\/p><p>&#8211; <strong>Vi\u00e7osa\/MG<\/strong> \u2013 UFV &#8211; Departamento de Estat\u00edstica &#8211; Pr\u00e9dio Idata (do lado do Banco do Brasil na UFV) &#8211; Sala 123 para o candidato se apresentar e realizar a prova. <strong>Aplicador:<\/strong> Prof. Sebastiao Martins Filho.<\/p><p>&#8211; <strong>Vit\u00f3ria\/ES<\/strong> \u2013 Universidade Federal do Esp\u00edrito Santo &#8211; Avenida Fernando Ferrari, 514 &#8211; Campus Goiabeiras &#8211; Bloco B &#8211; sala 207 (DasLab). As candidatas dever\u00e3o comparecer \u00e0 Secretaria Acad\u00eamica do Centro de Ci\u00eancias Exatas, onde ser\u00e3o devidamente orientadas no dia da prova. <strong>Aplicadora:<\/strong> Profa. Ana Julia Alves Camara.<\/p><\/div><p><img decoding=\"async\" src=\"https:\/\/www.est.ufmg.br\/portal\/wp-content\/uploads\/2022\/12\/check.png\" \/><span style=\"font-weight: bold\"><span style=\"vertical-align: inherit\"><span style=\"vertical-align: inherit\">SEGUNDA ETAPA DO PROCESSO SELETIVO DO DOUTORADO:<\/span><\/span><\/span><strong><br \/><\/strong><\/p><p><strong style=\"font-style: inherit\">\u00a0 \u00a0 \u00a0 An\u00e1lise da Carta de Apresenta\u00e7\u00e3o do(a) candidato(a) seguida de argui\u00e7\u00e3o oral.<\/strong><\/p><p><strong>\u00a0 \u00a0 \u00a0 Data e hor\u00e1rios para as argui\u00e7\u00f5es orais da Etapa 2 do Processo Seletivo\u00a0 do doutorado:<\/strong><\/p><ul><li>Argui\u00e7\u00e3o 1\u00a0 \u2013 Candidato:\u00a0<strong>Amin Hamza<\/strong>\u00a0 \u2013\u00a0 25 de novembro de 2025 (13:30h)<\/li><li>Argui\u00e7\u00e3o 2 \u2013 Candidato:\u00a0<strong>Carlos Andr\u00e9s Giraldo Hern\u00e1ndez<\/strong>\u00a0\u2013 25 de novembro de 2025 (13:50h)<\/li><li>Argui\u00e7\u00e3o 3 \u2013 Candidato:\u00a0<strong>Daniel Stiven Mart\u00ednez Castillo\u00a0<\/strong>\u2013 \u00a025 de novembro de 2025 (14:10h)<\/li><li>Argui\u00e7\u00e3o 4 \u2013 Candidato:\u00a0<strong>Fl\u00e1vio Bueno dos Santos\u00a0<\/strong>\u2013 25 de novembro de 2025 (14:30h)<\/li><li>Argui\u00e7\u00e3o 5 \u2013 Candidato:\u00a0<strong>Guilherme Colombo Soares<\/strong>\u00a0\u2013 25 de novembro de 2025 (15:00h)<\/li><li>Argui\u00e7\u00e3o 6 \u2013 Candidato:\u00a0<strong>Ijaz Ahmad\u00a0<\/strong>\u2013 25 de novembro de 2025 (15:20h)<\/li><li>Argui\u00e7\u00e3o 7 \u2013 Candidato:\u00a0<strong>Juli\u00e1n Albeiro Garc\u00eda G\u00f3mez<\/strong>\u00a0\u2013 25 de novembro de 2025 (15:40h)<\/li><li>Argui\u00e7\u00e3o 8 \u2013 Candidato:\u00a0<strong>Salman Shah<\/strong>\u00a0\u2013 25 de novembro de 2025 (16:20h)<\/li><\/ul><p><strong>Observa\u00e7\u00f5es:<\/strong><\/p><ul><li>Os hor\u00e1rios das entrevistas s\u00e3o referentes ao fuso hor\u00e1rio de Bras\u00edlia.<\/li><li>Informa\u00e7\u00f5es de participa\u00e7\u00e3o na plataforma de v\u00eddeo-chamada ser\u00e3o encaminhadas para os e-mails do(a)s candidato(a)s.<strong>\u00a0<\/strong><\/li><li>Para a argui\u00e7\u00e3o, o(a) candidato(a) deve acessar apenas o link correspondente \u00e0 sua sess\u00e3o, no dia e hor\u00e1rio agendados. N\u00e3o ser\u00e1 permitido que um(a) candidato(a) assista \u00e0 argui\u00e7\u00e3o de outro. O Colegiado n\u00e3o se responsabiliza por problemas de conex\u00e3o do(a) candidato(a). \u00c9 fundamental que o(a) candidato(a) n\u00e3o se atrase para entrar na sala virtual da argui\u00e7\u00e3o. Caso tais problemas inviabilizem o exame no hor\u00e1rio estipulado, o(a) candidato(a) ser\u00e1 desclassificado(a).<\/li><\/ul>\t\t\t\t\t\t\t\t<\/div>\n\t\t\t\t<\/div>\n\t\t\t\t\t<\/div>\n\t\t<\/div>\n\t\t\t\t\t<\/div>\n\t\t<\/section>\n\t\t\t\t<section class=\"elementor-section elementor-top-section elementor-element elementor-element-14e9175 elementor-section-boxed elementor-section-height-default elementor-section-height-default\" data-id=\"14e9175\" data-element_type=\"section\" data-e-type=\"section\" id=\"resultados-mestrado\" data-settings=\"{&quot;background_background&quot;:&quot;classic&quot;}\">\n\t\t\t\t\t\t<div class=\"elementor-container elementor-column-gap-default\">\n\t\t\t\t\t<div class=\"elementor-column elementor-col-100 elementor-top-column elementor-element elementor-element-49be98c\" data-id=\"49be98c\" data-element_type=\"column\" data-e-type=\"column\">\n\t\t\t<div class=\"elementor-widget-wrap elementor-element-populated\">\n\t\t\t\t\t\t<div class=\"elementor-element elementor-element-7ae370a elementor-widget elementor-widget-heading\" data-id=\"7ae370a\" data-element_type=\"widget\" data-e-type=\"widget\" data-widget_type=\"heading.default\">\n\t\t\t\t<div class=\"elementor-widget-container\">\n\t\t\t\t\t<h2 class=\"elementor-heading-title elementor-size-default\">Resultado Final<\/h2>\t\t\t\t<\/div>\n\t\t\t\t<\/div>\n\t\t\t\t<div class=\"elementor-element elementor-element-f883734 elementor-widget elementor-widget-text-editor\" data-id=\"f883734\" data-element_type=\"widget\" data-e-type=\"widget\" data-widget_type=\"text-editor.default\">\n\t\t\t\t<div class=\"elementor-widget-container\">\n\t\t\t\t\t\t\t\t\t<p><strong><img loading=\"lazy\" decoding=\"async\" class=\"size-full wp-image-4328 alignnone\" src=\"https:\/\/www.est.ufmg.br\/portal\/wp-content\/uploads\/2022\/12\/check.png\" alt=\"\" width=\"40\" height=\"34\" \/>RESULTADO FINAL<\/strong>:<\/p><p><span style=\"font-style: inherit;font-weight: inherit;background-color: var( --e-global-color-8ae2e75 )\">Acesse o resultado clicando em um dos itens abaixo.<\/span><\/p>\t\t\t\t\t\t\t\t<\/div>\n\t\t\t\t<\/div>\n\t\t\t\t<section class=\"elementor-section elementor-inner-section elementor-element elementor-element-a29676f elementor-section-boxed elementor-section-height-default elementor-section-height-default\" data-id=\"a29676f\" data-element_type=\"section\" data-e-type=\"section\">\n\t\t\t\t\t\t<div class=\"elementor-container elementor-column-gap-default\">\n\t\t\t\t\t<div class=\"elementor-column elementor-col-25 elementor-inner-column elementor-element elementor-element-fc706b2\" data-id=\"fc706b2\" data-element_type=\"column\" data-e-type=\"column\">\n\t\t\t<div class=\"elementor-widget-wrap\">\n\t\t\t\t\t\t\t<\/div>\n\t\t<\/div>\n\t\t\t\t<div class=\"elementor-column elementor-col-25 elementor-inner-column elementor-element elementor-element-0e20714\" data-id=\"0e20714\" data-element_type=\"column\" data-e-type=\"column\">\n\t\t\t<div class=\"elementor-widget-wrap elementor-element-populated\">\n\t\t\t\t\t\t<div class=\"elementor-element elementor-element-c682968 elementor-widget elementor-widget-image-box\" data-id=\"c682968\" data-element_type=\"widget\" data-e-type=\"widget\" data-widget_type=\"image-box.default\">\n\t\t\t\t<div class=\"elementor-widget-container\">\n\t\t\t\t\t<div class=\"elementor-image-box-wrapper\"><div class=\"elementor-image-box-content\"><h3 class=\"elementor-image-box-title\"><a href=\"https:\/\/www.est.ufmg.br\/portal\/wp-content\/uploads\/2025\/12\/Resultado-Selecao-Mestrado-turma-2026-1.pdf\" target=\"_blank\">Classifica\u00e7\u00e3o dos Candidatos Aprovados no Processo de Sele\u00e7\u00e3o para o Programa de P\u00f3s-gradua\u00e7\u00e3o em Estat\u00edstica, N\u00edvel Mestrado, Turma de 2026\/1\u00ba<\/a><\/h3><\/div><\/div>\t\t\t\t<\/div>\n\t\t\t\t<\/div>\n\t\t\t\t\t<\/div>\n\t\t<\/div>\n\t\t\t\t<div class=\"elementor-column elementor-col-25 elementor-inner-column elementor-element elementor-element-42cd89d\" data-id=\"42cd89d\" data-element_type=\"column\" data-e-type=\"column\">\n\t\t\t<div class=\"elementor-widget-wrap elementor-element-populated\">\n\t\t\t\t\t\t<div class=\"elementor-element elementor-element-32c1d25 elementor-widget elementor-widget-image-box\" data-id=\"32c1d25\" data-element_type=\"widget\" data-e-type=\"widget\" data-widget_type=\"image-box.default\">\n\t\t\t\t<div class=\"elementor-widget-container\">\n\t\t\t\t\t<div class=\"elementor-image-box-wrapper\"><div class=\"elementor-image-box-content\"><h3 class=\"elementor-image-box-title\"><a href=\"https:\/\/www.est.ufmg.br\/portal\/wp-content\/uploads\/2025\/12\/Resultado-Selecao-Doutorado-2026-1.pdf\" target=\"_blank\">Classifica\u00e7\u00e3o dos Candidatos Aprovados no Processo de Sele\u00e7\u00e3o para o Programa de P\u00f3s-gradua\u00e7\u00e3o em Estat\u00edstica, N\u00edvel Doutorado, Turma de 2026\/1\u00ba<\/a><\/h3><\/div><\/div>\t\t\t\t<\/div>\n\t\t\t\t<\/div>\n\t\t\t\t\t<\/div>\n\t\t<\/div>\n\t\t\t\t<div class=\"elementor-column elementor-col-25 elementor-inner-column elementor-element elementor-element-51b5041\" data-id=\"51b5041\" data-element_type=\"column\" data-e-type=\"column\">\n\t\t\t<div class=\"elementor-widget-wrap\">\n\t\t\t\t\t\t\t<\/div>\n\t\t<\/div>\n\t\t\t\t\t<\/div>\n\t\t<\/section>\n\t\t\t\t\t<\/div>\n\t\t<\/div>\n\t\t\t\t\t<\/div>\n\t\t<\/section>\n\t\t\t\t<section class=\"elementor-section elementor-top-section elementor-element elementor-element-bee054a elementor-section-full_width elementor-section-height-default elementor-section-height-default\" data-id=\"bee054a\" data-element_type=\"section\" data-e-type=\"section\" id=\"corpo-docente\" data-settings=\"{&quot;background_background&quot;:&quot;classic&quot;}\">\n\t\t\t\t\t\t<div class=\"elementor-container elementor-column-gap-default\">\n\t\t\t\t\t<div class=\"elementor-column elementor-col-100 elementor-top-column elementor-element elementor-element-3f8f71a\" data-id=\"3f8f71a\" data-element_type=\"column\" data-e-type=\"column\">\n\t\t\t<div class=\"elementor-widget-wrap elementor-element-populated\">\n\t\t\t\t\t\t<div class=\"elementor-element elementor-element-12ce2e5 elementor-widget elementor-widget-heading\" data-id=\"12ce2e5\" data-element_type=\"widget\" data-e-type=\"widget\" data-widget_type=\"heading.default\">\n\t\t\t\t<div class=\"elementor-widget-container\">\n\t\t\t\t\t<h2 class=\"elementor-heading-title elementor-size-default\">Conhe\u00e7a nosso <br> \nCorpo Docente<\/h2>\t\t\t\t<\/div>\n\t\t\t\t<\/div>\n\t\t\t\t<div class=\"elementor-element elementor-element-360516c elementor-view-stacked elementor-position-inline-start elementor-shape-circle elementor-mobile-position-block-start elementor-widget elementor-widget-icon-box\" data-id=\"360516c\" data-element_type=\"widget\" data-e-type=\"widget\" data-widget_type=\"icon-box.default\">\n\t\t\t\t<div class=\"elementor-widget-container\">\n\t\t\t\t\t\t\t<div class=\"elementor-icon-box-wrapper\">\n\n\t\t\t\t\t\t<div class=\"elementor-icon-box-icon\">\n\t\t\t\t<a href=\"https:\/\/www.est.ufmg.br\/portal\/corpo-docente-pos-graduacao\/\" class=\"elementor-icon\" tabindex=\"-1\" aria-label=\"Clique Aqui\">\n\t\t\t\t<i aria-hidden=\"true\" class=\"fas fa-mouse-pointer\"><\/i>\t\t\t\t<\/a>\n\t\t\t<\/div>\n\t\t\t\n\t\t\t\t\t\t<div class=\"elementor-icon-box-content\">\n\n\t\t\t\t\t\t\t\t\t<h4 class=\"elementor-icon-box-title\">\n\t\t\t\t\t\t<a href=\"https:\/\/www.est.ufmg.br\/portal\/corpo-docente-pos-graduacao\/\" >\n\t\t\t\t\t\t\tClique Aqui\t\t\t\t\t\t<\/a>\n\t\t\t\t\t<\/h4>\n\t\t\t\t\n\t\t\t\t\n\t\t\t<\/div>\n\t\t\t\n\t\t<\/div>\n\t\t\t\t\t\t<\/div>\n\t\t\t\t<\/div>\n\t\t\t\t\t<\/div>\n\t\t<\/div>\n\t\t\t\t\t<\/div>\n\t\t<\/section>\n\t\t\t\t<section class=\"elementor-section elementor-top-section elementor-element elementor-element-d1ecade elementor-section-boxed elementor-section-height-default elementor-section-height-default\" data-id=\"d1ecade\" data-element_type=\"section\" data-e-type=\"section\">\n\t\t\t\t\t\t<div class=\"elementor-container elementor-column-gap-default\">\n\t\t\t\t\t<div class=\"elementor-column elementor-col-100 elementor-top-column elementor-element elementor-element-3fe863d\" data-id=\"3fe863d\" data-element_type=\"column\" data-e-type=\"column\">\n\t\t\t<div class=\"elementor-widget-wrap\">\n\t\t\t\t\t\t\t<\/div>\n\t\t<\/div>\n\t\t\t\t\t<\/div>\n\t\t<\/section>\n\t\t\t\t<\/div>\n\t\t","protected":false},"excerpt":{"rendered":"<p>Processo Seletivo &#8211; Mestrado e Doutorado Processo Seletivo 2026 &#8211; Mestrado e Doutorado (para informa\u00e7\u00e3o completa, veja os Editais abaixo) PER\u00cdODO DE INSCRI\u00c7\u00c3O: No per\u00edodo de 15 de setembro de 2025 a 31 de outubro de 2025 estar\u00e3o abertas as inscri\u00e7\u00f5es para a sele\u00e7\u00e3o de candidatos aos cursos de Mestrado e Doutorado (entrada no 1\u00ba [&hellip;]<\/p>\n","protected":false},"author":1,"featured_media":0,"parent":0,"menu_order":0,"comment_status":"closed","ping_status":"closed","template":"","meta":{"site-sidebar-layout":"no-sidebar","site-content-layout":"page-builder","ast-site-content-layout":"full-width-container","site-content-style":"unboxed","site-sidebar-style":"unboxed","ast-global-header-display":"","ast-banner-title-visibility":"","ast-main-header-display":"","ast-hfb-above-header-display":"","ast-hfb-below-header-display":"","ast-hfb-mobile-header-display":"","site-post-title":"disabled","ast-breadcrumbs-content":"","ast-featured-img":"disabled","footer-sml-layout":"","ast-disable-related-posts":"","theme-transparent-header-meta":"default","adv-header-id-meta":"","stick-header-meta":"","header-above-stick-meta":"","header-main-stick-meta":"","header-below-stick-meta":"","astra-migrate-meta-layouts":"set","ast-page-background-enabled":"default","ast-page-background-meta":{"desktop":{"background-color":"","background-image":"","background-repeat":"repeat","background-position":"center center","background-size":"auto","background-attachment":"scroll","background-type":"","background-media":"","overlay-type":"","overlay-color":"","overlay-opacity":"","overlay-gradient":""},"tablet":{"background-color":"","background-image":"","background-repeat":"repeat","background-position":"center center","background-size":"auto","background-attachment":"scroll","background-type":"","background-media":"","overlay-type":"","overlay-color":"","overlay-opacity":"","overlay-gradient":""},"mobile":{"background-color":"","background-image":"","background-repeat":"repeat","background-position":"center center","background-size":"auto","background-attachment":"scroll","background-type":"","background-media":"","overlay-type":"","overlay-color":"","overlay-opacity":"","overlay-gradient":""}},"ast-content-background-meta":{"desktop":{"background-color":"var(--ast-global-color-5)","background-image":"","background-repeat":"repeat","background-position":"center center","background-size":"auto","background-attachment":"scroll","background-type":"","background-media":"","overlay-type":"","overlay-color":"","overlay-opacity":"","overlay-gradient":""},"tablet":{"background-color":"var(--ast-global-color-5)","background-image":"","background-repeat":"repeat","background-position":"center center","background-size":"auto","background-attachment":"scroll","background-type":"","background-media":"","overlay-type":"","overlay-color":"","overlay-opacity":"","overlay-gradient":""},"mobile":{"background-color":"var(--ast-global-color-5)","background-image":"","background-repeat":"repeat","background-position":"center center","background-size":"auto","background-attachment":"scroll","background-type":"","background-media":"","overlay-type":"","overlay-color":"","overlay-opacity":"","overlay-gradient":""}},"footnotes":""},"class_list":["post-7167","page","type-page","status-publish","hentry"],"_links":{"self":[{"href":"https:\/\/www.est.ufmg.br\/portal\/wp-json\/wp\/v2\/pages\/7167","targetHints":{"allow":["GET"]}}],"collection":[{"href":"https:\/\/www.est.ufmg.br\/portal\/wp-json\/wp\/v2\/pages"}],"about":[{"href":"https:\/\/www.est.ufmg.br\/portal\/wp-json\/wp\/v2\/types\/page"}],"author":[{"embeddable":true,"href":"https:\/\/www.est.ufmg.br\/portal\/wp-json\/wp\/v2\/users\/1"}],"replies":[{"embeddable":true,"href":"https:\/\/www.est.ufmg.br\/portal\/wp-json\/wp\/v2\/comments?post=7167"}],"version-history":[{"count":529,"href":"https:\/\/www.est.ufmg.br\/portal\/wp-json\/wp\/v2\/pages\/7167\/revisions"}],"predecessor-version":[{"id":19481,"href":"https:\/\/www.est.ufmg.br\/portal\/wp-json\/wp\/v2\/pages\/7167\/revisions\/19481"}],"wp:attachment":[{"href":"https:\/\/www.est.ufmg.br\/portal\/wp-json\/wp\/v2\/media?parent=7167"}],"curies":[{"name":"wp","href":"https:\/\/api.w.org\/{rel}","templated":true}]}}